{"id":20044,"date":"2026-04-28T21:48:48","date_gmt":"2026-04-28T21:48:48","guid":{"rendered":"https:\/\/www.justice4all.org\/que-hacemos\/juventud-familia-y-escuelas\/un-estudiante-discapacitado-de-17-anos-fue-perseguido-obligado-a-tirarse-al-suelo-inmovilizado-y-detenido-en-la-escuela-era-evitable\/"},"modified":"2026-04-29T15:57:53","modified_gmt":"2026-04-29T15:57:53","slug":"un-estudiante-discapacitado-de-17-anos-fue-perseguido-obligado-a-tirarse-al-suelo-inmovilizado-y-detenido-en-la-escuela-era-evitable","status":"publish","type":"page","link":"https:\/\/www.justice4all.org\/es\/que-hacemos\/juventud-familia-y-escuelas\/un-estudiante-discapacitado-de-17-anos-fue-perseguido-obligado-a-tirarse-al-suelo-inmovilizado-y-detenido-en-la-escuela-era-evitable\/","title":{"rendered":"Un estudiante discapacitado de 17 a\u00f1os fue perseguido, obligado a tirarse al suelo, inmovilizado y detenido en la escuela. Era evitable."},"content":{"rendered":"\n\n\n\n\n<div id=\"block_a45525414279d54e49e2ea7d0748a11c\" class=\"content-wrapper-block  style-normal bg-width-full \">\n\t<div class=\"container-fluid\">\n\t\t<div class=\"row justify-content-center\">\n\t\t\t<div class=\"col-lg-12\">\n\t\t\t\t\t\t\t\t\t<div class=\"row row-content justify-content-start\">\n\t\t\t\t\t\t\n\n\n\n\n<style type=\"text\/css\">\n\t.edit-post-visual-editor [data-block=\"8e199d317546f725aa65959e90d87fc2\"] {\n\t\twidth: calc((12 \/ 12) * 100%)!important;\n\t\tmin-width: calc((12 \/ 12) * 100%)!important;\n\t}\n<\/style>\n\n<div id=\"block_8e199d317546f725aa65959e90d87fc2\" class=\"col-lg-12 custom-column-block\">\n\t<div class=\"custom-column-wrapper  \">\n\t\t\n\n<h3 class=\"wp-block-heading\"><strong><em>Un estudiante discapacitado de 17 a\u00f1os fue perseguido, obligado a tirarse al suelo, inmovilizado y detenido en la escuela.  <br\/>Era evitable.<\/em><\/strong><\/h3>\n\n\n\t<\/div>\n<\/div>\n\n\t\t\t\t\t<\/div>\n\t\t\t\t\t\t\t\n\t\t\t<\/div>\n\t\t<\/div>\n\t<\/div>\n\n\t<style type=\"text\/css\">\n\t\t.edit-post-visual-editor [data-block=\"a45525414279d54e49e2ea7d0748a11c\"] .block-editor-block-list__layout {\n\t\t\tjustify-content: start;\n\t\t}\n\n\t\t\t<\/style>\n<\/div>\n\n<div class=\"wp-block-cover has-custom-content-position is-position-bottom-center has-medium-font-size wp-elements-b3c5efc32640ec50c9ad9c03b4c6d461 wp-duotone-unset-2\" style=\"min-height:836px;aspect-ratio:unset;\"><img loading=\"lazy\" decoding=\"async\" width=\"2560\" height=\"1697\" class=\"wp-block-cover__image-background wp-image-20040 size-full\" alt=\"\" src=\"https:\/\/www.justice4all.org\/wp-content\/uploads\/2026\/04\/CB_7352-scaled.jpg\" style=\"object-position:62% 37%\" data-object-fit=\"cover\" data-object-position=\"62% 37%\" srcset=\"https:\/\/www.justice4all.org\/wp-content\/uploads\/2026\/04\/CB_7352-scaled.jpg 2560w, https:\/\/www.justice4all.org\/wp-content\/uploads\/2026\/04\/CB_7352-300x199.jpg 300w, https:\/\/www.justice4all.org\/wp-content\/uploads\/2026\/04\/CB_7352-1024x679.jpg 1024w, https:\/\/www.justice4all.org\/wp-content\/uploads\/2026\/04\/CB_7352-768x509.jpg 768w, https:\/\/www.justice4all.org\/wp-content\/uploads\/2026\/04\/CB_7352-1536x1018.jpg 1536w, https:\/\/www.justice4all.org\/wp-content\/uploads\/2026\/04\/CB_7352-2048x1358.jpg 2048w\" sizes=\"auto, (max-width: 2560px) 100vw, 2560px\" \/><span aria-hidden=\"true\" class=\"wp-block-cover__background has-background-dim-60 has-background-dim wp-block-cover__gradient-background has-background-gradient\" style=\"background:linear-gradient(135deg,rgb(255,255,255) 10%,rgb(0,0,0) 84%)\"><\/span><div class=\"wp-block-cover__inner-container is-layout-constrained wp-block-cover-is-layout-constrained\">\n<p class=\"has-text-align-right is-style-default has-large-font-size\"><strong><em>\u00abCuando env\u00edas a tu hijo a la escuela, esperas que est\u00e9 seguro, no que ocurra algo as\u00ed\u00bb.<br\/><\/em><\/strong><br\/> - Tireese Winfield<\/p>\n<\/div><\/div>\n\n\n\n\n\n<div id=\"block_748b69f1134790ce37ff3fb17718705c\" class=\"content-wrapper-block has-background-color has-negro-background-color style-normal bg-width-contenedor \">\n\t<div class=\"container-fluid\">\n\t\t<div class=\"row justify-content-center\">\n\t\t\t<div class=\"col-lg-12\">\n\t\t\t\t\t\t\t\t\t<div class=\"row row-content justify-content-start\">\n\t\t\t\t\t\t\n\n\n\n  <style type=\"text\/css\">\n    #block_86e876c87ad0c3f0ede4ae097afc38ac > div{\n                                            \n          }\n\n    @media screen and (min-width: 768px) and (max-width: 991px) {\n      #block_86e876c87ad0c3f0ede4ae097afc38ac > div{\n                                                          \n              }\n    }\n\n    @media screen and (min-width: 480px) and (max-width: 767px) {\n      #block_86e876c87ad0c3f0ede4ae097afc38ac > div{\n                                                          \n              }\n    }\n\n    @media screen and (max-width: 479px) {\n      #block_86e876c87ad0c3f0ede4ae097afc38ac > div{\n                                                          \n              }\n    }\n\n  <\/style>\n\n<style type=\"text\/css\">\n\t.edit-post-visual-editor [data-block=\"86e876c87ad0c3f0ede4ae097afc38ac\"] {\n\t\twidth: calc((12 \/ 12) * 100%)!important;\n\t\tmin-width: calc((12 \/ 12) * 100%)!important;\n\t}\n<\/style>\n\n<div id=\"block_86e876c87ad0c3f0ede4ae097afc38ac\" class=\"col-lg-12 custom-column-block\">\n\t<div class=\"custom-column-wrapper  \">\n\t\t\n\n<h2 class=\"wp-block-heading has-white-color has-text-color has-link-color wp-elements-b0ef1ac4cc75c832210fab3d5997ec25\">Del aula a la crisis<\/h2>\n\n\n\n<p><\/p>\n\n\n\n<p class=\"has-white-color has-text-color has-link-color wp-elements-1502b604d09464c284702997856bea4a\">Una interacci\u00f3n rutinaria en clase por un tel\u00e9fono m\u00f3vil en el Instituto Potomac de Dumfries, Virginia, se convirti\u00f3 en un incidente violento que cambi\u00f3 la vida de un estudiante de 17 a\u00f1os con una discapacidad emocional documentada. En lugar de recurrir a la desescalada o a los apoyos basados en la discapacidad, el personal de la escuela llam\u00f3 a seguridad y a un Agente de Recursos Escolares (SRO), lo que agrav\u00f3 la situaci\u00f3n. <\/p>\n\n\n\n<p class=\"has-white-color has-text-color has-link-color wp-elements-822e624252096b3be2ba4a582a3b5b08\">El alumno fue perseguido por un pasillo, golpeado contra una pared, obligado a tirarse al suelo, esposado, inmovilizado y trasladado a un centro de detenci\u00f3n de menores, a pesar de que gritaba de dolor y no supon\u00eda ninguna amenaza grave. Lo que deber\u00eda haberse tratado como un problema de apoyo al comportamiento se convirti\u00f3 en una detenci\u00f3n traum\u00e1tica, que pone de relieve los peligros de la intervenci\u00f3n policial en la disciplina escolar. <\/p>\n\n\n\t<\/div>\n<\/div>\n\n\t\t\t\t\t<\/div>\n\t\t\t\t\t\t\t\n\t\t\t<\/div>\n\t\t<\/div>\n\t<\/div>\n\n\t<style type=\"text\/css\">\n\t\t.edit-post-visual-editor [data-block=\"748b69f1134790ce37ff3fb17718705c\"] .block-editor-block-list__layout {\n\t\t\tjustify-content: start;\n\t\t}\n\n\t\t\t<\/style>\n<\/div>\n\n\n\n\n\n<div id=\"block_b9a2786f1b6b85c71874a3371d8d1d85\" class=\"content-wrapper-block has-background-color has-negro-background-color style-normal bg-width-contenedor \">\n\t<div class=\"container-fluid\">\n\t\t<div class=\"row justify-content-center\">\n\t\t\t<div class=\"col-lg-8\">\n\t\t\t\t\t\t\t\t\t<div class=\"row row-content justify-content-start\">\n\t\t\t\t\t\t\n\n\n\n\n<style type=\"text\/css\">\n\t.edit-post-visual-editor [data-block=\"8e199d317546f725aa65959e90d87fc2\"] {\n\t\twidth: calc((12 \/ 12) * 100%)!important;\n\t\tmin-width: calc((12 \/ 12) * 100%)!important;\n\t}\n<\/style>\n\n<div id=\"block_8e199d317546f725aa65959e90d87fc2\" class=\"col-lg-12 custom-column-block\">\n\t<div class=\"custom-column-wrapper  \">\n\t\t\n\n<h2 class=\"wp-block-heading is-style-underlined-with-icon has-white-color has-text-color has-link-color wp-elements-2001e808812226ac7f647388a5f65993\"><strong>Lo que hay que cambiar ahora<\/strong><\/h2>\n\n\n\n<p class=\"has-white-color has-text-color has-link-color wp-elements-3eaec6e726e999857c829e18114cbcd2\">Esta petici\u00f3n exige la actuaci\u00f3n inmediata del Consejo Escolar del Condado de Prince William para evitar que esto vuelva a ocurrir. Pide que se modifique urgentemente el acuerdo de la Junta Escolar con las fuerzas del orden para: <\/p>\n\n\n\n<ul class=\"wp-block-list\">\n<li>Prohibir la participaci\u00f3n de la SRO en la disciplina escolar rutinaria<\/li>\n\n\n\n<li class=\"has-white-color has-text-color has-link-color wp-elements-6463629a972ef9168a3b47077b80410c\">Exigir formaci\u00f3n espec\u00edfica para la discapacidad y pr\u00e1cticas de desescalada<\/li>\n\n\n\n<li class=\"has-white-color has-text-color has-link-color wp-elements-c787fe7dbade020f55a22b7d503cf9bf\">Asegurarse de que las respuestas se ajustan a los PEI de los alumnos y a las protecciones legales<\/li>\n\n\n\n<li class=\"has-white-color has-text-color has-link-color wp-elements-33f5d3599fd37d7cdd5910a9ece00587\">Establecer garant\u00edas claras para detener el uso de la fuerza, la coerci\u00f3n y la detenci\u00f3n por conductas no delictivas.<\/li>\n<\/ul>\n\n\n\n<p class=\"has-white-color has-text-color has-link-color wp-elements-5ba3bc7d686c2a17a3b7334ce1673577\">La petici\u00f3n pretende salvaguardar a los alumnos, impedir la criminalizaci\u00f3n de los alumnos con discapacidad y hacer que el distrito cumpla la ley federal.<\/p>\n\n\n\t<\/div>\n<\/div>\n\n\n\n\n\n<style type=\"text\/css\">\n\t.edit-post-visual-editor [data-block=\"8e199d317546f725aa65959e90d87fc2\"] {\n\t\twidth: calc((12 \/ 12) * 100%)!important;\n\t\tmin-width: calc((12 \/ 12) * 100%)!important;\n\t}\n<\/style>\n\n<div id=\"block_8e199d317546f725aa65959e90d87fc2\" class=\"col-lg-12 custom-column-block\">\n\t<div class=\"custom-column-wrapper  \">\n\t\t\n\n<h5 class=\"wp-block-heading has-text-align-center\"><strong><em>Rellena la siguiente alerta de acci\u00f3n para exigir responsabilidades y proteger a los estudiantes con discapacidad.<\/em><\/strong><\/h5>\n\n\n\t<\/div>\n<\/div>\n\n\n\n\n\n<style type=\"text\/css\">\n\t.edit-post-visual-editor [data-block=\"8e199d317546f725aa65959e90d87fc2\"] {\n\t\twidth: calc((12 \/ 12) * 100%)!important;\n\t\tmin-width: calc((12 \/ 12) * 100%)!important;\n\t}\n<\/style>\n\n<div id=\"block_8e199d317546f725aa65959e90d87fc2\" class=\"col-lg-12 custom-column-block\">\n\t<div class=\"custom-column-wrapper  \">\n\t\t\n\n<div class=\"muster-embed muster-embed-action\" data-action-center-id=\"05e1f648-0dd3-4595-957e-3e35538569d8\" data-domain=\"https:\/\/mstr.app\" data-height=\"1000\" data-width=\"100%\" data-height-full=\"false\" data-css=\"\" id=\"muster-action-embed-05e1f648-0dd3-4595-957e-3e35538569d8\">\n      <script src=\"https:\/\/widgets.muster.com\/v2\/action-center-20250715.js\" widget-id=\"muster-action-embed-05e1f648-0dd3-4595-957e-3e35538569d8\"><\/script>\n    <\/div>\n\n\n\t<\/div>\n<\/div>\n\n\t\t\t\t\t<\/div>\n\t\t\t\t\t\t\t\n\t\t\t<\/div>\n\t\t<\/div>\n\t<\/div>\n\n\t<style type=\"text\/css\">\n\t\t.edit-post-visual-editor [data-block=\"b9a2786f1b6b85c71874a3371d8d1d85\"] .block-editor-block-list__layout {\n\t\t\tjustify-content: start;\n\t\t}\n\n\t\t\t<\/style>\n<\/div>\n\n\n\n\n\n<div id=\"block_a0eb2f3c934e350440e17bf2cd596180\" class=\"content-wrapper-block  style-normal bg-width-full \">\n\t<div class=\"container-fluid\">\n\t\t<div class=\"row justify-content-center\">\n\t\t\t<div class=\"col-lg-12\">\n\t\t\t\t\t\t\t\t\t<div class=\"row row-content justify-content-center\">\n\t\t\t\t\t\t\n\n\n\n\n<style type=\"text\/css\">\n\t.edit-post-visual-editor [data-block=\"8e199d317546f725aa65959e90d87fc2\"] {\n\t\twidth: calc((12 \/ 12) * 100%)!important;\n\t\tmin-width: calc((12 \/ 12) * 100%)!important;\n\t}\n<\/style>\n\n<div id=\"block_8e199d317546f725aa65959e90d87fc2\" class=\"col-lg-12 custom-column-block\">\n\t<div class=\"custom-column-wrapper  \">\n\t\t\n<script type=\"text\/javascript\">var gform;gform||(document.addEventListener(\"gform_main_scripts_loaded\",function(){gform.scriptsLoaded=!0}),window.addEventListener(\"DOMContentLoaded\",function(){gform.domLoaded=!0}),gform={domLoaded:!1,scriptsLoaded:!1,initializeOnLoaded:function(o){gform.domLoaded&&gform.scriptsLoaded?o():!gform.domLoaded&&gform.scriptsLoaded?window.addEventListener(\"DOMContentLoaded\",o):document.addEventListener(\"gform_main_scripts_loaded\",o)},hooks:{action:{},filter:{}},addAction:function(o,n,r,t){gform.addHook(\"action\",o,n,r,t)},addFilter:function(o,n,r,t){gform.addHook(\"filter\",o,n,r,t)},doAction:function(o){gform.doHook(\"action\",o,arguments)},applyFilters:function(o){return gform.doHook(\"filter\",o,arguments)},removeAction:function(o,n){gform.removeHook(\"action\",o,n)},removeFilter:function(o,n,r){gform.removeHook(\"filter\",o,n,r)},addHook:function(o,n,r,t,i){null==gform.hooks[o][n]&&(gform.hooks[o][n]=[]);var e=gform.hooks[o][n];null==i&&(i=n+\"_\"+e.length),gform.hooks[o][n].push({tag:i,callable:r,priority:t=null==t?10:t})},doHook:function(n,o,r){var t;if(r=Array.prototype.slice.call(r,1),null!=gform.hooks[n][o]&&((o=gform.hooks[n][o]).sort(function(o,n){return o.priority-n.priority}),o.forEach(function(o){\"function\"!=typeof(t=o.callable)&&(t=window[t]),\"action\"==n?t.apply(null,r):r[0]=t.apply(null,r)})),\"filter\"==n)return r[0]},removeHook:function(o,n,t,i){var r;null!=gform.hooks[o][n]&&(r=(r=gform.hooks[o][n]).filter(function(o,n,r){return!!(null!=i&&i!=o.tag||null!=t&&t!=o.priority)}),gform.hooks[o][n]=r)}});<\/script>\n                <div class='gf_browser_chrome gform_wrapper gravity-theme gform-theme--no-framework' data-form-theme='gravity-theme' data-form-index='0' id='gform_wrapper_65' >\n                        <div class='gform_heading'>\n                            <h2 class=\"gform_title\">Si esto le ocurri\u00f3 a tu hijo, queremos que nos lo cuentes<\/h2>\n                        <\/div><form method='post' enctype='multipart\/form-data'  id='gform_65'  action='\/es\/wp-json\/wp\/v2\/pages\/20044' data-formid='65' novalidate>\n                        <div class='gform-body gform_body'><div id='gform_fields_65' class='gform_fields top_label form_sublabel_below description_below validation_below'><div id=\"field_65_3\" class=\"gfield gfield--type-textarea gfield--input-type-textarea gfield_contains_required field_sublabel_below gfield--has-description field_description_below field_validation_below gfield_visibility_visible\"  data-js-reload=\"field_65_3\" ><label class='gfield_label gform-field-label' for='input_65_3'>\u00bfHa sufrido tu hijo alg\u00fan da\u00f1o o escalada en la que haya intervenido un Agente de Recursos Escolares en la escuela?<span class=\"gfield_required\"><span class=\"gfield_required gfield_required_text\">(Obligatorio)<\/span><\/span><\/label><div class='ginput_container ginput_container_textarea'><textarea name='input_3' id='input_65_3' class='textarea large'  aria-describedby=\"gfield_description_65_3\"   aria-required=\"true\" aria-invalid=\"false\"   rows='10' cols='50'><\/textarea><\/div><div class='gfield_description' id='gfield_description_65_3'>Tu historia puede ayudar a sacar a la luz pr\u00e1cticas perjudiciales, a responsabilizar a los responsables y a impulsar pol\u00edticas que protejan a los alumnos, especialmente a los discapacitados. Al compartir tu experiencia, est\u00e1s ayudando a construir un caso m\u00e1s s\u00f3lido para el cambio y garantizando que lo que le ocurri\u00f3 a tu hijo no le ocurra a otros. Puedes compartir tantos o tan pocos detalles como te sientas c\u00f3modo.  <\/div><\/div><fieldset id=\"field_65_5\" class=\"gfield gfield--type-name gfield--input-type-name gfield--width-full gfield_contains_required field_sublabel_below gfield--no-description field_description_below field_validation_below gfield_visibility_visible\"  data-js-reload=\"field_65_5\" ><legend class='gfield_label gform-field-label gfield_label_before_complex' >Nombre<span class=\"gfield_required\"><span class=\"gfield_required gfield_required_text\">(Obligatorio)<\/span><\/span><\/legend><div class='ginput_complex ginput_container ginput_container--name no_prefix has_first_name no_middle_name has_last_name no_suffix gf_name_has_2 ginput_container_name gform-grid-row' id='input_65_5'>\n                            \n                            <span id='input_65_5_3_container' class='name_first gform-grid-col gform-grid-col--size-auto' >\n                                                    <div class=\"gf-lajc-field-container\"><input type='text' name='input_5.3' id='input_65_5_3' value=''   aria-required='true'     \/><\/div>\n                                                    <label for='input_65_5_3' class='gform-field-label gform-field-label--type-sub '>Nombre<\/label>\n                                                <\/span>\n                            \n                            <span id='input_65_5_6_container' class='name_last gform-grid-col gform-grid-col--size-auto' >\n                                                    <div class=\"gf-lajc-field-container\"><input type='text' name='input_5.6' id='input_65_5_6' value=''   aria-required='true'     \/><\/div>\n                                                    <label for='input_65_5_6' class='gform-field-label gform-field-label--type-sub '>Apellidos<\/label>\n                                                <\/span>\n                            \n                        <\/div><\/fieldset><div id=\"field_65_6\" class=\"gfield gfield--type-email gfield--input-type-email gfield--width-full gfield_contains_required field_sublabel_below gfield--no-description field_description_below field_validation_below gfield_visibility_visible\"  data-js-reload=\"field_65_6\" ><label class='gfield_label gform-field-label' for='input_65_6'>Env\u00eda un correo electr\u00f3nico a<span class=\"gfield_required\"><span class=\"gfield_required gfield_required_text\">(Obligatorio)<\/span><\/span><\/label><div class='ginput_container ginput_container_email'>\n                            <input name='input_6' id='input_65_6' type='email' value='' class='large'    aria-required=\"true\" aria-invalid=\"false\"  \/>\n                        <\/div><\/div><fieldset id=\"field_65_7\" class=\"gfield gfield--type-consent gfield--type-choice gfield--input-type-consent gfield--width-full gfield_contains_required field_sublabel_below gfield--no-description field_description_below field_validation_below gfield_visibility_visible\"  data-js-reload=\"field_65_7\" ><legend class='gfield_label gform-field-label gfield_label_before_complex' >Privacidad y consentimiento<span class=\"gfield_required\"><span class=\"gfield_required gfield_required_text\">(Obligatorio)<\/span><\/span><\/legend><div class='ginput_container ginput_container_consent'><input name='input_7.1' id='input_65_7_1' type='checkbox' value='1'   aria-required=\"true\" aria-invalid=\"false\"   \/> <label class=\"gform-field-label gform-field-label--type-inline gfield_consent_label\" for='input_65_7_1' >Doy permiso para que se utilice mi historia para apoyar los esfuerzos de defensa, entendiendo que se proteger\u00e1 mi privacidad y que no se compartir\u00e1n datos identificativos sin mi consentimiento.<\/label><input type='hidden' name='input_7.2' value='Doy permiso para que se utilice mi historia para apoyar los esfuerzos de defensa, entendiendo que se proteger\u00e1 mi privacidad y que no se compartir\u00e1n datos identificativos sin mi consentimiento.' class='gform_hidden' \/><input type='hidden' name='input_7.3' value='11' class='gform_hidden' \/><\/div><\/fieldset><\/div><\/div>\n        <div class='gform_footer top_label'> <input type='submit' id='gform_submit_button_65' class='gform_button button' value='Enviar'  onclick='if(window[\"gf_submitting_65\"]){return false;}  if( !jQuery(\"#gform_65\")[0].checkValidity || jQuery(\"#gform_65\")[0].checkValidity()){window[\"gf_submitting_65\"]=true;}  ' onkeypress='if( event.keyCode == 13 ){ if(window[\"gf_submitting_65\"]){return false;} if( !jQuery(\"#gform_65\")[0].checkValidity || jQuery(\"#gform_65\")[0].checkValidity()){window[\"gf_submitting_65\"]=true;}  jQuery(\"#gform_65\").trigger(\"submit\",[true]); }' \/> \n            <input type='hidden' class='gform_hidden' name='is_submit_65' value='1' \/>\n            <input type='hidden' class='gform_hidden' name='gform_submit' value='65' \/>\n            \n            <input type='hidden' class='gform_hidden' name='gform_unique_id' value='' \/>\n            <input type='hidden' class='gform_hidden' name='state_65' value='WyJ7XCI3LjFcIjpcIjBlZDFmMDcwYmJjMzY1MTZiZTNjOGE3MWQ2NGRjZDBiXCIsXCI3LjJcIjpcImM2YTI2NGNlNzRkYjZiYzk2NTVhODc0OGYwNTRlNTgzXCIsXCI3LjNcIjpcImFjNGIxOWNjZGY1OGJiMzJjMWVmMjNhMjM0NDg0MTZkXCJ9IiwiODQ2YmUzMzY2Nzc5OGUwYjRlYTZhZjZkYmNiMzdiODciXQ==' \/>\n            <input type='hidden' class='gform_hidden' name='gform_target_page_number_65' id='gform_target_page_number_65' value='0' \/>\n            <input type='hidden' class='gform_hidden' name='gform_source_page_number_65' id='gform_source_page_number_65' value='1' \/>\n            <input type='hidden' name='gform_field_values' value='' \/>\n            \n        <\/div>\n                        <\/form>\n                        <\/div><script type=\"text\/javascript\">\n\/* <![CDATA[ *\/\n gform.initializeOnLoaded( function() {gformInitSpinner( 65, 'https:\/\/www.justice4all.org\/wp-content\/plugins\/gravityforms\/images\/spinner.svg', true );jQuery('#gform_ajax_frame_65').on('load',function(){var contents = jQuery(this).contents().find('*').html();var is_postback = contents.indexOf('GF_AJAX_POSTBACK') >= 0;if(!is_postback){return;}var form_content = jQuery(this).contents().find('#gform_wrapper_65');var is_confirmation = jQuery(this).contents().find('#gform_confirmation_wrapper_65').length > 0;var is_redirect = contents.indexOf('gformRedirect(){') >= 0;var is_form = form_content.length > 0 && ! is_redirect && ! is_confirmation;var mt = parseInt(jQuery('html').css('margin-top'), 10) + parseInt(jQuery('body').css('margin-top'), 10) + 100;if(is_form){jQuery('#gform_wrapper_65').html(form_content.html());if(form_content.hasClass('gform_validation_error')){jQuery('#gform_wrapper_65').addClass('gform_validation_error');} else {jQuery('#gform_wrapper_65').removeClass('gform_validation_error');}setTimeout( function() { \/* delay the scroll by 50 milliseconds to fix a bug in chrome *\/  }, 50 );if(window['gformInitDatepicker']) {gformInitDatepicker();}if(window['gformInitPriceFields']) {gformInitPriceFields();}var current_page = jQuery('#gform_source_page_number_65').val();gformInitSpinner( 65, 'https:\/\/www.justice4all.org\/wp-content\/plugins\/gravityforms\/images\/spinner.svg', true );jQuery(document).trigger('gform_page_loaded', [65, current_page]);window['gf_submitting_65'] = false;}else if(!is_redirect){var confirmation_content = jQuery(this).contents().find('.GF_AJAX_POSTBACK').html();if(!confirmation_content){confirmation_content = contents;}jQuery('#gform_wrapper_65').replaceWith(confirmation_content);jQuery(document).trigger('gform_confirmation_loaded', [65]);window['gf_submitting_65'] = false;wp.a11y.speak(jQuery('#gform_confirmation_message_65').text());}else{jQuery('#gform_65').append(contents);if(window['gformRedirect']) {gformRedirect();}}jQuery(document).trigger(\"gform_pre_post_render\", [{ formId: \"65\", currentPage: \"current_page\", abort: function() { this.preventDefault(); } }]);                if (event && event.defaultPrevented) {                return;         }        const gformWrapperDiv = document.getElementById( \"gform_wrapper_65\" );        if ( gformWrapperDiv ) {            const visibilitySpan = document.createElement( \"span\" );            visibilitySpan.id = \"gform_visibility_test_65\";            gformWrapperDiv.insertAdjacentElement( \"afterend\", visibilitySpan );        }        const visibilityTestDiv = document.getElementById( \"gform_visibility_test_65\" );        let postRenderFired = false;                function triggerPostRender() {            if ( postRenderFired ) {                return;            }            postRenderFired = true;            jQuery( document ).trigger( 'gform_post_render', [65, current_page] );            gform.utils.trigger( { event: 'gform\/postRender', native: false, data: { formId: 65, currentPage: current_page } } );            if ( visibilityTestDiv ) {                visibilityTestDiv.parentNode.removeChild( visibilityTestDiv );            }        }        function debounce( func, wait, immediate ) {            var timeout;            return function() {                var context = this, args = arguments;                var later = function() {                    timeout = null;                    if ( !immediate ) func.apply( context, args );                };                var callNow = immediate && !timeout;                clearTimeout( timeout );                timeout = setTimeout( later, wait );                if ( callNow ) func.apply( context, args );            };        }        const debouncedTriggerPostRender = debounce( function() {            triggerPostRender();        }, 200 );        if ( visibilityTestDiv && visibilityTestDiv.offsetParent === null ) {            const observer = new MutationObserver( ( mutations ) => {                mutations.forEach( ( mutation ) => {                    if ( mutation.type === 'attributes' && visibilityTestDiv.offsetParent !== null ) {                        debouncedTriggerPostRender();                        observer.disconnect();                    }                });            });            observer.observe( document.body, {                attributes: true,                childList: false,                subtree: true,                attributeFilter: [ 'style', 'class' ],            });        } else {            triggerPostRender();        }    } );} ); \n\/* ]]> *\/\n<\/script>\n\n\n\t<\/div>\n<\/div>\n\n\t\t\t\t\t<\/div>\n\t\t\t\t\t\t\t\n\t\t\t<\/div>\n\t\t<\/div>\n\t<\/div>\n\n\t<style type=\"text\/css\">\n\t\t.edit-post-visual-editor [data-block=\"a0eb2f3c934e350440e17bf2cd596180\"] .block-editor-block-list__layout {\n\t\t\tjustify-content: center;\n\t\t}\n\n\t\t\t<\/style>\n<\/div>\n","protected":false},"excerpt":{"rendered":"","protected":false},"author":20,"featured_media":0,"parent":10497,"menu_order":0,"comment_status":"closed","ping_status":"closed","template":"","meta":{"footnotes":""},"lajc-tax-roles":[],"lajc-tax-issues":[83],"lajc-tax-locations":[],"class_list":["post-20044","page","type-page","status-publish","hentry","lajc-tax-issues-youth-family-schools-es"],"acf":[],"yoast_head":"<!-- This site is optimized with the Yoast SEO plugin v27.5 - https:\/\/yoast.com\/product\/yoast-seo-wordpress\/ -->\n<title>Un estudiante discapacitado de 17 a\u00f1os fue perseguido, obligado a tirarse al suelo, inmovilizado y detenido en la escuela. Era evitable. - Legal Aid Justice Center<\/title>\n<meta name=\"robots\" content=\"index, follow, max-snippet:-1, max-image-preview:large, max-video-preview:-1\" \/>\n<link rel=\"canonical\" href=\"https:\/\/www.justice4all.org\/es\/que-hacemos\/juventud-familia-y-escuelas\/un-estudiante-discapacitado-de-17-anos-fue-perseguido-obligado-a-tirarse-al-suelo-inmovilizado-y-detenido-en-la-escuela-era-evitable\/\" \/>\n<meta property=\"og:locale\" content=\"es_ES\" \/>\n<meta property=\"og:type\" content=\"article\" \/>\n<meta property=\"og:title\" content=\"Un estudiante discapacitado de 17 a\u00f1os fue perseguido, obligado a tirarse al suelo, inmovilizado y detenido en la escuela. Era evitable. - Legal Aid Justice Center\" \/>\n<meta property=\"og:url\" content=\"https:\/\/www.justice4all.org\/es\/que-hacemos\/juventud-familia-y-escuelas\/un-estudiante-discapacitado-de-17-anos-fue-perseguido-obligado-a-tirarse-al-suelo-inmovilizado-y-detenido-en-la-escuela-era-evitable\/\" \/>\n<meta property=\"og:site_name\" content=\"Legal Aid Justice Center\" \/>\n<meta property=\"article:modified_time\" content=\"2026-04-29T15:57:53+00:00\" \/>\n<meta property=\"og:image\" content=\"https:\/\/www.justice4all.org\/wp-content\/uploads\/2026\/04\/CB_7352-scaled.jpg\" \/>\n\t<meta property=\"og:image:width\" content=\"2560\" \/>\n\t<meta property=\"og:image:height\" content=\"1697\" \/>\n\t<meta property=\"og:image:type\" content=\"image\/jpeg\" \/>\n<meta name=\"twitter:card\" content=\"summary_large_image\" \/>\n<meta name=\"twitter:label1\" content=\"Tiempo de lectura\" \/>\n\t<meta name=\"twitter:data1\" content=\"2 minuto\" \/>\n<script type=\"application\/ld+json\" class=\"yoast-schema-graph\">{\"@context\":\"https:\\\/\\\/schema.org\",\"@graph\":[{\"@type\":\"WebPage\",\"@id\":\"https:\\\/\\\/www.justice4all.org\\\/es\\\/que-hacemos\\\/juventud-familia-y-escuelas\\\/un-estudiante-discapacitado-de-17-anos-fue-perseguido-obligado-a-tirarse-al-suelo-inmovilizado-y-detenido-en-la-escuela-era-evitable\\\/\",\"url\":\"https:\\\/\\\/www.justice4all.org\\\/es\\\/que-hacemos\\\/juventud-familia-y-escuelas\\\/un-estudiante-discapacitado-de-17-anos-fue-perseguido-obligado-a-tirarse-al-suelo-inmovilizado-y-detenido-en-la-escuela-era-evitable\\\/\",\"name\":\"Un estudiante discapacitado de 17 a\u00f1os fue perseguido, obligado a tirarse al suelo, inmovilizado y detenido en la escuela. Era evitable. - Legal Aid Justice Center\",\"isPartOf\":{\"@id\":\"https:\\\/\\\/www.justice4all.org\\\/es\\\/#website\"},\"primaryImageOfPage\":{\"@id\":\"https:\\\/\\\/www.justice4all.org\\\/es\\\/que-hacemos\\\/juventud-familia-y-escuelas\\\/un-estudiante-discapacitado-de-17-anos-fue-perseguido-obligado-a-tirarse-al-suelo-inmovilizado-y-detenido-en-la-escuela-era-evitable\\\/#primaryimage\"},\"image\":{\"@id\":\"https:\\\/\\\/www.justice4all.org\\\/es\\\/que-hacemos\\\/juventud-familia-y-escuelas\\\/un-estudiante-discapacitado-de-17-anos-fue-perseguido-obligado-a-tirarse-al-suelo-inmovilizado-y-detenido-en-la-escuela-era-evitable\\\/#primaryimage\"},\"thumbnailUrl\":\"https:\\\/\\\/www.justice4all.org\\\/wp-content\\\/uploads\\\/2026\\\/04\\\/CB_7352-scaled.jpg\",\"datePublished\":\"2026-04-28T21:48:48+00:00\",\"dateModified\":\"2026-04-29T15:57:53+00:00\",\"breadcrumb\":{\"@id\":\"https:\\\/\\\/www.justice4all.org\\\/es\\\/que-hacemos\\\/juventud-familia-y-escuelas\\\/un-estudiante-discapacitado-de-17-anos-fue-perseguido-obligado-a-tirarse-al-suelo-inmovilizado-y-detenido-en-la-escuela-era-evitable\\\/#breadcrumb\"},\"inLanguage\":\"es\",\"potentialAction\":[{\"@type\":\"ReadAction\",\"target\":[\"https:\\\/\\\/www.justice4all.org\\\/es\\\/que-hacemos\\\/juventud-familia-y-escuelas\\\/un-estudiante-discapacitado-de-17-anos-fue-perseguido-obligado-a-tirarse-al-suelo-inmovilizado-y-detenido-en-la-escuela-era-evitable\\\/\"]}]},{\"@type\":\"ImageObject\",\"inLanguage\":\"es\",\"@id\":\"https:\\\/\\\/www.justice4all.org\\\/es\\\/que-hacemos\\\/juventud-familia-y-escuelas\\\/un-estudiante-discapacitado-de-17-anos-fue-perseguido-obligado-a-tirarse-al-suelo-inmovilizado-y-detenido-en-la-escuela-era-evitable\\\/#primaryimage\",\"url\":\"https:\\\/\\\/www.justice4all.org\\\/wp-content\\\/uploads\\\/2026\\\/04\\\/CB_7352-scaled.jpg\",\"contentUrl\":\"https:\\\/\\\/www.justice4all.org\\\/wp-content\\\/uploads\\\/2026\\\/04\\\/CB_7352-scaled.jpg\"},{\"@type\":\"BreadcrumbList\",\"@id\":\"https:\\\/\\\/www.justice4all.org\\\/es\\\/que-hacemos\\\/juventud-familia-y-escuelas\\\/un-estudiante-discapacitado-de-17-anos-fue-perseguido-obligado-a-tirarse-al-suelo-inmovilizado-y-detenido-en-la-escuela-era-evitable\\\/#breadcrumb\",\"itemListElement\":[{\"@type\":\"ListItem\",\"position\":1,\"name\":\"Home\",\"item\":\"https:\\\/\\\/www.justice4all.org\\\/es\\\/\"},{\"@type\":\"ListItem\",\"position\":2,\"name\":\"Qu\u00e9 hacemos\",\"item\":\"https:\\\/\\\/www.justice4all.org\\\/es\\\/que-hacemos\\\/\"},{\"@type\":\"ListItem\",\"position\":3,\"name\":\"Juventud, familia y escuelas\",\"item\":\"https:\\\/\\\/www.justice4all.org\\\/es\\\/que-hacemos\\\/juventud-familia-y-escuelas\\\/\"},{\"@type\":\"ListItem\",\"position\":4,\"name\":\"Un estudiante discapacitado de 17 a\u00f1os fue perseguido, obligado a tirarse al suelo, inmovilizado y detenido en la escuela. Era evitable.\"}]},{\"@type\":\"WebSite\",\"@id\":\"https:\\\/\\\/www.justice4all.org\\\/es\\\/#website\",\"url\":\"https:\\\/\\\/www.justice4all.org\\\/es\\\/\",\"name\":\"Legal Aid Justice Center\",\"description\":\"\",\"potentialAction\":[{\"@type\":\"SearchAction\",\"target\":{\"@type\":\"EntryPoint\",\"urlTemplate\":\"https:\\\/\\\/www.justice4all.org\\\/es\\\/?s={search_term_string}\"},\"query-input\":{\"@type\":\"PropertyValueSpecification\",\"valueRequired\":true,\"valueName\":\"search_term_string\"}}],\"inLanguage\":\"es\"}]}<\/script>\n<!-- \/ Yoast SEO plugin. -->","yoast_head_json":{"title":"Un estudiante discapacitado de 17 a\u00f1os fue perseguido, obligado a tirarse al suelo, inmovilizado y detenido en la escuela. Era evitable. - Legal Aid Justice Center","robots":{"index":"index","follow":"follow","max-snippet":"max-snippet:-1","max-image-preview":"max-image-preview:large","max-video-preview":"max-video-preview:-1"},"canonical":"https:\/\/www.justice4all.org\/es\/que-hacemos\/juventud-familia-y-escuelas\/un-estudiante-discapacitado-de-17-anos-fue-perseguido-obligado-a-tirarse-al-suelo-inmovilizado-y-detenido-en-la-escuela-era-evitable\/","og_locale":"es_ES","og_type":"article","og_title":"Un estudiante discapacitado de 17 a\u00f1os fue perseguido, obligado a tirarse al suelo, inmovilizado y detenido en la escuela. Era evitable. - Legal Aid Justice Center","og_url":"https:\/\/www.justice4all.org\/es\/que-hacemos\/juventud-familia-y-escuelas\/un-estudiante-discapacitado-de-17-anos-fue-perseguido-obligado-a-tirarse-al-suelo-inmovilizado-y-detenido-en-la-escuela-era-evitable\/","og_site_name":"Legal Aid Justice Center","article_modified_time":"2026-04-29T15:57:53+00:00","og_image":[{"width":2560,"height":1697,"url":"https:\/\/www.justice4all.org\/wp-content\/uploads\/2026\/04\/CB_7352-scaled.jpg","type":"image\/jpeg"}],"twitter_card":"summary_large_image","twitter_misc":{"Tiempo de lectura":"2 minuto"},"schema":{"@context":"https:\/\/schema.org","@graph":[{"@type":"WebPage","@id":"https:\/\/www.justice4all.org\/es\/que-hacemos\/juventud-familia-y-escuelas\/un-estudiante-discapacitado-de-17-anos-fue-perseguido-obligado-a-tirarse-al-suelo-inmovilizado-y-detenido-en-la-escuela-era-evitable\/","url":"https:\/\/www.justice4all.org\/es\/que-hacemos\/juventud-familia-y-escuelas\/un-estudiante-discapacitado-de-17-anos-fue-perseguido-obligado-a-tirarse-al-suelo-inmovilizado-y-detenido-en-la-escuela-era-evitable\/","name":"Un estudiante discapacitado de 17 a\u00f1os fue perseguido, obligado a tirarse al suelo, inmovilizado y detenido en la escuela. Era evitable. - Legal Aid Justice Center","isPartOf":{"@id":"https:\/\/www.justice4all.org\/es\/#website"},"primaryImageOfPage":{"@id":"https:\/\/www.justice4all.org\/es\/que-hacemos\/juventud-familia-y-escuelas\/un-estudiante-discapacitado-de-17-anos-fue-perseguido-obligado-a-tirarse-al-suelo-inmovilizado-y-detenido-en-la-escuela-era-evitable\/#primaryimage"},"image":{"@id":"https:\/\/www.justice4all.org\/es\/que-hacemos\/juventud-familia-y-escuelas\/un-estudiante-discapacitado-de-17-anos-fue-perseguido-obligado-a-tirarse-al-suelo-inmovilizado-y-detenido-en-la-escuela-era-evitable\/#primaryimage"},"thumbnailUrl":"https:\/\/www.justice4all.org\/wp-content\/uploads\/2026\/04\/CB_7352-scaled.jpg","datePublished":"2026-04-28T21:48:48+00:00","dateModified":"2026-04-29T15:57:53+00:00","breadcrumb":{"@id":"https:\/\/www.justice4all.org\/es\/que-hacemos\/juventud-familia-y-escuelas\/un-estudiante-discapacitado-de-17-anos-fue-perseguido-obligado-a-tirarse-al-suelo-inmovilizado-y-detenido-en-la-escuela-era-evitable\/#breadcrumb"},"inLanguage":"es","potentialAction":[{"@type":"ReadAction","target":["https:\/\/www.justice4all.org\/es\/que-hacemos\/juventud-familia-y-escuelas\/un-estudiante-discapacitado-de-17-anos-fue-perseguido-obligado-a-tirarse-al-suelo-inmovilizado-y-detenido-en-la-escuela-era-evitable\/"]}]},{"@type":"ImageObject","inLanguage":"es","@id":"https:\/\/www.justice4all.org\/es\/que-hacemos\/juventud-familia-y-escuelas\/un-estudiante-discapacitado-de-17-anos-fue-perseguido-obligado-a-tirarse-al-suelo-inmovilizado-y-detenido-en-la-escuela-era-evitable\/#primaryimage","url":"https:\/\/www.justice4all.org\/wp-content\/uploads\/2026\/04\/CB_7352-scaled.jpg","contentUrl":"https:\/\/www.justice4all.org\/wp-content\/uploads\/2026\/04\/CB_7352-scaled.jpg"},{"@type":"BreadcrumbList","@id":"https:\/\/www.justice4all.org\/es\/que-hacemos\/juventud-familia-y-escuelas\/un-estudiante-discapacitado-de-17-anos-fue-perseguido-obligado-a-tirarse-al-suelo-inmovilizado-y-detenido-en-la-escuela-era-evitable\/#breadcrumb","itemListElement":[{"@type":"ListItem","position":1,"name":"Home","item":"https:\/\/www.justice4all.org\/es\/"},{"@type":"ListItem","position":2,"name":"Qu\u00e9 hacemos","item":"https:\/\/www.justice4all.org\/es\/que-hacemos\/"},{"@type":"ListItem","position":3,"name":"Juventud, familia y escuelas","item":"https:\/\/www.justice4all.org\/es\/que-hacemos\/juventud-familia-y-escuelas\/"},{"@type":"ListItem","position":4,"name":"Un estudiante discapacitado de 17 a\u00f1os fue perseguido, obligado a tirarse al suelo, inmovilizado y detenido en la escuela. Era evitable."}]},{"@type":"WebSite","@id":"https:\/\/www.justice4all.org\/es\/#website","url":"https:\/\/www.justice4all.org\/es\/","name":"Legal Aid Justice Center","description":"","potentialAction":[{"@type":"SearchAction","target":{"@type":"EntryPoint","urlTemplate":"https:\/\/www.justice4all.org\/es\/?s={search_term_string}"},"query-input":{"@type":"PropertyValueSpecification","valueRequired":true,"valueName":"search_term_string"}}],"inLanguage":"es"}]}},"_links":{"self":[{"href":"https:\/\/www.justice4all.org\/es\/wp-json\/wp\/v2\/pages\/20044","targetHints":{"allow":["GET"]}}],"collection":[{"href":"https:\/\/www.justice4all.org\/es\/wp-json\/wp\/v2\/pages"}],"about":[{"href":"https:\/\/www.justice4all.org\/es\/wp-json\/wp\/v2\/types\/page"}],"author":[{"embeddable":true,"href":"https:\/\/www.justice4all.org\/es\/wp-json\/wp\/v2\/users\/20"}],"replies":[{"embeddable":true,"href":"https:\/\/www.justice4all.org\/es\/wp-json\/wp\/v2\/comments?post=20044"}],"version-history":[{"count":0,"href":"https:\/\/www.justice4all.org\/es\/wp-json\/wp\/v2\/pages\/20044\/revisions"}],"up":[{"embeddable":true,"href":"https:\/\/www.justice4all.org\/es\/wp-json\/wp\/v2\/pages\/10497"}],"wp:attachment":[{"href":"https:\/\/www.justice4all.org\/es\/wp-json\/wp\/v2\/media?parent=20044"}],"wp:term":[{"taxonomy":"lajc-tax-roles","embeddable":true,"href":"https:\/\/www.justice4all.org\/es\/wp-json\/wp\/v2\/lajc-tax-roles?post=20044"},{"taxonomy":"lajc-tax-issues","embeddable":true,"href":"https:\/\/www.justice4all.org\/es\/wp-json\/wp\/v2\/lajc-tax-issues?post=20044"},{"taxonomy":"lajc-tax-locations","embeddable":true,"href":"https:\/\/www.justice4all.org\/es\/wp-json\/wp\/v2\/lajc-tax-locations?post=20044"}],"curies":[{"name":"wp","href":"https:\/\/api.w.org\/{rel}","templated":true}]}}