{"id":19840,"date":"2023-07-13T15:24:51","date_gmt":"2023-07-13T15:24:51","guid":{"rendered":"https:\/\/www.justice4all.org\/obituario-de-john-conover\/"},"modified":"2026-02-05T03:01:39","modified_gmt":"2026-02-05T03:01:39","slug":"obituario-de-john-conover","status":"publish","type":"page","link":"https:\/\/www.justice4all.org\/es\/obituario-de-john-conover\/","title":{"rendered":"Obituario de John Conover"},"content":{"rendered":"\n\n\n  <style type=\"text\/css\">\n    #block_ccdc848d09092a86c480ac86866e685b {\n                                        margin-left: calc(0 * 16px);\n                          margin-right: calc(0 * 16px);\n              \n                                        padding-left: calc(0 * 16px);\n                          padding-right: calc(0 * 16px);\n                  }\n\n    @media screen and (min-width: 768px) and (max-width: 991px) {\n      #block_ccdc848d09092a86c480ac86866e685b {\n                                                  margin-left: calc(0 * 12px);  \n                                margin-right: calc(0 * 12px);  \n                    \n                                                  padding-left: calc(0 * 12px);\n                                padding-right: calc(0 * 12px);\n                        }\n    }\n\n    @media screen and (min-width: 480px) and (max-width: 767px) {\n      #block_ccdc848d09092a86c480ac86866e685b {\n                                                  margin-left: calc(0 * 8px);  \n                                margin-right: calc(0 * 8px);  \n                    \n                                                  padding-left: calc(0 * 8px);\n                                padding-right: calc(0 * 8px);\n                        }\n    }\n\n    @media screen and (max-width: 479px) {\n      #block_ccdc848d09092a86c480ac86866e685b {\n                                                  margin-left: calc(0 * 4px);  \n                                margin-right: calc(0 * 4px);  \n                    \n                                                  padding-left: calc(0 * 4px);\n                                padding-right: calc(0 * 4px);\n                        }\n    }\n\n  <\/style>\n\n\n<div id=\"block_ccdc848d09092a86c480ac86866e685b\" class=\"content-wrapper-block  style-normal bg-width-full \">\n\t<div class=\"container-fluid\">\n\t\t<div class=\"row justify-content-center\">\n\t\t\t<div class=\"col-lg-12\">\n\t\t\t\t\t\t\t\t\t<div class=\"row row-content justify-content-center\">\n\t\t\t\t\t\t\n\n\n\n\n<style type=\"text\/css\">\n\t.edit-post-visual-editor [data-block=\"ecc14929ac8e7bef6baa5bedc8760aac\"] {\n\t\twidth: calc((12 \/ 12) * 100%)!important;\n\t\tmin-width: calc((12 \/ 12) * 100%)!important;\n\t}\n<\/style>\n\n<div id=\"block_ecc14929ac8e7bef6baa5bedc8760aac\" class=\"col-lg-12 custom-column-block\">\n\t<div class=\"custom-column-wrapper  \">\n\t\t\n\n<figure class=\"wp-block-image size-full\"><img loading=\"lazy\" decoding=\"async\" width=\"2481\" height=\"1337\" src=\"https:\/\/www.justice4all.org\/wp-content\/uploads\/2023\/07\/John-Conover-Obituary.jpg\" alt=\"\" class=\"wp-image-10406\" srcset=\"https:\/\/www.justice4all.org\/wp-content\/uploads\/2023\/07\/John-Conover-Obituary.jpg 2481w, https:\/\/www.justice4all.org\/wp-content\/uploads\/2023\/07\/John-Conover-Obituary-300x162.jpg 300w, https:\/\/www.justice4all.org\/wp-content\/uploads\/2023\/07\/John-Conover-Obituary-1024x552.jpg 1024w, https:\/\/www.justice4all.org\/wp-content\/uploads\/2023\/07\/John-Conover-Obituary-768x414.jpg 768w, https:\/\/www.justice4all.org\/wp-content\/uploads\/2023\/07\/John-Conover-Obituary-1536x828.jpg 1536w, https:\/\/www.justice4all.org\/wp-content\/uploads\/2023\/07\/John-Conover-Obituary-2048x1104.jpg 2048w\" sizes=\"auto, (max-width: 2481px) 100vw, 2481px\" \/><\/figure>\n\n\n\t<\/div>\n<\/div>\n\n\n\n\n  <style type=\"text\/css\">\n    #block_3e07e7db20b23386946093e7139d63b4 > div{\n                                        margin-left: calc(6 * 16px);\n                          margin-right: calc(6 * 16px);\n              \n                                        padding-left: calc(6 * 16px);\n                          padding-right: calc(6 * 16px);\n                  }\n\n    @media screen and (min-width: 768px) and (max-width: 991px) {\n      #block_3e07e7db20b23386946093e7139d63b4 > div{\n                                                  margin-left: calc(6 * 12px);  \n                                margin-right: calc(6 * 12px);  \n                    \n                                                  padding-left: calc(6 * 12px);\n                                padding-right: calc(6 * 12px);\n                        }\n    }\n\n    @media screen and (min-width: 480px) and (max-width: 767px) {\n      #block_3e07e7db20b23386946093e7139d63b4 > div{\n                                                  margin-left: calc(6 * 8px);  \n                                margin-right: calc(6 * 8px);  \n                    \n                                                  padding-left: calc(6 * 8px);\n                                padding-right: calc(6 * 8px);\n                        }\n    }\n\n    @media screen and (max-width: 479px) {\n      #block_3e07e7db20b23386946093e7139d63b4 > div{\n                                                  margin-left: calc(6 * 4px);  \n                                margin-right: calc(6 * 4px);  \n                    \n                                                  padding-left: calc(6 * 4px);\n                                padding-right: calc(6 * 4px);\n                        }\n    }\n\n  <\/style>\n\n<style type=\"text\/css\">\n\t.edit-post-visual-editor [data-block=\"3e07e7db20b23386946093e7139d63b4\"] {\n\t\twidth: calc((12 \/ 12) * 100%)!important;\n\t\tmin-width: calc((12 \/ 12) * 100%)!important;\n\t}\n<\/style>\n\n<div id=\"block_3e07e7db20b23386946093e7139d63b4\" class=\"col-lg-12 custom-column-block\">\n\t<div class=\"custom-column-wrapper  \">\n\t\t\n\n<p>John Conover falleci\u00f3 el domingo 4 de octubre de 2020, a la edad de 74 a\u00f1os. Nadie sabe ad\u00f3nde ha ido. John vivi\u00f3 una vida de muchas satisfacciones y pocos remordimientos. Amaba a su familia y a sus amigos \u00edntimos. Sus muchos conocidos fueron un placer significativo y continuo en su vida.    <\/p>\n\n\n\n<p>A John le sobrevive su esposa, Virginia Daugherty. John y Virginia se conocieron tomando una tableta de \u00e1cido secante en la v\u00edspera de Halloween de 1969 y han seguido siendo compa\u00f1eros y amantes durante los cincuenta a\u00f1os siguientes. John tambi\u00e9n deja a sus dos hijas, Ginnie Daugherty (Rob Pates) y Joey Conover (Jeff Erkelens); dos nietas encantadoras, Nora y Sophy Erkelens; tres nietos independientes, Seth (Cara), Jack y Graham Pates; y un dulce gato amarillo.  <\/p>\n\n\n\n<p>John fue criado como hijo \u00fanico en Maplewood, Nueva Jersey, por William y Josephine Conover. Lleg\u00f3 a Charlottesville en oto\u00f1o de 1963 como un joven torpe e ingenuo de 17 a\u00f1os. Se introdujo en el resto del mundo durante un a\u00f1o en la London School of Economics. Tras graduarse, John ampli\u00f3 sus estudios de econom\u00eda en la Universidad de Chicago. En lugar de ser reclutado y enviado a Vietnam, acept\u00f3 un puesto de profesor en la Universidad Estatal de Norfolk. All\u00ed conoci\u00f3 a Virginia. El afecto y el enamoramiento juvenil les llevaron a explorar Am\u00e9rica y su cultura viviendo en un cami\u00f3n de pan reconvertido durante un a\u00f1o en la carretera.      <\/p>\n\n\n\n<p>Buscando un prop\u00f3sito y continuidad, John, Virginia y Ginnie se instalaron en Barracks Farm, al oeste de Charlottesville, y trabajaron organizando para la Organizaci\u00f3n Nacional de Derechos de Bienestar en el condado de Nelson. Al cabo de cuatro a\u00f1os empezaron a dirigir un negocio de imprenta, Black Flag Press; luego se trasladaron a la ciudad, John fue a la facultad de derecho y naci\u00f3 Joey. La imprenta se traslad\u00f3 detr\u00e1s del Teatro Vinegar Hill y pas\u00f3 a llamarse Papercraft Printing &amp; Design. Se vendi\u00f3 en 2000, tras veintisiete a\u00f1os de funcionamiento.   <\/p>\n\n\n\n<p>Sin buscar a\u00fan la jubilaci\u00f3n, John trabaj\u00f3 durante quince a\u00f1os como abogado de plantilla en el Centro de Justicia de Asistencia Jur\u00eddica. Fue un cambio refrescante pasar de tener siempre la raz\u00f3n al cliente a representar a personas con un oponente casi siempre equivocado. <\/p>\n\n\n\n<p>John obtuvo muchas satisfacciones trabajando para diversas organizaciones comunitarias. Disfrutaba con los distintos retos y problemas y con la oportunidad de conocer y hacer amigos. Tuvo el honor de ser Teniente de Alcalde del Ayuntamiento y m\u00e1s tarde Presidente del Partido Dem\u00f3crata de Charlottesville.  <\/p>\n\n\n\n<p>A mediados de los noventa, John se uni\u00f3 a un divertido grupo para planificar, trazar y construir la Fundaci\u00f3n Rivanna Trail con el objetivo de hacer un sendero forestal que rodeara la ciudad. Live Arts tambi\u00e9n le proporcion\u00f3 un gran placer con la oportunidad de desempe\u00f1ar muchos papeles. Su misi\u00f3n es \u00abforjar teatro y comunidad\u00bb, produciendo excelentes obras y amistades entre los voluntarios.  <\/p>\n\n\n\n<p>El \u00faltimo compromiso c\u00edvico de John ha sido trabajar para revivir la Sociedad Hist\u00f3rica de Albemarle Charlottesville, bajo la convicci\u00f3n de que necesitamos reequilibrar nuestra comprensi\u00f3n de nuestra historia local. Necesitamos contar una mayor variedad de historias relevantes sobre nuestro pasado que nos ayuden a trazar nuestro futuro como comunidad. <\/p>\n\n\n\n<p>John encarn\u00f3 las palabras de G. B. Shaw: \u00ab<strong><em>La vida&#8230; es una especie de antorcha espl\u00e9ndida de la que me he apoderado por el momento y quiero hacer que arda lo m\u00e1s brillantemente posible antes de entregarla.<\/em><\/strong>\u00ab<\/p>\n\n\n\t<\/div>\n<\/div>\n\n\n\n\n  <style type=\"text\/css\">\n    #block_3e07e7db20b23386946093e7139d63b4 > div{\n                                        margin-left: calc(6 * 16px);\n                          margin-right: calc(6 * 16px);\n              \n                                        padding-left: calc(6 * 16px);\n                          padding-right: calc(6 * 16px);\n                  }\n\n    @media screen and (min-width: 768px) and (max-width: 991px) {\n      #block_3e07e7db20b23386946093e7139d63b4 > div{\n                                                  margin-left: calc(6 * 12px);  \n                                margin-right: calc(6 * 12px);  \n                    \n                                                  padding-left: calc(6 * 12px);\n                                padding-right: calc(6 * 12px);\n                        }\n    }\n\n    @media screen and (min-width: 480px) and (max-width: 767px) {\n      #block_3e07e7db20b23386946093e7139d63b4 > div{\n                                                  margin-left: calc(6 * 8px);  \n                                margin-right: calc(6 * 8px);  \n                    \n                                                  padding-left: calc(6 * 8px);\n                                padding-right: calc(6 * 8px);\n                        }\n    }\n\n    @media screen and (max-width: 479px) {\n      #block_3e07e7db20b23386946093e7139d63b4 > div{\n                                                  margin-left: calc(6 * 4px);  \n                                margin-right: calc(6 * 4px);  \n                    \n                                                  padding-left: calc(6 * 4px);\n                                padding-right: calc(6 * 4px);\n                        }\n    }\n\n  <\/style>\n\n<style type=\"text\/css\">\n\t.edit-post-visual-editor [data-block=\"3e07e7db20b23386946093e7139d63b4\"] {\n\t\twidth: calc((12 \/ 12) * 100%)!important;\n\t\tmin-width: calc((12 \/ 12) * 100%)!important;\n\t}\n<\/style>\n\n<div id=\"block_3e07e7db20b23386946093e7139d63b4\" class=\"col-lg-12 custom-column-block\">\n\t<div class=\"custom-column-wrapper  \">\n\t\t\n\n<hr class=\"wp-block-separator has-alpha-channel-opacity is-style-gradient-primary\"\/>\n\n\n\t<\/div>\n<\/div>\n\n\n\n\n\n<style type=\"text\/css\">\n\t.edit-post-visual-editor [data-block=\"ecc14929ac8e7bef6baa5bedc8760aac\"] {\n\t\twidth: calc((12 \/ 12) * 100%)!important;\n\t\tmin-width: calc((12 \/ 12) * 100%)!important;\n\t}\n<\/style>\n\n<div id=\"block_ecc14929ac8e7bef6baa5bedc8760aac\" class=\"col-lg-12 custom-column-block\">\n\t<div class=\"custom-column-wrapper  \">\n\t\t\n\n<p class=\"has-text-align-center has-gunpowder-color has-text-color\" style=\"font-size:12px\"><strong>Los recuerdos pueden enviarse a cualquiera de las organizaciones sin \u00e1nimo de lucro mencionadas o a la Primera Iglesia Bautista Africana de Mt. Zion.<\/strong><\/p>\n\n\n\t<\/div>\n<\/div>\n\n\t\t\t\t\t<\/div>\n\t\t\t\t\t\t\t\n\t\t\t<\/div>\n\t\t<\/div>\n\t<\/div>\n\n\t<style type=\"text\/css\">\n\t\t.edit-post-visual-editor [data-block=\"ccdc848d09092a86c480ac86866e685b\"] .block-editor-block-list__layout {\n\t\t\tjustify-content: center;\n\t\t}\n\n\t\t\t<\/style>\n<\/div>\n","protected":false},"excerpt":{"rendered":"","protected":false},"author":4,"featured_media":0,"parent":0,"menu_order":4,"comment_status":"closed","ping_status":"closed","template":"","meta":{"footnotes":""},"lajc-tax-roles":[],"lajc-tax-issues":[],"lajc-tax-locations":[],"class_list":["post-19840","page","type-page","status-publish","hentry"],"acf":[],"yoast_head":"<!-- This site is optimized with the Yoast SEO plugin v27.5 - https:\/\/yoast.com\/product\/yoast-seo-wordpress\/ -->\n<title>Obituario de John Conover - Legal Aid Justice Center<\/title>\n<meta name=\"robots\" content=\"index, follow, max-snippet:-1, max-image-preview:large, max-video-preview:-1\" \/>\n<link rel=\"canonical\" href=\"https:\/\/www.justice4all.org\/es\/obituario-de-john-conover\/\" \/>\n<meta property=\"og:locale\" content=\"es_ES\" \/>\n<meta property=\"og:type\" content=\"article\" \/>\n<meta property=\"og:title\" content=\"Obituario de John Conover - Legal Aid Justice Center\" \/>\n<meta property=\"og:url\" content=\"https:\/\/www.justice4all.org\/es\/obituario-de-john-conover\/\" \/>\n<meta property=\"og:site_name\" content=\"Legal Aid Justice Center\" \/>\n<meta property=\"article:modified_time\" content=\"2026-02-05T03:01:39+00:00\" \/>\n<meta property=\"og:image\" content=\"https:\/\/www.justice4all.org\/wp-content\/uploads\/2023\/07\/John-Conover-Obituary.jpg\" \/>\n<meta name=\"twitter:card\" content=\"summary_large_image\" \/>\n<meta name=\"twitter:label1\" content=\"Tiempo de lectura\" \/>\n\t<meta name=\"twitter:data1\" content=\"3 minuto\" \/>\n<script type=\"application\/ld+json\" class=\"yoast-schema-graph\">{\"@context\":\"https:\\\/\\\/schema.org\",\"@graph\":[{\"@type\":\"WebPage\",\"@id\":\"https:\\\/\\\/www.justice4all.org\\\/es\\\/obituario-de-john-conover\\\/\",\"url\":\"https:\\\/\\\/www.justice4all.org\\\/es\\\/obituario-de-john-conover\\\/\",\"name\":\"Obituario de John Conover - Legal Aid Justice Center\",\"isPartOf\":{\"@id\":\"https:\\\/\\\/www.justice4all.org\\\/es\\\/#website\"},\"primaryImageOfPage\":{\"@id\":\"https:\\\/\\\/www.justice4all.org\\\/es\\\/obituario-de-john-conover\\\/#primaryimage\"},\"image\":{\"@id\":\"https:\\\/\\\/www.justice4all.org\\\/es\\\/obituario-de-john-conover\\\/#primaryimage\"},\"thumbnailUrl\":\"https:\\\/\\\/www.justice4all.org\\\/wp-content\\\/uploads\\\/2023\\\/07\\\/John-Conover-Obituary.jpg\",\"datePublished\":\"2023-07-13T15:24:51+00:00\",\"dateModified\":\"2026-02-05T03:01:39+00:00\",\"breadcrumb\":{\"@id\":\"https:\\\/\\\/www.justice4all.org\\\/es\\\/obituario-de-john-conover\\\/#breadcrumb\"},\"inLanguage\":\"es\",\"potentialAction\":[{\"@type\":\"ReadAction\",\"target\":[\"https:\\\/\\\/www.justice4all.org\\\/es\\\/obituario-de-john-conover\\\/\"]}]},{\"@type\":\"ImageObject\",\"inLanguage\":\"es\",\"@id\":\"https:\\\/\\\/www.justice4all.org\\\/es\\\/obituario-de-john-conover\\\/#primaryimage\",\"url\":\"https:\\\/\\\/www.justice4all.org\\\/wp-content\\\/uploads\\\/2023\\\/07\\\/John-Conover-Obituary.jpg\",\"contentUrl\":\"https:\\\/\\\/www.justice4all.org\\\/wp-content\\\/uploads\\\/2023\\\/07\\\/John-Conover-Obituary.jpg\"},{\"@type\":\"BreadcrumbList\",\"@id\":\"https:\\\/\\\/www.justice4all.org\\\/es\\\/obituario-de-john-conover\\\/#breadcrumb\",\"itemListElement\":[{\"@type\":\"ListItem\",\"position\":1,\"name\":\"Home\",\"item\":\"https:\\\/\\\/www.justice4all.org\\\/es\\\/\"},{\"@type\":\"ListItem\",\"position\":2,\"name\":\"Obituario de John Conover\"}]},{\"@type\":\"WebSite\",\"@id\":\"https:\\\/\\\/www.justice4all.org\\\/es\\\/#website\",\"url\":\"https:\\\/\\\/www.justice4all.org\\\/es\\\/\",\"name\":\"Legal Aid Justice Center\",\"description\":\"\",\"potentialAction\":[{\"@type\":\"SearchAction\",\"target\":{\"@type\":\"EntryPoint\",\"urlTemplate\":\"https:\\\/\\\/www.justice4all.org\\\/es\\\/?s={search_term_string}\"},\"query-input\":{\"@type\":\"PropertyValueSpecification\",\"valueRequired\":true,\"valueName\":\"search_term_string\"}}],\"inLanguage\":\"es\"}]}<\/script>\n<!-- \/ Yoast SEO plugin. -->","yoast_head_json":{"title":"Obituario de John Conover - Legal Aid Justice Center","robots":{"index":"index","follow":"follow","max-snippet":"max-snippet:-1","max-image-preview":"max-image-preview:large","max-video-preview":"max-video-preview:-1"},"canonical":"https:\/\/www.justice4all.org\/es\/obituario-de-john-conover\/","og_locale":"es_ES","og_type":"article","og_title":"Obituario de John Conover - Legal Aid Justice Center","og_url":"https:\/\/www.justice4all.org\/es\/obituario-de-john-conover\/","og_site_name":"Legal Aid Justice Center","article_modified_time":"2026-02-05T03:01:39+00:00","og_image":[{"url":"https:\/\/www.justice4all.org\/wp-content\/uploads\/2023\/07\/John-Conover-Obituary.jpg","type":"","width":"","height":""}],"twitter_card":"summary_large_image","twitter_misc":{"Tiempo de lectura":"3 minuto"},"schema":{"@context":"https:\/\/schema.org","@graph":[{"@type":"WebPage","@id":"https:\/\/www.justice4all.org\/es\/obituario-de-john-conover\/","url":"https:\/\/www.justice4all.org\/es\/obituario-de-john-conover\/","name":"Obituario de John Conover - Legal Aid Justice Center","isPartOf":{"@id":"https:\/\/www.justice4all.org\/es\/#website"},"primaryImageOfPage":{"@id":"https:\/\/www.justice4all.org\/es\/obituario-de-john-conover\/#primaryimage"},"image":{"@id":"https:\/\/www.justice4all.org\/es\/obituario-de-john-conover\/#primaryimage"},"thumbnailUrl":"https:\/\/www.justice4all.org\/wp-content\/uploads\/2023\/07\/John-Conover-Obituary.jpg","datePublished":"2023-07-13T15:24:51+00:00","dateModified":"2026-02-05T03:01:39+00:00","breadcrumb":{"@id":"https:\/\/www.justice4all.org\/es\/obituario-de-john-conover\/#breadcrumb"},"inLanguage":"es","potentialAction":[{"@type":"ReadAction","target":["https:\/\/www.justice4all.org\/es\/obituario-de-john-conover\/"]}]},{"@type":"ImageObject","inLanguage":"es","@id":"https:\/\/www.justice4all.org\/es\/obituario-de-john-conover\/#primaryimage","url":"https:\/\/www.justice4all.org\/wp-content\/uploads\/2023\/07\/John-Conover-Obituary.jpg","contentUrl":"https:\/\/www.justice4all.org\/wp-content\/uploads\/2023\/07\/John-Conover-Obituary.jpg"},{"@type":"BreadcrumbList","@id":"https:\/\/www.justice4all.org\/es\/obituario-de-john-conover\/#breadcrumb","itemListElement":[{"@type":"ListItem","position":1,"name":"Home","item":"https:\/\/www.justice4all.org\/es\/"},{"@type":"ListItem","position":2,"name":"Obituario de John Conover"}]},{"@type":"WebSite","@id":"https:\/\/www.justice4all.org\/es\/#website","url":"https:\/\/www.justice4all.org\/es\/","name":"Legal Aid Justice Center","description":"","potentialAction":[{"@type":"SearchAction","target":{"@type":"EntryPoint","urlTemplate":"https:\/\/www.justice4all.org\/es\/?s={search_term_string}"},"query-input":{"@type":"PropertyValueSpecification","valueRequired":true,"valueName":"search_term_string"}}],"inLanguage":"es"}]}},"_links":{"self":[{"href":"https:\/\/www.justice4all.org\/es\/wp-json\/wp\/v2\/pages\/19840","targetHints":{"allow":["GET"]}}],"collection":[{"href":"https:\/\/www.justice4all.org\/es\/wp-json\/wp\/v2\/pages"}],"about":[{"href":"https:\/\/www.justice4all.org\/es\/wp-json\/wp\/v2\/types\/page"}],"author":[{"embeddable":true,"href":"https:\/\/www.justice4all.org\/es\/wp-json\/wp\/v2\/users\/4"}],"replies":[{"embeddable":true,"href":"https:\/\/www.justice4all.org\/es\/wp-json\/wp\/v2\/comments?post=19840"}],"version-history":[{"count":0,"href":"https:\/\/www.justice4all.org\/es\/wp-json\/wp\/v2\/pages\/19840\/revisions"}],"wp:attachment":[{"href":"https:\/\/www.justice4all.org\/es\/wp-json\/wp\/v2\/media?parent=19840"}],"wp:term":[{"taxonomy":"lajc-tax-roles","embeddable":true,"href":"https:\/\/www.justice4all.org\/es\/wp-json\/wp\/v2\/lajc-tax-roles?post=19840"},{"taxonomy":"lajc-tax-issues","embeddable":true,"href":"https:\/\/www.justice4all.org\/es\/wp-json\/wp\/v2\/lajc-tax-issues?post=19840"},{"taxonomy":"lajc-tax-locations","embeddable":true,"href":"https:\/\/www.justice4all.org\/es\/wp-json\/wp\/v2\/lajc-tax-locations?post=19840"}],"curies":[{"name":"wp","href":"https:\/\/api.w.org\/{rel}","templated":true}]}}