{"id":18925,"date":"2025-09-26T19:34:29","date_gmt":"2025-09-26T19:34:29","guid":{"rendered":"https:\/\/www.justice4all.org\/que-hacemos\/sistema-juridico-penal\/cumbre-sobre-el-fortalecimiento-de-la-justicia-2\/"},"modified":"2025-09-26T19:36:44","modified_gmt":"2025-09-26T19:36:44","slug":"cumbre-sobre-el-fortalecimiento-de-la-justicia-2","status":"publish","type":"page","link":"https:\/\/www.justice4all.org\/es\/que-hacemos\/sistema-juridico-penal\/cumbre-sobre-el-fortalecimiento-de-la-justicia-2\/","title":{"rendered":"Cumbre sobre el Fortalecimiento de la Justicia"},"content":{"rendered":"<div class=\"wp-block-image is-style-rounded\">\n<figure class=\"aligncenter size-large\"><img loading=\"lazy\" decoding=\"async\" width=\"1024\" height=\"555\" src=\"https:\/\/www.justice4all.org\/wp-content\/uploads\/2025\/08\/strengthening-justice-logo-1-1024x555.png\" alt=\"\" class=\"wp-image-18856\" srcset=\"https:\/\/www.justice4all.org\/wp-content\/uploads\/2025\/08\/strengthening-justice-logo-1-1024x555.png 1024w, https:\/\/www.justice4all.org\/wp-content\/uploads\/2025\/08\/strengthening-justice-logo-1-300x163.png 300w, https:\/\/www.justice4all.org\/wp-content\/uploads\/2025\/08\/strengthening-justice-logo-1-768x416.png 768w, https:\/\/www.justice4all.org\/wp-content\/uploads\/2025\/08\/strengthening-justice-logo-1.png 1107w\" sizes=\"auto, (max-width: 1024px) 100vw, 1024px\" \/><\/figure>\n<\/div>\n\n\n\n\n<div id=\"block_86ab1ad1c7fc9d116c15274b2699dff4\" class=\"content-wrapper-block has-background-color has-morado-background-color style-normal bg-width-full \">\n\t<div class=\"container-fluid\">\n\t\t<div class=\"row justify-content-center\">\n\t\t\t<div class=\"col-lg-10\">\n\t\t\t\t\t\t\t\t\t<div class=\"row row-content justify-content-center\">\n\t\t\t\t\t\t\n\n\n\n\n<style type=\"text\/css\">\n\t.edit-post-visual-editor [data-block=\"636f7c449916904ea677b64180fad3bf\"] {\n\t\twidth: calc((12 \/ 12) * 100%)!important;\n\t\tmin-width: calc((12 \/ 12) * 100%)!important;\n\t}\n<\/style>\n\n<div id=\"block_636f7c449916904ea677b64180fad3bf\" class=\"col-lg-12 custom-column-block\">\n\t<div class=\"custom-column-wrapper  \">\n\t\t\n\n<p class=\"has-white-color has-purple-background-color has-text-color has-background has-link-color has-medium-font-size wp-elements-266eb25a34b0e083b4a1a6f9d97bf722\"><strong>La Cumbre para el Fortalecimiento de la Justicia es una cumbre de dos d\u00edas centrada en la transformaci\u00f3n del sistema judicial de Virginia mediante soluciones basadas en datos, la reforma de las pol\u00edticas de colaboraci\u00f3n y la pr\u00e1ctica centrada en la comunidad en torno a las pr\u00e1cticas previas al juicio y las multas y tasas en la Commonwealth.<\/strong> <\/p>\n\n\n\n<p class=\"has-text-align-center has-purple-color has-white-background-color has-text-color has-background has-link-color has-medium-font-size wp-elements-565f92e5539a687b83c5f4d436a86cff\"><a href=\"https:\/\/lp.constantcontactpages.com\/ev\/reg\/8ng4kje\" target=\"_blank\" rel=\"noreferrer noopener\"><strong>HAZ CLIC AQU\u00cd PARA INSCRIBIRTE<\/strong><\/a><\/p>\n\n\n\t<\/div>\n<\/div>\n\n\t\t\t\t\t<\/div>\n\t\t\t\t\t\t\t\n\t\t\t<\/div>\n\t\t<\/div>\n\t<\/div>\n\n\t<style type=\"text\/css\">\n\t\t.edit-post-visual-editor [data-block=\"86ab1ad1c7fc9d116c15274b2699dff4\"] .block-editor-block-list__layout {\n\t\t\tjustify-content: center;\n\t\t}\n\n\t\t\t<\/style>\n<\/div>\n\n\n\n\n<div id=\"block_3767085d856bea4787774d10e1b7d398\" class=\"download-files-block\">\n  <div class=\"container-fluid\">\n    <div class=\"underlined-title-with-icon\">\n      <h4>Utiliza el siguiente enlace para ver el orden del d\u00eda completo<\/h4>\n    <\/div>\n    <p><\/p>\n    <div class=\"files\">\n              <a class=\"btn btn-primary\" download href=\"https:\/\/www.justice4all.org\/wp-content\/uploads\/2025\/09\/AGENDA2025.pdf\"><span>DESCARGA <img decoding=\"async\" src=\"https:\/\/www.justice4all.org\/wp-content\/themes\/LAJC.v20250311\/assets\/\/images\/download.svg\" \/><\/span><\/a>\n          <\/div>\n  <\/div>\n<\/div>\n\n\n\n\n\n<div id=\"block_03399513412f0f8a2464e89121021362\" class=\"accordion-section-block\">\n  <div class=\"container-fluid\">\n              <div class=\"accordion-section-heading-wrapper has-purple-background-color has-background-color\">\n          <div class=\"row row-heading\">\n            <div class=\"col-sm-12\">\n              <h2>Ponentes destacados<\/h2>\n              <p><\/p>\n              <span class=\"toggler\"><\/span>\n            <\/div>\n          <\/div>\n        <\/div>\n      \n      <div class=\"accordion-section-cols-wrapper has-white-background-color has-background-color\">\n        <div class=\"row row-cols\">\n          \n\n\n\n\n<style type=\"text\/css\">\n\t.edit-post-visual-editor [data-block=\"636f7c449916904ea677b64180fad3bf\"] {\n\t\twidth: calc((12 \/ 12) * 100%)!important;\n\t\tmin-width: calc((12 \/ 12) * 100%)!important;\n\t}\n<\/style>\n\n<div id=\"block_636f7c449916904ea677b64180fad3bf\" class=\"col-lg-12 custom-column-block\">\n\t<div class=\"custom-column-wrapper  \">\n\t\t\n\n<div class=\"wp-block-media-text is-stacked-on-mobile\" style=\"grid-template-columns:20% auto\"><figure class=\"wp-block-media-text__media\"><img loading=\"lazy\" decoding=\"async\" width=\"239\" height=\"297\" src=\"https:\/\/www.justice4all.org\/wp-content\/uploads\/2025\/09\/Screenshot-2025-09-26-at-10.59.52-AM.png\" alt=\"\" class=\"wp-image-18915 size-full\"\/><\/figure><div class=\"wp-block-media-text__content\">\n<p>Voz visionaria:<strong> Kenneth Hunter<\/strong> <\/p>\n\n\n\n<p>Kenneth Hunter es un l\u00edder experimentado en la reforma del sistema jur\u00eddico penal, que aporta la lente de la experiencia vivida a su defensa de la mitigaci\u00f3n del impacto del sistema. Durante un periodo de encarcelamiento que se extendi\u00f3 de los 21 a los 43 a\u00f1os por un cargo no violento de drogas, Kenneth s\u00f3lo tuvo una oportunidad de empezar una clase en el Southside Community College. Esa clase qued\u00f3 interrumpida, incompleta, por los traslados a una serie de prisiones del Departamento Correccional de Virginia que carec\u00edan de programas universitarios. Kenneth se dedica a conseguir pol\u00edticas de justicia m\u00e1s humanas y productivas en Virginia y en el pa\u00eds. Profesionalmente, Kenneth destac\u00f3 en ventas para una cadena regional de muebles, consiguiendo un ascenso a la alta direcci\u00f3n gracias a sus excepcionales dotes de comunicaci\u00f3n y creaci\u00f3n de relaciones. Esto, adem\u00e1s de su fama estatal en la interpretaci\u00f3n de la palabra hablada y el rap.       <\/p>\n\n\n\n<p>Kenneth es el organizador de la Educaci\u00f3n Superior en Prisi\u00f3n en el Centro Interreligioso de Pol\u00edticas P\u00fablicas de Virginia, experto nacional en reforma penitenciaria y artista.  <\/p>\n<\/div><\/div>\n\n\n\t<\/div>\n<\/div>\n\n\n\n\n\n<style type=\"text\/css\">\n\t.edit-post-visual-editor [data-block=\"636f7c449916904ea677b64180fad3bf\"] {\n\t\twidth: calc((12 \/ 12) * 100%)!important;\n\t\tmin-width: calc((12 \/ 12) * 100%)!important;\n\t}\n<\/style>\n\n<div id=\"block_636f7c449916904ea677b64180fad3bf\" class=\"col-lg-12 custom-column-block\">\n\t<div class=\"custom-column-wrapper  \">\n\t\t\n\n<div class=\"wp-block-media-text is-stacked-on-mobile\" style=\"grid-template-columns:20% auto\"><figure class=\"wp-block-media-text__media\"><img loading=\"lazy\" decoding=\"async\" width=\"301\" height=\"347\" src=\"https:\/\/www.justice4all.org\/wp-content\/uploads\/2025\/09\/Screenshot-2025-09-26-at-11.00.02-AM.png\" alt=\"\" class=\"wp-image-18917 size-full\" srcset=\"https:\/\/www.justice4all.org\/wp-content\/uploads\/2025\/09\/Screenshot-2025-09-26-at-11.00.02-AM.png 301w, https:\/\/www.justice4all.org\/wp-content\/uploads\/2025\/09\/Screenshot-2025-09-26-at-11.00.02-AM-260x300.png 260w\" sizes=\"auto, (max-width: 301px) 100vw, 301px\" \/><\/figure><div class=\"wp-block-media-text__content\">\n<p>Orador Principal Previo al Juicio: <strong>Jonathan Rapping<\/strong> <\/p>\n\n\n\n<p>Jonathan Rapping es catedr\u00e1tico de Derecho y director del Programa de Certificaci\u00f3n en Justicia Penal de la Facultad de Derecho John Marshall de Atlanta, y fundador de Gideon&#8217;s Promise, organizaci\u00f3n sin \u00e1nimo de lucro cuya misi\u00f3n es transformar la justicia penal creando un movimiento de defensores p\u00fablicos que impartan justicia en condiciones de igualdad a las comunidades marginadas.  <\/p>\n\n\n\n<p>Antes de fundar La Promesa de Gideon, Rapping pas\u00f3 una d\u00e9cada como abogado de oficio en Washington, DC, antes de venir a Georgia para convertirse en el primer Director de Formaci\u00f3n de GPDSC. Despu\u00e9s se uni\u00f3 al equipo directivo de Nueva Orleans para ayudar a reconstruir la oficina de abogados de oficio tras el hurac\u00e1n Katrina. Trabaj\u00f3 en Alabama y Missisippi, y los retos a los que se enfrentaban los defensores p\u00fablicos de todo el Sur le llevaron a fundar Gideon&#8217;s Promise para proporcionar a los defensores p\u00fablicos de jurisdicciones con pocos recursos formaci\u00f3n, tutor\u00eda, apoyo y desarrollo del liderazgo.    <\/p>\n\n\n\n<p>Es autor de La promesa de Gideon: un movimiento de defensores p\u00fablicos para transformar la justicia penal. Entre los numerosos reconocimientos que ha recibido, destaca la prestigiosa Beca \u00abGenius\u00bb de la Fundaci\u00f3n MacArthur por su enfoque vanguardista de la transformaci\u00f3n de la justicia. Su alma mater, la Universidad de Chicago, le ha concedido el Premio a la Trayectoria Profesional de Antiguos Alumnos, y ha sido elegido miembro del American Law Institute. Contribuye con frecuencia al debate nacional sobre la reforma de la justicia penal y ha aparecido en numerosos medios de comunicaci\u00f3n. Rapping ha sido ponente en TEDx Atlanta, y con frecuencia realiza presentaciones a nivel nacional. El trabajo de Rapping inspir\u00f3 el premiado documental de la HBO \u00abGideon&#8217;s Army\u00bb.       <\/p>\n<\/div><\/div>\n\n\n\t<\/div>\n<\/div>\n\n\n\n\n\n<style type=\"text\/css\">\n\t.edit-post-visual-editor [data-block=\"636f7c449916904ea677b64180fad3bf\"] {\n\t\twidth: calc((12 \/ 12) * 100%)!important;\n\t\tmin-width: calc((12 \/ 12) * 100%)!important;\n\t}\n<\/style>\n\n<div id=\"block_636f7c449916904ea677b64180fad3bf\" class=\"col-lg-12 custom-column-block\">\n\t<div class=\"custom-column-wrapper  \">\n\t\t\n\n<div class=\"wp-block-media-text is-stacked-on-mobile\" style=\"grid-template-columns:20% auto\"><figure class=\"wp-block-media-text__media\"><img loading=\"lazy\" decoding=\"async\" width=\"337\" height=\"363\" src=\"https:\/\/www.justice4all.org\/wp-content\/uploads\/2025\/09\/Screenshot-2025-09-26-at-11.00.13-AM.png\" alt=\"\" class=\"wp-image-18919 size-full\" srcset=\"https:\/\/www.justice4all.org\/wp-content\/uploads\/2025\/09\/Screenshot-2025-09-26-at-11.00.13-AM.png 337w, https:\/\/www.justice4all.org\/wp-content\/uploads\/2025\/09\/Screenshot-2025-09-26-at-11.00.13-AM-279x300.png 279w\" sizes=\"auto, (max-width: 337px) 100vw, 337px\" \/><\/figure><div class=\"wp-block-media-text__content\">\n<p>Multas y Tasas Ponente principal: <strong>Tony Messenger<\/strong> <\/p>\n\n\n\n<p>Tony Messenger Periodista ganador del Premio Pulitzer r es columnista metropolitano del St. Louis Post-Dispatch. Adem\u00e1s, es autor de<a href=\"https:\/\/us.macmillan.com\/books\/9781250792976\/profit-and-punishment\" target=\"_blank\" rel=\"noreferrer noopener\"> Profit and Punishment: C\u00f3mo Estados Unidos criminaliza a los pobres en nombre de la justicia,<\/a> su primer libro.   <\/p>\n\n\n\n<p>En 2019, Messenger gan\u00f3 el Premio Pulitzer de comentario por su serie de columnas sobre las prisiones de deudores en Misuri. En 2016, Messenger recibi\u00f3 la Medalla de Honor de Misuri. Se trata del m\u00e1ximo galard\u00f3n que concede la Facultad de Periodismo de la Universidad de Misuri. Ese mismo a\u00f1o gan\u00f3 un National Headliner por redacci\u00f3n editorial. En 2015, Messenger fue finalista del Pulitzer por su serie de editoriales sobre Ferguson. Adem\u00e1s, gan\u00f3 el premio Sigma Delta Chi a los mejores editoriales del a\u00f1o, otorgado por la Sociedad de Periodistas Profesionales.       <\/p>\n\n\n\n<p>Tony Messenger es un consumado orador p\u00fablico. Ha pronunciado discursos ante organizaciones nacionales de periodismo, organizaciones sin \u00e1nimo de lucro dedicadas a la justicia penal e instituciones de ense\u00f1anza superior. Principalmente, se centra en su trabajo sobre la reforma de la justicia penal, la pobreza y la raza, y en su larga carrera como periodista, que comenz\u00f3 en un peque\u00f1o semanario de Colorado.    <\/p>\n\n\n\n<p>Messenger vive en Wildwood, Misuri, con su mujer y sus dos hijos. Tiene cuatro hijos adultos y nueve nietos.   <\/p>\n<\/div><\/div>\n\n\n\t<\/div>\n<\/div>\n\n        <\/div>\n      <\/div>\n  <\/div>\n<\/div>\n<p><\/p>\n","protected":false},"excerpt":{"rendered":"","protected":false},"author":20,"featured_media":18857,"parent":10481,"menu_order":0,"comment_status":"closed","ping_status":"closed","template":"","meta":{"footnotes":""},"lajc-tax-roles":[],"lajc-tax-issues":[],"lajc-tax-locations":[],"class_list":["post-18925","page","type-page","status-publish","has-post-thumbnail","hentry"],"acf":[],"yoast_head":"<!-- This site is optimized with the Yoast SEO plugin v27.5 - https:\/\/yoast.com\/product\/yoast-seo-wordpress\/ -->\n<title>Cumbre sobre el Fortalecimiento de la Justicia - Legal Aid Justice Center<\/title>\n<meta name=\"robots\" content=\"index, follow, max-snippet:-1, max-image-preview:large, max-video-preview:-1\" \/>\n<link rel=\"canonical\" href=\"https:\/\/www.justice4all.org\/es\/que-hacemos\/sistema-juridico-penal\/cumbre-sobre-el-fortalecimiento-de-la-justicia-2\/\" \/>\n<meta property=\"og:locale\" content=\"es_ES\" \/>\n<meta property=\"og:type\" content=\"article\" \/>\n<meta property=\"og:title\" content=\"Cumbre sobre el Fortalecimiento de la Justicia - Legal Aid Justice Center\" \/>\n<meta property=\"og:url\" content=\"https:\/\/www.justice4all.org\/es\/que-hacemos\/sistema-juridico-penal\/cumbre-sobre-el-fortalecimiento-de-la-justicia-2\/\" \/>\n<meta property=\"og:site_name\" content=\"Legal Aid Justice Center\" \/>\n<meta property=\"article:modified_time\" content=\"2025-09-26T19:36:44+00:00\" \/>\n<meta property=\"og:image\" content=\"https:\/\/www.justice4all.org\/wp-content\/uploads\/2025\/08\/strengthening-justice-logo-1.png\" \/>\n\t<meta property=\"og:image:width\" content=\"1107\" \/>\n\t<meta property=\"og:image:height\" content=\"600\" \/>\n\t<meta property=\"og:image:type\" content=\"image\/png\" \/>\n<meta name=\"twitter:card\" content=\"summary_large_image\" \/>\n<meta name=\"twitter:label1\" content=\"Tiempo de lectura\" \/>\n\t<meta name=\"twitter:data1\" content=\"4 minuto\" \/>\n<script type=\"application\/ld+json\" class=\"yoast-schema-graph\">{\"@context\":\"https:\\\/\\\/schema.org\",\"@graph\":[{\"@type\":\"WebPage\",\"@id\":\"https:\\\/\\\/www.justice4all.org\\\/es\\\/que-hacemos\\\/sistema-juridico-penal\\\/cumbre-sobre-el-fortalecimiento-de-la-justicia-2\\\/\",\"url\":\"https:\\\/\\\/www.justice4all.org\\\/es\\\/que-hacemos\\\/sistema-juridico-penal\\\/cumbre-sobre-el-fortalecimiento-de-la-justicia-2\\\/\",\"name\":\"Cumbre sobre el Fortalecimiento de la Justicia - Legal Aid Justice Center\",\"isPartOf\":{\"@id\":\"https:\\\/\\\/www.justice4all.org\\\/es\\\/#website\"},\"primaryImageOfPage\":{\"@id\":\"https:\\\/\\\/www.justice4all.org\\\/es\\\/que-hacemos\\\/sistema-juridico-penal\\\/cumbre-sobre-el-fortalecimiento-de-la-justicia-2\\\/#primaryimage\"},\"image\":{\"@id\":\"https:\\\/\\\/www.justice4all.org\\\/es\\\/que-hacemos\\\/sistema-juridico-penal\\\/cumbre-sobre-el-fortalecimiento-de-la-justicia-2\\\/#primaryimage\"},\"thumbnailUrl\":\"https:\\\/\\\/www.justice4all.org\\\/wp-content\\\/uploads\\\/2025\\\/08\\\/strengthening-justice-logo-1.png\",\"datePublished\":\"2025-09-26T19:34:29+00:00\",\"dateModified\":\"2025-09-26T19:36:44+00:00\",\"breadcrumb\":{\"@id\":\"https:\\\/\\\/www.justice4all.org\\\/es\\\/que-hacemos\\\/sistema-juridico-penal\\\/cumbre-sobre-el-fortalecimiento-de-la-justicia-2\\\/#breadcrumb\"},\"inLanguage\":\"es\",\"potentialAction\":[{\"@type\":\"ReadAction\",\"target\":[\"https:\\\/\\\/www.justice4all.org\\\/es\\\/que-hacemos\\\/sistema-juridico-penal\\\/cumbre-sobre-el-fortalecimiento-de-la-justicia-2\\\/\"]}]},{\"@type\":\"ImageObject\",\"inLanguage\":\"es\",\"@id\":\"https:\\\/\\\/www.justice4all.org\\\/es\\\/que-hacemos\\\/sistema-juridico-penal\\\/cumbre-sobre-el-fortalecimiento-de-la-justicia-2\\\/#primaryimage\",\"url\":\"https:\\\/\\\/www.justice4all.org\\\/wp-content\\\/uploads\\\/2025\\\/08\\\/strengthening-justice-logo-1.png\",\"contentUrl\":\"https:\\\/\\\/www.justice4all.org\\\/wp-content\\\/uploads\\\/2025\\\/08\\\/strengthening-justice-logo-1.png\",\"width\":1107,\"height\":600},{\"@type\":\"BreadcrumbList\",\"@id\":\"https:\\\/\\\/www.justice4all.org\\\/es\\\/que-hacemos\\\/sistema-juridico-penal\\\/cumbre-sobre-el-fortalecimiento-de-la-justicia-2\\\/#breadcrumb\",\"itemListElement\":[{\"@type\":\"ListItem\",\"position\":1,\"name\":\"Home\",\"item\":\"https:\\\/\\\/www.justice4all.org\\\/es\\\/\"},{\"@type\":\"ListItem\",\"position\":2,\"name\":\"Qu\u00e9 hacemos\",\"item\":\"https:\\\/\\\/www.justice4all.org\\\/es\\\/que-hacemos\\\/\"},{\"@type\":\"ListItem\",\"position\":3,\"name\":\"Sistema jur\u00eddico penal\",\"item\":\"https:\\\/\\\/www.justice4all.org\\\/es\\\/que-hacemos\\\/sistema-juridico-penal\\\/\"},{\"@type\":\"ListItem\",\"position\":4,\"name\":\"Cumbre sobre el Fortalecimiento de la Justicia\"}]},{\"@type\":\"WebSite\",\"@id\":\"https:\\\/\\\/www.justice4all.org\\\/es\\\/#website\",\"url\":\"https:\\\/\\\/www.justice4all.org\\\/es\\\/\",\"name\":\"Legal Aid Justice Center\",\"description\":\"\",\"potentialAction\":[{\"@type\":\"SearchAction\",\"target\":{\"@type\":\"EntryPoint\",\"urlTemplate\":\"https:\\\/\\\/www.justice4all.org\\\/es\\\/?s={search_term_string}\"},\"query-input\":{\"@type\":\"PropertyValueSpecification\",\"valueRequired\":true,\"valueName\":\"search_term_string\"}}],\"inLanguage\":\"es\"}]}<\/script>\n<!-- \/ Yoast SEO plugin. -->","yoast_head_json":{"title":"Cumbre sobre el Fortalecimiento de la Justicia - Legal Aid Justice Center","robots":{"index":"index","follow":"follow","max-snippet":"max-snippet:-1","max-image-preview":"max-image-preview:large","max-video-preview":"max-video-preview:-1"},"canonical":"https:\/\/www.justice4all.org\/es\/que-hacemos\/sistema-juridico-penal\/cumbre-sobre-el-fortalecimiento-de-la-justicia-2\/","og_locale":"es_ES","og_type":"article","og_title":"Cumbre sobre el Fortalecimiento de la Justicia - Legal Aid Justice Center","og_url":"https:\/\/www.justice4all.org\/es\/que-hacemos\/sistema-juridico-penal\/cumbre-sobre-el-fortalecimiento-de-la-justicia-2\/","og_site_name":"Legal Aid Justice Center","article_modified_time":"2025-09-26T19:36:44+00:00","og_image":[{"width":1107,"height":600,"url":"https:\/\/www.justice4all.org\/wp-content\/uploads\/2025\/08\/strengthening-justice-logo-1.png","type":"image\/png"}],"twitter_card":"summary_large_image","twitter_misc":{"Tiempo de lectura":"4 minuto"},"schema":{"@context":"https:\/\/schema.org","@graph":[{"@type":"WebPage","@id":"https:\/\/www.justice4all.org\/es\/que-hacemos\/sistema-juridico-penal\/cumbre-sobre-el-fortalecimiento-de-la-justicia-2\/","url":"https:\/\/www.justice4all.org\/es\/que-hacemos\/sistema-juridico-penal\/cumbre-sobre-el-fortalecimiento-de-la-justicia-2\/","name":"Cumbre sobre el Fortalecimiento de la Justicia - Legal Aid Justice Center","isPartOf":{"@id":"https:\/\/www.justice4all.org\/es\/#website"},"primaryImageOfPage":{"@id":"https:\/\/www.justice4all.org\/es\/que-hacemos\/sistema-juridico-penal\/cumbre-sobre-el-fortalecimiento-de-la-justicia-2\/#primaryimage"},"image":{"@id":"https:\/\/www.justice4all.org\/es\/que-hacemos\/sistema-juridico-penal\/cumbre-sobre-el-fortalecimiento-de-la-justicia-2\/#primaryimage"},"thumbnailUrl":"https:\/\/www.justice4all.org\/wp-content\/uploads\/2025\/08\/strengthening-justice-logo-1.png","datePublished":"2025-09-26T19:34:29+00:00","dateModified":"2025-09-26T19:36:44+00:00","breadcrumb":{"@id":"https:\/\/www.justice4all.org\/es\/que-hacemos\/sistema-juridico-penal\/cumbre-sobre-el-fortalecimiento-de-la-justicia-2\/#breadcrumb"},"inLanguage":"es","potentialAction":[{"@type":"ReadAction","target":["https:\/\/www.justice4all.org\/es\/que-hacemos\/sistema-juridico-penal\/cumbre-sobre-el-fortalecimiento-de-la-justicia-2\/"]}]},{"@type":"ImageObject","inLanguage":"es","@id":"https:\/\/www.justice4all.org\/es\/que-hacemos\/sistema-juridico-penal\/cumbre-sobre-el-fortalecimiento-de-la-justicia-2\/#primaryimage","url":"https:\/\/www.justice4all.org\/wp-content\/uploads\/2025\/08\/strengthening-justice-logo-1.png","contentUrl":"https:\/\/www.justice4all.org\/wp-content\/uploads\/2025\/08\/strengthening-justice-logo-1.png","width":1107,"height":600},{"@type":"BreadcrumbList","@id":"https:\/\/www.justice4all.org\/es\/que-hacemos\/sistema-juridico-penal\/cumbre-sobre-el-fortalecimiento-de-la-justicia-2\/#breadcrumb","itemListElement":[{"@type":"ListItem","position":1,"name":"Home","item":"https:\/\/www.justice4all.org\/es\/"},{"@type":"ListItem","position":2,"name":"Qu\u00e9 hacemos","item":"https:\/\/www.justice4all.org\/es\/que-hacemos\/"},{"@type":"ListItem","position":3,"name":"Sistema jur\u00eddico penal","item":"https:\/\/www.justice4all.org\/es\/que-hacemos\/sistema-juridico-penal\/"},{"@type":"ListItem","position":4,"name":"Cumbre sobre el Fortalecimiento de la Justicia"}]},{"@type":"WebSite","@id":"https:\/\/www.justice4all.org\/es\/#website","url":"https:\/\/www.justice4all.org\/es\/","name":"Legal Aid Justice Center","description":"","potentialAction":[{"@type":"SearchAction","target":{"@type":"EntryPoint","urlTemplate":"https:\/\/www.justice4all.org\/es\/?s={search_term_string}"},"query-input":{"@type":"PropertyValueSpecification","valueRequired":true,"valueName":"search_term_string"}}],"inLanguage":"es"}]}},"_links":{"self":[{"href":"https:\/\/www.justice4all.org\/es\/wp-json\/wp\/v2\/pages\/18925","targetHints":{"allow":["GET"]}}],"collection":[{"href":"https:\/\/www.justice4all.org\/es\/wp-json\/wp\/v2\/pages"}],"about":[{"href":"https:\/\/www.justice4all.org\/es\/wp-json\/wp\/v2\/types\/page"}],"author":[{"embeddable":true,"href":"https:\/\/www.justice4all.org\/es\/wp-json\/wp\/v2\/users\/20"}],"replies":[{"embeddable":true,"href":"https:\/\/www.justice4all.org\/es\/wp-json\/wp\/v2\/comments?post=18925"}],"version-history":[{"count":0,"href":"https:\/\/www.justice4all.org\/es\/wp-json\/wp\/v2\/pages\/18925\/revisions"}],"up":[{"embeddable":true,"href":"https:\/\/www.justice4all.org\/es\/wp-json\/wp\/v2\/pages\/10481"}],"wp:featuredmedia":[{"embeddable":true,"href":"https:\/\/www.justice4all.org\/es\/wp-json\/wp\/v2\/media\/18857"}],"wp:attachment":[{"href":"https:\/\/www.justice4all.org\/es\/wp-json\/wp\/v2\/media?parent=18925"}],"wp:term":[{"taxonomy":"lajc-tax-roles","embeddable":true,"href":"https:\/\/www.justice4all.org\/es\/wp-json\/wp\/v2\/lajc-tax-roles?post=18925"},{"taxonomy":"lajc-tax-issues","embeddable":true,"href":"https:\/\/www.justice4all.org\/es\/wp-json\/wp\/v2\/lajc-tax-issues?post=18925"},{"taxonomy":"lajc-tax-locations","embeddable":true,"href":"https:\/\/www.justice4all.org\/es\/wp-json\/wp\/v2\/lajc-tax-locations?post=18925"}],"curies":[{"name":"wp","href":"https:\/\/api.w.org\/{rel}","templated":true}]}}