{"id":18889,"date":"2025-09-03T14:20:42","date_gmt":"2025-09-03T14:20:42","guid":{"rendered":"https:\/\/www.justice4all.org\/conferencia-de-la-red-de-defensa-de-los-trabajadores-agricolas-de-virginia\/"},"modified":"2026-04-03T17:44:26","modified_gmt":"2026-04-03T17:44:26","slug":"conferencia-de-la-red-de-defensa-de-los-trabajadores-agricolas-de-virginia","status":"publish","type":"page","link":"https:\/\/www.justice4all.org\/es\/conferencia-de-la-red-de-defensa-de-los-trabajadores-agricolas-de-virginia\/","title":{"rendered":"Conferencia de la Red de Defensa de los Trabajadores Agr\u00edcolas de Virginia"},"content":{"rendered":"<div class=\"wp-block-image\">\n<figure class=\"aligncenter size-full is-resized\"><img loading=\"lazy\" decoding=\"async\" width=\"527\" height=\"363\" src=\"https:\/\/www.justice4all.org\/wp-content\/uploads\/2025\/09\/farmworker-advocacy-logo.png\" alt=\"\" class=\"wp-image-18887\" style=\"aspect-ratio:1.3333333333333333;object-fit:cover;width:455px;height:auto\" srcset=\"https:\/\/www.justice4all.org\/wp-content\/uploads\/2025\/09\/farmworker-advocacy-logo.png 527w, https:\/\/www.justice4all.org\/wp-content\/uploads\/2025\/09\/farmworker-advocacy-logo-300x207.png 300w\" sizes=\"auto, (max-width: 527px) 100vw, 527px\" \/><\/figure>\n<\/div>\n\n\n\n\n<div id=\"block_5fb60b3b7a9201193445d8fdb59e07de\" class=\"content-wrapper-block  style-normal bg-width-full \">\n\t<div class=\"container-fluid\">\n\t\t<div class=\"row justify-content-center\">\n\t\t\t<div class=\"col-lg-8\">\n\t\t\t\t\t\t\t\t\t<div class=\"row row-content justify-content-center\">\n\t\t\t\t\t\t\n\n\n\n\n<style type=\"text\/css\">\n\t.edit-post-visual-editor [data-block=\"c36871e4b1c13df5038dfe70016b4fe2\"] {\n\t\twidth: calc((12 \/ 12) * 100%)!important;\n\t\tmin-width: calc((12 \/ 12) * 100%)!important;\n\t}\n<\/style>\n\n<div id=\"block_c36871e4b1c13df5038dfe70016b4fe2\" class=\"col-lg-12 custom-column-block\">\n\t<div class=\"custom-column-wrapper  \">\n\t\t\n\n<p class=\"has-text-align-center\"><strong>Est\u00e1s invitado a la 2\u00aa Conferencia de la Red de Defensa de los Trabajadores Agr\u00edcolas de Virginia, que se celebrar\u00e1 el domingo 7 de junio de 2026.<\/strong><\/p>\n\n\n\n<p class=\"has-text-align-center\">La conferencia se celebrar\u00e1 en <strong>el Eastern Shore Community College<\/strong>, 29316 Charles M. Lankford Jr. Memorial Hwy, Melfa, VA, el domingo 7 de junio de 2026, de 9:30 a 18:00. <\/p>\n\n\n\n<p class=\"has-text-align-center\">Est\u00e1 prevista una reuni\u00f3n previa a la conferencia para el s\u00e1bado 6 de junio de 2026, que puede incluir visitas a campamentos locales y un asado de ma\u00edz nocturno, hoguera y actuaci\u00f3n musical (lugar por anunciar).<\/p>\n\n\n\n<p class=\"has-text-align-center\">La Red de Defensa de los Trabajadores Agr\u00edcolas es una red estatal de organizaciones que trabaja para mejorar las condiciones de vida y de trabajo de los trabajadores inmigrantes y agr\u00edcolas de Virginia.<\/p>\n\n\n\t<\/div>\n<\/div>\n\n\n\n\n\n<style type=\"text\/css\">\n\t.edit-post-visual-editor [data-block=\"c36871e4b1c13df5038dfe70016b4fe2\"] {\n\t\twidth: calc((12 \/ 12) * 100%)!important;\n\t\tmin-width: calc((12 \/ 12) * 100%)!important;\n\t}\n<\/style>\n\n<div id=\"block_c36871e4b1c13df5038dfe70016b4fe2\" class=\"col-lg-12 custom-column-block\">\n\t<div class=\"custom-column-wrapper  \">\n\t\t\n\n<div class=\"wp-block-buttons is-content-justification-center is-layout-flex wp-container-core-buttons-is-layout-16018d1d wp-block-buttons-is-layout-flex\">\n<div class=\"wp-block-button is-style-primary\"><a class=\"wp-block-button__link has-large-font-size has-custom-font-size wp-element-button\" href=\"https:\/\/lp.constantcontactpages.com\/ev\/reg\/jcs8jws\" target=\"_blank\" rel=\"noreferrer noopener\">Inscr\u00edbete AQU\u00cd<\/a><\/div>\n<\/div>\n\n\n\t<\/div>\n<\/div>\n\n\n\n\n\n<style type=\"text\/css\">\n\t.edit-post-visual-editor [data-block=\"c36871e4b1c13df5038dfe70016b4fe2\"] {\n\t\twidth: calc((12 \/ 12) * 100%)!important;\n\t\tmin-width: calc((12 \/ 12) * 100%)!important;\n\t}\n<\/style>\n\n<div id=\"block_c36871e4b1c13df5038dfe70016b4fe2\" class=\"col-lg-12 custom-column-block\">\n\t<div class=\"custom-column-wrapper  \">\n\t\t\n\n<p class=\"has-text-align-center\">Se ha reservado un bloque de habitaciones de hotel en el <strong>Holiday Inn Express<\/strong><br\/>3446 Lankford Hwy<br\/>Exmore, VA<\/p>\n\n\n\n<h6 class=\"wp-block-heading\"><strong>Precios de las habitaciones<\/strong><\/h6>\n\n\n\n<ul class=\"wp-block-list\">\n<li><strong>6 de junio de 2026<\/strong> - 169,00 $ por habitaci\u00f3n, m\u00e1s impuestos<\/li>\n\n\n\n<li><strong>7 de junio de 2026<\/strong> - 149,00 $ por habitaci\u00f3n, m\u00e1s impuestos<\/li>\n<\/ul>\n\n\n\n<p>Los hu\u00e9spedes pueden reservar una o dos noches.<\/p>\n\n\n\n<h6 class=\"wp-block-heading\"><strong>Fecha l\u00edmite de reserva<\/strong><\/h6>\n\n\n\n<p><strong>25 de abril de 2026<\/strong><br\/>Las reservas recibidas despu\u00e9s de esta fecha se aceptar\u00e1n en funci\u00f3n del espacio disponible.<\/p>\n\n\n\n<h6 class=\"wp-block-heading\"><strong>Pol\u00edtica de cancelaci\u00f3n<\/strong><\/h6>\n\n\n\n<p class=\"has-text-align-center\">Las reservas individuales deben cancelarse al menos 72 horas antes de la llegada para evitar el cargo de una noche de habitaci\u00f3n m\u00e1s impuestos.<\/p>\n\n\n\n<h5 class=\"wp-block-heading has-text-align-center has-blue-color has-text-color has-link-color wp-elements-1a52bb068e9bc29fa7475a32c16c6265\"><a href=\"https:\/\/www.ihg.com\/holidayinnexpress\/hotels\/us\/en\/find-hotels\/select-roomrate?fromRedirect=true&amp;qSrt=sBR&amp;qIta=99801505&amp;icdv=99801505&amp;qSlH=EXRVA&amp;qCiD=06&amp;qCiMy=052026&amp;qCoD=08&amp;qCoMy=052026&amp;qGrpCd=FWC&amp;setPMCookies=true&amp;qSHBrC=EX&amp;qDest=3446%20Lankford%20Highway,%20Exmore,%20VA,%20US&amp;showApp=true&amp;adjustMonth=false&amp;srb_u=1&amp;qRmFltr=\" target=\"_blank\" rel=\"noreferrer noopener\"><strong>Reserva tu tarifa de grupo para Defensa de los Campesinos<\/strong><\/a>  <\/h5>\n\n\n\n<p class=\"has-text-align-center\">*Recuerda elegir 1 \u00f3 2 noches (por defecto son 2 noches)  <\/p>\n\n\n\t<\/div>\n<\/div>\n\n\t\t\t\t\t<\/div>\n\t\t\t\t\t\t\t\n\t\t\t<\/div>\n\t\t<\/div>\n\t<\/div>\n\n\t<style type=\"text\/css\">\n\t\t.edit-post-visual-editor [data-block=\"5fb60b3b7a9201193445d8fdb59e07de\"] .block-editor-block-list__layout {\n\t\t\tjustify-content: center;\n\t\t}\n\n\t\t\t<\/style>\n<\/div>\n","protected":false},"excerpt":{"rendered":"","protected":false},"author":4,"featured_media":18888,"parent":0,"menu_order":0,"comment_status":"closed","ping_status":"closed","template":"","meta":{"footnotes":""},"lajc-tax-roles":[],"lajc-tax-issues":[80],"lajc-tax-locations":[],"class_list":["post-18889","page","type-page","status-publish","has-post-thumbnail","hentry","lajc-tax-issues-workplace-es"],"acf":[],"yoast_head":"<!-- This site is optimized with the Yoast SEO plugin v27.5 - https:\/\/yoast.com\/product\/yoast-seo-wordpress\/ -->\n<title>Conferencia de la Red de Defensa de los Trabajadores Agr\u00edcolas de Virginia - Legal Aid Justice Center<\/title>\n<meta name=\"description\" content=\"Est\u00e1s invitado a la 2\u00aa Conferencia de la Red de Defensa de los Trabajadores Agr\u00edcolas de Virginia el domingo 25 de enero de 2026Est\u00e1s invitado a la 2\u00aa Conferencia de la Red de Defensa de los Trabajadores Agr\u00edcolas de Virginia el domingo 7 de junio de 2026.\" \/>\n<meta name=\"robots\" content=\"noindex, follow\" \/>\n<meta property=\"og:locale\" content=\"es_ES\" \/>\n<meta property=\"og:type\" content=\"article\" \/>\n<meta property=\"og:title\" content=\"Conferencia de la Red de Defensa de los Trabajadores Agr\u00edcolas de Virginia - Legal Aid Justice Center\" \/>\n<meta property=\"og:description\" content=\"Est\u00e1s invitado a la 2\u00aa Conferencia de la Red de Defensa de los Trabajadores Agr\u00edcolas de Virginia el domingo 25 de enero de 2026Est\u00e1s invitado a la 2\u00aa Conferencia de la Red de Defensa de los Trabajadores Agr\u00edcolas de Virginia el domingo 7 de junio de 2026.\" \/>\n<meta property=\"og:url\" content=\"https:\/\/www.justice4all.org\/es\/conferencia-de-la-red-de-defensa-de-los-trabajadores-agricolas-de-virginia\/\" \/>\n<meta property=\"og:site_name\" content=\"Legal Aid Justice Center\" \/>\n<meta property=\"article:modified_time\" content=\"2026-04-03T17:44:26+00:00\" \/>\n<meta property=\"og:image\" content=\"https:\/\/www.justice4all.org\/wp-content\/uploads\/2025\/09\/farmworker-advocacy-logo.png\" \/>\n\t<meta property=\"og:image:width\" content=\"527\" \/>\n\t<meta property=\"og:image:height\" content=\"363\" \/>\n\t<meta property=\"og:image:type\" content=\"image\/png\" \/>\n<meta name=\"twitter:card\" content=\"summary_large_image\" \/>\n<meta name=\"twitter:label1\" content=\"Tiempo de lectura\" \/>\n\t<meta name=\"twitter:data1\" content=\"1 minuto\" \/>\n<script type=\"application\/ld+json\" class=\"yoast-schema-graph\">{\"@context\":\"https:\\\/\\\/schema.org\",\"@graph\":[{\"@type\":\"WebPage\",\"@id\":\"https:\\\/\\\/www.justice4all.org\\\/es\\\/conferencia-de-la-red-de-defensa-de-los-trabajadores-agricolas-de-virginia\\\/\",\"url\":\"https:\\\/\\\/www.justice4all.org\\\/es\\\/conferencia-de-la-red-de-defensa-de-los-trabajadores-agricolas-de-virginia\\\/\",\"name\":\"Conferencia de la Red de Defensa de los Trabajadores Agr\u00edcolas de Virginia - Legal Aid Justice Center\",\"isPartOf\":{\"@id\":\"https:\\\/\\\/www.justice4all.org\\\/es\\\/#website\"},\"primaryImageOfPage\":{\"@id\":\"https:\\\/\\\/www.justice4all.org\\\/es\\\/conferencia-de-la-red-de-defensa-de-los-trabajadores-agricolas-de-virginia\\\/#primaryimage\"},\"image\":{\"@id\":\"https:\\\/\\\/www.justice4all.org\\\/es\\\/conferencia-de-la-red-de-defensa-de-los-trabajadores-agricolas-de-virginia\\\/#primaryimage\"},\"thumbnailUrl\":\"https:\\\/\\\/www.justice4all.org\\\/wp-content\\\/uploads\\\/2025\\\/09\\\/farmworker-advocacy-logo.png\",\"datePublished\":\"2025-09-03T14:20:42+00:00\",\"dateModified\":\"2026-04-03T17:44:26+00:00\",\"description\":\"Est\u00e1s invitado a la 2\u00aa Conferencia de la Red de Defensa de los Trabajadores Agr\u00edcolas de Virginia el domingo 25 de enero de 2026Est\u00e1s invitado a la 2\u00aa Conferencia de la Red de Defensa de los Trabajadores Agr\u00edcolas de Virginia el domingo 7 de junio de 2026.\",\"breadcrumb\":{\"@id\":\"https:\\\/\\\/www.justice4all.org\\\/es\\\/conferencia-de-la-red-de-defensa-de-los-trabajadores-agricolas-de-virginia\\\/#breadcrumb\"},\"inLanguage\":\"es\",\"potentialAction\":[{\"@type\":\"ReadAction\",\"target\":[\"https:\\\/\\\/www.justice4all.org\\\/es\\\/conferencia-de-la-red-de-defensa-de-los-trabajadores-agricolas-de-virginia\\\/\"]}]},{\"@type\":\"ImageObject\",\"inLanguage\":\"es\",\"@id\":\"https:\\\/\\\/www.justice4all.org\\\/es\\\/conferencia-de-la-red-de-defensa-de-los-trabajadores-agricolas-de-virginia\\\/#primaryimage\",\"url\":\"https:\\\/\\\/www.justice4all.org\\\/wp-content\\\/uploads\\\/2025\\\/09\\\/farmworker-advocacy-logo.png\",\"contentUrl\":\"https:\\\/\\\/www.justice4all.org\\\/wp-content\\\/uploads\\\/2025\\\/09\\\/farmworker-advocacy-logo.png\",\"width\":527,\"height\":363},{\"@type\":\"BreadcrumbList\",\"@id\":\"https:\\\/\\\/www.justice4all.org\\\/es\\\/conferencia-de-la-red-de-defensa-de-los-trabajadores-agricolas-de-virginia\\\/#breadcrumb\",\"itemListElement\":[{\"@type\":\"ListItem\",\"position\":1,\"name\":\"Home\",\"item\":\"https:\\\/\\\/www.justice4all.org\\\/es\\\/\"},{\"@type\":\"ListItem\",\"position\":2,\"name\":\"Conferencia de la Red de Defensa de los Trabajadores Agr\u00edcolas de Virginia\"}]},{\"@type\":\"WebSite\",\"@id\":\"https:\\\/\\\/www.justice4all.org\\\/es\\\/#website\",\"url\":\"https:\\\/\\\/www.justice4all.org\\\/es\\\/\",\"name\":\"Legal Aid Justice Center\",\"description\":\"\",\"potentialAction\":[{\"@type\":\"SearchAction\",\"target\":{\"@type\":\"EntryPoint\",\"urlTemplate\":\"https:\\\/\\\/www.justice4all.org\\\/es\\\/?s={search_term_string}\"},\"query-input\":{\"@type\":\"PropertyValueSpecification\",\"valueRequired\":true,\"valueName\":\"search_term_string\"}}],\"inLanguage\":\"es\"}]}<\/script>\n<!-- \/ Yoast SEO plugin. -->","yoast_head_json":{"title":"Conferencia de la Red de Defensa de los Trabajadores Agr\u00edcolas de Virginia - Legal Aid Justice Center","description":"Est\u00e1s invitado a la 2\u00aa Conferencia de la Red de Defensa de los Trabajadores Agr\u00edcolas de Virginia el domingo 25 de enero de 2026Est\u00e1s invitado a la 2\u00aa Conferencia de la Red de Defensa de los Trabajadores Agr\u00edcolas de Virginia el domingo 7 de junio de 2026.","robots":{"index":"noindex","follow":"follow"},"og_locale":"es_ES","og_type":"article","og_title":"Conferencia de la Red de Defensa de los Trabajadores Agr\u00edcolas de Virginia - Legal Aid Justice Center","og_description":"Est\u00e1s invitado a la 2\u00aa Conferencia de la Red de Defensa de los Trabajadores Agr\u00edcolas de Virginia el domingo 25 de enero de 2026Est\u00e1s invitado a la 2\u00aa Conferencia de la Red de Defensa de los Trabajadores Agr\u00edcolas de Virginia el domingo 7 de junio de 2026.","og_url":"https:\/\/www.justice4all.org\/es\/conferencia-de-la-red-de-defensa-de-los-trabajadores-agricolas-de-virginia\/","og_site_name":"Legal Aid Justice Center","article_modified_time":"2026-04-03T17:44:26+00:00","og_image":[{"width":527,"height":363,"url":"https:\/\/www.justice4all.org\/wp-content\/uploads\/2025\/09\/farmworker-advocacy-logo.png","type":"image\/png"}],"twitter_card":"summary_large_image","twitter_misc":{"Tiempo de lectura":"1 minuto"},"schema":{"@context":"https:\/\/schema.org","@graph":[{"@type":"WebPage","@id":"https:\/\/www.justice4all.org\/es\/conferencia-de-la-red-de-defensa-de-los-trabajadores-agricolas-de-virginia\/","url":"https:\/\/www.justice4all.org\/es\/conferencia-de-la-red-de-defensa-de-los-trabajadores-agricolas-de-virginia\/","name":"Conferencia de la Red de Defensa de los Trabajadores Agr\u00edcolas de Virginia - Legal Aid Justice Center","isPartOf":{"@id":"https:\/\/www.justice4all.org\/es\/#website"},"primaryImageOfPage":{"@id":"https:\/\/www.justice4all.org\/es\/conferencia-de-la-red-de-defensa-de-los-trabajadores-agricolas-de-virginia\/#primaryimage"},"image":{"@id":"https:\/\/www.justice4all.org\/es\/conferencia-de-la-red-de-defensa-de-los-trabajadores-agricolas-de-virginia\/#primaryimage"},"thumbnailUrl":"https:\/\/www.justice4all.org\/wp-content\/uploads\/2025\/09\/farmworker-advocacy-logo.png","datePublished":"2025-09-03T14:20:42+00:00","dateModified":"2026-04-03T17:44:26+00:00","description":"Est\u00e1s invitado a la 2\u00aa Conferencia de la Red de Defensa de los Trabajadores Agr\u00edcolas de Virginia el domingo 25 de enero de 2026Est\u00e1s invitado a la 2\u00aa Conferencia de la Red de Defensa de los Trabajadores Agr\u00edcolas de Virginia el domingo 7 de junio de 2026.","breadcrumb":{"@id":"https:\/\/www.justice4all.org\/es\/conferencia-de-la-red-de-defensa-de-los-trabajadores-agricolas-de-virginia\/#breadcrumb"},"inLanguage":"es","potentialAction":[{"@type":"ReadAction","target":["https:\/\/www.justice4all.org\/es\/conferencia-de-la-red-de-defensa-de-los-trabajadores-agricolas-de-virginia\/"]}]},{"@type":"ImageObject","inLanguage":"es","@id":"https:\/\/www.justice4all.org\/es\/conferencia-de-la-red-de-defensa-de-los-trabajadores-agricolas-de-virginia\/#primaryimage","url":"https:\/\/www.justice4all.org\/wp-content\/uploads\/2025\/09\/farmworker-advocacy-logo.png","contentUrl":"https:\/\/www.justice4all.org\/wp-content\/uploads\/2025\/09\/farmworker-advocacy-logo.png","width":527,"height":363},{"@type":"BreadcrumbList","@id":"https:\/\/www.justice4all.org\/es\/conferencia-de-la-red-de-defensa-de-los-trabajadores-agricolas-de-virginia\/#breadcrumb","itemListElement":[{"@type":"ListItem","position":1,"name":"Home","item":"https:\/\/www.justice4all.org\/es\/"},{"@type":"ListItem","position":2,"name":"Conferencia de la Red de Defensa de los Trabajadores Agr\u00edcolas de Virginia"}]},{"@type":"WebSite","@id":"https:\/\/www.justice4all.org\/es\/#website","url":"https:\/\/www.justice4all.org\/es\/","name":"Legal Aid Justice Center","description":"","potentialAction":[{"@type":"SearchAction","target":{"@type":"EntryPoint","urlTemplate":"https:\/\/www.justice4all.org\/es\/?s={search_term_string}"},"query-input":{"@type":"PropertyValueSpecification","valueRequired":true,"valueName":"search_term_string"}}],"inLanguage":"es"}]}},"_links":{"self":[{"href":"https:\/\/www.justice4all.org\/es\/wp-json\/wp\/v2\/pages\/18889","targetHints":{"allow":["GET"]}}],"collection":[{"href":"https:\/\/www.justice4all.org\/es\/wp-json\/wp\/v2\/pages"}],"about":[{"href":"https:\/\/www.justice4all.org\/es\/wp-json\/wp\/v2\/types\/page"}],"author":[{"embeddable":true,"href":"https:\/\/www.justice4all.org\/es\/wp-json\/wp\/v2\/users\/4"}],"replies":[{"embeddable":true,"href":"https:\/\/www.justice4all.org\/es\/wp-json\/wp\/v2\/comments?post=18889"}],"version-history":[{"count":0,"href":"https:\/\/www.justice4all.org\/es\/wp-json\/wp\/v2\/pages\/18889\/revisions"}],"wp:featuredmedia":[{"embeddable":true,"href":"https:\/\/www.justice4all.org\/es\/wp-json\/wp\/v2\/media\/18888"}],"wp:attachment":[{"href":"https:\/\/www.justice4all.org\/es\/wp-json\/wp\/v2\/media?parent=18889"}],"wp:term":[{"taxonomy":"lajc-tax-roles","embeddable":true,"href":"https:\/\/www.justice4all.org\/es\/wp-json\/wp\/v2\/lajc-tax-roles?post=18889"},{"taxonomy":"lajc-tax-issues","embeddable":true,"href":"https:\/\/www.justice4all.org\/es\/wp-json\/wp\/v2\/lajc-tax-issues?post=18889"},{"taxonomy":"lajc-tax-locations","embeddable":true,"href":"https:\/\/www.justice4all.org\/es\/wp-json\/wp\/v2\/lajc-tax-locations?post=18889"}],"curies":[{"name":"wp","href":"https:\/\/api.w.org\/{rel}","templated":true}]}}