{"id":17261,"date":"2023-07-10T13:57:18","date_gmt":"2023-07-10T13:57:18","guid":{"rendered":"https:\/\/www.justice4all.org\/que-hacemos\/sanidad-y-prestaciones-publicas\/inscripcion-en-el-seguro-de-enfermedad\/fin-de-la-cobertura-continua-de-medicaid\/"},"modified":"2023-08-22T14:08:56","modified_gmt":"2023-08-22T14:08:56","slug":"fin-de-la-cobertura-continua-de-medicaid","status":"publish","type":"page","link":"https:\/\/www.justice4all.org\/es\/que-hacemos\/sanidad-y-prestaciones-publicas\/inscripcion-en-el-seguro-de-enfermedad\/fin-de-la-cobertura-continua-de-medicaid\/","title":{"rendered":"Fin de la cobertura continua de Medicaid"},"content":{"rendered":"\n\n\n  <style type=\"text\/css\">\n    #block_52e2adb2c70e78b95bc777233730dc38 {\n                                        margin-left: calc(6 * 16px);\n                          margin-right: calc(6 * 16px);\n              \n                                        padding-left: calc(6 * 16px);\n                          padding-right: calc(6 * 16px);\n                  }\n\n    @media screen and (min-width: 768px) and (max-width: 991px) {\n      #block_52e2adb2c70e78b95bc777233730dc38 {\n                                                  margin-left: calc(6 * 12px);  \n                                margin-right: calc(6 * 12px);  \n                    \n                                                  padding-left: calc(6 * 12px);\n                                padding-right: calc(6 * 12px);\n                        }\n    }\n\n    @media screen and (min-width: 480px) and (max-width: 767px) {\n      #block_52e2adb2c70e78b95bc777233730dc38 {\n                                                  margin-left: calc(6 * 8px);  \n                                margin-right: calc(6 * 8px);  \n                    \n                                                  padding-left: calc(6 * 8px);\n                                padding-right: calc(6 * 8px);\n                        }\n    }\n\n    @media screen and (max-width: 479px) {\n      #block_52e2adb2c70e78b95bc777233730dc38 {\n                                                  margin-left: calc(6 * 4px);  \n                                margin-right: calc(6 * 4px);  \n                    \n                                                  padding-left: calc(6 * 4px);\n                                padding-right: calc(6 * 4px);\n                        }\n    }\n\n  <\/style>\n\n\n<div id=\"block_52e2adb2c70e78b95bc777233730dc38\" class=\"content-wrapper-block  style-normal bg-width-full \">\n\t<div class=\"container-fluid\">\n\t\t<div class=\"row justify-content-center\">\n\t\t\t<div class=\"col-lg-12\">\n\t\t\t\t\t\t\t\t\t<div class=\"row row-content justify-content-center\">\n\t\t\t\t\t\t\n\n\n\n\n<style type=\"text\/css\">\n\t.edit-post-visual-editor [data-block=\"045820e0d120c9e3668959def5a75aaa\"] {\n\t\twidth: calc((12 \/ 12) * 100%)!important;\n\t\tmin-width: calc((12 \/ 12) * 100%)!important;\n\t}\n<\/style>\n\n<div id=\"block_045820e0d120c9e3668959def5a75aaa\" class=\"col-lg-12 custom-column-block\">\n\t<div class=\"custom-column-wrapper  \">\n\t\t\n\n<h2 class=\"wp-block-heading is-style-underlined-with-icon has-gunpowder-color has-text-color\">CONOZCA SUS DERECHOS<\/h2>\n\n\n\n<h2 class=\"wp-block-heading has-gunpowder-color has-text-color\">FIN DE LA COBERTURA CONTINUA DE MEDICAID<\/h2>\n\n\n\t<\/div>\n<\/div>\n\n\n\n\n\n<style type=\"text\/css\">\n\t.edit-post-visual-editor [data-block=\"045820e0d120c9e3668959def5a75aaa\"] {\n\t\twidth: calc((12 \/ 12) * 100%)!important;\n\t\tmin-width: calc((12 \/ 12) * 100%)!important;\n\t}\n<\/style>\n\n<div id=\"block_045820e0d120c9e3668959def5a75aaa\" class=\"col-lg-12 custom-column-block\">\n\t<div class=\"custom-column-wrapper  \">\n\t\t\n\n<p class=\"has-gunpowder-color has-text-color\">Desde marzo de 2020, Medicaid ha estado en un per\u00edodo de \u00abcobertura continua\u00bb en el que se ha exigido a los estados que mantengan la cobertura de los afiliados a Medicaid, con excepciones limitadas. Esto significa que las personas pod\u00edan conservar Medicaid aunque cambiasen sus circunstancias. Ese periodo finaliza el 31 de marzo de 2023. <strong>Aunque algunos beneficiarios recibir\u00e1n un aviso en el que se les informar\u00e1 de que su cobertura de Medicaid se ha renovado autom\u00e1ticamente, la mayor\u00eda de ellos tendr\u00e1n que renovar anualmente su elegibilidad <\/strong>, como hac\u00edan antes de la pandemia de COVID-19.<\/p>\n\n\n\t<\/div>\n<\/div>\n\n\n\n\n\n<style type=\"text\/css\">\n\t.edit-post-visual-editor [data-block=\"045820e0d120c9e3668959def5a75aaa\"] {\n\t\twidth: calc((12 \/ 12) * 100%)!important;\n\t\tmin-width: calc((12 \/ 12) * 100%)!important;\n\t}\n<\/style>\n\n<div id=\"block_045820e0d120c9e3668959def5a75aaa\" class=\"col-lg-12 custom-column-block\">\n\t<div class=\"custom-column-wrapper  \">\n\t\t\n\n<hr class=\"wp-block-separator has-alpha-channel-opacity is-style-gradient-primary\"\/>\n\n\n\t<\/div>\n<\/div>\n\n\n\n\n\n<style type=\"text\/css\">\n\t.edit-post-visual-editor [data-block=\"045820e0d120c9e3668959def5a75aaa\"] {\n\t\twidth: calc((12 \/ 12) * 100%)!important;\n\t\tmin-width: calc((12 \/ 12) * 100%)!important;\n\t}\n<\/style>\n\n<div id=\"block_045820e0d120c9e3668959def5a75aaa\" class=\"col-lg-12 custom-column-block\">\n\t<div class=\"custom-column-wrapper  \">\n\t\t\n\n<p class=\"has-purple-color has-text-color has-medium-font-size\"><strong>Recomendamos que cualquier persona que actualmente reciba Medicaid haga lo siguiente:<\/strong><\/p>\n\n\n\n<ul class=\"wp-block-list\">\n<li><strong>Aseg\u00farese de que sus datos de contacto est\u00e1n actualizados.<\/strong>  Puede comunicar cualquier cambio a Cover Virginia o a su oficina local del DSS.  <\/li>\n\n\n\n<li><strong>Est\u00e9 atento a las cartas del Departamento de Servicios Sociales (DSS) o del Departamento de Servicios de Asistencia M\u00e9dica (DMAS) y siga puntualmente las instrucciones.<\/strong>  Algunas personas recibir\u00e1n informaci\u00f3n sobre la renovaci\u00f3n de inmediato, pero la actualizaci\u00f3n de la informaci\u00f3n tardar\u00e1 m\u00e1s de un a\u00f1o, por lo que es posible que algunas no tengan noticias hasta abril de 2024.  <\/li>\n\n\n\n<li><strong>Llame a nuestra l\u00ednea de atenci\u00f3n telef\u00f3nica al 804-340-7747 (ingl\u00e9s) o al 804-340-7738 (espa\u00f1ol) o p\u00f3ngase en contacto con nosotros mediante el siguiente formulario si tiene alguna pregunta o se encuentra con alg\u00fan problema durante el proceso.<\/strong><\/li>\n\n\n\n<li>Si pierde la cobertura por cualquier motivo, le animamos a que se ponga en contacto <strong>con Enroll Virginia llamando al (888) 392-5132 o <\/strong><strong>\n  <a href=\"https:\/\/www.enrollva.org\/get-help\/\">utilizando este enlace<\/a>\n<\/strong><strong> para ser conectado con un navegador<\/strong> para explorar otras opciones de seguro de bajo costo.<\/li>\n<\/ul>\n\n\n\n<p>Siga leyendo para obtener informaci\u00f3n m\u00e1s detallada sobre el proceso de renovaci\u00f3n.<\/p>\n\n\n\t<\/div>\n<\/div>\n\n\n\n\n\n<style type=\"text\/css\">\n\t.edit-post-visual-editor [data-block=\"045820e0d120c9e3668959def5a75aaa\"] {\n\t\twidth: calc((12 \/ 12) * 100%)!important;\n\t\tmin-width: calc((12 \/ 12) * 100%)!important;\n\t}\n<\/style>\n\n<div id=\"block_045820e0d120c9e3668959def5a75aaa\" class=\"col-lg-12 custom-column-block\">\n\t<div class=\"custom-column-wrapper  \">\n\t\t\n\n<hr class=\"wp-block-separator has-alpha-channel-opacity is-style-gradient-primary\"\/>\n\n\n\t<\/div>\n<\/div>\n\n\n\n\n\n<style type=\"text\/css\">\n\t.edit-post-visual-editor [data-block=\"045820e0d120c9e3668959def5a75aaa\"] {\n\t\twidth: calc((12 \/ 12) * 100%)!important;\n\t\tmin-width: calc((12 \/ 12) * 100%)!important;\n\t}\n<\/style>\n\n<div id=\"block_045820e0d120c9e3668959def5a75aaa\" class=\"col-lg-12 custom-column-block\">\n\t<div class=\"custom-column-wrapper  \">\n\t\t\n\n<p class=\"has-purple-color has-text-color has-medium-font-size\"><strong>P\u00f3ngase en contacto con nosotros aqu\u00ed sobre cualquier asunto relacionado con Medicaid:<\/strong><\/p>\n\n\n<script type=\"text\/javascript\">var gform;gform||(document.addEventListener(\"gform_main_scripts_loaded\",function(){gform.scriptsLoaded=!0}),window.addEventListener(\"DOMContentLoaded\",function(){gform.domLoaded=!0}),gform={domLoaded:!1,scriptsLoaded:!1,initializeOnLoaded:function(o){gform.domLoaded&&gform.scriptsLoaded?o():!gform.domLoaded&&gform.scriptsLoaded?window.addEventListener(\"DOMContentLoaded\",o):document.addEventListener(\"gform_main_scripts_loaded\",o)},hooks:{action:{},filter:{}},addAction:function(o,n,r,t){gform.addHook(\"action\",o,n,r,t)},addFilter:function(o,n,r,t){gform.addHook(\"filter\",o,n,r,t)},doAction:function(o){gform.doHook(\"action\",o,arguments)},applyFilters:function(o){return gform.doHook(\"filter\",o,arguments)},removeAction:function(o,n){gform.removeHook(\"action\",o,n)},removeFilter:function(o,n,r){gform.removeHook(\"filter\",o,n,r)},addHook:function(o,n,r,t,i){null==gform.hooks[o][n]&&(gform.hooks[o][n]=[]);var e=gform.hooks[o][n];null==i&&(i=n+\"_\"+e.length),gform.hooks[o][n].push({tag:i,callable:r,priority:t=null==t?10:t})},doHook:function(n,o,r){var t;if(r=Array.prototype.slice.call(r,1),null!=gform.hooks[n][o]&&((o=gform.hooks[n][o]).sort(function(o,n){return o.priority-n.priority}),o.forEach(function(o){\"function\"!=typeof(t=o.callable)&&(t=window[t]),\"action\"==n?t.apply(null,r):r[0]=t.apply(null,r)})),\"filter\"==n)return r[0]},removeHook:function(o,n,t,i){var r;null!=gform.hooks[o][n]&&(r=(r=gform.hooks[o][n]).filter(function(o,n,r){return!!(null!=i&&i!=o.tag||null!=t&&t!=o.priority)}),gform.hooks[o][n]=r)}});<\/script>\n                <div class='gf_browser_gecko gform_wrapper gravity-theme gform-theme--no-framework' data-form-theme='gravity-theme' data-form-index='0' id='gform_wrapper_15' ><form method='post' enctype='multipart\/form-data'  id='gform_15'  action='\/es\/wp-json\/wp\/v2\/pages\/17261' data-formid='15' novalidate>\n                        <div class='gform-body gform_body'><div id='gform_fields_15' class='gform_fields top_label form_sublabel_below description_below validation_below'><fieldset id=\"field_15_13\" class=\"gfield gfield--type-name gfield--width-full field_sublabel_below gfield--no-description field_description_below field_validation_below gfield_visibility_visible\"  data-js-reload=\"field_15_13\" ><legend class='gfield_label gform-field-label gfield_label_before_complex' >Nombre<\/legend><div class='ginput_complex ginput_container ginput_container--name no_prefix has_first_name no_middle_name has_last_name no_suffix gf_name_has_2 ginput_container_name gform-grid-row' id='input_15_13'>\n                            \n                            <span id='input_15_13_3_container' class='name_first gform-grid-col gform-grid-col--size-auto' >\n                                                    <div class=\"gf-lajc-field-container\"><input type='text' name='input_13.3' id='input_15_13_3' value=''   aria-required='false'     \/><\/div>\n                                                    <label for='input_15_13_3' class='gform-field-label gform-field-label--type-sub '>Nombre<\/label>\n                                                <\/span>\n                            \n                            <span id='input_15_13_6_container' class='name_last gform-grid-col gform-grid-col--size-auto' >\n                                                    <div class=\"gf-lajc-field-container\"><input type='text' name='input_13.6' id='input_15_13_6' value=''   aria-required='false'     \/><\/div>\n                                                    <label for='input_15_13_6' class='gform-field-label gform-field-label--type-sub '>Apellidos<\/label>\n                                                <\/span>\n                            \n                        <\/div><\/fieldset><div id=\"field_15_19\" class=\"gfield gfield--type-email gfield--width-full field_sublabel_below gfield--no-description field_description_below field_validation_below gfield_visibility_visible\"  data-js-reload=\"field_15_19\" ><label class='gfield_label gform-field-label' for='input_15_19'>Env\u00eda un correo electr\u00f3nico a<\/label><div class='ginput_container ginput_container_email'>\n                            <input name='input_19' id='input_15_19' type='email' value='' class='large'     aria-invalid=\"false\"  \/>\n                        <\/div><\/div><div id=\"field_15_16\" class=\"gfield gfield--type-phone field_sublabel_below gfield--no-description field_description_below field_validation_below gfield_visibility_visible\"  data-js-reload=\"field_15_16\" ><label class='gfield_label gform-field-label' for='input_15_16'>Tel\u00e9fono<\/label><div class='ginput_container ginput_container_phone'><input name='input_16' id='input_15_16' type='tel' value='' class='large'    aria-invalid=\"false\"   \/><\/div><\/div><div id=\"field_15_21\" class=\"gfield gfield--type-text gfield--width-full field_sublabel_below gfield--no-description field_description_below field_validation_below gfield_visibility_visible\"  data-js-reload=\"field_15_21\" ><label class='gfield_label gform-field-label' for='input_15_21'>Ciudad o Condado<\/label><div class='ginput_container ginput_container_text'><input name='input_21' id='input_15_21' type='text' value='' class='large'      aria-invalid=\"false\"   \/> <\/div><\/div><div id=\"field_15_20\" class=\"gfield gfield--type-textarea gfield--width-full field_sublabel_below gfield--no-description field_description_below field_validation_below gfield_visibility_visible\"  data-js-reload=\"field_15_20\" ><label class='gfield_label gform-field-label' for='input_15_20'>Breve descripci\u00f3n del problema relacionado con Medicaid que est\u00e1s experimentando:<\/label><div class='ginput_container ginput_container_textarea'><textarea name='input_20' id='input_15_20' class='textarea medium'      aria-invalid=\"false\"   rows='10' cols='50'><\/textarea><\/div><\/div><fieldset id=\"field_15_17\" class=\"gfield gfield--type-address field_sublabel_below gfield--no-description field_description_below field_validation_below gfield_visibility_visible\"  data-js-reload=\"field_15_17\" ><\/fieldset><\/div><\/div>\n        <div class='gform_footer top_label'> <input type='submit' id='gform_submit_button_15' class='gform_button button' value='Env\u00eda'  onclick='if(window[\"gf_submitting_15\"]){return false;}  if( !jQuery(\"#gform_15\")[0].checkValidity || jQuery(\"#gform_15\")[0].checkValidity()){window[\"gf_submitting_15\"]=true;}  ' onkeypress='if( event.keyCode == 13 ){ if(window[\"gf_submitting_15\"]){return false;} if( !jQuery(\"#gform_15\")[0].checkValidity || jQuery(\"#gform_15\")[0].checkValidity()){window[\"gf_submitting_15\"]=true;}  jQuery(\"#gform_15\").trigger(\"submit\",[true]); }' \/> \n            <input type='hidden' class='gform_hidden' name='is_submit_15' value='1' \/>\n            <input type='hidden' class='gform_hidden' name='gform_submit' value='15' \/>\n            \n            <input type='hidden' class='gform_hidden' name='gform_unique_id' value='' \/>\n            <input type='hidden' class='gform_hidden' name='state_15' value='WyJbXSIsImJhMzM0ODUyYjRhMDM3MGNjMWYzNTQ3OTkwZjBkODExIl0=' \/>\n            <input type='hidden' class='gform_hidden' name='gform_target_page_number_15' id='gform_target_page_number_15' value='0' \/>\n            <input type='hidden' class='gform_hidden' name='gform_source_page_number_15' id='gform_source_page_number_15' value='1' \/>\n            <input type='hidden' name='gform_field_values' value='' \/>\n            \n        <\/div>\n                        <\/form>\n                        <\/div><script type=\"text\/javascript\">\n\/* <![CDATA[ *\/\n gform.initializeOnLoaded( function() {gformInitSpinner( 15, 'https:\/\/www.justice4all.org\/wp-content\/plugins\/gravityforms\/images\/spinner.svg', true );jQuery('#gform_ajax_frame_15').on('load',function(){var contents = jQuery(this).contents().find('*').html();var is_postback = contents.indexOf('GF_AJAX_POSTBACK') >= 0;if(!is_postback){return;}var form_content = jQuery(this).contents().find('#gform_wrapper_15');var is_confirmation = jQuery(this).contents().find('#gform_confirmation_wrapper_15').length > 0;var is_redirect = contents.indexOf('gformRedirect(){') >= 0;var is_form = form_content.length > 0 && ! is_redirect && ! is_confirmation;var mt = parseInt(jQuery('html').css('margin-top'), 10) + parseInt(jQuery('body').css('margin-top'), 10) + 100;if(is_form){jQuery('#gform_wrapper_15').html(form_content.html());if(form_content.hasClass('gform_validation_error')){jQuery('#gform_wrapper_15').addClass('gform_validation_error');} else {jQuery('#gform_wrapper_15').removeClass('gform_validation_error');}setTimeout( function() { \/* delay the scroll by 50 milliseconds to fix a bug in chrome *\/  }, 50 );if(window['gformInitDatepicker']) {gformInitDatepicker();}if(window['gformInitPriceFields']) {gformInitPriceFields();}var current_page = jQuery('#gform_source_page_number_15').val();gformInitSpinner( 15, 'https:\/\/www.justice4all.org\/wp-content\/plugins\/gravityforms\/images\/spinner.svg', true );jQuery(document).trigger('gform_page_loaded', [15, current_page]);window['gf_submitting_15'] = false;}else if(!is_redirect){var confirmation_content = jQuery(this).contents().find('.GF_AJAX_POSTBACK').html();if(!confirmation_content){confirmation_content = contents;}jQuery('#gform_wrapper_15').replaceWith(confirmation_content);jQuery(document).trigger('gform_confirmation_loaded', [15]);window['gf_submitting_15'] = false;wp.a11y.speak(jQuery('#gform_confirmation_message_15').text());}else{jQuery('#gform_15').append(contents);if(window['gformRedirect']) {gformRedirect();}}jQuery(document).trigger(\"gform_pre_post_render\", [{ formId: \"15\", currentPage: \"current_page\", abort: function() { this.preventDefault(); } }]);                if (event && event.defaultPrevented) {                return;         }        const gformWrapperDiv = document.getElementById( \"gform_wrapper_15\" );        if ( gformWrapperDiv ) {            const visibilitySpan = document.createElement( \"span\" );            visibilitySpan.id = \"gform_visibility_test_15\";            gformWrapperDiv.insertAdjacentElement( \"afterend\", visibilitySpan );        }        const visibilityTestDiv = document.getElementById( \"gform_visibility_test_15\" );        let postRenderFired = false;                function triggerPostRender() {            if ( postRenderFired ) {                return;            }            postRenderFired = true;            jQuery( document ).trigger( 'gform_post_render', [15, current_page] );            gform.utils.trigger( { event: 'gform\/postRender', native: false, data: { formId: 15, currentPage: current_page } } );            if ( visibilityTestDiv ) {                visibilityTestDiv.parentNode.removeChild( visibilityTestDiv );            }        }        function debounce( func, wait, immediate ) {            var timeout;            return function() {                var context = this, args = arguments;                var later = function() {                    timeout = null;                    if ( !immediate ) func.apply( context, args );                };                var callNow = immediate && !timeout;                clearTimeout( timeout );                timeout = setTimeout( later, wait );                if ( callNow ) func.apply( context, args );            };        }        const debouncedTriggerPostRender = debounce( function() {            triggerPostRender();        }, 200 );        if ( visibilityTestDiv && visibilityTestDiv.offsetParent === null ) {            const observer = new MutationObserver( ( mutations ) => {                mutations.forEach( ( mutation ) => {                    if ( mutation.type === 'attributes' && visibilityTestDiv.offsetParent !== null ) {                        debouncedTriggerPostRender();                        observer.disconnect();                    }                });            });            observer.observe( document.body, {                attributes: true,                childList: false,                subtree: true,                attributeFilter: [ 'style', 'class' ],            });        } else {            triggerPostRender();        }    } );} ); \n\/* ]]> *\/\n<\/script>\n\n\n\n<p><strong>Tenga en cuenta lo siguiente:<\/strong>  Si es beneficiario de Medicaid, entre el 17 de marzo de 2023 y el 30 de abril de 2024, es posible que reciba una notificaci\u00f3n del Departamento de Servicios Sociales o del Departamento de Servicios de Asistencia M\u00e9dica en la que se le informe de que se le ha aprobado otro a\u00f1o de cobertura, o que reciba una serie de documentos denominados paquete de renovaci\u00f3n. En este paquete de renovaci\u00f3n se le pedir\u00e1 informaci\u00f3n importante sobre usted y se le solicitar\u00e1 que devuelva los formularios cumplimentados con diversas comprobaciones -como recibos de n\u00f3mina, justificantes de domicilio, etc.- para asegurarse de que sigue teniendo derecho a las prestaciones de Medicaid. Es muy, muy importante que preste atenci\u00f3n a los plazos y solicitudes contenidos en este env\u00edo. De lo contrario, corre el riesgo de perder su cobertura de Medicaid.<\/p>\n\n\n\n\n\n\n\n<div id=\"block_1ee6709a3e20accf1bcf4899609b0f45\" class=\"accordion-section-block\">\n  <div class=\"container-fluid\">\n              <div class=\"accordion-section-heading-wrapper has-white-background-color has-background-color\">\n          <div class=\"row row-heading\">\n            <div class=\"col-sm-12\">\n              <h2>El proceso de renovaci\u00f3n<\/h2>\n              <p><\/p>\n              <span class=\"toggler\"><\/span>\n            <\/div>\n          <\/div>\n        <\/div>\n      \n      <div class=\"accordion-section-cols-wrapper has-whisper-background-color has-background-color\">\n        <div class=\"row row-cols\">\n          \n\n\n\n\n<style type=\"text\/css\">\n\t.edit-post-visual-editor [data-block=\"045820e0d120c9e3668959def5a75aaa\"] {\n\t\twidth: calc((12 \/ 12) * 100%)!important;\n\t\tmin-width: calc((12 \/ 12) * 100%)!important;\n\t}\n<\/style>\n\n<div id=\"block_045820e0d120c9e3668959def5a75aaa\" class=\"col-lg-12 custom-column-block\">\n\t<div class=\"custom-column-wrapper  \">\n\t\t\n\n<p>Existen dos v\u00edas de renovaci\u00f3n: (1) renovaci\u00f3n autom\u00e1tica y (2) paquetes de renovaci\u00f3n. La ley exige que el Estado intente primero renovar a todos autom\u00e1ticamente. Si el proceso autom\u00e1tico no funciona, el Estado le enviar\u00e1 un paquete de renovaci\u00f3n a la direcci\u00f3n m\u00e1s reciente que conste en sus archivos; por eso es tan importante que el DMAS tenga su direcci\u00f3n actual.  <\/p>\n\n\n\n<ul class=\"wp-block-list\">\n<li><strong>Renovaci\u00f3n autom\u00e1tica:<\/strong> El estado utilizar\u00e1 la informaci\u00f3n m\u00e1s reciente de que disponga para determinar la elegibilidad para cualquier programa de Medicaid. Puede utilizar informaci\u00f3n procedente de certificaciones de prestaciones por desempleo, solicitudes de prestaciones de Ayuda Temporal para Familias Necesitadas (TANF) o del Programa Suplementario de Asistencia Nutricional (SNAP), u otros datos ya disponibles para completar la renovaci\u00f3n autom\u00e1tica. Si necesitan m\u00e1s informaci\u00f3n o determinan que no cumple los requisitos, el Estado le enviar\u00e1 un paquete de renovaci\u00f3n a la direcci\u00f3n postal m\u00e1s reciente que conste en sus archivos. Si la informaci\u00f3n de que disponen permite una renovaci\u00f3n autom\u00e1tica y determinan que cumple los requisitos, el Estado emitir\u00e1 una Notificaci\u00f3n de Acci\u00f3n en la que se indicar\u00e1 que se le ha renovado, la fecha de entrada en vigor de su cobertura y su nueva fecha de renovaci\u00f3n.  <\/li>\n\n\n\n<li><strong>Paquetes de renovaci\u00f3n:<\/strong>  El Estado enviar\u00e1 un paquete de renovaci\u00f3n a toda persona que no disponga de informaci\u00f3n \u00abreciente\u00bb que le cualifique para una renovaci\u00f3n autom\u00e1tica, a toda persona que parezca no reunir los requisitos para Medicaid o a toda persona cuya elegibilidad para el programa Medicaid dependa de recursos y activos (saldos de cuentas corrientes y de ahorro y otros valores de propiedad determinados). Los paquetes de renovaci\u00f3n deben llegar con la informaci\u00f3n que el Estado ya ha rellenado. Para algunas familias numerosas, los paquetes de renovaci\u00f3n pueden tener m\u00e1s de 20 p\u00e1ginas.  <\/li>\n<\/ul>\n\n\n\n<ul class=\"wp-block-list\">\n<li><strong>Para completar un paquete de renovaci\u00f3n<\/strong>: revise la informaci\u00f3n del paquete para comprobar si hay datos obsoletos, incorrectos o incompletos. Tache todos los errores y escriba las correcciones en el espacio de la derecha.<strong>  Devuelva el paquete por correo, fax o correo electr\u00f3nico al DSS local en un plazo de 30 d\u00edas a partir de la fecha que figura en la primera p\u00e1gina.  <\/strong> <\/li>\n\n\n\n<li>\n<ul class=\"wp-block-list\">\n<li>Las renovaciones tambi\u00e9n pueden completarse utilizando una cuenta Commonhelp Online, llamando a CoverVA o llamando a <a href=\"https:\/\/dss.virginia.gov\/localagency\/index.cgi\">su DSS local<\/a>. No obstante, le recomendamos que env\u00ede el paquete por correo, fax o correo electr\u00f3nico.<\/li>\n<\/ul>\n<\/li>\n<\/ul>\n\n\n\t<\/div>\n<\/div>\n\n        <\/div>\n      <\/div>\n  <\/div>\n<\/div>\n\n\n\n\n\n\n<div id=\"block_9140b40e5de4e6d3881bb49f2219a7a1\" class=\"accordion-section-block\">\n  <div class=\"container-fluid\">\n              <div class=\"accordion-section-heading-wrapper has-white-background-color has-background-color\">\n          <div class=\"row row-heading\">\n            <div class=\"col-sm-12\">\n              <h2>Tras presentar un expediente de renovaci\u00f3n<\/h2>\n              <p><\/p>\n              <span class=\"toggler\"><\/span>\n            <\/div>\n          <\/div>\n        <\/div>\n      \n      <div class=\"accordion-section-cols-wrapper has-whisper-background-color has-background-color\">\n        <div class=\"row row-cols\">\n          \n\n\n\n\n<style type=\"text\/css\">\n\t.edit-post-visual-editor [data-block=\"045820e0d120c9e3668959def5a75aaa\"] {\n\t\twidth: calc((12 \/ 12) * 100%)!important;\n\t\tmin-width: calc((12 \/ 12) * 100%)!important;\n\t}\n<\/style>\n\n<div id=\"block_045820e0d120c9e3668959def5a75aaa\" class=\"col-lg-12 custom-column-block\">\n\t<div class=\"custom-column-wrapper  \">\n\t\t\n\n<p>Tras devolver el paquete de renovaci\u00f3n, es posible que se le pida que presente comprobaciones. Por lo general, se trata de una solicitud de documentaci\u00f3n adicional, como prueba de ingresos o situaci\u00f3n de inmigraci\u00f3n<strong>(Nota:<\/strong> en las renovaciones s\u00f3lo se permite solicitar informaci\u00f3n sujeta a cambios, por lo que no se permite una solicitud de verificaci\u00f3n de la situaci\u00f3n de inmigraci\u00f3n o del n\u00famero de la seguridad social si no se ha notificado ning\u00fan cambio).  <\/p>\n\n\n\n<p>Debe presentar la documentaci\u00f3n de verificaci\u00f3n lo antes posible. Se le dar\u00e1 un plazo para presentar los documentos de verificaci\u00f3n e informaci\u00f3n sobre c\u00f3mo y a qui\u00e9n enviar los documentos.  <\/p>\n\n\n\n<p>Despu\u00e9s de que el DSS determine si cumple los requisitos, emitir\u00e1 una Notificaci\u00f3n de Acci\u00f3n indicando que su Medicaid ha sido renovado o una Notificaci\u00f3n de Terminaci\u00f3n indicando que su cobertura finalizar\u00e1.  <\/p>\n\n\n\n<ul class=\"wp-block-list\">\n<li>Aviso de concesi\u00f3n de Medicaid: Este aviso dir\u00e1 que el beneficiario ha sido renovado, la fecha efectiva de su cobertura y su nueva fecha de renovaci\u00f3n.  <\/li>\n\n\n\n<li>Aviso de finalizaci\u00f3n: Este aviso debe emitirse con un m\u00ednimo de 11 d\u00edas (10 d\u00edas m\u00e1s 1 d\u00eda para el env\u00edo por correo) de antelaci\u00f3n a la fecha prevista de finalizaci\u00f3n de la cobertura de Medicaid. La cobertura finaliza siempre el \u00faltimo d\u00eda del mes.  <\/li>\n<\/ul>\n\n\n\n<ul class=\"wp-block-list\">\n<li>Por ejemplo, si la notificaci\u00f3n est\u00e1 fechada el 25 de abril de 2023 y est\u00e1 previsto que la cobertura finalice el 30 de abril de 2023, no es notificaci\u00f3n suficiente porque son menos de 11 d\u00edas. Para rescindir la cobertura en esta situaci\u00f3n, basta con enviar una notificaci\u00f3n por correo antes del 19 de abril de 2023.<\/li>\n<\/ul>\n\n\n\t<\/div>\n<\/div>\n\n        <\/div>\n      <\/div>\n  <\/div>\n<\/div>\n\n\n\n\n\n\n<div id=\"block_7b26872496d32e6e4dc1347e8a3acea4\" class=\"accordion-section-block\">\n  <div class=\"container-fluid\">\n              <div class=\"accordion-section-heading-wrapper has-white-background-color has-background-color\">\n          <div class=\"row row-heading\">\n            <div class=\"col-sm-12\">\n              <h2>He recibido una notificaci\u00f3n de despido, \u00bfy ahora qu\u00e9?<\/h2>\n              <p><\/p>\n              <span class=\"toggler\"><\/span>\n            <\/div>\n          <\/div>\n        <\/div>\n      \n      <div class=\"accordion-section-cols-wrapper has-whisper-background-color has-background-color\">\n        <div class=\"row row-cols\">\n          \n\n\n\n\n<style type=\"text\/css\">\n\t.edit-post-visual-editor [data-block=\"045820e0d120c9e3668959def5a75aaa\"] {\n\t\twidth: calc((12 \/ 12) * 100%)!important;\n\t\tmin-width: calc((12 \/ 12) * 100%)!important;\n\t}\n<\/style>\n\n<div id=\"block_045820e0d120c9e3668959def5a75aaa\" class=\"col-lg-12 custom-column-block\">\n\t<div class=\"custom-column-wrapper  \">\n\t\t\n\n<p><strong>He recibido una notificaci\u00f3n de baja y ya no tengo derecho a Medicaid.<\/strong> <\/p>\n\n\n\n<ul class=\"wp-block-list\">\n<li>Es probable que re\u00fana los requisitos para obtener un seguro m\u00e9dico en el Mercado de la Ley de Asistencia Asequible. El seguro del mercado est\u00e1 disponible para muchas personas a bajo coste o sin coste alguno, en funci\u00f3n del nivel de ingresos.  <\/li>\n\n\n\n<li>Su informaci\u00f3n debe ser enviada autom\u00e1ticamente por el estado al Mercado para evaluar su elegibilidad para los planes, por lo que puede recibir correo o correos electr\u00f3nicos que le dirigen al Mercado para elegir un nuevo plan de salud. Si a\u00fan no has recibido esa informaci\u00f3n, o no quieres esperar, puedes inscribirte por tu cuenta.  <\/li>\n\n\n\n<li>Puede cumplimentar su propia solicitud para el Mercado <a href=\"https:\/\/www.healthcare.gov\/subscribe\/?gad=1&amp;gclid=EAIaIQobChMI0JzJ_-_K_gIVy_fjBx27Ywg4EAAYASAAEgJ-N_D_BwE&amp;gclsrc=aw.ds\">aqu\u00ed<\/a>. Tambi\u00e9n puede ponerse en contacto con un navegador a trav\u00e9s de EnrollVA <a href=\"https:\/\/www.enrollva.org\/get-help\/\">aqu\u00ed<\/a> o llamando al (888) 392-5132 para obtener ayuda para encontrar el mejor plan para usted. Si se encuentra en una de nuestras zonas de servicio, \u00a1puede ponerse en contacto con nosotros!  <\/li>\n\n\n\n<li>Existen normas especiales para este periodo con el fin de garantizar que disponga de tiempo suficiente para elegir un plan de mercado. Si ha perdido Medicaid durante este periodo y ya han pasado varios meses, a\u00fan puede elegir un plan del Mercado utilizando el Periodo de inscripci\u00f3n especial sin cambios hasta el 31 de julio de 2024.  <\/li>\n<\/ul>\n\n\n\n<p><strong>He recibido una notificaci\u00f3n de baja y s\u00e9 que a\u00fan tengo derecho a Medicaid.  <\/strong> <\/p>\n\n\n\n<p>Tiene varias opciones para restablecer la cobertura, en funci\u00f3n del motivo de la notificaci\u00f3n de baja:  <\/p>\n\n\n\n<ul class=\"wp-block-list\">\n<li>Si no ha devuelto el paquete de renovaci\u00f3n a tiempo, dispone de 90 d\u00edas a partir de la fecha del aviso de rescisi\u00f3n para devolver el paquete de renovaci\u00f3n. Despu\u00e9s de devolver el paquete de renovaci\u00f3n, la agencia debe determinar su elegibilidad para cualquiera\/todos los programas de Medicaid y enviarle un nuevo aviso.  <\/li>\n<\/ul>\n\n\n\n<ul class=\"wp-block-list\">\n<li>Si le aprueban, su cobertura se retrotraer\u00e1 a la fecha en que perdi\u00f3 la cobertura en la notificaci\u00f3n de baja original. As\u00ed, ser\u00e1 como si nunca hubiera perdido la cobertura.  <\/li>\n\n\n\n<li>Puede solicitar una Conferencia de Agencias Locales.  <\/li>\n<\/ul>\n\n\n\n<ul class=\"wp-block-list\">\n<li>Una conferencia con el organismo local es una solicitud para hablar con el organismo local que tom\u00f3 la decisi\u00f3n de finalizar su cobertura y exponer sus argumentos sobre por qu\u00e9 sigue teniendo derecho a ella. Es un proceso informal y queda fuera del procedimiento formal de recurso.  <\/li>\n\n\n\n<li>Si solicita una conferencia, debe programarse en un plazo de 10 d\u00edas laborables.  <\/li>\n\n\n\n<li>Tiene derecho a presentar pruebas y a representarse a s\u00ed mismo o a ser representado por un representante autorizado. Tiene derecho a una explicaci\u00f3n de la decisi\u00f3n.  <\/li>\n\n\n\n<li>Si la agencia cambia su decisi\u00f3n, debe informarle por escrito.  <\/li>\n<\/ul>\n\n\n\n<ul class=\"wp-block-list\">\n<li>Nadie en la conferencia puede disuadirle de presentar un recurso si as\u00ed lo desea.  <\/li>\n\n\n\n<li>Puede presentar un recurso.  <\/li>\n<\/ul>\n\n\n\n<ul class=\"wp-block-list\">\n<li>Los recursos deben presentarse en un plazo de 30 d\u00edas a partir de la recepci\u00f3n de la notificaci\u00f3n de rescisi\u00f3n. Puede solicitar una pr\u00f3rroga de ese plazo por motivos justificados, como enfermedad u hospitalizaci\u00f3n. Si ya tiene cobertura y cree que sigue cumpliendo los requisitos, puede solicitar que su cobertura actual siga activa mientras se tramita su recurso. Debe presentar esta solicitud en un plazo de 10 d\u00edas a partir de la recepci\u00f3n de la notificaci\u00f3n de baja. <strong>Nota<\/strong>: Si se la deniegan, es posible que tenga que devolver el dinero gastado en atenci\u00f3n m\u00e9dica durante ese tiempo. Si est\u00e1 considerando esta opci\u00f3n, p\u00f3ngase en contacto con nosotros para que le ayudemos a determinar si existe riesgo de responsabilidad tras el recurso.  <\/li>\n\n\n\n<li>Para m\u00e1s informaci\u00f3n, consulte la secci\u00f3n \u00abRecursos\u00bb.  <\/li>\n<\/ul>\n\n\n\n<p><strong>He recibido una notificaci\u00f3n de baja y no s\u00e9 si a\u00fan tengo derecho a Medicaid.<\/strong> <\/p>\n\n\n\n<p>P\u00f3ngase en contacto con nosotros. Si sigue teniendo derecho a Medicaid, podemos solicitar que siga teniendo acceso a sus servicios en un plazo de 10 d\u00edas a partir de la recepci\u00f3n de su notificaci\u00f3n mientras est\u00e9 pendiente la apelaci\u00f3n. Si ya no re\u00fane los requisitos, le ayudaremos a determinar los siguientes pasos. En cualquier caso, podemos ayudarle a resolverlo.  <\/p>\n\n\n\t<\/div>\n<\/div>\n\n        <\/div>\n      <\/div>\n  <\/div>\n<\/div>\n\n\n\n\n\n\n<div id=\"block_b562fb7de0f7929ba2583e5f1e22dc4e\" class=\"accordion-section-block\">\n  <div class=\"container-fluid\">\n              <div class=\"accordion-section-heading-wrapper has-white-background-color has-background-color\">\n          <div class=\"row row-heading\">\n            <div class=\"col-sm-12\">\n              <h2>Recursos<\/h2>\n              <p><\/p>\n              <span class=\"toggler\"><\/span>\n            <\/div>\n          <\/div>\n        <\/div>\n      \n      <div class=\"accordion-section-cols-wrapper has-whisper-background-color has-background-color\">\n        <div class=\"row row-cols\">\n          \n\n\n\n\n<style type=\"text\/css\">\n\t.edit-post-visual-editor [data-block=\"045820e0d120c9e3668959def5a75aaa\"] {\n\t\twidth: calc((12 \/ 12) * 100%)!important;\n\t\tmin-width: calc((12 \/ 12) * 100%)!important;\n\t}\n<\/style>\n\n<div id=\"block_045820e0d120c9e3668959def5a75aaa\" class=\"col-lg-12 custom-column-block\">\n\t<div class=\"custom-column-wrapper  \">\n\t\t\n\n<p>Tiene derecho a recurrir. No se le puede disuadir de presentar una apelaci\u00f3n por parte de cualquier persona que est\u00e9 tramitando el caso, ayudando con un caso en una agencia local, o por cualquier persona que trabaje en el DMAS o para el estado. Si alguien le disuade de presentar un recurso, p\u00f3ngase en contacto con nuestro despacho para recibir asesoramiento jur\u00eddico.  <\/p>\n\n\n\n<p>Los recursos deben presentarse en un plazo de 30 d\u00edas a partir de la recepci\u00f3n de la notificaci\u00f3n de rescisi\u00f3n. Puede solicitar una pr\u00f3rroga por motivos justificados. Un ejemplo de buena causa es la enfermedad\/hospitalizaci\u00f3n.  <\/p>\n\n\n\n<p>Las apelaciones se presentan utilizando la Solicitud de Apelaci\u00f3n de Medicaid\/FAMIS de Virginia que est\u00e1 disponible en DMAS <a href=\"https:\/\/www.dmas.virginia.gov\/appeals\/\">aqu\u00ed<\/a>. Tambi\u00e9n pueden presentarse por carta escrita o por tel\u00e9fono. Aqu\u00ed tiene la informaci\u00f3n sobre d\u00f3nde presentar la solicitud:  <\/p>\n\n\n\n<p>Correo electr\u00f3nico: <a href=\"mailto:appeals@dmas.virginia.gov\">appeals@dmas.virginia.gov<\/a> <\/p>\n\n\n\n<p>Fax: 804-452-5454  <\/p>\n\n\n\n<p>Por correo o en persona a Departamento de Servicios de Asistencia M\u00e9dica Divisi\u00f3n de Apelaciones 600 East Broad Street Richmond, Virginia 23219  <\/p>\n\n\n\n<p>Por tel\u00e9fono: 804-371-8488  <\/p>\n\n\n\n<p>Como se trata de una apelaci\u00f3n formal, usted goza de las debidas garant\u00edas procesales:  <\/p>\n\n\n\n<ul class=\"wp-block-list\">\n<li>Puede solicitar una audiencia. La fecha y hora de la audiencia se le comunicar\u00e1n por escrito. En la vista, tiene derecho a presentar y aportar sus propias pruebas.  <\/li>\n\n\n\n<li>Las apelaciones son \u00abde novo\u00bb. Esto significa que el consejero auditor debe examinar todas las pruebas nuevas y no basar su decisi\u00f3n en lo que haya decidido la agencia local.  <\/li>\n<\/ul>\n\n\n\n<ul class=\"wp-block-list\">\n<li>Puede presentar cualquier documentaci\u00f3n nueva o pertinente, decir en la audiencia todo lo que considere relevante, hacer preguntas en la audiencia a cualquier persona que haya participado en la toma de la decisi\u00f3n y hacer que alguien hable en su nombre y corrija cualquier error o a\u00f1ada cualquier otra informaci\u00f3n que pueda apoyar el caso.  <\/li>\n<\/ul>\n\n\n\n<ul class=\"wp-block-list\">\n<li>Tiene derecho a representarse a s\u00ed mismo o a que le asista un representante autorizado.  <\/li>\n\n\n\n<li>Tiene derecho a un resumen de apelaci\u00f3n.  <\/li>\n<\/ul>\n\n\n\n<ul class=\"wp-block-list\">\n<li>La agencia debe preparar y enviarle todos los documentos presentados hasta el momento en que se solicit\u00f3 la audiencia imparcial. Tambi\u00e9n debe explicar todos los hechos, la pol\u00edtica y dem\u00e1s informaci\u00f3n pertinente para la determinaci\u00f3n que haya tomado. La divisi\u00f3n de apelaciones del DMAS fijar\u00e1 una fecha l\u00edmite para enviar este paquete.  <\/li>\n\n\n\n<li>Si tiene motivos para creer que el resumen que ha recibido est\u00e1 incompleto, notif\u00edquelo inmediatamente al consejero auditor y al organismo local.  <\/li>\n<\/ul>\n\n\n\n<p>Present\u00e9 un recurso y me siguieron denegando la cobertura. \u00bfQu\u00e9 hago ahora?  <\/p>\n\n\n\n<ul class=\"wp-block-list\">\n<li>Las decisiones de la Audiencia Estatal Imparcial pueden recurrirse ante el Tribunal de Circuito siguiendo el proceso de dos pasos descrito en las Reglas 2A:2 y 2A:4 del Reglamento del Tribunal Supremo de Virginia.  <\/li>\n\n\n\n<li>En la decisi\u00f3n escrita del consejero auditor deben incluirse m\u00e1s detalles sobre el proceso.  <\/li>\n\n\n\n<li>Es probable que re\u00fana los requisitos para obtener un seguro m\u00e9dico en el Mercado de la Ley de Asistencia Asequible. El seguro del mercado est\u00e1 disponible para muchas personas a bajo coste o sin coste alguno, en funci\u00f3n del nivel de ingresos. Puede cumplimentar su propia solicitud para el Mercado <a href=\"https:\/\/www.healthcare.gov\/subscribe\/?gad=1&amp;gclid=EAIaIQobChMI0JzJ_-_K_gIVy_fjBx27Ywg4EAAYASAAEgJ-N_D_BwE&amp;gclsrc=aw.ds\">aqu\u00ed<\/a>. Tambi\u00e9n puede ponerse en contacto con un navegador a trav\u00e9s de EnrollVA <a href=\"https:\/\/www.enrollva.org\/get-help\/\">aqu\u00ed<\/a> o llamando al (888) 392-5132 para obtener ayuda para encontrar el mejor plan para usted.  <\/li>\n<\/ul>\n\n\n\t<\/div>\n<\/div>\n\n        <\/div>\n      <\/div>\n  <\/div>\n<\/div>\n\n\n\n\n\n\n<div id=\"block_2085dda3952360a73d1b28e89bce6905\" class=\"accordion-section-block\">\n  <div class=\"container-fluid\">\n              <div class=\"accordion-section-heading-wrapper has-white-background-color has-background-color\">\n          <div class=\"row row-heading\">\n            <div class=\"col-sm-12\">\n              <h2>Qu\u00e9 ocurre en una audiencia de apelaci\u00f3n<\/h2>\n              <p><\/p>\n              <span class=\"toggler\"><\/span>\n            <\/div>\n          <\/div>\n        <\/div>\n      \n      <div class=\"accordion-section-cols-wrapper has-whisper-background-color has-background-color\">\n        <div class=\"row row-cols\">\n          \n\n\n\n\n<style type=\"text\/css\">\n\t.edit-post-visual-editor [data-block=\"045820e0d120c9e3668959def5a75aaa\"] {\n\t\twidth: calc((12 \/ 12) * 100%)!important;\n\t\tmin-width: calc((12 \/ 12) * 100%)!important;\n\t}\n<\/style>\n\n<div id=\"block_045820e0d120c9e3668959def5a75aaa\" class=\"col-lg-12 custom-column-block\">\n\t<div class=\"custom-column-wrapper  \">\n\t\t\n\n<p>La oficina de audiencias tomar\u00e1 juramento a los participantes que vayan a presentar pruebas, testimonios o cualquier informaci\u00f3n objetiva. Tanto usted como el organismo local tendr\u00e1n la oportunidad de hacer un alegato inicial, presentar sus pruebas y testimonios, repreguntar o cuestionar las pruebas de la otra parte y hacer un alegato final. El consejero auditor considerar\u00e1 todas las pruebas como si fueran nuevas. Si se da cuenta de que falta algo en el expediente, puede solicitar que se mantenga abierto para la presentaci\u00f3n de pruebas. Eso puede significar que tarde m\u00e1s en recibir una decisi\u00f3n.  <\/p>\n\n\n\n<ul class=\"wp-block-list\">\n<li>Declaraciones iniciales y finales: Esta es tu oportunidad para esbozar cu\u00e1l es el mayor problema y resumir lo que todas las pruebas van a decir\/han dicho.  <\/li>\n\n\n\n<li>Presentaci\u00f3n de pruebas\/testimonio: Esta es su oportunidad para asegurarse de que todo est\u00e1 claro en el expediente. Aproveche la oportunidad de hablar sobre el tema para aclarar lo que consta en el acta. Repita lo m\u00e1s importante, pero no se limite a repetir lo que figura en el documento: expl\u00edquelo.  <\/li>\n\n\n\n<li>Contrainterrogatorio: Es la oportunidad de cuestionar la interpretaci\u00f3n de la informaci\u00f3n que hace la otra parte. H\u00e1gales preguntas sobre los datos y la informaci\u00f3n, y sobre c\u00f3mo tomaron las decisiones que tomaron.  <\/li>\n<\/ul>\n\n\n\n<p>Recuerde: tanto usted como la agencia local pueden realizar cada uno de estos pasos, de modo que la otra parte puede hacerle preguntas, a\u00f1adir su propio testimonio o hacer una declaraci\u00f3n en apoyo de su decisi\u00f3n.  <\/p>\n\n\n\n<p>Las decisiones deben emitirse en un plazo de 90 d\u00edas a partir de la solicitud de recurso. Algunas cosas, como reprogramar la vista o mantener abierto el expediente, pueden hacer que esa ventana est\u00e9 abierta m\u00e1s tiempo. Recibir\u00e1 la decisi\u00f3n del consejero auditor por escrito y por correo.  <\/p>\n\n\n\n<p>Si en alg\u00fan momento parece que el oficial de audiencia est\u00e1 considerando el caso bas\u00e1ndose en la recomendaci\u00f3n de la agencia local en lugar de considerar todas las pruebas como nuevas, no le permite presentar sus pruebas o presentar documentaci\u00f3n - p\u00f3ngase en contacto con nosotros inmediatamente para obtener asesoramiento legal.<\/p>\n\n\n\t<\/div>\n<\/div>\n\n        <\/div>\n      <\/div>\n  <\/div>\n<\/div>\n\n\t<\/div>\n<\/div>\n\n\t\t\t\t\t<\/div>\n\t\t\t\t\t\t\t\n\t\t\t<\/div>\n\t\t<\/div>\n\t<\/div>\n\n\t<style type=\"text\/css\">\n\t\t.edit-post-visual-editor [data-block=\"52e2adb2c70e78b95bc777233730dc38\"] .block-editor-block-list__layout {\n\t\t\tjustify-content: center;\n\t\t}\n\n\t\t\t<\/style>\n<\/div>\n","protected":false},"excerpt":{"rendered":"","protected":false},"author":4,"featured_media":0,"parent":17115,"menu_order":4,"comment_status":"closed","ping_status":"closed","template":"","meta":{"footnotes":""},"lajc-tax-roles":[],"lajc-tax-issues":[],"lajc-tax-locations":[],"class_list":["post-17261","page","type-page","status-publish","hentry"],"acf":[],"yoast_head":"<!-- This site is optimized with the Yoast SEO plugin v27.4 - https:\/\/yoast.com\/product\/yoast-seo-wordpress\/ -->\n<title>Fin de la cobertura continua de Medicaid - Legal Aid Justice Center<\/title>\n<meta name=\"robots\" content=\"index, follow, max-snippet:-1, max-image-preview:large, max-video-preview:-1\" \/>\n<link rel=\"canonical\" href=\"https:\/\/www.justice4all.org\/es\/que-hacemos\/sanidad-y-prestaciones-publicas\/inscripcion-en-el-seguro-de-enfermedad\/fin-de-la-cobertura-continua-de-medicaid\/\" \/>\n<meta property=\"og:locale\" content=\"es_ES\" \/>\n<meta property=\"og:type\" content=\"article\" \/>\n<meta property=\"og:title\" content=\"Fin de la cobertura continua de Medicaid - Legal Aid Justice Center\" \/>\n<meta property=\"og:url\" content=\"https:\/\/www.justice4all.org\/es\/que-hacemos\/sanidad-y-prestaciones-publicas\/inscripcion-en-el-seguro-de-enfermedad\/fin-de-la-cobertura-continua-de-medicaid\/\" \/>\n<meta property=\"og:site_name\" content=\"Legal Aid Justice Center\" \/>\n<meta property=\"article:modified_time\" content=\"2023-08-22T14:08:56+00:00\" \/>\n<meta name=\"twitter:card\" content=\"summary_large_image\" \/>\n<meta name=\"twitter:label1\" content=\"Tiempo de lectura\" \/>\n\t<meta name=\"twitter:data1\" content=\"14 minuto\" \/>\n<script type=\"application\/ld+json\" class=\"yoast-schema-graph\">{\"@context\":\"https:\\\/\\\/schema.org\",\"@graph\":[{\"@type\":\"WebPage\",\"@id\":\"https:\\\/\\\/www.justice4all.org\\\/es\\\/que-hacemos\\\/sanidad-y-prestaciones-publicas\\\/inscripcion-en-el-seguro-de-enfermedad\\\/fin-de-la-cobertura-continua-de-medicaid\\\/\",\"url\":\"https:\\\/\\\/www.justice4all.org\\\/es\\\/que-hacemos\\\/sanidad-y-prestaciones-publicas\\\/inscripcion-en-el-seguro-de-enfermedad\\\/fin-de-la-cobertura-continua-de-medicaid\\\/\",\"name\":\"Fin de la cobertura continua de Medicaid - Legal Aid Justice Center\",\"isPartOf\":{\"@id\":\"https:\\\/\\\/www.justice4all.org\\\/es\\\/#website\"},\"datePublished\":\"2023-07-10T13:57:18+00:00\",\"dateModified\":\"2023-08-22T14:08:56+00:00\",\"breadcrumb\":{\"@id\":\"https:\\\/\\\/www.justice4all.org\\\/es\\\/que-hacemos\\\/sanidad-y-prestaciones-publicas\\\/inscripcion-en-el-seguro-de-enfermedad\\\/fin-de-la-cobertura-continua-de-medicaid\\\/#breadcrumb\"},\"inLanguage\":\"es\",\"potentialAction\":[{\"@type\":\"ReadAction\",\"target\":[\"https:\\\/\\\/www.justice4all.org\\\/es\\\/que-hacemos\\\/sanidad-y-prestaciones-publicas\\\/inscripcion-en-el-seguro-de-enfermedad\\\/fin-de-la-cobertura-continua-de-medicaid\\\/\"]}]},{\"@type\":\"BreadcrumbList\",\"@id\":\"https:\\\/\\\/www.justice4all.org\\\/es\\\/que-hacemos\\\/sanidad-y-prestaciones-publicas\\\/inscripcion-en-el-seguro-de-enfermedad\\\/fin-de-la-cobertura-continua-de-medicaid\\\/#breadcrumb\",\"itemListElement\":[{\"@type\":\"ListItem\",\"position\":1,\"name\":\"Home\",\"item\":\"https:\\\/\\\/www.justice4all.org\\\/es\\\/\"},{\"@type\":\"ListItem\",\"position\":2,\"name\":\"Qu\u00e9 hacemos\",\"item\":\"https:\\\/\\\/www.justice4all.org\\\/es\\\/que-hacemos\\\/\"},{\"@type\":\"ListItem\",\"position\":3,\"name\":\"Sanidad y prestaciones p\u00fablicas\",\"item\":\"https:\\\/\\\/www.justice4all.org\\\/es\\\/que-hacemos\\\/sanidad-y-prestaciones-publicas\\\/\"},{\"@type\":\"ListItem\",\"position\":4,\"name\":\"Inscripci\u00f3n en el seguro de enfermedad\",\"item\":\"https:\\\/\\\/www.justice4all.org\\\/es\\\/que-hacemos\\\/sanidad-y-prestaciones-publicas\\\/inscripcion-en-el-seguro-de-enfermedad\\\/\"},{\"@type\":\"ListItem\",\"position\":5,\"name\":\"Fin de la cobertura continua de Medicaid\"}]},{\"@type\":\"WebSite\",\"@id\":\"https:\\\/\\\/www.justice4all.org\\\/es\\\/#website\",\"url\":\"https:\\\/\\\/www.justice4all.org\\\/es\\\/\",\"name\":\"Legal Aid Justice Center\",\"description\":\"\",\"potentialAction\":[{\"@type\":\"SearchAction\",\"target\":{\"@type\":\"EntryPoint\",\"urlTemplate\":\"https:\\\/\\\/www.justice4all.org\\\/es\\\/?s={search_term_string}\"},\"query-input\":{\"@type\":\"PropertyValueSpecification\",\"valueRequired\":true,\"valueName\":\"search_term_string\"}}],\"inLanguage\":\"es\"}]}<\/script>\n<!-- \/ Yoast SEO plugin. -->","yoast_head_json":{"title":"Fin de la cobertura continua de Medicaid - Legal Aid Justice Center","robots":{"index":"index","follow":"follow","max-snippet":"max-snippet:-1","max-image-preview":"max-image-preview:large","max-video-preview":"max-video-preview:-1"},"canonical":"https:\/\/www.justice4all.org\/es\/que-hacemos\/sanidad-y-prestaciones-publicas\/inscripcion-en-el-seguro-de-enfermedad\/fin-de-la-cobertura-continua-de-medicaid\/","og_locale":"es_ES","og_type":"article","og_title":"Fin de la cobertura continua de Medicaid - Legal Aid Justice Center","og_url":"https:\/\/www.justice4all.org\/es\/que-hacemos\/sanidad-y-prestaciones-publicas\/inscripcion-en-el-seguro-de-enfermedad\/fin-de-la-cobertura-continua-de-medicaid\/","og_site_name":"Legal Aid Justice Center","article_modified_time":"2023-08-22T14:08:56+00:00","twitter_card":"summary_large_image","twitter_misc":{"Tiempo de lectura":"14 minuto"},"schema":{"@context":"https:\/\/schema.org","@graph":[{"@type":"WebPage","@id":"https:\/\/www.justice4all.org\/es\/que-hacemos\/sanidad-y-prestaciones-publicas\/inscripcion-en-el-seguro-de-enfermedad\/fin-de-la-cobertura-continua-de-medicaid\/","url":"https:\/\/www.justice4all.org\/es\/que-hacemos\/sanidad-y-prestaciones-publicas\/inscripcion-en-el-seguro-de-enfermedad\/fin-de-la-cobertura-continua-de-medicaid\/","name":"Fin de la cobertura continua de Medicaid - Legal Aid Justice Center","isPartOf":{"@id":"https:\/\/www.justice4all.org\/es\/#website"},"datePublished":"2023-07-10T13:57:18+00:00","dateModified":"2023-08-22T14:08:56+00:00","breadcrumb":{"@id":"https:\/\/www.justice4all.org\/es\/que-hacemos\/sanidad-y-prestaciones-publicas\/inscripcion-en-el-seguro-de-enfermedad\/fin-de-la-cobertura-continua-de-medicaid\/#breadcrumb"},"inLanguage":"es","potentialAction":[{"@type":"ReadAction","target":["https:\/\/www.justice4all.org\/es\/que-hacemos\/sanidad-y-prestaciones-publicas\/inscripcion-en-el-seguro-de-enfermedad\/fin-de-la-cobertura-continua-de-medicaid\/"]}]},{"@type":"BreadcrumbList","@id":"https:\/\/www.justice4all.org\/es\/que-hacemos\/sanidad-y-prestaciones-publicas\/inscripcion-en-el-seguro-de-enfermedad\/fin-de-la-cobertura-continua-de-medicaid\/#breadcrumb","itemListElement":[{"@type":"ListItem","position":1,"name":"Home","item":"https:\/\/www.justice4all.org\/es\/"},{"@type":"ListItem","position":2,"name":"Qu\u00e9 hacemos","item":"https:\/\/www.justice4all.org\/es\/que-hacemos\/"},{"@type":"ListItem","position":3,"name":"Sanidad y prestaciones p\u00fablicas","item":"https:\/\/www.justice4all.org\/es\/que-hacemos\/sanidad-y-prestaciones-publicas\/"},{"@type":"ListItem","position":4,"name":"Inscripci\u00f3n en el seguro de enfermedad","item":"https:\/\/www.justice4all.org\/es\/que-hacemos\/sanidad-y-prestaciones-publicas\/inscripcion-en-el-seguro-de-enfermedad\/"},{"@type":"ListItem","position":5,"name":"Fin de la cobertura continua de Medicaid"}]},{"@type":"WebSite","@id":"https:\/\/www.justice4all.org\/es\/#website","url":"https:\/\/www.justice4all.org\/es\/","name":"Legal Aid Justice Center","description":"","potentialAction":[{"@type":"SearchAction","target":{"@type":"EntryPoint","urlTemplate":"https:\/\/www.justice4all.org\/es\/?s={search_term_string}"},"query-input":{"@type":"PropertyValueSpecification","valueRequired":true,"valueName":"search_term_string"}}],"inLanguage":"es"}]}},"_links":{"self":[{"href":"https:\/\/www.justice4all.org\/es\/wp-json\/wp\/v2\/pages\/17261","targetHints":{"allow":["GET"]}}],"collection":[{"href":"https:\/\/www.justice4all.org\/es\/wp-json\/wp\/v2\/pages"}],"about":[{"href":"https:\/\/www.justice4all.org\/es\/wp-json\/wp\/v2\/types\/page"}],"author":[{"embeddable":true,"href":"https:\/\/www.justice4all.org\/es\/wp-json\/wp\/v2\/users\/4"}],"replies":[{"embeddable":true,"href":"https:\/\/www.justice4all.org\/es\/wp-json\/wp\/v2\/comments?post=17261"}],"version-history":[{"count":0,"href":"https:\/\/www.justice4all.org\/es\/wp-json\/wp\/v2\/pages\/17261\/revisions"}],"up":[{"embeddable":true,"href":"https:\/\/www.justice4all.org\/es\/wp-json\/wp\/v2\/pages\/17115"}],"wp:attachment":[{"href":"https:\/\/www.justice4all.org\/es\/wp-json\/wp\/v2\/media?parent=17261"}],"wp:term":[{"taxonomy":"lajc-tax-roles","embeddable":true,"href":"https:\/\/www.justice4all.org\/es\/wp-json\/wp\/v2\/lajc-tax-roles?post=17261"},{"taxonomy":"lajc-tax-issues","embeddable":true,"href":"https:\/\/www.justice4all.org\/es\/wp-json\/wp\/v2\/lajc-tax-issues?post=17261"},{"taxonomy":"lajc-tax-locations","embeddable":true,"href":"https:\/\/www.justice4all.org\/es\/wp-json\/wp\/v2\/lajc-tax-locations?post=17261"}],"curies":[{"name":"wp","href":"https:\/\/api.w.org\/{rel}","templated":true}]}}