{"id":17249,"date":"2023-08-15T16:57:33","date_gmt":"2023-08-15T16:57:33","guid":{"rendered":"https:\/\/www.justice4all.org\/?page_id=17249"},"modified":"2023-08-24T15:25:07","modified_gmt":"2023-08-24T15:25:07","slug":"cambios-en-los-requisitos-del-snap","status":"publish","type":"page","link":"https:\/\/www.justice4all.org\/es\/que-hacemos\/sanidad-y-prestaciones-publicas\/cambios-en-los-requisitos-del-snap\/","title":{"rendered":"Cambios en los requisitos del SNAP"},"content":{"rendered":"\n\n\n  <style type=\"text\/css\">\n    #block_72261e8449e08f89fd9031e8c2426e54 {\n                                        margin-left: calc(0 * 16px);\n                          margin-right: calc(0 * 16px);\n              \n                                        padding-left: calc(4 * 16px);\n                          padding-right: calc(4 * 16px);\n                  }\n\n    @media screen and (min-width: 768px) and (max-width: 991px) {\n      #block_72261e8449e08f89fd9031e8c2426e54 {\n                                                  margin-left: calc(0 * 12px);  \n                                margin-right: calc(0 * 12px);  \n                    \n                                                  padding-left: calc(4 * 12px);\n                                padding-right: calc(4 * 12px);\n                        }\n    }\n\n    @media screen and (min-width: 480px) and (max-width: 767px) {\n      #block_72261e8449e08f89fd9031e8c2426e54 {\n                                                  margin-left: calc(0 * 8px);  \n                                margin-right: calc(0 * 8px);  \n                    \n                                                  padding-left: calc(4 * 8px);\n                                padding-right: calc(4 * 8px);\n                        }\n    }\n\n    @media screen and (max-width: 479px) {\n      #block_72261e8449e08f89fd9031e8c2426e54 {\n                                                  margin-left: calc(0 * 4px);  \n                                margin-right: calc(0 * 4px);  \n                    \n                                                  padding-left: calc(4 * 4px);\n                                padding-right: calc(4 * 4px);\n                        }\n    }\n\n  <\/style>\n\n\n<div id=\"block_72261e8449e08f89fd9031e8c2426e54\" class=\"content-wrapper-block  style-normal bg-width-full \">\n\t<div class=\"container-fluid\">\n\t\t<div class=\"row justify-content-center\">\n\t\t\t<div class=\"col-lg-12\">\n\t\t\t\t\t\t\t\t\t<div class=\"row row-content justify-content-center\">\n\t\t\t\t\t\t\n\n\n\n\n<style type=\"text\/css\">\n\t.edit-post-visual-editor [data-block=\"1937d9ed6124b52776cc67396f1309bf\"] {\n\t\twidth: calc((12 \/ 12) * 100%)!important;\n\t\tmin-width: calc((12 \/ 12) * 100%)!important;\n\t}\n<\/style>\n\n<div id=\"block_1937d9ed6124b52776cc67396f1309bf\" class=\"col-lg-12 custom-column-block\">\n\t<div class=\"custom-column-wrapper  \">\n\t\t\n\n<h2 class=\"wp-block-heading is-style-underlined-with-icon has-gunpowder-color has-text-color\">CONOZCA SUS DERECHOS<\/h2>\n\n\n\n<h2 class=\"wp-block-heading is-style-default has-gunpowder-color has-text-color\">CAMBIOS EN LOS REQUISITOS DE SNAP<\/h2>\n\n\n\t<\/div>\n<\/div>\n\n\n\n\n\n<style type=\"text\/css\">\n\t.edit-post-visual-editor [data-block=\"1937d9ed6124b52776cc67396f1309bf\"] {\n\t\twidth: calc((12 \/ 12) * 100%)!important;\n\t\tmin-width: calc((12 \/ 12) * 100%)!important;\n\t}\n<\/style>\n\n<div id=\"block_1937d9ed6124b52776cc67396f1309bf\" class=\"col-lg-12 custom-column-block\">\n\t<div class=\"custom-column-wrapper  \">\n\t\t\n\n<p class=\"has-gunpowder-color has-text-color\"><strong>El<sup>1 de<\/sup> julio de 2023, volvieron los l\u00edmites de tiempo asociados con los requisitos de trabajo para los beneficios de SNAP, lo que significa que si alguien no cumple con los requisitos de trabajo s\u00f3lo puede recibir beneficios de SNAP durante 3 meses de un per\u00edodo de 3 a\u00f1os.  <\/strong><\/p>\n\n\n\n<p>Este a\u00f1o se han producido varios cambios en el Programa SNAP. En marzo finalizaron las asignaciones de emergencia asociadas a la emergencia de salud p\u00fablica. En junio, el acceso de los estudiantes universitarios a las prestaciones volvi\u00f3 a las normas anteriores a la pandemia, de modo que ya no existen las exenciones que aumentaban el derecho a las prestaciones que se basaban en la posibilidad de optar a un trabajo-estudio o a una contribuci\u00f3n familiar de 0 $. M\u00e1s informaci\u00f3n sobre las exenciones para estudiantes universitarios <a href=\"https:\/\/vplc.org\/wp-content\/uploads\/2023\/04\/SNAP-Student-Exemptions-23-4-20.pdf\" target=\"_blank\" rel=\"noreferrer noopener\">aqu\u00ed.<\/a> <\/p>\n\n\n\t<\/div>\n<\/div>\n\n\n\n\n\n<style type=\"text\/css\">\n\t.edit-post-visual-editor [data-block=\"1937d9ed6124b52776cc67396f1309bf\"] {\n\t\twidth: calc((12 \/ 12) * 100%)!important;\n\t\tmin-width: calc((12 \/ 12) * 100%)!important;\n\t}\n<\/style>\n\n<div id=\"block_1937d9ed6124b52776cc67396f1309bf\" class=\"col-lg-12 custom-column-block\">\n\t<div class=\"custom-column-wrapper  \">\n\t\t\n\n<hr class=\"wp-block-separator has-alpha-channel-opacity is-style-gradient-primary\"\/>\n\n\n\t<\/div>\n<\/div>\n\n\n\n\n\n<style type=\"text\/css\">\n\t.edit-post-visual-editor [data-block=\"1937d9ed6124b52776cc67396f1309bf\"] {\n\t\twidth: calc((12 \/ 12) * 100%)!important;\n\t\tmin-width: calc((12 \/ 12) * 100%)!important;\n\t}\n<\/style>\n\n<div id=\"block_1937d9ed6124b52776cc67396f1309bf\" class=\"col-lg-12 custom-column-block\">\n\t<div class=\"custom-column-wrapper  \">\n\t\t\n\n<h2 class=\"wp-block-heading is-style-default has-gunpowder-color has-text-color has-large-font-size\"><strong>Aqu\u00ed tienes m\u00e1s informaci\u00f3n sobre los requisitos laborales actuales:<\/strong> <\/h2>\n\n\n\t<\/div>\n<\/div>\n\n\n\n\n\n<style type=\"text\/css\">\n\t.edit-post-visual-editor [data-block=\"1937d9ed6124b52776cc67396f1309bf\"] {\n\t\twidth: calc((12 \/ 12) * 100%)!important;\n\t\tmin-width: calc((12 \/ 12) * 100%)!important;\n\t}\n<\/style>\n\n<div id=\"block_1937d9ed6124b52776cc67396f1309bf\" class=\"col-lg-12 custom-column-block\">\n\t<div class=\"custom-column-wrapper  \">\n\t\t\n\n<p>Por lo general, las personas de entre 18 y 49 a\u00f1os tienen que cumplir unos requisitos laborales o una \u00abexenci\u00f3n\u00bb para recibir las prestaciones del SNAP. Si no se cumplen estos requisitos, s\u00f3lo se pueden recibir prestaciones del SNAP durante 3 meses en un periodo de 3 a\u00f1os.  <\/p>\n\n\n\n\n\n\n\n<div id=\"block_1e0c34676de3ab63e3b91ab150a8bacb\" class=\"accordion-section-block\">\n  <div class=\"container-fluid\">\n              <div class=\"accordion-section-heading-wrapper has-gunpowder-background-color has-background-color\">\n          <div class=\"row row-heading\">\n            <div class=\"col-sm-12\">\n              <h2><\/h2>\n              <p>Estas son las posibles exenciones:  <\/p>\n              <span class=\"toggler\"><\/span>\n            <\/div>\n          <\/div>\n        <\/div>\n      \n      <div class=\"accordion-section-cols-wrapper has-whisper-background-color has-background-color\">\n        <div class=\"row row-cols\">\n          \n\n\n\n\n<style type=\"text\/css\">\n\t.edit-post-visual-editor [data-block=\"1937d9ed6124b52776cc67396f1309bf\"] {\n\t\twidth: calc((12 \/ 12) * 100%)!important;\n\t\tmin-width: calc((12 \/ 12) * 100%)!important;\n\t}\n<\/style>\n\n<div id=\"block_1937d9ed6124b52776cc67396f1309bf\" class=\"col-lg-12 custom-column-block\">\n\t<div class=\"custom-column-wrapper  \">\n\t\t\n\n<ul class=\"wp-block-list\">\n<li>Ser menor de 18 a\u00f1os o mayor de 49  <\/li>\n\n\n\n<li>Tener personas a cargo menores de 18 a\u00f1os (cualquier miembro de la unidad familiar)  <\/li>\n\n\n\n<li>Incapacidad f\u00edsica o mental para trabajar  <\/li>\n\n\n\n<li>Estar embarazada  <\/li>\n\n\n\n<li>Vivir en una localidad exenta: las localidades exentas son Brunswick, Buchanan, Danville, Dinwiddie, Franklin City, Greensville\/Emporia, Hopewell, Nottoway, Petersburg, Portsmouth, Prince George y Sussex.  <\/li>\n\n\n\n<li>Asistir a una persona incapacitada  <\/li>\n\n\n\n<li>Estar en tratamiento por abuso de sustancias  <\/li>\n\n\n\n<li>Cumplir las exenciones para estudiantes universitarios<a href=\"http:\/\/chrome-extension\/\/efaidnbmnnnibpcajpcglclefindmkaj\/https:\/\/vplc.org\/wp-content\/uploads\/2023\/04\/SNAP-Student-Exemptions-23-4-20.pdf\" target=\"_blank\" rel=\"noreferrer noopener\">(m\u00e1s informaci\u00f3n aqu\u00ed<\/a>)  <\/li>\n\n\n\n<li>Cumplir los requisitos de trabajo de otro programa, como el TANF, la ayuda econ\u00f3mica a los refugiados o las prestaciones por desempleo.  <\/li>\n<\/ul>\n\n\n\t<\/div>\n<\/div>\n\n        <\/div>\n      <\/div>\n  <\/div>\n<\/div>\n\n\n<p><strong>Si no est\u00e1 exento, los requisitos de trabajo significan que debe hacer una de estas cosas o una combinaci\u00f3n de ellas:  <\/strong><\/p>\n\n\n\n<ul class=\"wp-block-list\">\n<li>Trabajar al menos 20 horas semanales  <\/li>\n\n\n\n<li>Participar y cumplir con los servicios de empleo, otras b\u00fasquedas de trabajo, operados por el Departamento de Servicios Sociales durante al menos 20 horas a la semana o equivalente,  <\/li>\n\n\n\n<li>Cumplir con los requisitos de trabajo de al menos 20 horas semanales para un programa diferente (que no sea del Departamento de Servicios Sociales).  <\/li>\n\n\n\n<li>Voluntario (no remunerado) en un organismo p\u00fablico o privado durante al menos 20 horas a la semana.  <\/li>\n<\/ul>\n\n\n\t<\/div>\n<\/div>\n\n\n\n\n\n<style type=\"text\/css\">\n\t.edit-post-visual-editor [data-block=\"1937d9ed6124b52776cc67396f1309bf\"] {\n\t\twidth: calc((12 \/ 12) * 100%)!important;\n\t\tmin-width: calc((12 \/ 12) * 100%)!important;\n\t}\n<\/style>\n\n<div id=\"block_1937d9ed6124b52776cc67396f1309bf\" class=\"col-lg-12 custom-column-block\">\n\t<div class=\"custom-column-wrapper  \">\n\t\t\n\n<hr class=\"wp-block-separator has-alpha-channel-opacity is-style-gradient-primary\"\/>\n\n\n\t<\/div>\n<\/div>\n\n\n\n\n\n<style type=\"text\/css\">\n\t.edit-post-visual-editor [data-block=\"1937d9ed6124b52776cc67396f1309bf\"] {\n\t\twidth: calc((12 \/ 12) * 100%)!important;\n\t\tmin-width: calc((12 \/ 12) * 100%)!important;\n\t}\n<\/style>\n\n<div id=\"block_1937d9ed6124b52776cc67396f1309bf\" class=\"col-lg-12 custom-column-block\">\n\t<div class=\"custom-column-wrapper  \">\n\t\t\n\n<h2 class=\"wp-block-heading is-style-default has-gunpowder-color has-text-color has-large-font-size\"><strong><strong>Pr\u00f3ximos cambios en los requisitos de trabajo del SNAP:<\/strong> <\/strong><\/h2>\n\n\n\t<\/div>\n<\/div>\n\n\n\n\n\n<style type=\"text\/css\">\n\t.edit-post-visual-editor [data-block=\"1937d9ed6124b52776cc67396f1309bf\"] {\n\t\twidth: calc((12 \/ 12) * 100%)!important;\n\t\tmin-width: calc((12 \/ 12) * 100%)!important;\n\t}\n<\/style>\n\n<div id=\"block_1937d9ed6124b52776cc67396f1309bf\" class=\"col-lg-12 custom-column-block\">\n\t<div class=\"custom-column-wrapper  \">\n\t\t\n\n<p>El Congreso modific\u00f3 recientemente los requisitos de trabajo para incluir a las personas de entre 50 y 54 a\u00f1os, lo que significa que muchos beneficiarios del SNAP (entre ellos casi 20.000 virginianos) tienen que empezar a cumplir los requisitos de trabajo o arriesgarse a perder las prestaciones.  <\/p>\n\n\n\n<p>Los cambios se introducir\u00e1n progresivamente seg\u00fan este calendario:  <\/p>\n\n\n\n<ul class=\"wp-block-list\">\n<li>A partir<sup>del 1 de<\/sup> septiembre de 2023, los adultos de 50 a\u00f1os tendr\u00e1n que empezar a cumplir requisitos laborales  <\/li>\n\n\n\n<li>A partir<sup>del 1 de<\/sup> octubre de 2023, los adultos de hasta 52 a\u00f1os tendr\u00e1n que empezar a cumplir requisitos laborales  <\/li>\n\n\n\n<li>A partir<sup>del 1 de<\/sup> octubre de 2024, los adultos de hasta 54 a\u00f1os tendr\u00e1n que empezar a cumplir requisitos laborales  <\/li>\n<\/ul>\n\n\n\n<p>El Congreso tambi\u00e9n a\u00f1adi\u00f3 exenciones adicionales para personas sin hogar, menores de 24 a\u00f1os que hayan salido de un hogar de acogida o veteranos de guerra. Estas exenciones entrar\u00e1n en vigor el<sup>1 de<\/sup> septiembre de 2023, aunque algunas agencias podr\u00e1n aplicarlas antes.  <\/p>\n\n\n\t<\/div>\n<\/div>\n\n\t\t\t\t\t<\/div>\n\t\t\t\t\t\t\t\n\t\t\t<\/div>\n\t\t<\/div>\n\t<\/div>\n\n\t<style type=\"text\/css\">\n\t\t.edit-post-visual-editor [data-block=\"72261e8449e08f89fd9031e8c2426e54\"] .block-editor-block-list__layout {\n\t\t\tjustify-content: center;\n\t\t}\n\n\t\t\t<\/style>\n<\/div>\n","protected":false},"excerpt":{"rendered":"","protected":false},"author":4,"featured_media":0,"parent":13136,"menu_order":4,"comment_status":"closed","ping_status":"closed","template":"","meta":{"footnotes":""},"lajc-tax-roles":[],"lajc-tax-issues":[90],"lajc-tax-locations":[],"class_list":["post-17249","page","type-page","status-publish","hentry","lajc-tax-issues-sanidad-y-prestaciones-publicas"],"acf":[],"yoast_head":"<!-- This site is optimized with the Yoast SEO plugin v27.5 - https:\/\/yoast.com\/product\/yoast-seo-wordpress\/ -->\n<title>Cambios en los requisitos del SNAP - Legal Aid Justice Center<\/title>\n<meta name=\"robots\" content=\"index, follow, max-snippet:-1, max-image-preview:large, max-video-preview:-1\" \/>\n<link rel=\"canonical\" href=\"https:\/\/www.justice4all.org\/es\/que-hacemos\/sanidad-y-prestaciones-publicas\/cambios-en-los-requisitos-del-snap\/\" \/>\n<meta property=\"og:locale\" content=\"es_ES\" \/>\n<meta property=\"og:type\" content=\"article\" \/>\n<meta property=\"og:title\" content=\"Cambios en los requisitos del SNAP - Legal Aid Justice Center\" \/>\n<meta property=\"og:url\" content=\"https:\/\/www.justice4all.org\/es\/que-hacemos\/sanidad-y-prestaciones-publicas\/cambios-en-los-requisitos-del-snap\/\" \/>\n<meta property=\"og:site_name\" content=\"Legal Aid Justice Center\" \/>\n<meta property=\"article:modified_time\" content=\"2023-08-24T15:25:07+00:00\" \/>\n<meta name=\"twitter:card\" content=\"summary_large_image\" \/>\n<meta name=\"twitter:label1\" content=\"Tiempo de lectura\" \/>\n\t<meta name=\"twitter:data1\" content=\"3 minuto\" \/>\n<script type=\"application\/ld+json\" class=\"yoast-schema-graph\">{\"@context\":\"https:\\\/\\\/schema.org\",\"@graph\":[{\"@type\":\"WebPage\",\"@id\":\"https:\\\/\\\/www.justice4all.org\\\/es\\\/que-hacemos\\\/sanidad-y-prestaciones-publicas\\\/cambios-en-los-requisitos-del-snap\\\/\",\"url\":\"https:\\\/\\\/www.justice4all.org\\\/es\\\/que-hacemos\\\/sanidad-y-prestaciones-publicas\\\/cambios-en-los-requisitos-del-snap\\\/\",\"name\":\"Cambios en los requisitos del SNAP - Legal Aid Justice Center\",\"isPartOf\":{\"@id\":\"https:\\\/\\\/www.justice4all.org\\\/es\\\/#website\"},\"datePublished\":\"2023-08-15T16:57:33+00:00\",\"dateModified\":\"2023-08-24T15:25:07+00:00\",\"breadcrumb\":{\"@id\":\"https:\\\/\\\/www.justice4all.org\\\/es\\\/que-hacemos\\\/sanidad-y-prestaciones-publicas\\\/cambios-en-los-requisitos-del-snap\\\/#breadcrumb\"},\"inLanguage\":\"es\",\"potentialAction\":[{\"@type\":\"ReadAction\",\"target\":[\"https:\\\/\\\/www.justice4all.org\\\/es\\\/que-hacemos\\\/sanidad-y-prestaciones-publicas\\\/cambios-en-los-requisitos-del-snap\\\/\"]}]},{\"@type\":\"BreadcrumbList\",\"@id\":\"https:\\\/\\\/www.justice4all.org\\\/es\\\/que-hacemos\\\/sanidad-y-prestaciones-publicas\\\/cambios-en-los-requisitos-del-snap\\\/#breadcrumb\",\"itemListElement\":[{\"@type\":\"ListItem\",\"position\":1,\"name\":\"Home\",\"item\":\"https:\\\/\\\/www.justice4all.org\\\/es\\\/\"},{\"@type\":\"ListItem\",\"position\":2,\"name\":\"Qu\u00e9 hacemos\",\"item\":\"https:\\\/\\\/www.justice4all.org\\\/es\\\/que-hacemos\\\/\"},{\"@type\":\"ListItem\",\"position\":3,\"name\":\"Sanidad y prestaciones p\u00fablicas\",\"item\":\"https:\\\/\\\/www.justice4all.org\\\/es\\\/que-hacemos\\\/sanidad-y-prestaciones-publicas\\\/\"},{\"@type\":\"ListItem\",\"position\":4,\"name\":\"Cambios en los requisitos del SNAP\"}]},{\"@type\":\"WebSite\",\"@id\":\"https:\\\/\\\/www.justice4all.org\\\/es\\\/#website\",\"url\":\"https:\\\/\\\/www.justice4all.org\\\/es\\\/\",\"name\":\"Legal Aid Justice Center\",\"description\":\"\",\"potentialAction\":[{\"@type\":\"SearchAction\",\"target\":{\"@type\":\"EntryPoint\",\"urlTemplate\":\"https:\\\/\\\/www.justice4all.org\\\/es\\\/?s={search_term_string}\"},\"query-input\":{\"@type\":\"PropertyValueSpecification\",\"valueRequired\":true,\"valueName\":\"search_term_string\"}}],\"inLanguage\":\"es\"}]}<\/script>\n<!-- \/ Yoast SEO plugin. -->","yoast_head_json":{"title":"Cambios en los requisitos del SNAP - Legal Aid Justice Center","robots":{"index":"index","follow":"follow","max-snippet":"max-snippet:-1","max-image-preview":"max-image-preview:large","max-video-preview":"max-video-preview:-1"},"canonical":"https:\/\/www.justice4all.org\/es\/que-hacemos\/sanidad-y-prestaciones-publicas\/cambios-en-los-requisitos-del-snap\/","og_locale":"es_ES","og_type":"article","og_title":"Cambios en los requisitos del SNAP - Legal Aid Justice Center","og_url":"https:\/\/www.justice4all.org\/es\/que-hacemos\/sanidad-y-prestaciones-publicas\/cambios-en-los-requisitos-del-snap\/","og_site_name":"Legal Aid Justice Center","article_modified_time":"2023-08-24T15:25:07+00:00","twitter_card":"summary_large_image","twitter_misc":{"Tiempo de lectura":"3 minuto"},"schema":{"@context":"https:\/\/schema.org","@graph":[{"@type":"WebPage","@id":"https:\/\/www.justice4all.org\/es\/que-hacemos\/sanidad-y-prestaciones-publicas\/cambios-en-los-requisitos-del-snap\/","url":"https:\/\/www.justice4all.org\/es\/que-hacemos\/sanidad-y-prestaciones-publicas\/cambios-en-los-requisitos-del-snap\/","name":"Cambios en los requisitos del SNAP - Legal Aid Justice Center","isPartOf":{"@id":"https:\/\/www.justice4all.org\/es\/#website"},"datePublished":"2023-08-15T16:57:33+00:00","dateModified":"2023-08-24T15:25:07+00:00","breadcrumb":{"@id":"https:\/\/www.justice4all.org\/es\/que-hacemos\/sanidad-y-prestaciones-publicas\/cambios-en-los-requisitos-del-snap\/#breadcrumb"},"inLanguage":"es","potentialAction":[{"@type":"ReadAction","target":["https:\/\/www.justice4all.org\/es\/que-hacemos\/sanidad-y-prestaciones-publicas\/cambios-en-los-requisitos-del-snap\/"]}]},{"@type":"BreadcrumbList","@id":"https:\/\/www.justice4all.org\/es\/que-hacemos\/sanidad-y-prestaciones-publicas\/cambios-en-los-requisitos-del-snap\/#breadcrumb","itemListElement":[{"@type":"ListItem","position":1,"name":"Home","item":"https:\/\/www.justice4all.org\/es\/"},{"@type":"ListItem","position":2,"name":"Qu\u00e9 hacemos","item":"https:\/\/www.justice4all.org\/es\/que-hacemos\/"},{"@type":"ListItem","position":3,"name":"Sanidad y prestaciones p\u00fablicas","item":"https:\/\/www.justice4all.org\/es\/que-hacemos\/sanidad-y-prestaciones-publicas\/"},{"@type":"ListItem","position":4,"name":"Cambios en los requisitos del SNAP"}]},{"@type":"WebSite","@id":"https:\/\/www.justice4all.org\/es\/#website","url":"https:\/\/www.justice4all.org\/es\/","name":"Legal Aid Justice Center","description":"","potentialAction":[{"@type":"SearchAction","target":{"@type":"EntryPoint","urlTemplate":"https:\/\/www.justice4all.org\/es\/?s={search_term_string}"},"query-input":{"@type":"PropertyValueSpecification","valueRequired":true,"valueName":"search_term_string"}}],"inLanguage":"es"}]}},"_links":{"self":[{"href":"https:\/\/www.justice4all.org\/es\/wp-json\/wp\/v2\/pages\/17249","targetHints":{"allow":["GET"]}}],"collection":[{"href":"https:\/\/www.justice4all.org\/es\/wp-json\/wp\/v2\/pages"}],"about":[{"href":"https:\/\/www.justice4all.org\/es\/wp-json\/wp\/v2\/types\/page"}],"author":[{"embeddable":true,"href":"https:\/\/www.justice4all.org\/es\/wp-json\/wp\/v2\/users\/4"}],"replies":[{"embeddable":true,"href":"https:\/\/www.justice4all.org\/es\/wp-json\/wp\/v2\/comments?post=17249"}],"version-history":[{"count":0,"href":"https:\/\/www.justice4all.org\/es\/wp-json\/wp\/v2\/pages\/17249\/revisions"}],"up":[{"embeddable":true,"href":"https:\/\/www.justice4all.org\/es\/wp-json\/wp\/v2\/pages\/13136"}],"wp:attachment":[{"href":"https:\/\/www.justice4all.org\/es\/wp-json\/wp\/v2\/media?parent=17249"}],"wp:term":[{"taxonomy":"lajc-tax-roles","embeddable":true,"href":"https:\/\/www.justice4all.org\/es\/wp-json\/wp\/v2\/lajc-tax-roles?post=17249"},{"taxonomy":"lajc-tax-issues","embeddable":true,"href":"https:\/\/www.justice4all.org\/es\/wp-json\/wp\/v2\/lajc-tax-issues?post=17249"},{"taxonomy":"lajc-tax-locations","embeddable":true,"href":"https:\/\/www.justice4all.org\/es\/wp-json\/wp\/v2\/lajc-tax-locations?post=17249"}],"curies":[{"name":"wp","href":"https:\/\/api.w.org\/{rel}","templated":true}]}}