{"id":13192,"date":"2022-07-07T12:08:23","date_gmt":"2022-07-07T12:08:23","guid":{"rendered":"https:\/\/lajc2023stg.wpengine.com\/que-hacemos\/juventud-familia-y-escuelas\/acoso-escolar-conoce-tus-derechos\/"},"modified":"2023-08-29T19:16:19","modified_gmt":"2023-08-29T19:16:19","slug":"acoso-escolar-conoce-tus-derechos","status":"publish","type":"page","link":"https:\/\/www.justice4all.org\/es\/que-hacemos\/juventud-familia-y-escuelas\/acoso-escolar-conoce-tus-derechos\/","title":{"rendered":"Acoso escolar: Conoce tus derechos"},"content":{"rendered":"\n\n\n\n<style type=\"text\/css\">\n\t.edit-post-visual-editor [data-block=\"050e8e6426dec3b920bc9e862a7f9029\"] {\n\t\twidth: calc((12 \/ 12) * 100%)!important;\n\t\tmin-width: calc((12 \/ 12) * 100%)!important;\n\t}\n<\/style>\n\n<div id=\"block_050e8e6426dec3b920bc9e862a7f9029\" class=\"col-lg-12 custom-column-block\">\n\t<div class=\"custom-column-wrapper  \">\n\t\t\n\n\n\n  <style type=\"text\/css\">\n    #block_9b6b77e37fd76896de0bf232c0cd80de > div{\n                                        margin-left: calc(8 * 16px);\n                          margin-right: calc(8 * 16px);\n              \n                                        padding-left: calc(8 * 16px);\n                          padding-right: calc(8 * 16px);\n                  }\n\n    @media screen and (min-width: 768px) and (max-width: 991px) {\n      #block_9b6b77e37fd76896de0bf232c0cd80de > div{\n                                                  margin-left: calc(8 * 12px);  \n                                margin-right: calc(8 * 12px);  \n                    \n                                                  padding-left: calc(8 * 12px);\n                                padding-right: calc(8 * 12px);\n                        }\n    }\n\n    @media screen and (min-width: 480px) and (max-width: 767px) {\n      #block_9b6b77e37fd76896de0bf232c0cd80de > div{\n                                                  margin-left: calc(8 * 8px);  \n                                margin-right: calc(8 * 8px);  \n                    \n                                                  padding-left: calc(8 * 8px);\n                                padding-right: calc(8 * 8px);\n                        }\n    }\n\n    @media screen and (max-width: 479px) {\n      #block_9b6b77e37fd76896de0bf232c0cd80de > div{\n                                                  margin-left: calc(8 * 4px);  \n                                margin-right: calc(8 * 4px);  \n                    \n                                                  padding-left: calc(8 * 4px);\n                                padding-right: calc(8 * 4px);\n                        }\n    }\n\n  <\/style>\n\n<style type=\"text\/css\">\n\t.edit-post-visual-editor [data-block=\"9b6b77e37fd76896de0bf232c0cd80de\"] {\n\t\twidth: calc((12 \/ 12) * 100%)!important;\n\t\tmin-width: calc((12 \/ 12) * 100%)!important;\n\t}\n<\/style>\n\n<div id=\"block_9b6b77e37fd76896de0bf232c0cd80de\" class=\"col-lg-12 custom-column-block\">\n\t<div class=\"custom-column-wrapper  \">\n\t\t\n\n<h2 class=\"wp-block-heading is-style-underlined-with-icon\">CONOZCA SUS DERECHOS:<\/h2>\n\n\n\n<h2 class=\"wp-block-heading has-gunpowder-color has-text-color\">BULLYING<\/h2>\n\n\n\t<\/div>\n<\/div>\n\n\n\n\n  <style type=\"text\/css\">\n    #block_9b6b77e37fd76896de0bf232c0cd80de > div{\n                                        margin-left: calc(8 * 16px);\n                          margin-right: calc(8 * 16px);\n              \n                                        padding-left: calc(8 * 16px);\n                          padding-right: calc(8 * 16px);\n                  }\n\n    @media screen and (min-width: 768px) and (max-width: 991px) {\n      #block_9b6b77e37fd76896de0bf232c0cd80de > div{\n                                                  margin-left: calc(8 * 12px);  \n                                margin-right: calc(8 * 12px);  \n                    \n                                                  padding-left: calc(8 * 12px);\n                                padding-right: calc(8 * 12px);\n                        }\n    }\n\n    @media screen and (min-width: 480px) and (max-width: 767px) {\n      #block_9b6b77e37fd76896de0bf232c0cd80de > div{\n                                                  margin-left: calc(8 * 8px);  \n                                margin-right: calc(8 * 8px);  \n                    \n                                                  padding-left: calc(8 * 8px);\n                                padding-right: calc(8 * 8px);\n                        }\n    }\n\n    @media screen and (max-width: 479px) {\n      #block_9b6b77e37fd76896de0bf232c0cd80de > div{\n                                                  margin-left: calc(8 * 4px);  \n                                margin-right: calc(8 * 4px);  \n                    \n                                                  padding-left: calc(8 * 4px);\n                                padding-right: calc(8 * 4px);\n                        }\n    }\n\n  <\/style>\n\n<style type=\"text\/css\">\n\t.edit-post-visual-editor [data-block=\"9b6b77e37fd76896de0bf232c0cd80de\"] {\n\t\twidth: calc((12 \/ 12) * 100%)!important;\n\t\tmin-width: calc((12 \/ 12) * 100%)!important;\n\t}\n<\/style>\n\n<div id=\"block_9b6b77e37fd76896de0bf232c0cd80de\" class=\"col-lg-12 custom-column-block\">\n\t<div class=\"custom-column-wrapper  \">\n\t\t\n\n<p>La ley de Virginia define el acoso escolar como \u00abcualquier comportamiento agresivo y no deseado que pretenda da\u00f1ar, intimidar o humillar a la v\u00edctima; implique un desequilibrio de poder real o percibido entre el agresor o agresores y la v\u00edctima; y se repita en el tiempo o cause un trauma emocional grave\u00bb. Esto incluye el ciberacoso, pero no las \u00abburlas ordinarias, payasadas, discusiones o conflictos entre iguales\u00bb.<\/p>\n\n\n\n<p class=\"has-blue-color has-text-color\"><strong><a href=\"https:\/\/www.justice4all.org\/es\/que-hacemos\/juventud-familia-y-escuelas\/acoso-escolar-conoce-tus-derechos\/preguntas-frecuentes-sobre-los-derechos-del-acosador\/\" target=\"_blank\" rel=\"noreferrer noopener\">Haga clic aqu\u00ed para consultar una lista detallada de las preguntas m\u00e1s frecuentes sobre el acoso escolar y la legislaci\u00f3n de Virginia.<\/a><\/strong><\/p>\n\n\n\n<p class=\"has-purple-color has-text-color has-medium-font-size\"><strong>HE AQU\u00cd ALGUNAS COSAS QUE PUEDE HACER SI SU HIJO SUFRE ACOSO ESCOLAR:<\/strong><\/p>\n\n\n\t<\/div>\n<\/div>\n\n\n\n\n  <style type=\"text\/css\">\n    #block_33137ec67445086d433b83f47cf73f3f {\n                                        margin-left: calc(3 * 16px);\n                          margin-right: calc(3 * 16px);\n              \n                                        padding-left: calc(8 * 16px);\n                          padding-right: calc(8 * 16px);\n                  }\n\n    @media screen and (min-width: 768px) and (max-width: 991px) {\n      #block_33137ec67445086d433b83f47cf73f3f {\n                                                  margin-left: calc(3 * 12px);  \n                                margin-right: calc(3 * 12px);  \n                    \n                                                  padding-left: calc(8 * 12px);\n                                padding-right: calc(8 * 12px);\n                        }\n    }\n\n    @media screen and (min-width: 480px) and (max-width: 767px) {\n      #block_33137ec67445086d433b83f47cf73f3f {\n                                                  margin-left: calc(3 * 8px);  \n                                margin-right: calc(3 * 8px);  \n                    \n                                                  padding-left: calc(8 * 8px);\n                                padding-right: calc(8 * 8px);\n                        }\n    }\n\n    @media screen and (max-width: 479px) {\n      #block_33137ec67445086d433b83f47cf73f3f {\n                                                  margin-left: calc(3 * 4px);  \n                                margin-right: calc(3 * 4px);  \n                    \n                                                  padding-left: calc(8 * 4px);\n                                padding-right: calc(8 * 4px);\n                        }\n    }\n\n  <\/style>\n\n\n<div id=\"block_33137ec67445086d433b83f47cf73f3f\" class=\"accordion-section-block\">\n  <div class=\"container-fluid\">\n              <div class=\"accordion-section-heading-wrapper has-white-background-color has-background-color\">\n          <div class=\"row row-heading\">\n            <div class=\"col-sm-12\">\n              <h2>Revise el C\u00f3digo de Conducta de la divisi\u00f3n escolar y presente una denuncia.  <\/h2>\n              <p><\/p>\n              <span class=\"toggler\"><\/span>\n            <\/div>\n          <\/div>\n        <\/div>\n      \n      <div class=\"accordion-section-cols-wrapper has-whisper-background-color has-background-color\">\n        <div class=\"row row-cols\">\n          \n\n\n\n\n<style type=\"text\/css\">\n\t.edit-post-visual-editor [data-block=\"050e8e6426dec3b920bc9e862a7f9029\"] {\n\t\twidth: calc((12 \/ 12) * 100%)!important;\n\t\tmin-width: calc((12 \/ 12) * 100%)!important;\n\t}\n<\/style>\n\n<div id=\"block_050e8e6426dec3b920bc9e862a7f9029\" class=\"col-lg-12 custom-column-block\">\n\t<div class=\"custom-column-wrapper  \">\n\t\t\n\n<ul class=\"wp-block-list\">\n<li>El c\u00f3digo de conducta estudiantil de cada centro debe publicarse en Internet y prohibir el acoso. Cada divisi\u00f3n escolar debe disponer de un procedimiento para que las familias denuncien el acoso (incluso de forma an\u00f3nima) y, en respuesta, la escuela debe investigar e intervenir con prontitud cuando se produzca un comportamiento de acoso. (C\u00f3digo de VA \u00a7 22.1-279.6); <a href=\"https:\/\/vdoe.prod.govaccess.org\/home\/showdocument?id=32839\">Aqu\u00ed hay un enlace a la Pol\u00edtica Modelo del Departamento de Educaci\u00f3n de Virginia para hacer frente a la intimidaci\u00f3n en las escuelas.<\/a><br\/><\/li>\n\n\n\n<li>La ley de Virginia exige que el director notifique a los padres el estado de cualquier investigaci\u00f3n sobre acoso escolar que afecte a su hijo en un plazo de cinco d\u00edas lectivos a partir del incidente. (C\u00f3digo de VA \u00a7 22.1-279.6.)<\/li>\n<\/ul>\n\n\n\t<\/div>\n<\/div>\n\n        <\/div>\n      <\/div>\n  <\/div>\n<\/div>\n\n\n\n\n  <style type=\"text\/css\">\n    #block_df82a353513dd741895df95ab95a291c {\n                                        margin-left: calc(3 * 16px);\n                          margin-right: calc(3 * 16px);\n              \n                                        padding-left: calc(8 * 16px);\n                          padding-right: calc(8 * 16px);\n                  }\n\n    @media screen and (min-width: 768px) and (max-width: 991px) {\n      #block_df82a353513dd741895df95ab95a291c {\n                                                  margin-left: calc(3 * 12px);  \n                                margin-right: calc(3 * 12px);  \n                    \n                                                  padding-left: calc(8 * 12px);\n                                padding-right: calc(8 * 12px);\n                        }\n    }\n\n    @media screen and (min-width: 480px) and (max-width: 767px) {\n      #block_df82a353513dd741895df95ab95a291c {\n                                                  margin-left: calc(3 * 8px);  \n                                margin-right: calc(3 * 8px);  \n                    \n                                                  padding-left: calc(8 * 8px);\n                                padding-right: calc(8 * 8px);\n                        }\n    }\n\n    @media screen and (max-width: 479px) {\n      #block_df82a353513dd741895df95ab95a291c {\n                                                  margin-left: calc(3 * 4px);  \n                                margin-right: calc(3 * 4px);  \n                    \n                                                  padding-left: calc(8 * 4px);\n                                padding-right: calc(8 * 4px);\n                        }\n    }\n\n  <\/style>\n\n\n<div id=\"block_df82a353513dd741895df95ab95a291c\" class=\"accordion-section-block\">\n  <div class=\"container-fluid\">\n              <div class=\"accordion-section-heading-wrapper has-white-background-color has-background-color\">\n          <div class=\"row row-heading\">\n            <div class=\"col-sm-12\">\n              <h2>Solicita una reuni\u00f3n con el personal de la escuela.<\/h2>\n              <p><\/p>\n              <span class=\"toggler\"><\/span>\n            <\/div>\n          <\/div>\n        <\/div>\n      \n      <div class=\"accordion-section-cols-wrapper has-whisper-background-color has-background-color\">\n        <div class=\"row row-cols\">\n          \n\n\n\n\n<style type=\"text\/css\">\n\t.edit-post-visual-editor [data-block=\"050e8e6426dec3b920bc9e862a7f9029\"] {\n\t\twidth: calc((12 \/ 12) * 100%)!important;\n\t\tmin-width: calc((12 \/ 12) * 100%)!important;\n\t}\n<\/style>\n\n<div id=\"block_050e8e6426dec3b920bc9e862a7f9029\" class=\"col-lg-12 custom-column-block\">\n\t<div class=\"custom-column-wrapper  \">\n\t\t\n\n<ul class=\"wp-block-list\">\n<li>Pregunte qu\u00e9 hace el centro escolar para prevenir el acoso y h\u00e1gales responsables de crear un entorno escolar seguro y una estrategia de prevenci\u00f3n del acoso en toda la comunidad.1 Esta es la forma m\u00e1s eficaz de abordar el acoso en las escuelas.2  <a href=\"https:\/\/www.doe.virginia.gov\/programs-services\/student-services\/prevention-strategies-programs\/bullying-prevention\">El Ministerio de Educaci\u00f3n dispone de numerosas estrategias y orientaciones espec\u00edficas para los centros escolares en su sitio web.<\/a><br\/><\/li>\n\n\n\n<li>Propose specific interventions to keep your child safe. Legal Aid Justice Center does not recommend punitive responses to bullying such as suspension and police involvement because they are likely to further distance the bully from the school community and they do not repair the harm done to the victim. Instead, the following may be more effective:<br>\n<ul class=\"wp-block-list\">\n<li>Trabaje con la escuela para crear un plan de seguridad para su hijo (que incluya la supervisi\u00f3n de un adulto, horarios modificados, cambio de clases, transporte especial).<\/li>\n<\/ul>\n<\/li>\n<\/ul>\n\n\n\n<ul class=\"wp-block-list\">\n<li>Provide targeted interventions and responses such as:<br>\n<ul class=\"wp-block-list\">\n<li>Formaci\u00f3n y orientaci\u00f3n claras sobre normas y consecuencias<\/li>\n\n\n\n<li>Mediaci\u00f3n<\/li>\n\n\n\n<li>Asesoramiento<\/li>\n\n\n\n<li>Intervenci\u00f3n entre iguales<\/li>\n\n\n\n<li>Incluir al acosador en la creaci\u00f3n de una soluci\u00f3n de Justicia Restaurativa como:\n<ul class=\"wp-block-list\">\n<li>El acosador debe crear una presentaci\u00f3n sobre el clima escolar positivo<\/li>\n\n\n\n<li>El acosador debe convertirse en el protector del alumno<\/li>\n<\/ul>\n<\/li>\n<\/ul>\n<\/li>\n<\/ul>\n\n\n\t<\/div>\n<\/div>\n\n        <\/div>\n      <\/div>\n  <\/div>\n<\/div>\n\n\n\n\n  <style type=\"text\/css\">\n    #block_0622b42ed05ea9b788eaddf721cee8b7 {\n                                        margin-left: calc(3 * 16px);\n                          margin-right: calc(3 * 16px);\n              \n                                        padding-left: calc(8 * 16px);\n                          padding-right: calc(8 * 16px);\n                  }\n\n    @media screen and (min-width: 768px) and (max-width: 991px) {\n      #block_0622b42ed05ea9b788eaddf721cee8b7 {\n                                                  margin-left: calc(3 * 12px);  \n                                margin-right: calc(3 * 12px);  \n                    \n                                                  padding-left: calc(8 * 12px);\n                                padding-right: calc(8 * 12px);\n                        }\n    }\n\n    @media screen and (min-width: 480px) and (max-width: 767px) {\n      #block_0622b42ed05ea9b788eaddf721cee8b7 {\n                                                  margin-left: calc(3 * 8px);  \n                                margin-right: calc(3 * 8px);  \n                    \n                                                  padding-left: calc(8 * 8px);\n                                padding-right: calc(8 * 8px);\n                        }\n    }\n\n    @media screen and (max-width: 479px) {\n      #block_0622b42ed05ea9b788eaddf721cee8b7 {\n                                                  margin-left: calc(3 * 4px);  \n                                margin-right: calc(3 * 4px);  \n                    \n                                                  padding-left: calc(8 * 4px);\n                                padding-right: calc(8 * 4px);\n                        }\n    }\n\n  <\/style>\n\n\n<div id=\"block_0622b42ed05ea9b788eaddf721cee8b7\" class=\"accordion-section-block\">\n  <div class=\"container-fluid\">\n              <div class=\"accordion-section-heading-wrapper has-white-background-color has-background-color\">\n          <div class=\"row row-heading\">\n            <div class=\"col-sm-12\">\n              <h2>Exija responsabilidades al sistema escolar presentando una denuncia por discriminaci\u00f3n.  <\/h2>\n              <p><\/p>\n              <span class=\"toggler\"><\/span>\n            <\/div>\n          <\/div>\n        <\/div>\n      \n      <div class=\"accordion-section-cols-wrapper has-whisper-background-color has-background-color\">\n        <div class=\"row row-cols\">\n          \n\n\n\n\n<style type=\"text\/css\">\n\t.edit-post-visual-editor [data-block=\"050e8e6426dec3b920bc9e862a7f9029\"] {\n\t\twidth: calc((12 \/ 12) * 100%)!important;\n\t\tmin-width: calc((12 \/ 12) * 100%)!important;\n\t}\n<\/style>\n\n<div id=\"block_050e8e6426dec3b920bc9e862a7f9029\" class=\"col-lg-12 custom-column-block\">\n\t<div class=\"custom-column-wrapper  \">\n\t\t\n\n<p>En algunos casos, la intimidaci\u00f3n equivale a acoso discriminatorio por motivos de \u00abraza, origen nacional, color, sexo (incluidas la orientaci\u00f3n sexual y la identidad de g\u00e9nero), edad, discapacidad o religi\u00f3n\u00bb, y est\u00e1 prohibida por la Ley Federal.3  <a href=\"https:\/\/www.stopbullying.gov\/resources\/laws\/federal\">Las escuelas deben actuar<\/a>  cuando esto ocurre, y su falta de respuesta adecuada puede equivaler a discriminaci\u00f3n. Las familias pueden presentar una denuncia por discriminaci\u00f3n ante <a href=\"https:\/\/ocrcas.ed.gov\/\">la Oficina de Derechos Civiles del Departamento de Educaci\u00f3n<\/a> de Estados Unidos.<\/p>\n\n\n\t<\/div>\n<\/div>\n\n        <\/div>\n      <\/div>\n  <\/div>\n<\/div>\n\n\n\n\n  <style type=\"text\/css\">\n    #block_b1d10b7e98eab38d82472bb26719f686 {\n                                        margin-left: calc(3 * 16px);\n                          margin-right: calc(3 * 16px);\n              \n                                        padding-left: calc(8 * 16px);\n                          padding-right: calc(8 * 16px);\n                  }\n\n    @media screen and (min-width: 768px) and (max-width: 991px) {\n      #block_b1d10b7e98eab38d82472bb26719f686 {\n                                                  margin-left: calc(3 * 12px);  \n                                margin-right: calc(3 * 12px);  \n                    \n                                                  padding-left: calc(8 * 12px);\n                                padding-right: calc(8 * 12px);\n                        }\n    }\n\n    @media screen and (min-width: 480px) and (max-width: 767px) {\n      #block_b1d10b7e98eab38d82472bb26719f686 {\n                                                  margin-left: calc(3 * 8px);  \n                                margin-right: calc(3 * 8px);  \n                    \n                                                  padding-left: calc(8 * 8px);\n                                padding-right: calc(8 * 8px);\n                        }\n    }\n\n    @media screen and (max-width: 479px) {\n      #block_b1d10b7e98eab38d82472bb26719f686 {\n                                                  margin-left: calc(3 * 4px);  \n                                margin-right: calc(3 * 4px);  \n                    \n                                                  padding-left: calc(8 * 4px);\n                                padding-right: calc(8 * 4px);\n                        }\n    }\n\n  <\/style>\n\n\n<div id=\"block_b1d10b7e98eab38d82472bb26719f686\" class=\"accordion-section-block\">\n  <div class=\"container-fluid\">\n              <div class=\"accordion-section-heading-wrapper has-white-background-color has-background-color\">\n          <div class=\"row row-heading\">\n            <div class=\"col-sm-12\">\n              <h2>Reunirse con el equipo del PEI (si su hijo tiene uno)<\/h2>\n              <p><\/p>\n              <span class=\"toggler\"><\/span>\n            <\/div>\n          <\/div>\n        <\/div>\n      \n      <div class=\"accordion-section-cols-wrapper has-whisper-background-color has-background-color\">\n        <div class=\"row row-cols\">\n          \n\n\n\n\n<style type=\"text\/css\">\n\t.edit-post-visual-editor [data-block=\"050e8e6426dec3b920bc9e862a7f9029\"] {\n\t\twidth: calc((12 \/ 12) * 100%)!important;\n\t\tmin-width: calc((12 \/ 12) * 100%)!important;\n\t}\n<\/style>\n\n<div id=\"block_050e8e6426dec3b920bc9e862a7f9029\" class=\"col-lg-12 custom-column-block\">\n\t<div class=\"custom-column-wrapper  \">\n\t\t\n\n<ul class=\"wp-block-list\">\n<li>In serious circumstances, bullying and harassment can deny students a free and appropriate public education (FAPE), which schools are required to provide to students with disabilities.\u00a0<a href=\"https:\/\/www2.ed.gov\/about\/offices\/list\/ocr\/letters\/colleague-bullying-201410.pdf\">The U.S. Department of Education recommends<\/a>\u00a0that schools should convene an IEP or Section 504 Plan team meeting to determine whether the bullying resulted in the IEP no longer benefitting the harassed student. Some examples of when schools should convene an IEP team include when a student has:<br>\n<ul class=\"wp-block-list\">\n<li>Un descenso repentino de las notas;<\/li>\n\n\n\n<li>Estallidos emocionales;<\/li>\n\n\n\n<li>Problemas de comportamiento m\u00e1s frecuentes o intensos; y<\/li>\n\n\n\n<li>Aumento del n\u00famero de clases o servicios perdidos.<\/li>\n<\/ul>\n<\/li>\n<\/ul>\n\n\n\n<p><strong>Como padre, usted es miembro del equipo del IEP y puede solicitar una reuni\u00f3n en cualquier momento.  <\/strong><\/p>\n\n\n\n<p>Fuera de estas \u00e1reas, siempre puede ponerse en contacto con un abogado de lesiones personales para reclamaciones como <a href=\"https:\/\/www.law.cornell.edu\/wex\/intentional_infliction_of_emotional_distress\">Inflicci\u00f3n Intencionada de Angustia Emocional<\/a>. Si el acoso implica un delito -como <a href=\"https:\/\/law.lis.virginia.gov\/vacode\/title18.2\/chapter7\/section18.2-57\/\">agresi\u00f3n o lesiones-<\/a>siempre tienes la opci\u00f3n de ponerte en contacto con la polic\u00eda local, aunque el LAJC aboga firmemente por respuestas menos punitivas.<\/p>\n\n\n\t<\/div>\n<\/div>\n\n        <\/div>\n      <\/div>\n  <\/div>\n<\/div>\n\n\n\n\n  <style type=\"text\/css\">\n    #block_9b6b77e37fd76896de0bf232c0cd80de > div{\n                                        margin-left: calc(8 * 16px);\n                          margin-right: calc(8 * 16px);\n              \n                                        padding-left: calc(8 * 16px);\n                          padding-right: calc(8 * 16px);\n                  }\n\n    @media screen and (min-width: 768px) and (max-width: 991px) {\n      #block_9b6b77e37fd76896de0bf232c0cd80de > div{\n                                                  margin-left: calc(8 * 12px);  \n                                margin-right: calc(8 * 12px);  \n                    \n                                                  padding-left: calc(8 * 12px);\n                                padding-right: calc(8 * 12px);\n                        }\n    }\n\n    @media screen and (min-width: 480px) and (max-width: 767px) {\n      #block_9b6b77e37fd76896de0bf232c0cd80de > div{\n                                                  margin-left: calc(8 * 8px);  \n                                margin-right: calc(8 * 8px);  \n                    \n                                                  padding-left: calc(8 * 8px);\n                                padding-right: calc(8 * 8px);\n                        }\n    }\n\n    @media screen and (max-width: 479px) {\n      #block_9b6b77e37fd76896de0bf232c0cd80de > div{\n                                                  margin-left: calc(8 * 4px);  \n                                margin-right: calc(8 * 4px);  \n                    \n                                                  padding-left: calc(8 * 4px);\n                                padding-right: calc(8 * 4px);\n                        }\n    }\n\n  <\/style>\n\n<style type=\"text\/css\">\n\t.edit-post-visual-editor [data-block=\"9b6b77e37fd76896de0bf232c0cd80de\"] {\n\t\twidth: calc((12 \/ 12) * 100%)!important;\n\t\tmin-width: calc((12 \/ 12) * 100%)!important;\n\t}\n<\/style>\n\n<div id=\"block_9b6b77e37fd76896de0bf232c0cd80de\" class=\"col-lg-12 custom-column-block\">\n\t<div class=\"custom-column-wrapper  \">\n\t\t\n\n<h2 class=\"wp-block-heading is-style-underlined-with-icon has-gunpowder-color has-text-color\"><strong>\u00bfQU\u00c9 OTRAS FUENTES EXISTEN PARA AYUDAR A MI HIJO CON EL ACOSO ESCOLAR?<\/strong><\/h2>\n\n\n\t<\/div>\n<\/div>\n\n\n\n\n  <style type=\"text\/css\">\n    #block_9b6b77e37fd76896de0bf232c0cd80de > div{\n                                        margin-left: calc(8 * 16px);\n                          margin-right: calc(8 * 16px);\n              \n                                        padding-left: calc(8 * 16px);\n                          padding-right: calc(8 * 16px);\n                  }\n\n    @media screen and (min-width: 768px) and (max-width: 991px) {\n      #block_9b6b77e37fd76896de0bf232c0cd80de > div{\n                                                  margin-left: calc(8 * 12px);  \n                                margin-right: calc(8 * 12px);  \n                    \n                                                  padding-left: calc(8 * 12px);\n                                padding-right: calc(8 * 12px);\n                        }\n    }\n\n    @media screen and (min-width: 480px) and (max-width: 767px) {\n      #block_9b6b77e37fd76896de0bf232c0cd80de > div{\n                                                  margin-left: calc(8 * 8px);  \n                                margin-right: calc(8 * 8px);  \n                    \n                                                  padding-left: calc(8 * 8px);\n                                padding-right: calc(8 * 8px);\n                        }\n    }\n\n    @media screen and (max-width: 479px) {\n      #block_9b6b77e37fd76896de0bf232c0cd80de > div{\n                                                  margin-left: calc(8 * 4px);  \n                                margin-right: calc(8 * 4px);  \n                    \n                                                  padding-left: calc(8 * 4px);\n                                padding-right: calc(8 * 4px);\n                        }\n    }\n\n  <\/style>\n\n<style type=\"text\/css\">\n\t.edit-post-visual-editor [data-block=\"9b6b77e37fd76896de0bf232c0cd80de\"] {\n\t\twidth: calc((12 \/ 12) * 100%)!important;\n\t\tmin-width: calc((12 \/ 12) * 100%)!important;\n\t}\n<\/style>\n\n<div id=\"block_9b6b77e37fd76896de0bf232c0cd80de\" class=\"col-lg-12 custom-column-block\">\n\t<div class=\"custom-column-wrapper  \">\n\t\t\n\n<p><strong>A continuaci\u00f3n encontrar\u00e1 recursos para saber si su hijo est\u00e1 siendo acosado y algunas medidas que puede tomar:<\/strong><\/p>\n\n\n\n<ul class=\"wp-block-list\">\n<li>Aqu\u00ed tienes algunas <a href=\"https:\/\/www.stompoutbullying.org\/what-do-if-your-child-being-bullied-and-resources\">ideas<\/a> sobre c\u00f3mo documentar cuando tu hijo est\u00e1 siendo acosado.<\/li>\n\n\n\n<li>He aqu\u00ed un ejemplo de carta para enviar a las escuelas por acoso en general.<\/li>\n\n\n\n<li>Aqu\u00ed tienes <a href=\"https:\/\/www.stompoutbullying.org\/bullying-prevention-bill-rights-students-and-parents\">ejemplos de cartas<\/a> para enviar a los colegios para alumnos con planes <a href=\"https:\/\/www.pacer.org\/bullying\/pdf\/Student-w-504-Plan-Notifying-School-About-Bullying.doc\">504<\/a> o un <a href=\"https:\/\/www.pacer.org\/bullying\/pdf\/Student-w-IEP-Notifying-School-About-Bullying.doc\">IEP<\/a>.<\/li>\n\n\n\n<li>Aqu\u00ed tienes un <a href=\"https:\/\/www.pacer.org\/publications\/bullypdf\/BP-4.pdf\">recurso<\/a> sobre c\u00f3mo incluir disposiciones antiacoso en los PEI.<\/li>\n\n\n\n<li>He aqu\u00ed algunos consejos de la Fiscal\u00eda General de Virginia para <a href=\"https:\/\/www.oag.state.va.us\/files\/Programs\/Bullying_ParentsTips.pdf\">padres<\/a> y <a href=\"https:\/\/www.oag.state.va.us\/files\/Programs\/Bullying_StudentTips.pdf\">alumnos<\/a> en relaci\u00f3n con el acoso escolar.<\/li>\n\n\n\n<li>Aqu\u00ed tienes algunas <a href=\"https:\/\/www.cybersmile.org\/advice-help\/category\/who-to-call\">l\u00edneas de ayuda<\/a> para estudiantes que sufren acoso escolar.<\/li>\n<\/ul>\n\n\n\t<\/div>\n<\/div>\n\n\n<div class=\"wp-block-buttons is-content-justification-center is-layout-flex wp-container-core-buttons-is-layout-16018d1d wp-block-buttons-is-layout-flex\">\n<div class=\"wp-block-button is-style-primary\"><a class=\"wp-block-button__link wp-element-button\" href=\"https:\/\/www.justice4all.org\/wp-content\/uploads\/2023\/05\/DESIGN_Bullying-Rights-and-Responsabilities-2.pdf\" target=\"_blank\" rel=\"noreferrer noopener\">DESCARGAR COMO PDF<\/a><\/div>\n\n\n\n<div class=\"wp-block-button is-style-secondary\"><a class=\"wp-block-button__link wp-element-button\" href=\"https:\/\/www.justice4all.org\/wp-content\/uploads\/2023\/05\/DESIGN_Bullying-Rights-and-Responsabilities_SPA.pdf\" target=\"_blank\" rel=\"noreferrer noopener\">DOWNLOAD IN ENGLISH<\/a><\/div>\n<\/div>\n\n\n\t<\/div>\n<\/div>\n<p><\/p>\n","protected":false},"excerpt":{"rendered":"","protected":false},"author":4,"featured_media":0,"parent":10497,"menu_order":0,"comment_status":"closed","ping_status":"closed","template":"","meta":{"footnotes":""},"lajc-tax-roles":[],"lajc-tax-issues":[83],"lajc-tax-locations":[],"class_list":["post-13192","page","type-page","status-publish","hentry","lajc-tax-issues-youth-family-schools-es"],"acf":[],"yoast_head":"<!-- This site is optimized with the Yoast SEO plugin v27.5 - https:\/\/yoast.com\/product\/yoast-seo-wordpress\/ -->\n<title>Acoso escolar: Conoce tus derechos - Legal Aid Justice Center<\/title>\n<meta name=\"description\" content=\"La ley de Virginia define el acoso escolar como &quot;cualquier comportamiento agresivo y no deseado que pretenda da\u00f1ar, intimidar o humillar a la v\u00edctima; implique un desequilibrio de poder real o percibido entre el agresor o agresores y la v\u00edctima; y se repita en el tiempo o cause un trauma emocional grave&quot;. Esto incluye el acoso cibern\u00e9tico, pero no incluye &quot;las burlas ordinarias, payasadas, discusiones o conflictos entre compa\u00f1eros.&quot;\" \/>\n<meta name=\"robots\" content=\"index, follow, max-snippet:-1, max-image-preview:large, max-video-preview:-1\" \/>\n<link rel=\"canonical\" href=\"https:\/\/www.justice4all.org\/es\/que-hacemos\/juventud-familia-y-escuelas\/acoso-escolar-conoce-tus-derechos\/\" \/>\n<meta property=\"og:locale\" content=\"es_ES\" \/>\n<meta property=\"og:type\" content=\"article\" \/>\n<meta property=\"og:title\" content=\"Acoso escolar: Conoce tus derechos - Legal Aid Justice Center\" \/>\n<meta property=\"og:description\" content=\"La ley de Virginia define el acoso escolar como &quot;cualquier comportamiento agresivo y no deseado que pretenda da\u00f1ar, intimidar o humillar a la v\u00edctima; implique un desequilibrio de poder real o percibido entre el agresor o agresores y la v\u00edctima; y se repita en el tiempo o cause un trauma emocional grave&quot;. Esto incluye el acoso cibern\u00e9tico, pero no incluye &quot;las burlas ordinarias, payasadas, discusiones o conflictos entre compa\u00f1eros.&quot;\" \/>\n<meta property=\"og:url\" content=\"https:\/\/www.justice4all.org\/es\/que-hacemos\/juventud-familia-y-escuelas\/acoso-escolar-conoce-tus-derechos\/\" \/>\n<meta property=\"og:site_name\" content=\"Legal Aid Justice Center\" \/>\n<meta property=\"article:modified_time\" content=\"2023-08-29T19:16:19+00:00\" \/>\n<meta name=\"twitter:card\" content=\"summary_large_image\" \/>\n<meta name=\"twitter:label1\" content=\"Tiempo de lectura\" \/>\n\t<meta name=\"twitter:data1\" content=\"4 minuto\" \/>\n<script type=\"application\/ld+json\" class=\"yoast-schema-graph\">{\"@context\":\"https:\\\/\\\/schema.org\",\"@graph\":[{\"@type\":\"WebPage\",\"@id\":\"https:\\\/\\\/www.justice4all.org\\\/es\\\/que-hacemos\\\/juventud-familia-y-escuelas\\\/acoso-escolar-conoce-tus-derechos\\\/\",\"url\":\"https:\\\/\\\/www.justice4all.org\\\/es\\\/que-hacemos\\\/juventud-familia-y-escuelas\\\/acoso-escolar-conoce-tus-derechos\\\/\",\"name\":\"Acoso escolar: Conoce tus derechos - Legal Aid Justice Center\",\"isPartOf\":{\"@id\":\"https:\\\/\\\/www.justice4all.org\\\/es\\\/#website\"},\"datePublished\":\"2022-07-07T12:08:23+00:00\",\"dateModified\":\"2023-08-29T19:16:19+00:00\",\"description\":\"La ley de Virginia define el acoso escolar como \\\"cualquier comportamiento agresivo y no deseado que pretenda da\u00f1ar, intimidar o humillar a la v\u00edctima; implique un desequilibrio de poder real o percibido entre el agresor o agresores y la v\u00edctima; y se repita en el tiempo o cause un trauma emocional grave\\\". Esto incluye el acoso cibern\u00e9tico, pero no incluye \\\"las burlas ordinarias, payasadas, discusiones o conflictos entre compa\u00f1eros.\\\"\",\"breadcrumb\":{\"@id\":\"https:\\\/\\\/www.justice4all.org\\\/es\\\/que-hacemos\\\/juventud-familia-y-escuelas\\\/acoso-escolar-conoce-tus-derechos\\\/#breadcrumb\"},\"inLanguage\":\"es\",\"potentialAction\":[{\"@type\":\"ReadAction\",\"target\":[\"https:\\\/\\\/www.justice4all.org\\\/es\\\/que-hacemos\\\/juventud-familia-y-escuelas\\\/acoso-escolar-conoce-tus-derechos\\\/\"]}]},{\"@type\":\"BreadcrumbList\",\"@id\":\"https:\\\/\\\/www.justice4all.org\\\/es\\\/que-hacemos\\\/juventud-familia-y-escuelas\\\/acoso-escolar-conoce-tus-derechos\\\/#breadcrumb\",\"itemListElement\":[{\"@type\":\"ListItem\",\"position\":1,\"name\":\"Home\",\"item\":\"https:\\\/\\\/www.justice4all.org\\\/es\\\/\"},{\"@type\":\"ListItem\",\"position\":2,\"name\":\"Qu\u00e9 hacemos\",\"item\":\"https:\\\/\\\/www.justice4all.org\\\/es\\\/que-hacemos\\\/\"},{\"@type\":\"ListItem\",\"position\":3,\"name\":\"Juventud, familia y escuelas\",\"item\":\"https:\\\/\\\/www.justice4all.org\\\/es\\\/que-hacemos\\\/juventud-familia-y-escuelas\\\/\"},{\"@type\":\"ListItem\",\"position\":4,\"name\":\"Acoso escolar: Conoce tus derechos\"}]},{\"@type\":\"WebSite\",\"@id\":\"https:\\\/\\\/www.justice4all.org\\\/es\\\/#website\",\"url\":\"https:\\\/\\\/www.justice4all.org\\\/es\\\/\",\"name\":\"Legal Aid Justice Center\",\"description\":\"\",\"potentialAction\":[{\"@type\":\"SearchAction\",\"target\":{\"@type\":\"EntryPoint\",\"urlTemplate\":\"https:\\\/\\\/www.justice4all.org\\\/es\\\/?s={search_term_string}\"},\"query-input\":{\"@type\":\"PropertyValueSpecification\",\"valueRequired\":true,\"valueName\":\"search_term_string\"}}],\"inLanguage\":\"es\"}]}<\/script>\n<!-- \/ Yoast SEO plugin. -->","yoast_head_json":{"title":"Acoso escolar: Conoce tus derechos - Legal Aid Justice Center","description":"La ley de Virginia define el acoso escolar como \"cualquier comportamiento agresivo y no deseado que pretenda da\u00f1ar, intimidar o humillar a la v\u00edctima; implique un desequilibrio de poder real o percibido entre el agresor o agresores y la v\u00edctima; y se repita en el tiempo o cause un trauma emocional grave\". Esto incluye el acoso cibern\u00e9tico, pero no incluye \"las burlas ordinarias, payasadas, discusiones o conflictos entre compa\u00f1eros.\"","robots":{"index":"index","follow":"follow","max-snippet":"max-snippet:-1","max-image-preview":"max-image-preview:large","max-video-preview":"max-video-preview:-1"},"canonical":"https:\/\/www.justice4all.org\/es\/que-hacemos\/juventud-familia-y-escuelas\/acoso-escolar-conoce-tus-derechos\/","og_locale":"es_ES","og_type":"article","og_title":"Acoso escolar: Conoce tus derechos - Legal Aid Justice Center","og_description":"La ley de Virginia define el acoso escolar como \"cualquier comportamiento agresivo y no deseado que pretenda da\u00f1ar, intimidar o humillar a la v\u00edctima; implique un desequilibrio de poder real o percibido entre el agresor o agresores y la v\u00edctima; y se repita en el tiempo o cause un trauma emocional grave\". Esto incluye el acoso cibern\u00e9tico, pero no incluye \"las burlas ordinarias, payasadas, discusiones o conflictos entre compa\u00f1eros.\"","og_url":"https:\/\/www.justice4all.org\/es\/que-hacemos\/juventud-familia-y-escuelas\/acoso-escolar-conoce-tus-derechos\/","og_site_name":"Legal Aid Justice Center","article_modified_time":"2023-08-29T19:16:19+00:00","twitter_card":"summary_large_image","twitter_misc":{"Tiempo de lectura":"4 minuto"},"schema":{"@context":"https:\/\/schema.org","@graph":[{"@type":"WebPage","@id":"https:\/\/www.justice4all.org\/es\/que-hacemos\/juventud-familia-y-escuelas\/acoso-escolar-conoce-tus-derechos\/","url":"https:\/\/www.justice4all.org\/es\/que-hacemos\/juventud-familia-y-escuelas\/acoso-escolar-conoce-tus-derechos\/","name":"Acoso escolar: Conoce tus derechos - Legal Aid Justice Center","isPartOf":{"@id":"https:\/\/www.justice4all.org\/es\/#website"},"datePublished":"2022-07-07T12:08:23+00:00","dateModified":"2023-08-29T19:16:19+00:00","description":"La ley de Virginia define el acoso escolar como \"cualquier comportamiento agresivo y no deseado que pretenda da\u00f1ar, intimidar o humillar a la v\u00edctima; implique un desequilibrio de poder real o percibido entre el agresor o agresores y la v\u00edctima; y se repita en el tiempo o cause un trauma emocional grave\". Esto incluye el acoso cibern\u00e9tico, pero no incluye \"las burlas ordinarias, payasadas, discusiones o conflictos entre compa\u00f1eros.\"","breadcrumb":{"@id":"https:\/\/www.justice4all.org\/es\/que-hacemos\/juventud-familia-y-escuelas\/acoso-escolar-conoce-tus-derechos\/#breadcrumb"},"inLanguage":"es","potentialAction":[{"@type":"ReadAction","target":["https:\/\/www.justice4all.org\/es\/que-hacemos\/juventud-familia-y-escuelas\/acoso-escolar-conoce-tus-derechos\/"]}]},{"@type":"BreadcrumbList","@id":"https:\/\/www.justice4all.org\/es\/que-hacemos\/juventud-familia-y-escuelas\/acoso-escolar-conoce-tus-derechos\/#breadcrumb","itemListElement":[{"@type":"ListItem","position":1,"name":"Home","item":"https:\/\/www.justice4all.org\/es\/"},{"@type":"ListItem","position":2,"name":"Qu\u00e9 hacemos","item":"https:\/\/www.justice4all.org\/es\/que-hacemos\/"},{"@type":"ListItem","position":3,"name":"Juventud, familia y escuelas","item":"https:\/\/www.justice4all.org\/es\/que-hacemos\/juventud-familia-y-escuelas\/"},{"@type":"ListItem","position":4,"name":"Acoso escolar: Conoce tus derechos"}]},{"@type":"WebSite","@id":"https:\/\/www.justice4all.org\/es\/#website","url":"https:\/\/www.justice4all.org\/es\/","name":"Legal Aid Justice Center","description":"","potentialAction":[{"@type":"SearchAction","target":{"@type":"EntryPoint","urlTemplate":"https:\/\/www.justice4all.org\/es\/?s={search_term_string}"},"query-input":{"@type":"PropertyValueSpecification","valueRequired":true,"valueName":"search_term_string"}}],"inLanguage":"es"}]}},"_links":{"self":[{"href":"https:\/\/www.justice4all.org\/es\/wp-json\/wp\/v2\/pages\/13192","targetHints":{"allow":["GET"]}}],"collection":[{"href":"https:\/\/www.justice4all.org\/es\/wp-json\/wp\/v2\/pages"}],"about":[{"href":"https:\/\/www.justice4all.org\/es\/wp-json\/wp\/v2\/types\/page"}],"author":[{"embeddable":true,"href":"https:\/\/www.justice4all.org\/es\/wp-json\/wp\/v2\/users\/4"}],"replies":[{"embeddable":true,"href":"https:\/\/www.justice4all.org\/es\/wp-json\/wp\/v2\/comments?post=13192"}],"version-history":[{"count":0,"href":"https:\/\/www.justice4all.org\/es\/wp-json\/wp\/v2\/pages\/13192\/revisions"}],"up":[{"embeddable":true,"href":"https:\/\/www.justice4all.org\/es\/wp-json\/wp\/v2\/pages\/10497"}],"wp:attachment":[{"href":"https:\/\/www.justice4all.org\/es\/wp-json\/wp\/v2\/media?parent=13192"}],"wp:term":[{"taxonomy":"lajc-tax-roles","embeddable":true,"href":"https:\/\/www.justice4all.org\/es\/wp-json\/wp\/v2\/lajc-tax-roles?post=13192"},{"taxonomy":"lajc-tax-issues","embeddable":true,"href":"https:\/\/www.justice4all.org\/es\/wp-json\/wp\/v2\/lajc-tax-issues?post=13192"},{"taxonomy":"lajc-tax-locations","embeddable":true,"href":"https:\/\/www.justice4all.org\/es\/wp-json\/wp\/v2\/lajc-tax-locations?post=13192"}],"curies":[{"name":"wp","href":"https:\/\/api.w.org\/{rel}","templated":true}]}}