{"id":13155,"date":"2022-06-29T16:33:37","date_gmt":"2022-06-29T16:33:37","guid":{"rendered":"https:\/\/lajc2023stg.wpengine.com\/quienes-somos\/"},"modified":"2022-06-29T16:33:37","modified_gmt":"2022-06-29T16:33:37","slug":"quienes-somos","status":"publish","type":"page","link":"https:\/\/www.justice4all.org\/es\/quienes-somos\/","title":{"rendered":"Qui\u00e9nes somos"},"content":{"rendered":"<div class=\"lajc-m-content\"><img decoding=\"async\" width=\"2048\" height=\"142\" src=\"https:\/\/www.justice4all.org\/wp-content\/uploads\/2022\/11\/About-LAJC-01-1-2048x142.png\" alt=\"\" loading=\"lazy\" srcset=\"https:\/\/www.justice4all.org\/wp-content\/uploads\/2022\/11\/About-LAJC-01-1-2048x142.png 2048w, https:\/\/www.justice4all.org\/wp-content\/uploads\/2022\/11\/About-LAJC-01-1-300x21.png 300w, https:\/\/www.justice4all.org\/wp-content\/uploads\/2022\/11\/About-LAJC-01-1-1024x71.png 1024w, https:\/\/www.justice4all.org\/wp-content\/uploads\/2022\/11\/About-LAJC-01-1-768x53.png 768w, https:\/\/www.justice4all.org\/wp-content\/uploads\/2022\/11\/About-LAJC-01-1-1536x107.png 1536w\" sizes=\"auto, (max-width: 2048px) 100vw, 2048px\">\t\t\t\t\t\t\t\t\t\t\t<\/p>\n<p><strong>El Centro de Justicia de Asistencia Jur\u00eddica colabora con comunidades y clientes para luchar por la justicia racial, social y econ\u00f3mica desmantelando los sistemas que crean y perpet\u00faan la pobreza.<\/strong><\/p>\n<ul>\n<li>Creemos que los problemas jur\u00eddicos individuales de nuestros clientes est\u00e1n vinculados a sistemas de injusticia y opresi\u00f3n.\n<\/li>\n<li>Creemos que las estrategias jur\u00eddicas y organizativas pueden desmantelar los sistemas sociales, raciales y econ\u00f3micos que mantienen a las personas en la pobreza.\n<\/li>\n<li>Creemos que la pobreza es una cuesti\u00f3n de justicia racial.\n<\/li>\n<li>Creemos que la creaci\u00f3n de un cambio sostenible a largo plazo en las comunidades que sufren la pobreza es la base de nuestra defensa.\n<\/li>\n<li>Creemos que la representaci\u00f3n directa forma parte de nuestra estrategia para luchar contra los sistemas de injusticia y opresi\u00f3n.\n<\/li>\n<li>Creemos que considerar los casos individuales como parte de sistemas sociales y pol\u00edticos m\u00e1s amplios nos permite establecer nuestras prioridades y distribuir nuestros recursos para lograr el mayor impacto positivo.\n<\/li>\n<li>Nos comprometemos a garantizar que tanto nosotros como las organizaciones con las que trabajamos funcionamos de forma acorde con los valores y objetivos de equidad y justicia racial que apoyamos. Esto incluye asegurarse de que la igualdad racial se refleja en la contrataci\u00f3n, la cultura organizativa, las comunicaciones y las asociaciones comunitarias, especialmente con las comunidades de color con bajos ingresos.  <\/li>\n<\/ul>\n<p>\t\t\t\t\t\t\t\t\t\t<img decoding=\"async\" width=\"1024\" height=\"59\" src=\"https:\/\/www.justice4all.org\/wp-content\/uploads\/2022\/06\/Separation-1024x59.png\" alt=\"\" loading=\"lazy\" srcset=\"https:\/\/www.justice4all.org\/wp-content\/uploads\/2022\/06\/Separation-1024x59.png 1024w, https:\/\/www.justice4all.org\/wp-content\/uploads\/2022\/06\/Separation-300x17.png 300w, https:\/\/www.justice4all.org\/wp-content\/uploads\/2022\/06\/Separation-768x44.png 768w, https:\/\/www.justice4all.org\/wp-content\/uploads\/2022\/06\/Separation-1536x89.png 1536w, https:\/\/www.justice4all.org\/wp-content\/uploads\/2022\/06\/Separation-2048x119.png 2048w\" sizes=\"auto, (max-width: 1024px) 100vw, 1024px\"><br \/>\n\t\t\t\t\t\t\t\t\t\t<img decoding=\"async\" width=\"2048\" height=\"277\" src=\"https:\/\/www.justice4all.org\/wp-content\/uploads\/2022\/06\/Captura-de-Pantalla-2022-06-30-a-las-9.53.51-a.m.-2048x277.png\" alt=\"\" loading=\"lazy\" srcset=\"https:\/\/www.justice4all.org\/wp-content\/uploads\/2022\/06\/Captura-de-Pantalla-2022-06-30-a-las-9.53.51-a.m.-2048x277.png 2048w, https:\/\/www.justice4all.org\/wp-content\/uploads\/2022\/06\/Captura-de-Pantalla-2022-06-30-a-las-9.53.51-a.m.-300x41.png 300w, https:\/\/www.justice4all.org\/wp-content\/uploads\/2022\/06\/Captura-de-Pantalla-2022-06-30-a-las-9.53.51-a.m.-1024x138.png 1024w, https:\/\/www.justice4all.org\/wp-content\/uploads\/2022\/06\/Captura-de-Pantalla-2022-06-30-a-las-9.53.51-a.m.-768x104.png 768w, https:\/\/www.justice4all.org\/wp-content\/uploads\/2022\/06\/Captura-de-Pantalla-2022-06-30-a-las-9.53.51-a.m.-1536x208.png 1536w\" sizes=\"auto, (max-width: 2048px) 100vw, 2048px\">\t\t\t\t\t\t\t\t\t\t\t<\/p>\n<h2>Plan Estrat\u00e9gico 2022-2026 del LAJC<\/h2>\n<p>Nuestro Plan de Transformaci\u00f3n 2022-2026 se elabor\u00f3 en consulta con miembros de la comunidad y organizaciones asociadas. El plan incluye cuatro \u00e1reas de impacto en las que trabajar\u00e1 el LAJC.<strong style=\"font-size: 15px; color: var( --e-global-color-text ); letter-spacing: 0.1em;\"> <\/strong><\/p>\n<p><strong>CENTRAREMOS A\u00daN M\u00c1S NUESTRO TRABAJO EN UNA PROFUNDA COLABORACI\u00d3N CON LAS COMUNIDADES DIRECTAMENTE PERJUDICADAS POR EL RACISMO SIST\u00c9MICO.<\/strong><\/p>\n<ul>\n<li>\n<p><em>Es fundamental que establezcamos relaciones de confianza con las comunidades directamente perjudicadas por el racismo sist\u00e9mico. Queremos satisfacer las necesidades urgentes de supervivencia de una comunidad proporcion\u00e1ndoles ayuda jur\u00eddica individualizada, al tiempo que les ayudamos a construir su poder como grupo para que puedan forjar su propio futuro.<\/em><\/p>\n<\/li>\n<\/ul>\n<p><strong>NOS EXPANDIREMOS PARA LOGRAR JUSTICIA PARA LAS PERSONAS DE TODA VIRGINIA.<\/strong><\/p>\n<ul>\n<li>\n<p><em>Nuestra defensa de pol\u00edticas, comunicaciones, organizaci\u00f3n y litigios de impacto ya tienen repercusiones en todo el estado, por lo que es importante que seamos responsables ante las personas de las comunidades de todo el estado mediante la ampliaci\u00f3n de nuestra presencia geogr\u00e1fica y el establecimiento de relaciones m\u00e1s s\u00f3lidas con las personas afectadas y los socios de la comunidad en las zonas donde actualmente no tenemos personal.<\/em><\/p>\n<\/li>\n<\/ul>\n<p><strong>COMPARTIREMOS PODER Y RECURSOS.  <\/strong><\/p>\n<ul>\n<li>\n<p><em>Para cumplir nuestra misi\u00f3n, necesitamos aprovechar los conocimientos, las capacidades, el tiempo y el trabajo de otras personas y organizaciones, incluidas las de comunidades con escasos recursos, por lo que debemos buscar formas de compartir nuestros recursos e invitarlas a participar en la toma de decisiones.<\/em><\/p>\n<\/li>\n<\/ul>\n<p><strong>APLICAREMOS NUESTROS VALORES A NUESTROS PROPIOS SISTEMAS Y CULTURA INTERNOS.<\/strong><\/p>\n<ul>\n<li>\n<p><em>No podemos lograr el cambio que deseamos ver en el mundo a menos que nosotros mismos adoptemos pol\u00edticas y pr\u00e1cticas antirracistas deliberadas. Es fundamental que integremos el compromiso del LAJC con la justicia racial en toda la organizaci\u00f3n, apoyando el bienestar de nuestro personal y aplicando un an\u00e1lisis antirracista a los programas, la planificaci\u00f3n estrat\u00e9gica y las pol\u00edticas y sistemas internos.<\/em><\/p>\n<\/li>\n<\/ul>\n<p><strong>Para que todo esto suceda, nuestro plan nos exige dar los siguientes pasos:<\/strong><\/p>\n<ul>\n<li>\n<p>Dise\u00f1ar y aplicar normas en toda la organizaci\u00f3n para centrar las voces de la comunidad en nuestra defensa  <\/p>\n<\/li>\n<li>\n<p>A partir de nuestro proyecto sobre trabajadores agr\u00edcolas, crear un nuevo programa centrado en los trabajadores y la justicia laboral.<\/p>\n<\/li>\n<li>Invertir en nuestros esfuerzos de justicia sanitaria con la creaci\u00f3n de un nuevo programa dedicado a abordar las enormes disparidades sist\u00e9micas en el acceso a la atenci\u00f3n sanitaria y las prestaciones p\u00fablicas.\n<p>beneficios.<\/li>\n<li>\n<p>Ampliar nuestras operaciones f\u00edsicas reconstruyendo nuestra presencia en Petersburg y estableciendo una nueva presencia en Hampton Roads.<\/p>\n<\/li>\n<li>\n<p>Mejorar nuestra capacidad de prestar apoyo jur\u00eddico, organizativo, de recaudaci\u00f3n de fondos, de comunicaci\u00f3n y de otro tipo para ayudar a los grupos comunitarios a alcanzar sus objetivos.  <\/p>\n<\/li>\n<li>\n<p>Auditar y mejorar nuestros sistemas internos para garantizar que mantienen nuestro compromiso con la equidad, la transparencia y el reparto de poder en toda la organizaci\u00f3n.  <\/p>\n<\/li>\n<li>\n<p>Proporcionar salarios y prestaciones competitivos, ofrecer trabajo flexible permanente, aumentar el apoyo operativo y administrativo, y mantener una cultura de amor y aceptaci\u00f3n radicales y de apoyo mutuo.<\/p>\n<\/li>\n<\/ul>\n<p><strong><a href=\"https:\/\/www.justice4all.org\/wp-content\/uploads\/\">Haga clic aqu\u00ed para la versi\u00f3n PDF<\/a><\/strong><\/p>\n<p>\t\t\t<a href=\"https:\/\/www.justice4all.org\/es\/lajc-plan-estrategico-2022-2026\/\" role=\"button\"><br \/>\n  Lea el Plan Estrat\u00e9gico 2022-2026 de la LACJ completo aqu\u00ed<br \/>\n\t\t\t\t\t<\/a><br \/>\n\t\t\t<a href=\"https:\/\/www.justice4all.org\/wp-content\/uploads\/2020\/02\/2020-2025-LAJC-Strategic-Plan-FOR-WEB.pdf\" role=\"button\"><br \/>\n  Lea aqu\u00ed nuestro anterior Plan Estrat\u00e9gico (2020-2022)<br \/>\n\t\t\t\t\t<\/a><\/div>\n","protected":false},"excerpt":{"rendered":"<p>El Centro de Justicia de Asistencia Jur\u00eddica colabora con comunidades y clientes para luchar por la justicia racial, social y econ\u00f3mica desmantelando los sistemas que crean y perpet\u00faan la pobreza. Creemos que los problemas jur\u00eddicos individuales de nuestros clientes est\u00e1n vinculados a sistemas de injusticia y opresi\u00f3n. Creemos que las estrategias jur\u00eddicas y organizativas pueden [&hellip;]<\/p>\n","protected":false},"author":4,"featured_media":0,"parent":0,"menu_order":0,"comment_status":"closed","ping_status":"closed","template":"","meta":{"footnotes":""},"lajc-tax-roles":[],"lajc-tax-issues":[],"lajc-tax-locations":[],"class_list":["post-13155","page","type-page","status-publish","hentry"],"acf":[],"yoast_head":"<!-- This site is optimized with the Yoast SEO plugin v27.5 - https:\/\/yoast.com\/product\/yoast-seo-wordpress\/ -->\n<title>Qui\u00e9nes somos - Legal Aid Justice Center<\/title>\n<meta name=\"robots\" content=\"index, follow, max-snippet:-1, max-image-preview:large, max-video-preview:-1\" \/>\n<link rel=\"canonical\" href=\"https:\/\/www.justice4all.org\/es\/quienes-somos\/\" \/>\n<meta property=\"og:locale\" content=\"es_ES\" \/>\n<meta property=\"og:type\" content=\"article\" \/>\n<meta property=\"og:title\" content=\"Qui\u00e9nes somos - Legal Aid Justice Center\" \/>\n<meta property=\"og:description\" content=\"El Centro de Justicia de Asistencia Jur\u00eddica colabora con comunidades y clientes para luchar por la justicia racial, social y econ\u00f3mica desmantelando los sistemas que crean y perpet\u00faan la pobreza. Creemos que los problemas jur\u00eddicos individuales de nuestros clientes est\u00e1n vinculados a sistemas de injusticia y opresi\u00f3n. Creemos que las estrategias jur\u00eddicas y organizativas pueden [&hellip;]\" \/>\n<meta property=\"og:url\" content=\"https:\/\/www.justice4all.org\/es\/quienes-somos\/\" \/>\n<meta property=\"og:site_name\" content=\"Legal Aid Justice Center\" \/>\n<meta property=\"og:image\" content=\"https:\/\/www.justice4all.org\/wp-content\/uploads\/2022\/11\/About-LAJC-01-1-2048x142.png\" \/>\n<meta name=\"twitter:card\" content=\"summary_large_image\" \/>\n<meta name=\"twitter:label1\" content=\"Tiempo de lectura\" \/>\n\t<meta name=\"twitter:data1\" content=\"4 minuto\" \/>\n<script type=\"application\/ld+json\" class=\"yoast-schema-graph\">{\"@context\":\"https:\\\/\\\/schema.org\",\"@graph\":[{\"@type\":\"WebPage\",\"@id\":\"https:\\\/\\\/www.justice4all.org\\\/es\\\/quienes-somos\\\/\",\"url\":\"https:\\\/\\\/www.justice4all.org\\\/es\\\/quienes-somos\\\/\",\"name\":\"Qui\u00e9nes somos - Legal Aid Justice Center\",\"isPartOf\":{\"@id\":\"https:\\\/\\\/www.justice4all.org\\\/es\\\/#website\"},\"primaryImageOfPage\":{\"@id\":\"https:\\\/\\\/www.justice4all.org\\\/es\\\/quienes-somos\\\/#primaryimage\"},\"image\":{\"@id\":\"https:\\\/\\\/www.justice4all.org\\\/es\\\/quienes-somos\\\/#primaryimage\"},\"thumbnailUrl\":\"https:\\\/\\\/www.justice4all.org\\\/wp-content\\\/uploads\\\/2022\\\/11\\\/About-LAJC-01-1-2048x142.png\",\"datePublished\":\"2022-06-29T16:33:37+00:00\",\"breadcrumb\":{\"@id\":\"https:\\\/\\\/www.justice4all.org\\\/es\\\/quienes-somos\\\/#breadcrumb\"},\"inLanguage\":\"es\",\"potentialAction\":[{\"@type\":\"ReadAction\",\"target\":[\"https:\\\/\\\/www.justice4all.org\\\/es\\\/quienes-somos\\\/\"]}]},{\"@type\":\"ImageObject\",\"inLanguage\":\"es\",\"@id\":\"https:\\\/\\\/www.justice4all.org\\\/es\\\/quienes-somos\\\/#primaryimage\",\"url\":\"https:\\\/\\\/www.justice4all.org\\\/wp-content\\\/uploads\\\/2022\\\/11\\\/About-LAJC-01-1-2048x142.png\",\"contentUrl\":\"https:\\\/\\\/www.justice4all.org\\\/wp-content\\\/uploads\\\/2022\\\/11\\\/About-LAJC-01-1-2048x142.png\"},{\"@type\":\"BreadcrumbList\",\"@id\":\"https:\\\/\\\/www.justice4all.org\\\/es\\\/quienes-somos\\\/#breadcrumb\",\"itemListElement\":[{\"@type\":\"ListItem\",\"position\":1,\"name\":\"Home\",\"item\":\"https:\\\/\\\/www.justice4all.org\\\/es\\\/\"},{\"@type\":\"ListItem\",\"position\":2,\"name\":\"Qui\u00e9nes somos\"}]},{\"@type\":\"WebSite\",\"@id\":\"https:\\\/\\\/www.justice4all.org\\\/es\\\/#website\",\"url\":\"https:\\\/\\\/www.justice4all.org\\\/es\\\/\",\"name\":\"Legal Aid Justice Center\",\"description\":\"\",\"potentialAction\":[{\"@type\":\"SearchAction\",\"target\":{\"@type\":\"EntryPoint\",\"urlTemplate\":\"https:\\\/\\\/www.justice4all.org\\\/es\\\/?s={search_term_string}\"},\"query-input\":{\"@type\":\"PropertyValueSpecification\",\"valueRequired\":true,\"valueName\":\"search_term_string\"}}],\"inLanguage\":\"es\"}]}<\/script>\n<!-- \/ Yoast SEO plugin. -->","yoast_head_json":{"title":"Qui\u00e9nes somos - Legal Aid Justice Center","robots":{"index":"index","follow":"follow","max-snippet":"max-snippet:-1","max-image-preview":"max-image-preview:large","max-video-preview":"max-video-preview:-1"},"canonical":"https:\/\/www.justice4all.org\/es\/quienes-somos\/","og_locale":"es_ES","og_type":"article","og_title":"Qui\u00e9nes somos - Legal Aid Justice Center","og_description":"El Centro de Justicia de Asistencia Jur\u00eddica colabora con comunidades y clientes para luchar por la justicia racial, social y econ\u00f3mica desmantelando los sistemas que crean y perpet\u00faan la pobreza. Creemos que los problemas jur\u00eddicos individuales de nuestros clientes est\u00e1n vinculados a sistemas de injusticia y opresi\u00f3n. Creemos que las estrategias jur\u00eddicas y organizativas pueden [&hellip;]","og_url":"https:\/\/www.justice4all.org\/es\/quienes-somos\/","og_site_name":"Legal Aid Justice Center","og_image":[{"url":"https:\/\/www.justice4all.org\/wp-content\/uploads\/2022\/11\/About-LAJC-01-1-2048x142.png","type":"","width":"","height":""}],"twitter_card":"summary_large_image","twitter_misc":{"Tiempo de lectura":"4 minuto"},"schema":{"@context":"https:\/\/schema.org","@graph":[{"@type":"WebPage","@id":"https:\/\/www.justice4all.org\/es\/quienes-somos\/","url":"https:\/\/www.justice4all.org\/es\/quienes-somos\/","name":"Qui\u00e9nes somos - Legal Aid Justice Center","isPartOf":{"@id":"https:\/\/www.justice4all.org\/es\/#website"},"primaryImageOfPage":{"@id":"https:\/\/www.justice4all.org\/es\/quienes-somos\/#primaryimage"},"image":{"@id":"https:\/\/www.justice4all.org\/es\/quienes-somos\/#primaryimage"},"thumbnailUrl":"https:\/\/www.justice4all.org\/wp-content\/uploads\/2022\/11\/About-LAJC-01-1-2048x142.png","datePublished":"2022-06-29T16:33:37+00:00","breadcrumb":{"@id":"https:\/\/www.justice4all.org\/es\/quienes-somos\/#breadcrumb"},"inLanguage":"es","potentialAction":[{"@type":"ReadAction","target":["https:\/\/www.justice4all.org\/es\/quienes-somos\/"]}]},{"@type":"ImageObject","inLanguage":"es","@id":"https:\/\/www.justice4all.org\/es\/quienes-somos\/#primaryimage","url":"https:\/\/www.justice4all.org\/wp-content\/uploads\/2022\/11\/About-LAJC-01-1-2048x142.png","contentUrl":"https:\/\/www.justice4all.org\/wp-content\/uploads\/2022\/11\/About-LAJC-01-1-2048x142.png"},{"@type":"BreadcrumbList","@id":"https:\/\/www.justice4all.org\/es\/quienes-somos\/#breadcrumb","itemListElement":[{"@type":"ListItem","position":1,"name":"Home","item":"https:\/\/www.justice4all.org\/es\/"},{"@type":"ListItem","position":2,"name":"Qui\u00e9nes somos"}]},{"@type":"WebSite","@id":"https:\/\/www.justice4all.org\/es\/#website","url":"https:\/\/www.justice4all.org\/es\/","name":"Legal Aid Justice Center","description":"","potentialAction":[{"@type":"SearchAction","target":{"@type":"EntryPoint","urlTemplate":"https:\/\/www.justice4all.org\/es\/?s={search_term_string}"},"query-input":{"@type":"PropertyValueSpecification","valueRequired":true,"valueName":"search_term_string"}}],"inLanguage":"es"}]}},"_links":{"self":[{"href":"https:\/\/www.justice4all.org\/es\/wp-json\/wp\/v2\/pages\/13155","targetHints":{"allow":["GET"]}}],"collection":[{"href":"https:\/\/www.justice4all.org\/es\/wp-json\/wp\/v2\/pages"}],"about":[{"href":"https:\/\/www.justice4all.org\/es\/wp-json\/wp\/v2\/types\/page"}],"author":[{"embeddable":true,"href":"https:\/\/www.justice4all.org\/es\/wp-json\/wp\/v2\/users\/4"}],"replies":[{"embeddable":true,"href":"https:\/\/www.justice4all.org\/es\/wp-json\/wp\/v2\/comments?post=13155"}],"version-history":[{"count":0,"href":"https:\/\/www.justice4all.org\/es\/wp-json\/wp\/v2\/pages\/13155\/revisions"}],"wp:attachment":[{"href":"https:\/\/www.justice4all.org\/es\/wp-json\/wp\/v2\/media?parent=13155"}],"wp:term":[{"taxonomy":"lajc-tax-roles","embeddable":true,"href":"https:\/\/www.justice4all.org\/es\/wp-json\/wp\/v2\/lajc-tax-roles?post=13155"},{"taxonomy":"lajc-tax-issues","embeddable":true,"href":"https:\/\/www.justice4all.org\/es\/wp-json\/wp\/v2\/lajc-tax-issues?post=13155"},{"taxonomy":"lajc-tax-locations","embeddable":true,"href":"https:\/\/www.justice4all.org\/es\/wp-json\/wp\/v2\/lajc-tax-locations?post=13155"}],"curies":[{"name":"wp","href":"https:\/\/api.w.org\/{rel}","templated":true}]}}