{"id":10490,"date":"2023-06-02T14:58:03","date_gmt":"2023-06-02T14:58:03","guid":{"rendered":"https:\/\/lajc2023stg.wpengine.com\/que-hacemos\/sistema-juridico-penal\/cancelacion-de-antecedentes-penales\/virginia-2021-sellado-de-registros\/"},"modified":"2025-07-11T13:12:55","modified_gmt":"2025-07-11T13:12:55","slug":"virginia-2021-sellado-de-registros","status":"publish","type":"page","link":"https:\/\/www.justice4all.org\/es\/que-hacemos\/sistema-juridico-penal\/cancelacion-de-antecedentes-penales\/virginia-2021-sellado-de-registros\/","title":{"rendered":"Virginia 2021 Sellado de registros"},"content":{"rendered":"\n\n\n\n<style type=\"text\/css\">\n\t.edit-post-visual-editor [data-block=\"91d6f48e70c9ae85aecc5626168ff55a\"] {\n\t\twidth: calc((12 \/ 12) * 100%)!important;\n\t\tmin-width: calc((12 \/ 12) * 100%)!important;\n\t}\n<\/style>\n\n<div id=\"block_91d6f48e70c9ae85aecc5626168ff55a\" class=\"col-lg-12 custom-column-block\">\n\t<div class=\"custom-column-wrapper  \">\n\t\t\n\n\n\n  <style type=\"text\/css\">\n    #block_508321eb80a3813da4b9086fa0c4b08d > div{\n                                        margin-left: calc(8 * 16px);\n                          margin-right: calc(8 * 16px);\n              \n                                        padding-left: calc(8 * 16px);\n                          padding-right: calc(8 * 16px);\n                  }\n\n    @media screen and (min-width: 768px) and (max-width: 991px) {\n      #block_508321eb80a3813da4b9086fa0c4b08d > div{\n                                                  margin-left: calc(8 * 12px);  \n                                margin-right: calc(8 * 12px);  \n                    \n                                                  padding-left: calc(8 * 12px);\n                                padding-right: calc(8 * 12px);\n                        }\n    }\n\n    @media screen and (min-width: 480px) and (max-width: 767px) {\n      #block_508321eb80a3813da4b9086fa0c4b08d > div{\n                                                  margin-left: calc(8 * 8px);  \n                                margin-right: calc(8 * 8px);  \n                    \n                                                  padding-left: calc(8 * 8px);\n                                padding-right: calc(8 * 8px);\n                        }\n    }\n\n    @media screen and (max-width: 479px) {\n      #block_508321eb80a3813da4b9086fa0c4b08d > div{\n                                                  margin-left: calc(8 * 4px);  \n                                margin-right: calc(8 * 4px);  \n                    \n                                                  padding-left: calc(8 * 4px);\n                                padding-right: calc(8 * 4px);\n                        }\n    }\n\n  <\/style>\n\n<style type=\"text\/css\">\n\t.edit-post-visual-editor [data-block=\"508321eb80a3813da4b9086fa0c4b08d\"] {\n\t\twidth: calc((12 \/ 12) * 100%)!important;\n\t\tmin-width: calc((12 \/ 12) * 100%)!important;\n\t}\n<\/style>\n\n<div id=\"block_508321eb80a3813da4b9086fa0c4b08d\" class=\"col-lg-12 custom-column-block\">\n\t<div class=\"custom-column-wrapper  \">\n\t\t\n\n<h2 class=\"wp-block-heading is-style-underlined-with-icon\">CONOZCA SUS DERECHOS:<\/h2>\n\n\n\n<h2 class=\"wp-block-heading has-gunpowder-color has-text-color\" style=\"font-size:53px\"><strong>Leyes de sellado de registros de Virginia para 2021 y 2025<\/strong> <\/h2>\n\n\n\t<\/div>\n<\/div>\n\n\n\n\n  <style type=\"text\/css\">\n    #block_508321eb80a3813da4b9086fa0c4b08d > div{\n                                        margin-left: calc(8 * 16px);\n                          margin-right: calc(8 * 16px);\n              \n                                        padding-left: calc(8 * 16px);\n                          padding-right: calc(8 * 16px);\n                  }\n\n    @media screen and (min-width: 768px) and (max-width: 991px) {\n      #block_508321eb80a3813da4b9086fa0c4b08d > div{\n                                                  margin-left: calc(8 * 12px);  \n                                margin-right: calc(8 * 12px);  \n                    \n                                                  padding-left: calc(8 * 12px);\n                                padding-right: calc(8 * 12px);\n                        }\n    }\n\n    @media screen and (min-width: 480px) and (max-width: 767px) {\n      #block_508321eb80a3813da4b9086fa0c4b08d > div{\n                                                  margin-left: calc(8 * 8px);  \n                                margin-right: calc(8 * 8px);  \n                    \n                                                  padding-left: calc(8 * 8px);\n                                padding-right: calc(8 * 8px);\n                        }\n    }\n\n    @media screen and (max-width: 479px) {\n      #block_508321eb80a3813da4b9086fa0c4b08d > div{\n                                                  margin-left: calc(8 * 4px);  \n                                margin-right: calc(8 * 4px);  \n                    \n                                                  padding-left: calc(8 * 4px);\n                                padding-right: calc(8 * 4px);\n                        }\n    }\n\n  <\/style>\n\n<style type=\"text\/css\">\n\t.edit-post-visual-editor [data-block=\"508321eb80a3813da4b9086fa0c4b08d\"] {\n\t\twidth: calc((12 \/ 12) * 100%)!important;\n\t\tmin-width: calc((12 \/ 12) * 100%)!important;\n\t}\n<\/style>\n\n<div id=\"block_508321eb80a3813da4b9086fa0c4b08d\" class=\"col-lg-12 custom-column-block\">\n\t<div class=\"custom-column-wrapper  \">\n\t\t\n\n<p><strong><strong>En 2021, la Asamblea General de Virginia aprob\u00f3 una nueva ley que ampliar\u00e1 en gran medida los requisitos para el sellado de antecedentes. En 2025, la Asamblea General modific\u00f3 esa ley de varias maneras.<\/strong> <\/strong><\/p>\n\n\n\n<p>No condenas, muchas condenas por delitos menores, y algunas condenas por delitos graves ser\u00e1n elegibles para el sellado, y algunos de estos registros ser\u00e1n sellados autom\u00e1ticamente en lugar del t\u00edpico proceso judicial. Desgraciadamente, esta ley no entra en vigor hasta el 1 de julio de 2026.  <\/p>\n\n\n\n<p><strong>Consulte la siguiente informaci\u00f3n para obtener m\u00e1s informaci\u00f3n sobre la nueva ley de sellado de antecedentes y c\u00f3mo se aplica en diferentes situaciones legales<\/strong>. Echa un vistazo a nuestra<a href=\"https:\/\/www.justice4all.org\/expungement\/\" target=\"_blank\" rel=\"noreferrer noopener\">p\u00e1gina sobre eliminaci\u00f3n de antecedentes penales<\/a>para obtener m\u00e1s informaci\u00f3n sobre nuestra eliminaci\u00f3n de antecedentes penales y sellado de registros.  <\/p>\n\n\n\t<\/div>\n<\/div>\n\n\n\n\n  <style type=\"text\/css\">\n    #block_2b2271c5511e5540bcc819455cc6251b {\n                                        margin-left: calc(3 * 16px);\n                          margin-right: calc(3 * 16px);\n              \n                                        padding-left: calc(8 * 16px);\n                          padding-right: calc(8 * 16px);\n                  }\n\n    @media screen and (min-width: 768px) and (max-width: 991px) {\n      #block_2b2271c5511e5540bcc819455cc6251b {\n                                                  margin-left: calc(3 * 12px);  \n                                margin-right: calc(3 * 12px);  \n                    \n                                                  padding-left: calc(8 * 12px);\n                                padding-right: calc(8 * 12px);\n                        }\n    }\n\n    @media screen and (min-width: 480px) and (max-width: 767px) {\n      #block_2b2271c5511e5540bcc819455cc6251b {\n                                                  margin-left: calc(3 * 8px);  \n                                margin-right: calc(3 * 8px);  \n                    \n                                                  padding-left: calc(8 * 8px);\n                                padding-right: calc(8 * 8px);\n                        }\n    }\n\n    @media screen and (max-width: 479px) {\n      #block_2b2271c5511e5540bcc819455cc6251b {\n                                                  margin-left: calc(3 * 4px);  \n                                margin-right: calc(3 * 4px);  \n                    \n                                                  padding-left: calc(8 * 4px);\n                                padding-right: calc(8 * 4px);\n                        }\n    }\n\n  <\/style>\n\n\n<div id=\"block_2b2271c5511e5540bcc819455cc6251b\" class=\"accordion-section-block\">\n  <div class=\"container-fluid\">\n              <div class=\"accordion-section-heading-wrapper has-white-background-color has-background-color\">\n          <div class=\"row row-heading\">\n            <div class=\"col-sm-12\">\n              <h2>Nueva Ley de Sellado de Registros de Virginia: Preguntas frecuentes<\/h2>\n              <p><\/p>\n              <span class=\"toggler\"><\/span>\n            <\/div>\n          <\/div>\n        <\/div>\n      \n      <div class=\"accordion-section-cols-wrapper has-whisper-background-color has-background-color\">\n        <div class=\"row row-cols\">\n          \n\n\n\n\n<style type=\"text\/css\">\n\t.edit-post-visual-editor [data-block=\"91d6f48e70c9ae85aecc5626168ff55a\"] {\n\t\twidth: calc((12 \/ 12) * 100%)!important;\n\t\tmin-width: calc((12 \/ 12) * 100%)!important;\n\t}\n<\/style>\n\n<div id=\"block_91d6f48e70c9ae85aecc5626168ff55a\" class=\"col-lg-12 custom-column-block\">\n\t<div class=\"custom-column-wrapper  \">\n\t\t\n\n<p><strong>\u00bfCu\u00e1l es la diferencia entre el sellado y la cancelaci\u00f3n de antecedentes penales?<\/strong><\/p>\n\n\n\n<p>En Virginia, no mucho. En algunos estados, la cancelaci\u00f3n significa que los antecedentes penales se han destruido totalmente, mientras que el sellado significa que los antecedentes se han colocado en un lugar seguro al que s\u00f3lo pueden acceder unas pocas personas por motivos muy concretos. La ley actual de Virginia dice \u00abexpungement\u00bb (eliminaci\u00f3n de antecedentes penales) mientras que la nueva ley dice \u00absealing\u00bb (sellado), pero los t\u00e9rminos se definen de forma similar. En Virginia, la eliminaci\u00f3n de antecedentes penales significa que un expediente ha sido colocado en un lugar seguro donde s\u00f3lo unas pocas personas pueden acceder a \u00e9l por razones muy espec\u00edficas, tales como un secretario de la corte que tiene acceso para que pueda cobrar los pagos de las multas o cuotas que a\u00fan se adeudan en el caso. Seg\u00fan la nueva ley, el sellado significa que el expediente se trasladar\u00e1 a una zona confidencial y segura inaccesible al uso normal. Una vez sellado o cancelado un expediente, s\u00f3lo se puede acceder a \u00e9l obteniendo una orden judicial y \u00fanicamente por algunos motivos espec\u00edficos establecidos en la ley. Y lo que es m\u00e1s importante, con independencia de que el expediente se selle o se elimine, la mayor\u00eda de los empleadores y arrendadores ya no tendr\u00e1n acceso a \u00e9l.<\/p>\n\n\n\n<p><strong>\u00bfHay algo que pueda hacer para borrar los registros ahora mismo?<\/strong><\/p>\n\n\n\n<p>\u00a1Quiz\u00e1s! Virginia ya cuenta con una ley de cancelaci\u00f3n de antecedentes penales, que permite a las personas cuyos casos fueron desestimados, abandonados o que fueron declaradas inocentes, solicitar a un tribunal la cancelaci\u00f3n de esos antecedentes. Aunque no todo el mundo cumple los requisitos para la cancelaci\u00f3n de antecedentes penales en virtud de esta ley, hasta que la nueva ley entre en vigor, esta es la \u00fanica manera de borrar los antecedentes penales en Virginia.<\/p>\n\n\n\n<p><strong>\u00bfCu\u00e1ndo entra en vigor la nueva ley?<\/strong><\/p>\n\n\n\n<p>1 de julio de 2026. El sellado autom\u00e1tico comenzar\u00e1 el 1 de octubre de 2026.  La Asamblea General retras\u00f3 la fecha de entrada en vigor de la nueva ley para dar tiempo a los tribunales y a la Polic\u00eda Estatal de Virginia a actualizar sus sistemas inform\u00e1ticos.  <\/p>\n\n\n\n<p><strong>\u00bfC\u00f3mo s\u00e9 si mi expediente puede ser sellado con arreglo a la nueva ley?<\/strong><\/p>\n\n\n\n<p>Lea nuestra informaci\u00f3n (m\u00e1s abajo) sobre el sellado de documentos en distintas situaciones jur\u00eddicas.<\/p>\n\n\n\n<p><strong>\u00bfCu\u00e1nto dura el proceso?<\/strong><\/p>\n\n\n\n<p>Seg\u00fan la actual ley de cancelaci\u00f3n de antecedentes penales de Virginia, incluso con la ayuda de un abogado, la cancelaci\u00f3n de los antecedentes penales suele tardar al menos nueve meses, y a veces mucho m\u00e1s. Como la nueva ley incluye el sellado autom\u00e1tico, algunos expedientes se sellar\u00e1n mensualmente, en cuanto cumplan los requisitos. El proceso de sellado por petici\u00f3n seguir\u00e1 durando varios meses, pero una de las causas de los retrasos con arreglo a la antigua ley es el requisito de que se tomen las huellas dactilares a las personas. Con la nueva ley, se ha eliminado el requisito de las huellas dactilares, lo que deber\u00eda acelerar un poco el proceso.<\/p>\n\n\n\n<p><strong>\u00bfQuieres ponerte en contacto con otras personas que se organizan para la eliminaci\u00f3n de antecedentes penales?<\/strong><\/p>\n\n\n\n<p>El Virginia Expungement Council da la bienvenida a las personas afectadas por antecedentes penales. Env\u00ede un correo electr\u00f3nico a vaexpungementcouncil@gmail.com para obtener m\u00e1s informaci\u00f3n y conocer las pr\u00f3ximas reuniones.<\/p>\n\n\n\n<p><a href=\"https:\/\/www.justice4all.org\/wp-content\/uploads\/2023\/06\/expungement-faq-final.pdf\" target=\"_blank\" rel=\"noreferrer noopener\">Ver esta informaci\u00f3n en pdf.<\/a><\/p>\n\n\n\t<\/div>\n<\/div>\n\n        <\/div>\n      <\/div>\n  <\/div>\n<\/div>\n\n\n\n\n  <style type=\"text\/css\">\n    #block_ad1b8d0757d23615e693f0a1286a48a3 {\n                                        margin-left: calc(3 * 16px);\n                          margin-right: calc(3 * 16px);\n              \n                                        padding-left: calc(8 * 16px);\n                          padding-right: calc(8 * 16px);\n                  }\n\n    @media screen and (min-width: 768px) and (max-width: 991px) {\n      #block_ad1b8d0757d23615e693f0a1286a48a3 {\n                                                  margin-left: calc(3 * 12px);  \n                                margin-right: calc(3 * 12px);  \n                    \n                                                  padding-left: calc(8 * 12px);\n                                padding-right: calc(8 * 12px);\n                        }\n    }\n\n    @media screen and (min-width: 480px) and (max-width: 767px) {\n      #block_ad1b8d0757d23615e693f0a1286a48a3 {\n                                                  margin-left: calc(3 * 8px);  \n                                margin-right: calc(3 * 8px);  \n                    \n                                                  padding-left: calc(8 * 8px);\n                                padding-right: calc(8 * 8px);\n                        }\n    }\n\n    @media screen and (max-width: 479px) {\n      #block_ad1b8d0757d23615e693f0a1286a48a3 {\n                                                  margin-left: calc(3 * 4px);  \n                                margin-right: calc(3 * 4px);  \n                    \n                                                  padding-left: calc(8 * 4px);\n                                padding-right: calc(8 * 4px);\n                        }\n    }\n\n  <\/style>\n\n\n<div id=\"block_ad1b8d0757d23615e693f0a1286a48a3\" class=\"accordion-section-block\">\n  <div class=\"container-fluid\">\n              <div class=\"accordion-section-heading-wrapper has-white-background-color has-background-color\">\n          <div class=\"row row-heading\">\n            <div class=\"col-sm-12\">\n              <h2>\u00bfQu\u00e9 ocurre cuando se sella mi expediente?<\/h2>\n              <p><\/p>\n              <span class=\"toggler\"><\/span>\n            <\/div>\n          <\/div>\n        <\/div>\n      \n      <div class=\"accordion-section-cols-wrapper has-whisper-background-color has-background-color\">\n        <div class=\"row row-cols\">\n          \n\n\n\n\n<style type=\"text\/css\">\n\t.edit-post-visual-editor [data-block=\"91d6f48e70c9ae85aecc5626168ff55a\"] {\n\t\twidth: calc((12 \/ 12) * 100%)!important;\n\t\tmin-width: calc((12 \/ 12) * 100%)!important;\n\t}\n<\/style>\n\n<div id=\"block_91d6f48e70c9ae85aecc5626168ff55a\" class=\"col-lg-12 custom-column-block\">\n\t<div class=\"custom-column-wrapper  \">\n\t\t\n\n<p><strong>\u00bfQu\u00e9 es el sellado?<\/strong><\/p>\n\n\n\n<p>La Commonwealth conserva dos copias de cada registro de antecedentes penales. Uno lo conserva la Polic\u00eda Estatal de Virginia y el otro el tribunal donde se acus\u00f3 a la persona. La nueva ley define el sellado como la prohibici\u00f3n de compartir la difusi\u00f3n de estos dos registros - lo que significa que el tribunal no le dir\u00e1 a nadie que usted fue acusado, excepto en ciertas circunstancias en las que hay una orden judicial (v\u00e9ase m\u00e1s adelante).  <\/p>\n\n\n\n<p><strong>\u00bfSe puede acceder a los expedientes sellados en algunas situaciones?<\/strong><\/p>\n\n\n\n<p>S\u00ed. La Asamblea General cre\u00f3 una lista de situaciones en las que determinadas personas u organismos gubernamentales pueden acceder a registros sellados, pero s\u00f3lo si obtienen una orden judicial para ello. La polic\u00eda y los fiscales no pueden ver los expedientes sellados a menos que obtengan una orden judicial.<\/p>\n\n\n\n<p>He aqu\u00ed algunas situaciones en las que se puede obtener una orden judicial para acceder a unos antecedentes penales sellados:<\/p>\n\n\n\n<ul class=\"wp-block-list\">\n<li>Custodia de menores<\/li>\n\n\n\n<li>Procedimientos de orden de protecci\u00f3n<\/li>\n\n\n\n<li>Para impugnar la credibilidad de un testigo que declara en un proceso judicial<\/li>\n\n\n\n<li>Para determinar si una persona puede poseer un arma de fuego<\/li>\n\n\n\n<li>Para determinar si una persona puede ser miembro de un jurado<\/li>\n\n\n\n<li>El Departamento de Servicios Sociales y los departamentos locales de servicios sociales pueden solicitar dichos registros para llevar a cabo sus funciones.<\/li>\n\n\n\n<li>Tambi\u00e9n puede solicitar una copia de su propio expediente sellado.<\/li>\n<\/ul>\n\n\n\n<p><strong>\u00bfQu\u00e9 quiere decir con \u00abla mayor\u00eda\u00bb de los posibles empleadores?<\/strong><\/p>\n\n\n\n<p>Algunos empleadores exigen la divulgaci\u00f3n de todos los registros, incluso los sellados. Si est\u00e1 solicitando trabajo (o incluso ser voluntario) para la Polic\u00eda Estatal de Virginia o un departamento de polic\u00eda local u oficina del sheriff y no revela sus antecedentes sellados, puede ser condenado por perjurio, un delito grave. Otros empleadores de<br\/>tambi\u00e9n pueden exigir la divulgaci\u00f3n de los expedientes sellados si otras leyes estatales o federales dicen que la divulgaci\u00f3n es necesaria, o si la divulgaci\u00f3n es en inter\u00e9s de la seguridad nacional. Dado que el perjurio requiere un acto voluntario, el posible empleador tiene la obligaci\u00f3n de decirle que debe revelar el expediente sellado.<\/p>\n\n\n\n<p>La mayor\u00eda de los posibles empleadores no podr\u00e1n exigirle que revele un expediente sellado. Un empleador que le pregunte sobre antecedentes sellados cuando la ley no le obliga a revelarlos ser\u00e1 culpable de un delito menor de clase 1.<\/p>\n\n\n\n<p><strong>\u00bfQu\u00e9 puedo hacer si mi expediente est\u00e1 sellado pero sigue apareciendo en las comprobaciones de antecedentes?<\/strong><\/p>\n\n\n\n<p>La nueva ley aborda esta situaci\u00f3n exigiendo a las empresas que compran y venden antecedentes penales que eliminen los registros sellados. La nueva ley obliga a estas empresas a registrarse en la Polic\u00eda Estatal de Virginia y a mantener actualizados sus registros. Si una empresa se niega a borrar su expediente sellado, en virtud de la nueva ley usted o el Fiscal General de Virginia pueden presentar una demanda y reclamar a la empresa una indemnizaci\u00f3n por da\u00f1os y perjuicios.<\/p>\n\n\n\t<\/div>\n<\/div>\n\n        <\/div>\n      <\/div>\n  <\/div>\n<\/div>\n\n\n\n\n  <style type=\"text\/css\">\n    #block_eed65afc5af3da2c04b76996ea2a0f7e {\n                                        margin-left: calc(3 * 16px);\n                          margin-right: calc(3 * 16px);\n              \n                                        padding-left: calc(8 * 16px);\n                          padding-right: calc(8 * 16px);\n                  }\n\n    @media screen and (min-width: 768px) and (max-width: 991px) {\n      #block_eed65afc5af3da2c04b76996ea2a0f7e {\n                                                  margin-left: calc(3 * 12px);  \n                                margin-right: calc(3 * 12px);  \n                    \n                                                  padding-left: calc(8 * 12px);\n                                padding-right: calc(8 * 12px);\n                        }\n    }\n\n    @media screen and (min-width: 480px) and (max-width: 767px) {\n      #block_eed65afc5af3da2c04b76996ea2a0f7e {\n                                                  margin-left: calc(3 * 8px);  \n                                margin-right: calc(3 * 8px);  \n                    \n                                                  padding-left: calc(8 * 8px);\n                                padding-right: calc(8 * 8px);\n                        }\n    }\n\n    @media screen and (max-width: 479px) {\n      #block_eed65afc5af3da2c04b76996ea2a0f7e {\n                                                  margin-left: calc(3 * 4px);  \n                                margin-right: calc(3 * 4px);  \n                    \n                                                  padding-left: calc(8 * 4px);\n                                padding-right: calc(8 * 4px);\n                        }\n    }\n\n  <\/style>\n\n\n<div id=\"block_eed65afc5af3da2c04b76996ea2a0f7e\" class=\"accordion-section-block\">\n  <div class=\"container-fluid\">\n              <div class=\"accordion-section-heading-wrapper has-white-background-color has-background-color\">\n          <div class=\"row row-heading\">\n            <div class=\"col-sm-12\">\n              <h2>Sellado de condenas por delitos menores y sobreseimientos diferidos  <\/h2>\n              <p><\/p>\n              <span class=\"toggler\"><\/span>\n            <\/div>\n          <\/div>\n        <\/div>\n      \n      <div class=\"accordion-section-cols-wrapper has-whisper-background-color has-background-color\">\n        <div class=\"row row-cols\">\n          \n\n\n\n\n<style type=\"text\/css\">\n\t.edit-post-visual-editor [data-block=\"91d6f48e70c9ae85aecc5626168ff55a\"] {\n\t\twidth: calc((12 \/ 12) * 100%)!important;\n\t\tmin-width: calc((12 \/ 12) * 100%)!important;\n\t}\n<\/style>\n\n<div id=\"block_91d6f48e70c9ae85aecc5626168ff55a\" class=\"col-lg-12 custom-column-block\">\n\t<div class=\"custom-column-wrapper  \">\n\t\t\n\n<p><strong>Sellado autom\u00e1tico:<\/strong><\/p>\n\n\n\n<p>Si te condenaron o aplazaron y desestimaron una acusaci\u00f3n por uno de los siguientes delitos menores, tus antecedentes podr\u00e1n sellarse autom\u00e1ticamente cuando Virginia comience a sellar autom\u00e1ticamente los antecedentes penales el 1 de octubre de 2026:  <\/p>\n\n\n\n<ul class=\"wp-block-list\">\n<li>Hurto menor<\/li>\n\n\n\n<li>Ocultaci\u00f3n o hurto  <\/li>\n\n\n\n<li>Entrada ilegal tras hab\u00e9rsele prohibido<\/li>\n\n\n\n<li>Instigar la intrusi\u00f3n de terceros<\/li>\n\n\n\n<li>Allanamiento de morada<\/li>\n\n\n\n<li>Posesi\u00f3n de marihuana<\/li>\n\n\n\n<li>Posesi\u00f3n de marihuana con intenci\u00f3n de distribuirla (no el delito grave)<\/li>\n\n\n\n<li>Conducta desordenada<\/li>\n<\/ul>\n\n\n\n<p>Requisitos adicionales para el sellado autom\u00e1tico de delitos menores:<\/p>\n\n\n\n<ul class=\"wp-block-list\">\n<li>En la fecha de tu condena o sobreseimiento diferido, no hab\u00edas sido tambi\u00e9n condenado por -o hab\u00edas recibido un sobreseimiento diferido por- otro delito no enumerado anteriormente  <\/li>\n\n\n\n<li>Han pasado siete a\u00f1os desde la fecha de la condena<\/li>\n\n\n\n<li>No fuiste condenado por ning\u00fan delito (excluidas las infracciones de tr\u00e1fico) en ning\u00fan lugar de EE.UU. durante esos siete a\u00f1os<br\/> *Estos<em> requisitos no se aplican al sellado de condenas por posesi\u00f3n de marihuana (no por distribuci\u00f3n) <\/em>.  <\/li>\n<\/ul>\n\n\n\n<p><\/p>\n\n\n\n<p>Tambi\u00e9n puedes presentar para sellar cualquier asunto accesorio relacionado en la misma petici\u00f3n, entre los que se incluyen:  <\/p>\n\n\n\n<ul start=\"1\" class=\"wp-block-list\">\n<li>violaci\u00f3n o presunta violaci\u00f3n de los t\u00e9rminos y condiciones de una condena suspendida, libertad condicional o libertad vigilada;  <\/li>\n<\/ul>\n\n\n\n<ul start=\"2\" class=\"wp-block-list\">\n<li>violaci\u00f3n o presunta violaci\u00f3n de desacato al tribunal;  <\/li>\n<\/ul>\n\n\n\n<ul start=\"3\" class=\"wp-block-list\">\n<li>acusaci\u00f3n o condena por incomparecencia  <\/li>\n<\/ul>\n\n\n\n<ul start=\"4\" class=\"wp-block-list\">\n<li>recurso contra una orden de libertad bajo fianza, fianza o reconocimiento.  <\/li>\n<\/ul>\n\n\n\n<p><br\/><strong>Solicitar a un tribunal que selle su expediente (no autom\u00e1tico):<\/strong><\/p>\n\n\n\n<p>Si te condenaron por un delito menor, es posible que puedas solicitar a un tribunal que selle tus antecedentes a partir del 1 de julio de 2026. Las enmiendas de 2025 excluyeron varios cargos y categor\u00edas de cargos de la elegibilidad para el sellado, lo que significa que no pueden sellarse. Para obtener una lista completa de cargos y categor\u00edas no elegibles, consulta nuestra secci\u00f3n \u00abDelitos no elegibles\u00bb.    <\/p>\n\n\n\n<p>Requisitos adicionales de elegibilidad para una condena por un delito menor o un aplazamiento:  <\/p>\n\n\n\n<ul class=\"wp-block-list\">\n<li>Nunca ha sido condenado por un delito grave de clase 1 o 2<\/li>\n\n\n\n<li>No ha sido condenado por un delito grave de clase 3 \u00f3 4 en los \u00faltimos 20 a\u00f1os.<\/li>\n\n\n\n<li>No ha sido condenado por ning\u00fan delito grave en los \u00faltimos 10 a\u00f1os<\/li>\n\n\n\n<li>Han transcurrido siete a\u00f1os desde la fecha de la condena\/excarcelaci\u00f3n o la fecha de la puesta en libertad (incluidas las condenas y el encarcelamiento por incumplimiento de condena), lo que sea posterior.  <\/li>\n\n\n\n<li>No haber sido condenado por ning\u00fan delito (excluidas las infracciones de tr\u00e1fico) en ning\u00fan lugar de EE.UU. durante esos siete a\u00f1os.<\/li>\n\n\n\n<li>Si los registros judiciales indican que el delito implic\u00f3 el uso o la dependencia de alcohol o drogas, debe demostrar su rehabilitaci\u00f3n<\/li>\n<\/ul>\n\n\n\n<p><strong>L\u00edmites de por vida:<\/strong><\/p>\n\n\n\n<p>La nueva ley impone un l\u00edmite de por vida al n\u00famero de veces que una persona puede sellar condenas y sobreseimientos diferidos. Cada persona puede sellar condenas y sobreseimientos diferidos de s\u00f3lo dos sentencias.  Es posible que haya sido condenado por varios cargos por un tribunal el mismo d\u00eda, si es as\u00ed, estos cuentan como un solo evento de sentencia. El l\u00edmite de por vida no se aplica a las expurgaciones (sobreseimientos, absoluciones, nolle prosequi), a los cargos que se sellan autom\u00e1ticamente ni a los asuntos accesorios que se incluyen en la petici\u00f3n con la condena o el sobreseimiento diferido.  <\/p>\n\n\n\n<p><a href=\"https:\/\/www.justice4all.org\/wp-content\/uploads\/2021\/07\/expungement-misdemeanor.pdf\">Ver esta informaci\u00f3n en pdf.<\/a><\/p>\n\n\n\t<\/div>\n<\/div>\n\n        <\/div>\n      <\/div>\n  <\/div>\n<\/div>\n\n\n\n\n  <style type=\"text\/css\">\n    #block_2bb4eb076447fc79ed2e67c483432996 {\n                                        margin-left: calc(3 * 16px);\n                          margin-right: calc(3 * 16px);\n              \n                                        padding-left: calc(8 * 16px);\n                          padding-right: calc(8 * 16px);\n                  }\n\n    @media screen and (min-width: 768px) and (max-width: 991px) {\n      #block_2bb4eb076447fc79ed2e67c483432996 {\n                                                  margin-left: calc(3 * 12px);  \n                                margin-right: calc(3 * 12px);  \n                    \n                                                  padding-left: calc(8 * 12px);\n                                padding-right: calc(8 * 12px);\n                        }\n    }\n\n    @media screen and (min-width: 480px) and (max-width: 767px) {\n      #block_2bb4eb076447fc79ed2e67c483432996 {\n                                                  margin-left: calc(3 * 8px);  \n                                margin-right: calc(3 * 8px);  \n                    \n                                                  padding-left: calc(8 * 8px);\n                                padding-right: calc(8 * 8px);\n                        }\n    }\n\n    @media screen and (max-width: 479px) {\n      #block_2bb4eb076447fc79ed2e67c483432996 {\n                                                  margin-left: calc(3 * 4px);  \n                                margin-right: calc(3 * 4px);  \n                    \n                                                  padding-left: calc(8 * 4px);\n                                padding-right: calc(8 * 4px);\n                        }\n    }\n\n  <\/style>\n\n\n<div id=\"block_2bb4eb076447fc79ed2e67c483432996\" class=\"accordion-section-block\">\n  <div class=\"container-fluid\">\n              <div class=\"accordion-section-heading-wrapper has-white-background-color has-background-color\">\n          <div class=\"row row-heading\">\n            <div class=\"col-sm-12\">\n              <h2>Sellado de delitos menores no condenados<\/h2>\n              <p><\/p>\n              <span class=\"toggler\"><\/span>\n            <\/div>\n          <\/div>\n        <\/div>\n      \n      <div class=\"accordion-section-cols-wrapper has-whisper-background-color has-background-color\">\n        <div class=\"row row-cols\">\n          \n\n\n\n\n<style type=\"text\/css\">\n\t.edit-post-visual-editor [data-block=\"91d6f48e70c9ae85aecc5626168ff55a\"] {\n\t\twidth: calc((12 \/ 12) * 100%)!important;\n\t\tmin-width: calc((12 \/ 12) * 100%)!important;\n\t}\n<\/style>\n\n<div id=\"block_91d6f48e70c9ae85aecc5626168ff55a\" class=\"col-lg-12 custom-column-block\">\n\t<div class=\"custom-column-wrapper  \">\n\t\t\n\n<p><strong>Sellado autom\u00e1tico:<\/strong><\/p>\n\n\n\n<p>Si se te acus\u00f3 de un delito menor que acab\u00f3 en nolle prosequi, sobreseimiento o absoluci\u00f3n (declaraci\u00f3n de inocencia) <strong>antes del 1 de julio de 2026<\/strong>, Y  <\/p>\n\n\n\n<ol start=\"1\" class=\"wp-block-list\">\n<li>Nunca has sido condenado (declarado culpable) por ning\u00fan delito penal Y  <\/li>\n<\/ol>\n\n\n\n<ol start=\"2\" class=\"wp-block-list\">\n<li>Han pasado al menos tres (3) a\u00f1os desde tu \u00faltima detenci\u00f3n o acusaci\u00f3n  <\/li>\n<\/ol>\n\n\n\n<p>tus antecedentes podr\u00e1n sellarse autom\u00e1ticamente cuando el estado de Virginia comience a sellar autom\u00e1ticamente los antecedentes penales el 1 de octubre de 20265. Una no condena incluye los siguientes resultados: Los cargos susceptibles de sellado autom\u00e1tico deben determinarse y sellarse al menos anualmente.   <\/p>\n\n\n\n<p>Si se te acus\u00f3 de un delito menor <strong>despu\u00e9s del 1 de julio de 2026 <\/strong>y fuiste absuelto (declarado no culpable) o la acusaci\u00f3n fue desestimada <em>con perjuicio<\/em>, Y no te opones al sellado en tu vista, tus antecedentes podr\u00e1n sellarse autom\u00e1ticamente cuando Virginia comience el sellado autom\u00e1tico de antecedentes penales el 1 de octubre de 2026. Los cargos elegibles para el sellado autom\u00e1tico deben determinarse y sellarse al menos anualmente.   <\/p>\n\n\n\n<p><strong>Solicitar al tribunal que selle su expediente:<\/strong><\/p>\n\n\n\n<p>Si tienes antecedentes penales por delitos menores, pero no cumples los requisitos anteriores, puedes solicitar la cancelaci\u00f3n de antecedentes penales conforme a la legislaci\u00f3n vigente. Si no puedes permitirte contratar a un abogado, ponte en contacto con cualquier oficina del LAJC para ver si tienes derecho a nuestra ayuda.  <\/p>\n\n\n\n<p><strong>L\u00edmites de por vida:<\/strong><\/p>\n\n\n\n<p>La nueva ley impone un l\u00edmite de por vida al n\u00famero de veces que una persona puede sellar condenas y sobreseimientos diferidos. Cada persona puede sellar condenas y sobreseimientos diferidos de s\u00f3lo dos sentencias.  Es posible que haya sido condenado por varios cargos por un tribunal el mismo d\u00eda, si es as\u00ed, estos cuentan como un solo evento de sentencia. El l\u00edmite de por vida no se aplica a las no condenas (sobreseimientos, absoluciones, nolle prosequi) ni a los asuntos accesorios que se incluyan en la petici\u00f3n con la condena o el sobreseimiento diferido.  <\/p>\n\n\n\n<p><a href=\"https:\/\/www.justice4all.org\/wp-content\/uploads\/2023\/06\/expungement-misdemeanor.pdf\" target=\"_blank\" rel=\"noreferrer noopener\">Ver esta informaci\u00f3n en pdf.<\/a><\/p>\n\n\n\t<\/div>\n<\/div>\n\n        <\/div>\n      <\/div>\n  <\/div>\n<\/div>\n\n\n\n\n  <style type=\"text\/css\">\n    #block_19ed037432eb2eb865f6a810991518cd {\n                                        margin-left: calc(3 * 16px);\n                          margin-right: calc(3 * 16px);\n              \n                                        padding-left: calc(8 * 16px);\n                          padding-right: calc(8 * 16px);\n                  }\n\n    @media screen and (min-width: 768px) and (max-width: 991px) {\n      #block_19ed037432eb2eb865f6a810991518cd {\n                                                  margin-left: calc(3 * 12px);  \n                                margin-right: calc(3 * 12px);  \n                    \n                                                  padding-left: calc(8 * 12px);\n                                padding-right: calc(8 * 12px);\n                        }\n    }\n\n    @media screen and (min-width: 480px) and (max-width: 767px) {\n      #block_19ed037432eb2eb865f6a810991518cd {\n                                                  margin-left: calc(3 * 8px);  \n                                margin-right: calc(3 * 8px);  \n                    \n                                                  padding-left: calc(8 * 8px);\n                                padding-right: calc(8 * 8px);\n                        }\n    }\n\n    @media screen and (max-width: 479px) {\n      #block_19ed037432eb2eb865f6a810991518cd {\n                                                  margin-left: calc(3 * 4px);  \n                                margin-right: calc(3 * 4px);  \n                    \n                                                  padding-left: calc(8 * 4px);\n                                padding-right: calc(8 * 4px);\n                        }\n    }\n\n  <\/style>\n\n\n<div id=\"block_19ed037432eb2eb865f6a810991518cd\" class=\"accordion-section-block\">\n  <div class=\"container-fluid\">\n              <div class=\"accordion-section-heading-wrapper has-white-background-color has-background-color\">\n          <div class=\"row row-heading\">\n            <div class=\"col-sm-12\">\n              <h2>Sellado de condenas por delitos graves<\/h2>\n              <p><\/p>\n              <span class=\"toggler\"><\/span>\n            <\/div>\n          <\/div>\n        <\/div>\n      \n      <div class=\"accordion-section-cols-wrapper has-whisper-background-color has-background-color\">\n        <div class=\"row row-cols\">\n          \n\n\n\n\n<style type=\"text\/css\">\n\t.edit-post-visual-editor [data-block=\"91d6f48e70c9ae85aecc5626168ff55a\"] {\n\t\twidth: calc((12 \/ 12) * 100%)!important;\n\t\tmin-width: calc((12 \/ 12) * 100%)!important;\n\t}\n<\/style>\n\n<div id=\"block_91d6f48e70c9ae85aecc5626168ff55a\" class=\"col-lg-12 custom-column-block\">\n\t<div class=\"custom-column-wrapper  \">\n\t\t\n\n<p>Seg\u00fan la nueva ley, algunas condenas por delitos graves de las siguientes categor\u00edas podr\u00e1n sellarse el 1 de julio de 2026:  <\/p>\n\n\n\n<ul class=\"wp-block-list\">\n<li>Delitos graves de clase 5  <\/li>\n<\/ul>\n\n\n\n<ul class=\"wp-block-list\">\n<li>Delitos graves de clase 6  <\/li>\n<\/ul>\n\n\n\n<ul class=\"wp-block-list\">\n<li>Delitos graves de hurto  <\/li>\n<\/ul>\n\n\n\n<p>No todos los delitos graves de las Clases 5 y 6 son susceptibles de ser sellados. Para obtener una lista completa de los delitos excluidos, consulta nuestra secci\u00f3n \u00abDelitos inelegibles\u00bb Algunos delitos inelegibles comunes son, entre otros:   <\/p>\n\n\n\n<ul class=\"wp-block-list\">\n<li>condenas en las que el testigo denunciante o la parte perjudicada sea un miembro de la familia o del hogar  <\/li>\n\n\n\n<li>condenas que requieran la inscripci\u00f3n en el registro de delincuentes sexuales o de delitos contra menores  <\/li>\n\n\n\n<li>\u00abdelitos violentos\u00bb, tal como se definen en el C\u00f3digo de Virginia 17.1-805(C)  <\/li>\n\n\n\n<li>Delitos graves que impliquen el uso de un arma de fuego si no se han restablecido tus derechos sobre las armas de fuego  <\/li>\n\n\n\n<li>Distribuci\u00f3n, venta o fabricaci\u00f3n de sustancias controladas  <\/li>\n<\/ul>\n\n\n\n<p><strong>Requisitos adicionales:<\/strong><\/p>\n\n\n\n<p>Requisitos adicionales para una petici\u00f3n por delito grave:<\/p>\n\n\n\n<ul class=\"wp-block-list\">\n<li>Nunca ha sido condenado por un delito grave de clase 1 o 2<\/li>\n\n\n\n<li>No ha sido condenado por un delito grave de clase 3 \u00f3 4 en los \u00faltimos 20 a\u00f1os.<\/li>\n\n\n\n<li>No ha sido condenado por ning\u00fan delito grave en los \u00faltimos 10 a\u00f1os<\/li>\n\n\n\n<li>Han transcurrido 10 a\u00f1os desde la fecha de la condena<\/li>\n\n\n\n<li>No haber sido condenado por ning\u00fan delito (excluidas las infracciones de tr\u00e1fico) en ning\u00fan lugar de EE.UU. durante esos 10 a\u00f1os.<\/li>\n\n\n\n<li>Si los registros judiciales indican que el delito implic\u00f3 el uso o la dependencia de alcohol o drogas, debe demostrar su rehabilitaci\u00f3n<\/li>\n<\/ul>\n\n\n\n<p><strong>Petici\u00f3n al tribunal:<\/strong><\/p>\n\n\n\n<p>Si cumples los requisitos anteriores, puedes solicitar al tribunal que selle tu expediente el 1 de julio de 2026. Tambi\u00e9n puedes solicitar el sellado de cualquier asunto accesorio relacionado en la misma petici\u00f3n, entre los que se incluyen:   <\/p>\n\n\n\n<ol start=\"1\" class=\"wp-block-list\">\n<li>violaci\u00f3n o presunta violaci\u00f3n de los t\u00e9rminos y condiciones de una condena suspendida, libertad condicional o libertad vigilada;  <\/li>\n<\/ol>\n\n\n\n<ol start=\"2\" class=\"wp-block-list\">\n<li>violaci\u00f3n o presunta violaci\u00f3n de desacato al tribunal;  <\/li>\n<\/ol>\n\n\n\n<ol start=\"3\" class=\"wp-block-list\">\n<li>acusaci\u00f3n o condena por incomparecencia  <br\/><\/li>\n\n\n\n<li>recurso contra una orden de libertad bajo fianza, fianza o reconocimiento.  <\/li>\n<\/ol>\n\n\n\n<p><strong>L\u00edmites de por vida:<\/strong><\/p>\n\n\n\n<p>La nueva ley impone un l\u00edmite de por vida al n\u00famero de veces que una persona puede sellar condenas y sobreseimientos diferidos. Cada persona puede sellar condenas y sobreseimientos diferidos de s\u00f3lo dos sentencias.  Es posible que haya sido condenado por varios cargos por un tribunal el mismo d\u00eda, si es as\u00ed, estos cuentan como un solo evento de sentencia. El l\u00edmite de por vida no se aplica a las no condenas (sobreseimientos, absoluciones, nolle prosequi) ni a los asuntos accesorios que se incluyan en la petici\u00f3n con la condena o el sobreseimiento diferido.  <\/p>\n\n\n\n<p><a href=\"https:\/\/www.justice4all.org\/wp-content\/uploads\/2023\/06\/expungement-felony-final.pdf\" target=\"_blank\" rel=\"noreferrer noopener\">Ver esta informaci\u00f3n en pdf.<\/a><\/p>\n\n\n\t<\/div>\n<\/div>\n\n        <\/div>\n      <\/div>\n  <\/div>\n<\/div>\n\n\n\n\n  <style type=\"text\/css\">\n    #block_d8aff8b2879c13d0d59fcf0b0ca1e68e {\n                                        margin-left: calc(3 * 16px);\n                          margin-right: calc(3 * 16px);\n              \n                                        padding-left: calc(8 * 16px);\n                          padding-right: calc(8 * 16px);\n                  }\n\n    @media screen and (min-width: 768px) and (max-width: 991px) {\n      #block_d8aff8b2879c13d0d59fcf0b0ca1e68e {\n                                                  margin-left: calc(3 * 12px);  \n                                margin-right: calc(3 * 12px);  \n                    \n                                                  padding-left: calc(8 * 12px);\n                                padding-right: calc(8 * 12px);\n                        }\n    }\n\n    @media screen and (min-width: 480px) and (max-width: 767px) {\n      #block_d8aff8b2879c13d0d59fcf0b0ca1e68e {\n                                                  margin-left: calc(3 * 8px);  \n                                margin-right: calc(3 * 8px);  \n                    \n                                                  padding-left: calc(8 * 8px);\n                                padding-right: calc(8 * 8px);\n                        }\n    }\n\n    @media screen and (max-width: 479px) {\n      #block_d8aff8b2879c13d0d59fcf0b0ca1e68e {\n                                                  margin-left: calc(3 * 4px);  \n                                margin-right: calc(3 * 4px);  \n                    \n                                                  padding-left: calc(8 * 4px);\n                                padding-right: calc(8 * 4px);\n                        }\n    }\n\n  <\/style>\n\n\n<div id=\"block_d8aff8b2879c13d0d59fcf0b0ca1e68e\" class=\"accordion-section-block\">\n  <div class=\"container-fluid\">\n              <div class=\"accordion-section-heading-wrapper has-white-background-color has-background-color\">\n          <div class=\"row row-heading\">\n            <div class=\"col-sm-12\">\n              <h2>Delitos no elegibles<\/h2>\n              <p><\/p>\n              <span class=\"toggler\"><\/span>\n            <\/div>\n          <\/div>\n        <\/div>\n      \n      <div class=\"accordion-section-cols-wrapper has-whisper-background-color has-background-color\">\n        <div class=\"row row-cols\">\n          \n\n\n\n\n<style type=\"text\/css\">\n\t.edit-post-visual-editor [data-block=\"91d6f48e70c9ae85aecc5626168ff55a\"] {\n\t\twidth: calc((12 \/ 12) * 100%)!important;\n\t\tmin-width: calc((12 \/ 12) * 100%)!important;\n\t}\n<\/style>\n\n<div id=\"block_91d6f48e70c9ae85aecc5626168ff55a\" class=\"col-lg-12 custom-column-block\">\n\t<div class=\"custom-column-wrapper  \">\n\t\t\n\n<p>Las condenas o sobreseimientos diferidos por los siguientes delitos no pueden sellarse, independientemente del tiempo transcurrido:  <\/p>\n\n\n\n<ol start=\"1\" class=\"wp-block-list\">\n<li>Secciones 4.1-309.1, 5.1-13, 18.2-36, 18.2-36.1, 18.2-36.2 y 18.2-47; subsecci\u00f3n A de \u00a7 18.2-49.1; \u00a7 18.2-51.5; subsecci\u00f3n C de \u00a7 18.2-57; \u00a7\u00a7 18.2-57.2, 18.2-57.3, 18.2-59.1, 18.2-60, 18.2-60.3, 18.2-60.5, 18.2-130, 18.2-130.1, 18.2-144, 18.2-144.1, 18.2-154, 18.2-178.1, 18.2-266, 18.2-266.1, 18.2-268.3, 18.2-282.1 y 18.2-324.2; la antigua subsecci\u00f3n B de 18.2-346; y los \u00a7\u00a7 18.2-405, 18.2-406, 18.2-472.1, 19.2-62, 29.1-738, 29.1-738.02, 29.1-738.2, 37.2-912, 40.1-100.2, 40.1-103, 46.2-341.24 y 46.2-341.26:3; 15 de 24  <\/li>\n<\/ol>\n\n\n\n<ol start=\"2\" class=\"wp-block-list\">\n<li>Cualquier violaci\u00f3n de cualquier delito tipificado en \u00a7 9.1-902 para el que se requiera la inscripci\u00f3n en el Registro de Delincuentes Sexuales y Cr\u00edmenes contra Menores;  <\/li>\n<\/ol>\n\n\n\n<ol start=\"3\" class=\"wp-block-list\">\n<li>Cualquier violaci\u00f3n de cualquier delito grave violento enumerado en la subsecci\u00f3n C de \u00a7 17.1-805;  <\/li>\n<\/ol>\n\n\n\n<ol start=\"4\" class=\"wp-block-list\">\n<li>Cualquier violaci\u00f3n de un delito grave que no figure como delito grave violento en el apartado C de \u00a7 17.1-805 en el que la persona haya utilizado un arma de fuego, tal y como se define en \u00a7 18.2-308.2:2, como parte de la transacci\u00f3n o suceso del delito subyacente que se va a sellar, a menos que se haya restablecido el derecho de dicha persona a poseer, transportar o llevar un arma de fuego, munici\u00f3n para un arma de fuego o un arma aturdidora conforme a \u00a7 18.2-308.2;  <\/li>\n<\/ol>\n\n\n\n<ol start=\"5\" class=\"wp-block-list\">\n<li>Cualquier violaci\u00f3n de una orden de protecci\u00f3n de emergencia, preliminar o permanente emitida en virtud del Art\u00edculo 4 (\u00a7 16.1-246 y siguientes) del Cap\u00edtulo 11 del T\u00edtulo 16.1 o del Cap\u00edtulo 9.1 (\u00a7 19.2-152.7:1 y siguientes) o cualquier orden de protecci\u00f3n contra el maltrato familiar emitida en virtud del Art\u00edculo 9 (\u00a7 16.1-278 y siguientes) del Cap\u00edtulo 11 del T\u00edtulo 16.1;  <\/li>\n<\/ol>\n\n\n\n<ol start=\"6\" class=\"wp-block-list\">\n<li>Cualquier violaci\u00f3n de cualquier delito de odio tal y como se define en \u00a7 52-8.5;  <\/li>\n<\/ol>\n\n\n\n<ol start=\"7\" class=\"wp-block-list\">\n<li>Cualquier infracci\u00f3n del Art\u00edculo 9 (\u00a7 3.2-6570 y siguientes) del Cap\u00edtulo 65 del T\u00edtulo 3.2;  <\/li>\n<\/ol>\n\n\n\n<ol start=\"8\" class=\"wp-block-list\">\n<li>Cualquier infracci\u00f3n del T\u00edtulo 24.2 (\u00a7 24.2-100 y siguientes);  <\/li>\n<\/ol>\n\n\n\n<ol start=\"9\" class=\"wp-block-list\">\n<li>Cualquier infracci\u00f3n relacionada con la posesi\u00f3n y distribuci\u00f3n de flunitrazepam conforme al art\u00edculo 18.2-251.2 o la posesi\u00f3n de \u00e1cido gamma hidroxibut\u00edrico (algunos otros nombres incluyen GHB; gamma hidroxibutirato; 4 hidroxibutirato; \u00e1cido 4-hidroxibutanoico; oxibato s\u00f3dico; oxibutirato s\u00f3dico) conforme al art\u00edculo 18.2-250;  <\/li>\n<\/ol>\n\n\n\n<ol start=\"10\" class=\"wp-block-list\">\n<li>  Cualquier violaci\u00f3n en la que una persona haya sido declarada no culpable por raz\u00f3n de demencia;  <\/li>\n<\/ol>\n\n\n\n<ol start=\"11\" class=\"wp-block-list\">\n<li>  Cualquier conspiraci\u00f3n, intento o solicitud, y cualquier principal en segundo grado, c\u00f3mplice antes del hecho o c\u00f3mplice despu\u00e9s del hecho, o cualquier ordenanza similar de cualquier condado, ciudad o pueblo, por cualquier delito que se considere inelegible seg\u00fan esta subsecci\u00f3n;  <\/li>\n<\/ol>\n\n\n\n<ol start=\"12\" class=\"wp-block-list\">\n<li>  Cualquier conspiraci\u00f3n, tentativa o incitaci\u00f3n, y cualquier delito principal en segundo grado, c\u00f3mplice antes de los hechos o c\u00f3mplice despu\u00e9s de los hechos cuando el delito sustantivo consumado sea punible como delito grave de clase 1, 2, 3 o 4 o con una pena de prisi\u00f3n superior a 10 a\u00f1os, con la excepci\u00f3n de una violaci\u00f3n de \u00a7 18.2-95 o cualquier otro delito grave en el que el acusado sea considerado culpable de hurto y castigado seg\u00fan lo dispuesto en \u00a7 18.2-95;  <\/li>\n<\/ol>\n\n\n\n<ol start=\"13\" class=\"wp-block-list\">\n<li>Cualquier infracci\u00f3n de cualquier delito en la que el tribunal haya prohibido a la persona poseer o tener un animal de compa\u00f1\u00eda como resultado de la transacci\u00f3n o suceso del delito subyacente que se va a sellar, mientras dicha prohibici\u00f3n siga en vigor;  <\/li>\n<\/ol>\n\n\n\n<ol start=\"14\" class=\"wp-block-list\">\n<li>  Cualquier infracci\u00f3n del Art\u00edculo 6 (\u00a7 3.2-6537 y ss.) del Cap\u00edtulo 65 del T\u00edtulo 3.2 que implique a un perro peligroso o vicioso como parte de la transacci\u00f3n o suceso en el delito subyacente que se va a sellar, mientras la persona siga siendo propietaria o poseedora de dicho perro;  <\/li>\n<\/ol>\n\n\n\n<ol start=\"15\" class=\"wp-block-list\">\n<li>  Cualquier infracci\u00f3n del Art\u00edculo 7 (\u00a7 18.2-61 y siguientes) del Cap\u00edtulo 4 del T\u00edtulo 18.2;  <\/li>\n<\/ol>\n\n\n\n<ol start=\"16\" class=\"wp-block-list\">\n<li>  Cualquier infracci\u00f3n del Art\u00edculo 3 (\u00a7 18.2-346 y siguientes) del Cap\u00edtulo 8 del T\u00edtulo 18.2, a excepci\u00f3n del \u00a7 18.2-346, la antigua subsecci\u00f3n A del \u00a7 18.2-346 y el \u00a7 18.2-347;  <\/li>\n<\/ol>\n\n\n\n<ol start=\"17\" class=\"wp-block-list\">\n<li>  Cualquier infracci\u00f3n del Art\u00edculo 4 (\u00a7 18.2-362 y siguientes) del Cap\u00edtulo 8 del T\u00edtulo 18.2, a excepci\u00f3n de los \u00a7\u00a7 18.2-365, 18.2-371.2, 18.2-371.3 y 18.2-371.4;  <\/li>\n<\/ol>\n\n\n\n<ol start=\"18\" class=\"wp-block-list\">\n<li>  Cualquier infracci\u00f3n del Art\u00edculo 5 (\u00a7 18.2-372 y siguientes) del Cap\u00edtulo 8 del T\u00edtulo 18.2, a excepci\u00f3n del \u00a7 18.2-388; y  <\/li>\n<\/ol>\n\n\n\n<ol start=\"19\" class=\"wp-block-list\">\n<li>  Cualquier delito en el que la v\u00edctima del delito a sellar fuera un miembro de la familia o del hogar, seg\u00fan se define en \u00a7 16.1-228, de la persona.  <\/li>\n<\/ol>\n\n\n\t<\/div>\n<\/div>\n\n        <\/div>\n      <\/div>\n  <\/div>\n<\/div>\n\n\t<\/div>\n<\/div>\n<p><\/p>\n","protected":false},"excerpt":{"rendered":"","protected":false},"author":4,"featured_media":0,"parent":10487,"menu_order":0,"comment_status":"closed","ping_status":"closed","template":"","meta":{"footnotes":""},"lajc-tax-roles":[],"lajc-tax-issues":[82],"lajc-tax-locations":[],"class_list":["post-10490","page","type-page","status-publish","hentry","lajc-tax-issues-criminal-legal-system-es"],"acf":[],"yoast_head":"<!-- This site is optimized with the Yoast SEO plugin v27.4 - https:\/\/yoast.com\/product\/yoast-seo-wordpress\/ -->\n<title>Virginia 2021 Sellado de registros - Legal Aid Justice Center<\/title>\n<meta name=\"description\" content=\"La ley de Virginia define el acoso escolar como &quot;cualquier comportamiento agresivo y no deseado que pretenda da\u00f1ar, intimidar o humillar a la v\u00edctima; implique un desequilibrio de poder real o percibido entre el agresor o agresores y la v\u00edctima; y se repita en el tiempo o cause un trauma emocional grave&quot;. Esto incluye el acoso cibern\u00e9tico, pero no incluye &quot;las burlas ordinarias, payasadas, discusiones o conflictos entre compa\u00f1eros.&quot;\" \/>\n<meta name=\"robots\" content=\"index, follow, max-snippet:-1, max-image-preview:large, max-video-preview:-1\" \/>\n<link rel=\"canonical\" href=\"https:\/\/www.justice4all.org\/es\/que-hacemos\/sistema-juridico-penal\/cancelacion-de-antecedentes-penales\/virginia-2021-sellado-de-registros\/\" \/>\n<meta property=\"og:locale\" content=\"es_ES\" \/>\n<meta property=\"og:type\" content=\"article\" \/>\n<meta property=\"og:title\" content=\"Virginia 2021 Sellado de registros - Legal Aid Justice Center\" \/>\n<meta property=\"og:description\" content=\"La ley de Virginia define el acoso escolar como &quot;cualquier comportamiento agresivo y no deseado que pretenda da\u00f1ar, intimidar o humillar a la v\u00edctima; implique un desequilibrio de poder real o percibido entre el agresor o agresores y la v\u00edctima; y se repita en el tiempo o cause un trauma emocional grave&quot;. Esto incluye el acoso cibern\u00e9tico, pero no incluye &quot;las burlas ordinarias, payasadas, discusiones o conflictos entre compa\u00f1eros.&quot;\" \/>\n<meta property=\"og:url\" content=\"https:\/\/www.justice4all.org\/es\/que-hacemos\/sistema-juridico-penal\/cancelacion-de-antecedentes-penales\/virginia-2021-sellado-de-registros\/\" \/>\n<meta property=\"og:site_name\" content=\"Legal Aid Justice Center\" \/>\n<meta property=\"article:modified_time\" content=\"2025-07-11T13:12:55+00:00\" \/>\n<meta name=\"twitter:card\" content=\"summary_large_image\" \/>\n<meta name=\"twitter:label1\" content=\"Tiempo de lectura\" \/>\n\t<meta name=\"twitter:data1\" content=\"17 minuto\" \/>\n<script type=\"application\/ld+json\" class=\"yoast-schema-graph\">{\"@context\":\"https:\\\/\\\/schema.org\",\"@graph\":[{\"@type\":\"WebPage\",\"@id\":\"https:\\\/\\\/www.justice4all.org\\\/es\\\/que-hacemos\\\/sistema-juridico-penal\\\/cancelacion-de-antecedentes-penales\\\/virginia-2021-sellado-de-registros\\\/\",\"url\":\"https:\\\/\\\/www.justice4all.org\\\/es\\\/que-hacemos\\\/sistema-juridico-penal\\\/cancelacion-de-antecedentes-penales\\\/virginia-2021-sellado-de-registros\\\/\",\"name\":\"Virginia 2021 Sellado de registros - Legal Aid Justice Center\",\"isPartOf\":{\"@id\":\"https:\\\/\\\/www.justice4all.org\\\/es\\\/#website\"},\"datePublished\":\"2023-06-02T14:58:03+00:00\",\"dateModified\":\"2025-07-11T13:12:55+00:00\",\"description\":\"La ley de Virginia define el acoso escolar como \\\"cualquier comportamiento agresivo y no deseado que pretenda da\u00f1ar, intimidar o humillar a la v\u00edctima; implique un desequilibrio de poder real o percibido entre el agresor o agresores y la v\u00edctima; y se repita en el tiempo o cause un trauma emocional grave\\\". Esto incluye el acoso cibern\u00e9tico, pero no incluye \\\"las burlas ordinarias, payasadas, discusiones o conflictos entre compa\u00f1eros.\\\"\",\"breadcrumb\":{\"@id\":\"https:\\\/\\\/www.justice4all.org\\\/es\\\/que-hacemos\\\/sistema-juridico-penal\\\/cancelacion-de-antecedentes-penales\\\/virginia-2021-sellado-de-registros\\\/#breadcrumb\"},\"inLanguage\":\"es\",\"potentialAction\":[{\"@type\":\"ReadAction\",\"target\":[\"https:\\\/\\\/www.justice4all.org\\\/es\\\/que-hacemos\\\/sistema-juridico-penal\\\/cancelacion-de-antecedentes-penales\\\/virginia-2021-sellado-de-registros\\\/\"]}]},{\"@type\":\"BreadcrumbList\",\"@id\":\"https:\\\/\\\/www.justice4all.org\\\/es\\\/que-hacemos\\\/sistema-juridico-penal\\\/cancelacion-de-antecedentes-penales\\\/virginia-2021-sellado-de-registros\\\/#breadcrumb\",\"itemListElement\":[{\"@type\":\"ListItem\",\"position\":1,\"name\":\"Home\",\"item\":\"https:\\\/\\\/www.justice4all.org\\\/es\\\/\"},{\"@type\":\"ListItem\",\"position\":2,\"name\":\"Qu\u00e9 hacemos\",\"item\":\"https:\\\/\\\/www.justice4all.org\\\/es\\\/que-hacemos\\\/\"},{\"@type\":\"ListItem\",\"position\":3,\"name\":\"Sistema jur\u00eddico penal\",\"item\":\"https:\\\/\\\/www.justice4all.org\\\/es\\\/que-hacemos\\\/sistema-juridico-penal\\\/\"},{\"@type\":\"ListItem\",\"position\":4,\"name\":\"Cancelaci\u00f3n de antecedentes penales\",\"item\":\"https:\\\/\\\/www.justice4all.org\\\/es\\\/que-hacemos\\\/sistema-juridico-penal\\\/cancelacion-de-antecedentes-penales\\\/\"},{\"@type\":\"ListItem\",\"position\":5,\"name\":\"Virginia 2021 Sellado de registros\"}]},{\"@type\":\"WebSite\",\"@id\":\"https:\\\/\\\/www.justice4all.org\\\/es\\\/#website\",\"url\":\"https:\\\/\\\/www.justice4all.org\\\/es\\\/\",\"name\":\"Legal Aid Justice Center\",\"description\":\"\",\"potentialAction\":[{\"@type\":\"SearchAction\",\"target\":{\"@type\":\"EntryPoint\",\"urlTemplate\":\"https:\\\/\\\/www.justice4all.org\\\/es\\\/?s={search_term_string}\"},\"query-input\":{\"@type\":\"PropertyValueSpecification\",\"valueRequired\":true,\"valueName\":\"search_term_string\"}}],\"inLanguage\":\"es\"}]}<\/script>\n<!-- \/ Yoast SEO plugin. -->","yoast_head_json":{"title":"Virginia 2021 Sellado de registros - Legal Aid Justice Center","description":"La ley de Virginia define el acoso escolar como \"cualquier comportamiento agresivo y no deseado que pretenda da\u00f1ar, intimidar o humillar a la v\u00edctima; implique un desequilibrio de poder real o percibido entre el agresor o agresores y la v\u00edctima; y se repita en el tiempo o cause un trauma emocional grave\". Esto incluye el acoso cibern\u00e9tico, pero no incluye \"las burlas ordinarias, payasadas, discusiones o conflictos entre compa\u00f1eros.\"","robots":{"index":"index","follow":"follow","max-snippet":"max-snippet:-1","max-image-preview":"max-image-preview:large","max-video-preview":"max-video-preview:-1"},"canonical":"https:\/\/www.justice4all.org\/es\/que-hacemos\/sistema-juridico-penal\/cancelacion-de-antecedentes-penales\/virginia-2021-sellado-de-registros\/","og_locale":"es_ES","og_type":"article","og_title":"Virginia 2021 Sellado de registros - Legal Aid Justice Center","og_description":"La ley de Virginia define el acoso escolar como \"cualquier comportamiento agresivo y no deseado que pretenda da\u00f1ar, intimidar o humillar a la v\u00edctima; implique un desequilibrio de poder real o percibido entre el agresor o agresores y la v\u00edctima; y se repita en el tiempo o cause un trauma emocional grave\". Esto incluye el acoso cibern\u00e9tico, pero no incluye \"las burlas ordinarias, payasadas, discusiones o conflictos entre compa\u00f1eros.\"","og_url":"https:\/\/www.justice4all.org\/es\/que-hacemos\/sistema-juridico-penal\/cancelacion-de-antecedentes-penales\/virginia-2021-sellado-de-registros\/","og_site_name":"Legal Aid Justice Center","article_modified_time":"2025-07-11T13:12:55+00:00","twitter_card":"summary_large_image","twitter_misc":{"Tiempo de lectura":"17 minuto"},"schema":{"@context":"https:\/\/schema.org","@graph":[{"@type":"WebPage","@id":"https:\/\/www.justice4all.org\/es\/que-hacemos\/sistema-juridico-penal\/cancelacion-de-antecedentes-penales\/virginia-2021-sellado-de-registros\/","url":"https:\/\/www.justice4all.org\/es\/que-hacemos\/sistema-juridico-penal\/cancelacion-de-antecedentes-penales\/virginia-2021-sellado-de-registros\/","name":"Virginia 2021 Sellado de registros - Legal Aid Justice Center","isPartOf":{"@id":"https:\/\/www.justice4all.org\/es\/#website"},"datePublished":"2023-06-02T14:58:03+00:00","dateModified":"2025-07-11T13:12:55+00:00","description":"La ley de Virginia define el acoso escolar como \"cualquier comportamiento agresivo y no deseado que pretenda da\u00f1ar, intimidar o humillar a la v\u00edctima; implique un desequilibrio de poder real o percibido entre el agresor o agresores y la v\u00edctima; y se repita en el tiempo o cause un trauma emocional grave\". Esto incluye el acoso cibern\u00e9tico, pero no incluye \"las burlas ordinarias, payasadas, discusiones o conflictos entre compa\u00f1eros.\"","breadcrumb":{"@id":"https:\/\/www.justice4all.org\/es\/que-hacemos\/sistema-juridico-penal\/cancelacion-de-antecedentes-penales\/virginia-2021-sellado-de-registros\/#breadcrumb"},"inLanguage":"es","potentialAction":[{"@type":"ReadAction","target":["https:\/\/www.justice4all.org\/es\/que-hacemos\/sistema-juridico-penal\/cancelacion-de-antecedentes-penales\/virginia-2021-sellado-de-registros\/"]}]},{"@type":"BreadcrumbList","@id":"https:\/\/www.justice4all.org\/es\/que-hacemos\/sistema-juridico-penal\/cancelacion-de-antecedentes-penales\/virginia-2021-sellado-de-registros\/#breadcrumb","itemListElement":[{"@type":"ListItem","position":1,"name":"Home","item":"https:\/\/www.justice4all.org\/es\/"},{"@type":"ListItem","position":2,"name":"Qu\u00e9 hacemos","item":"https:\/\/www.justice4all.org\/es\/que-hacemos\/"},{"@type":"ListItem","position":3,"name":"Sistema jur\u00eddico penal","item":"https:\/\/www.justice4all.org\/es\/que-hacemos\/sistema-juridico-penal\/"},{"@type":"ListItem","position":4,"name":"Cancelaci\u00f3n de antecedentes penales","item":"https:\/\/www.justice4all.org\/es\/que-hacemos\/sistema-juridico-penal\/cancelacion-de-antecedentes-penales\/"},{"@type":"ListItem","position":5,"name":"Virginia 2021 Sellado de registros"}]},{"@type":"WebSite","@id":"https:\/\/www.justice4all.org\/es\/#website","url":"https:\/\/www.justice4all.org\/es\/","name":"Legal Aid Justice Center","description":"","potentialAction":[{"@type":"SearchAction","target":{"@type":"EntryPoint","urlTemplate":"https:\/\/www.justice4all.org\/es\/?s={search_term_string}"},"query-input":{"@type":"PropertyValueSpecification","valueRequired":true,"valueName":"search_term_string"}}],"inLanguage":"es"}]}},"_links":{"self":[{"href":"https:\/\/www.justice4all.org\/es\/wp-json\/wp\/v2\/pages\/10490","targetHints":{"allow":["GET"]}}],"collection":[{"href":"https:\/\/www.justice4all.org\/es\/wp-json\/wp\/v2\/pages"}],"about":[{"href":"https:\/\/www.justice4all.org\/es\/wp-json\/wp\/v2\/types\/page"}],"author":[{"embeddable":true,"href":"https:\/\/www.justice4all.org\/es\/wp-json\/wp\/v2\/users\/4"}],"replies":[{"embeddable":true,"href":"https:\/\/www.justice4all.org\/es\/wp-json\/wp\/v2\/comments?post=10490"}],"version-history":[{"count":0,"href":"https:\/\/www.justice4all.org\/es\/wp-json\/wp\/v2\/pages\/10490\/revisions"}],"up":[{"embeddable":true,"href":"https:\/\/www.justice4all.org\/es\/wp-json\/wp\/v2\/pages\/10487"}],"wp:attachment":[{"href":"https:\/\/www.justice4all.org\/es\/wp-json\/wp\/v2\/media?parent=10490"}],"wp:term":[{"taxonomy":"lajc-tax-roles","embeddable":true,"href":"https:\/\/www.justice4all.org\/es\/wp-json\/wp\/v2\/lajc-tax-roles?post=10490"},{"taxonomy":"lajc-tax-issues","embeddable":true,"href":"https:\/\/www.justice4all.org\/es\/wp-json\/wp\/v2\/lajc-tax-issues?post=10490"},{"taxonomy":"lajc-tax-locations","embeddable":true,"href":"https:\/\/www.justice4all.org\/es\/wp-json\/wp\/v2\/lajc-tax-locations?post=10490"}],"curies":[{"name":"wp","href":"https:\/\/api.w.org\/{rel}","templated":true}]}}