{"id":10487,"date":"2023-06-02T04:33:09","date_gmt":"2023-06-02T04:33:09","guid":{"rendered":"https:\/\/lajc2023stg.wpengine.com\/que-hacemos\/sistema-juridico-penal\/cancelacion-de-antecedentes-penales\/"},"modified":"2025-07-11T12:47:29","modified_gmt":"2025-07-11T12:47:29","slug":"cancelacion-de-antecedentes-penales","status":"publish","type":"page","link":"https:\/\/www.justice4all.org\/es\/que-hacemos\/sistema-juridico-penal\/cancelacion-de-antecedentes-penales\/","title":{"rendered":"Cancelaci\u00f3n de antecedentes penales"},"content":{"rendered":"\n\n\n  <style type=\"text\/css\">\n    #block_446cb0bf52f52cb9791da9b0f4320f16 {\n                        margin-top: calc(2 * 16px);\n                                      \n          }\n\n    @media screen and (min-width: 768px) and (max-width: 991px) {\n      #block_446cb0bf52f52cb9791da9b0f4320f16 {\n                              margin-top: calc(2 * 12px);  \n                                                  \n              }\n    }\n\n    @media screen and (min-width: 480px) and (max-width: 767px) {\n      #block_446cb0bf52f52cb9791da9b0f4320f16 {\n                              margin-top: calc(2 * 8px);  \n                                                  \n              }\n    }\n\n    @media screen and (max-width: 479px) {\n      #block_446cb0bf52f52cb9791da9b0f4320f16 {\n                              margin-top: calc(2 * 4px);  \n                                                  \n              }\n    }\n\n  <\/style>\n\n\n<div id=\"block_446cb0bf52f52cb9791da9b0f4320f16\" class=\"content-wrapper-block  style-normal bg-width-full \">\n\t<div class=\"container-fluid\">\n\t\t<div class=\"row justify-content-center\">\n\t\t\t<div class=\"col-lg-10\">\n\t\t\t\t\t\t\t\t\t<div class=\"row row-content justify-content-center\">\n\t\t\t\t\t\t\n\n\n\n  <style type=\"text\/css\">\n    #block_95694965f3fba290164d9bc2e1dc1762 > div{\n      \n                                                }\n\n    @media screen and (min-width: 768px) and (max-width: 991px) {\n      #block_95694965f3fba290164d9bc2e1dc1762 > div{\n          \n                                                              }\n    }\n\n    @media screen and (min-width: 480px) and (max-width: 767px) {\n      #block_95694965f3fba290164d9bc2e1dc1762 > div{\n          \n                                                              }\n    }\n\n    @media screen and (max-width: 479px) {\n      #block_95694965f3fba290164d9bc2e1dc1762 > div{\n          \n                                                              }\n    }\n\n  <\/style>\n\n<style type=\"text\/css\">\n\t.edit-post-visual-editor [data-block=\"95694965f3fba290164d9bc2e1dc1762\"] {\n\t\twidth: calc((12 \/ 12) * 100%)!important;\n\t\tmin-width: calc((12 \/ 12) * 100%)!important;\n\t}\n<\/style>\n\n<div id=\"block_95694965f3fba290164d9bc2e1dc1762\" class=\"col-lg-12 custom-column-block\">\n\t<div class=\"custom-column-wrapper  \">\n\t\t\n\n<h2 class=\"wp-block-heading is-style-underlined-with-icon\">SISTEMA JUR\u00cdDICO PENAL:<\/h2>\n\n\n\n<h2 class=\"wp-block-heading has-gunpowder-color has-text-color\" style=\"font-size:53px\">EXPANSI\u00d3N<\/h2>\n\n\n\t<\/div>\n<\/div>\n\n\n\n\n\n<style type=\"text\/css\">\n\t.edit-post-visual-editor [data-block=\"468c303a147dbb8deecbd7ffad71fb0d\"] {\n\t\twidth: calc((12 \/ 12) * 100%)!important;\n\t\tmin-width: calc((12 \/ 12) * 100%)!important;\n\t}\n<\/style>\n\n<div id=\"block_468c303a147dbb8deecbd7ffad71fb0d\" class=\"col-lg-12 custom-column-block\">\n\t<div class=\"custom-column-wrapper  \">\n\t\t\n\n<p><strong>Los antecedentes penales niegan a las personas el acceso a una vivienda segura y estable, a un empleo fiable y a la movilidad que otorga la educaci\u00f3n.<\/strong>  A su vez, las personas se quedan sin recursos para alimentarse y mantener a sus familias. Las personas pueden soportar este estigma y la falta de estabilidad durante d\u00e9cadas, incluso por delitos menores y no violentos. El estigma nace de forma desigual entre las poblaciones de la Commonwealth, ya que los virginianos negros, ind\u00edgenas, asi\u00e1ticos y de las islas del Pac\u00edfico y latinos son detenidos, acusados y condenados de forma desproporcionada debido a la discriminaci\u00f3n racial en la actuaci\u00f3n policial y el procesamiento, as\u00ed como a las desigualdades sociales y econ\u00f3micas.  <\/p>\n\n\n\n<p>El racismo sist\u00e9mico y el clasismo del sistema jur\u00eddico penal hacen que las personas m\u00e1s afectadas por los antecedentes penales sean las racialmente marginadas y\/o con bajos ingresos, lo que convierte la eliminaci\u00f3n de antecedentes penales en una cuesti\u00f3n de justicia racial y econ\u00f3mica.  <\/p>\n\n\n\n<p>Trabajamos para aliviar la carga de los virginianos con antecedentes penales luchando por la ampliaci\u00f3n de las leyes de cancelaci\u00f3n y sellado de antecedentes y proporcionando a las personas asistencia jur\u00eddica para sellar sus antecedentes.  <\/p>\n\n\n\n<div style=\"height:15px\" aria-hidden=\"true\" class=\"wp-block-spacer\"><\/div>\n\n\n\n<div class=\"wp-block-buttons is-content-justification-center is-layout-flex wp-container-core-buttons-is-layout-16018d1d wp-block-buttons-is-layout-flex\">\n<div class=\"wp-block-button is-style-primary\"><a class=\"wp-block-button__link has-custom-font-size wp-element-button\" href=\"#Clinics\" style=\"font-size:16px\">Asiste a nuestras Cl\u00ednicas de EXPULSI\u00d3N y Sesiones Informativas.<\/a><\/div>\n<\/div>\n\n\n\n<div style=\"height:28px\" aria-hidden=\"true\" class=\"wp-block-spacer\"><\/div>\n\n\n\n<p><strong>Para saber m\u00e1s sobre la repercusi\u00f3n del sellado de registros, vea este breve v\u00eddeo con la historia de Whitmore Merrick:  <\/strong><\/p>\n\n\n\n\n\n\n\n<div id=\"block_7354097170795f701605af4e23529bba\" class=\"content-wrapper-block  style-normal bg-width-full \">\n\t<div class=\"container-fluid\">\n\t\t<div class=\"row justify-content-center\">\n\t\t\t<div class=\"col-lg-12\">\n\t\t\t\t\t\t\t\t\t<div class=\"row row-content justify-content-center\">\n\t\t\t\t\t\t\n\n\n\n\n<style type=\"text\/css\">\n\t.edit-post-visual-editor [data-block=\"468c303a147dbb8deecbd7ffad71fb0d\"] {\n\t\twidth: calc((12 \/ 12) * 100%)!important;\n\t\tmin-width: calc((12 \/ 12) * 100%)!important;\n\t}\n<\/style>\n\n<div id=\"block_468c303a147dbb8deecbd7ffad71fb0d\" class=\"col-lg-12 custom-column-block\">\n\t<div class=\"custom-column-wrapper  \">\n\t\t\n\n\n\n\n<div id=\"block_ef8ed625b9c3394ad61626f248bc2a67\" class=\"youtube-video-block\">\n  <div class=\"container-fluid\">\n    <div class=\"row justify-content-center\">\n      <div class=\"col-12\">\n        <div id=\"video-container-CmbYaWcC-bw\" class=\" video-container video-container-CmbYaWcC-bw\">\n          <div class=\"youtube-video\" data-id=\"CmbYaWcC-bw\" id=\"CmbYaWcC-bw\"><\/div>\n                  <\/div>\n      <\/div>\n    <\/div>\n  <\/div>\n<\/div>\n\n\t<\/div>\n<\/div>\n\n\t\t\t\t\t<\/div>\n\t\t\t\t\t\t\t\n\t\t\t<\/div>\n\t\t<\/div>\n\t<\/div>\n\n\t<style type=\"text\/css\">\n\t\t.edit-post-visual-editor [data-block=\"7354097170795f701605af4e23529bba\"] .block-editor-block-list__layout {\n\t\t\tjustify-content: center;\n\t\t}\n\n\t\t\t<\/style>\n<\/div>\n\n\n\n<p><strong>En 2021 y 2025, la Asamblea General de Virginia aprob\u00f3 nuevas leyes pioneras que ampliar\u00e1n la elegibilidad para el sellado de antecedentes penales.<\/strong>\u202f  <\/p>\n\n\n\n<p>No condenas, muchas condenas por delitos menores, y algunas condenas por delitos graves ser\u00e1n elegibles para el sellado, y algunos de estos registros ser\u00e1n sellados autom\u00e1ticamente en lugar del t\u00edpico proceso judicial. Desgraciadamente, esta ley no entra en vigor hasta el 1 de julio de 2026.<\/p>\n\n\n\n<div class=\"wp-block-buttons is-content-justification-center is-layout-flex wp-container-core-buttons-is-layout-16018d1d wp-block-buttons-is-layout-flex\">\n<div class=\"wp-block-button is-style-primary\"><a class=\"wp-block-button__link has-custom-font-size wp-element-button\" href=\"https:\/\/www.justice4all.org\/es\/que-hacemos\/sistema-juridico-penal\/cancelacion-de-antecedentes-penales\/virginia-2021-sellado-de-registros\/\" style=\"font-size:16px\" target=\"_blank\" rel=\"noreferrer noopener\">haga clic aqu\u00ed para obtener m\u00e1s informaci\u00f3n sobre los requisitos para el sellado de registros con arreglo a la nueva ley<\/a><\/div>\n<\/div>\n\n\n\n<div style=\"height:15px\" aria-hidden=\"true\" class=\"wp-block-spacer\"><\/div>\n\n\n\n<p>Aunque los proyectos de ley de sellado de antecedentes penales aprobados en 2021 y 2025 sentaron una base importante para la reforma, no llegan lo suficientemente lejos ni entran en vigor con la rapidez suficiente. Hemos abogado por que se modifique la ley para que el proceso de sellado de antecedentes sea gratuito, equitativo, de gran alcance y autom\u00e1tico. <\/p>\n\n\n\n<p><strong>He aqu\u00ed algunos datos que hemos recopilado sobre c\u00f3mo ayudar\u00eda a los virginianos la ampliaci\u00f3n del sellado de expedientes:  <\/strong><\/p>\n\n\n\t<\/div>\n<\/div>\n\n\n\n\n\n<style type=\"text\/css\">\n\t.edit-post-visual-editor [data-block=\"468c303a147dbb8deecbd7ffad71fb0d\"] {\n\t\twidth: calc((12 \/ 12) * 100%)!important;\n\t\tmin-width: calc((12 \/ 12) * 100%)!important;\n\t}\n<\/style>\n\n<div id=\"block_468c303a147dbb8deecbd7ffad71fb0d\" class=\"col-lg-12 custom-column-block\">\n\t<div class=\"custom-column-wrapper  \">\n\t\t\n\n\n\n\n\n<div id=\"block_7fa24b1ccea5b18ba7a806c5e26ae139\" class=\"accordion-section-block\">\n  <div class=\"container-fluid\">\n              <div class=\"accordion-section-heading-wrapper has-white-background-color has-background-color\">\n          <div class=\"row row-heading\">\n            <div class=\"col-sm-12\">\n              <h2>Cu\u00e1ntos virginianos se beneficiar\u00edan de los diferentes cambios  <\/h2>\n              <p><\/p>\n              <span class=\"toggler\"><\/span>\n            <\/div>\n          <\/div>\n        <\/div>\n      \n      <div class=\"accordion-section-cols-wrapper has-whisper-background-color has-background-color\">\n        <div class=\"row row-cols\">\n          \n\n\n\n\n<style type=\"text\/css\">\n\t.edit-post-visual-editor [data-block=\"468c303a147dbb8deecbd7ffad71fb0d\"] {\n\t\twidth: calc((12 \/ 12) * 100%)!important;\n\t\tmin-width: calc((12 \/ 12) * 100%)!important;\n\t}\n<\/style>\n\n<div id=\"block_468c303a147dbb8deecbd7ffad71fb0d\" class=\"col-lg-12 custom-column-block\">\n\t<div class=\"custom-column-wrapper  \">\n\t\t\n\n<p>En 2022 trabajamos con Code for Charlottesville para hacer n\u00fameros y calcular cu\u00e1ntas vidas podr\u00edan cambiar si se introdujeran ciertas modificaciones para ampliar la legislaci\u00f3n sobre el sellado de registros de 2021. Esto es lo que hemos encontrado:  <\/p>\n\n\n\n<ul class=\"wp-block-list\">\n<li>La eliminaci\u00f3n del l\u00edmite de por vida para el sellado de expedientes ampliar\u00eda la elegibilidad actual del sellado de expedientes en 415.363 casos.  <\/li>\n\n\n\n<li>Los virginianos con antecedentes penales tienen una media de 3 casos (la nueva ley limita el sellado de antecedentes a s\u00f3lo 2 casos por persona a lo largo de su vida).  <\/li>\n\n\n\n<li>Reducir el tiempo de espera para el sellado de expedientes de 7 a 5 a\u00f1os ampliar\u00eda la elegibilidad actual para el sellado de expedientes en 41.756 casos.  <\/li>\n<\/ul>\n\n\n\n<ul class=\"wp-block-list\">\n<li>Si los cargos por conducir sin carn\u00e9 y por conducir con el carn\u00e9 suspendido pudieran sellarse autom\u00e1ticamente, se podr\u00edan sellar autom\u00e1ticamente m\u00e1s de un mill\u00f3n de casos adicionales.  <\/li>\n\n\n\n<li>De 2009 a 2020, los virginianos recibieron <strong>655,759 condenas<\/strong> por conducir con una licencia suspendida y <strong>425,519 condenas<\/strong> por conducir sin licencia.  <\/li>\n\n\n\n<li>En virtud de la ley de sellado de antecedentes aprobada en 2021, las personas con estas condenas deben solicitar a un tribunal el sellado de las mismas. El sellado autom\u00e1tico de estas condenas ampliar\u00e1 el acceso a las ventajas de no tener estas condenas en los antecedentes penales.  <\/li>\n\n\n\n<li>Hacer que m\u00e1s delitos puedan ser sellados autom\u00e1ticamente tambi\u00e9n ahorrar\u00e1 al sistema judicial el tiempo, el coste y la carga de tramitar las peticiones para sellar esos casos.  <\/li>\n<\/ul>\n\n\n\n<p><strong>Metodolog\u00eda: <\/strong>Estos datos se determinaron tomando una muestra totalmente aleatoria de 100.000 personas de los ~3 millones de individuos con al menos un antecedente penal en los tribunales generales de distrito y tribunales de circuito de Virginia entre 2009 y 2020 y todos los casos asociados con cada individuo para un tama\u00f1o de muestra de 293.598. Code for Charlottesville extrapol\u00f3 a partir de la muestra para generar estimaciones del n\u00famero de casos en el conjunto de la poblaci\u00f3n en cada categor\u00eda. Para tener en cuenta la variaci\u00f3n del muestreo, cada estimaci\u00f3n de poblaci\u00f3n se presenta junto con un intervalo de confianza del 95%. Datos con intervalos disponibles en <a href=\"http:\/\/bit.ly\/recordsealingdata\" target=\"_blank\" rel=\"noreferrer noopener\"><strong>bit.ly\/recordsealingdata<\/strong><\/a>.  <\/p>\n\n\n\t<\/div>\n<\/div>\n\n        <\/div>\n      <\/div>\n  <\/div>\n<\/div>\n\n\n\n\n\n\n<div id=\"block_3d2b4dc8ef00659f7fc8d264b626b821\" class=\"accordion-section-block\">\n  <div class=\"container-fluid\">\n              <div class=\"accordion-section-heading-wrapper has-white-background-color has-background-color\">\n          <div class=\"row row-heading\">\n            <div class=\"col-sm-12\">\n              <h2>Encuestas sobre la actitud de los virginianos ante el sellado de registros  <\/h2>\n              <p><\/p>\n              <span class=\"toggler\"><\/span>\n            <\/div>\n          <\/div>\n        <\/div>\n      \n      <div class=\"accordion-section-cols-wrapper has-whisper-background-color has-background-color\">\n        <div class=\"row row-cols\">\n          \n\n\n\n\n<style type=\"text\/css\">\n\t.edit-post-visual-editor [data-block=\"468c303a147dbb8deecbd7ffad71fb0d\"] {\n\t\twidth: calc((12 \/ 12) * 100%)!important;\n\t\tmin-width: calc((12 \/ 12) * 100%)!important;\n\t}\n<\/style>\n\n<div id=\"block_468c303a147dbb8deecbd7ffad71fb0d\" class=\"col-lg-12 custom-column-block\">\n\t<div class=\"custom-column-wrapper  \">\n\t\t\n\n<p>En 2021 realizamos una encuesta con Data for Progress para ver qu\u00e9 opinan los votantes de Virginia sobre la eliminaci\u00f3n de antecedentes penales y el sellado de los mismos. He aqu\u00ed algunos de los resultados:  <\/p>\n\n\n\n<ul class=\"wp-block-list\">\n<li>Los votantes de Virginia est\u00e1n a favor de un periodo de espera de tres o menos a\u00f1os para poder optar a la eliminaci\u00f3n de antecedentes penales  <\/li>\n<\/ul>\n\n\n\n<ul class=\"wp-block-list\">\n<li>La mayor\u00eda de los encuestados (53%) dijo que una persona debe esperar 3 o menos a\u00f1os antes de que su condena sea elegible para la cancelaci\u00f3n.  <\/li>\n\n\n\n<li>En el caso concreto de las condenas por delitos menores, una gran mayor\u00eda (80%) est\u00e1 a favor de permitir la eliminaci\u00f3n de antecedentes penales despu\u00e9s de 3 a\u00f1os sin cometer otro delito.  <\/li>\n<\/ul>\n\n\n\n<ul class=\"wp-block-list\">\n<li>Los votantes de Virginia son conscientes de las dolorosas consecuencias colaterales de los antecedentes penales  <\/li>\n<\/ul>\n\n\n\n<ul class=\"wp-block-list\">\n<li>M\u00e1s de un tercio de los probables votantes de Virginia conocen personalmente a alguien con antecedentes penales. Esto es cierto tanto entre dem\u00f3cratas como entre republicanos.  <\/li>\n\n\n\n<li>La mitad de los participantes encuestados conoce a alguien a quien se le ha denegado un empleo por tener antecedentes penales. En el caso de la denegaci\u00f3n de vivienda, la cifra era del 32%, y en el de la denegaci\u00f3n de educaci\u00f3n, del 22%. Estas denegaciones dejan a las personas afectadas luchando por encontrar estabilidad en sus vidas.  <\/li>\n<\/ul>\n\n\n\n<p><em>La encuesta fue realizada por Data for Progress. Una encuesta de 595 votantes probables en Virginia tuvo lugar del 3 al 13 de septiembre de 2021, y la otra encuesta de 564 votantes probables en Virginia tuvo lugar del 12 al 18 de agosto de 2021. En ambas encuestas se utiliz\u00f3 un panel web de encuestados, y las muestras se ponderaron para que fueran representativas de los votantes probables por edad, sexo, educaci\u00f3n, raza e historial de voto. Ambas encuestas se realizaron en ingl\u00e9s. El margen de error de ambas encuestas fue de \u00b14 puntos porcentuales.<\/em> <\/p>\n\n\n\t<\/div>\n<\/div>\n\n        <\/div>\n      <\/div>\n  <\/div>\n<\/div>\n\n\t<\/div>\n<\/div>\n\n\t\t\t\t\t<\/div>\n\t\t\t\t\t\t\t\n\t\t\t<\/div>\n\t\t<\/div>\n\t<\/div>\n\n\t<style type=\"text\/css\">\n\t\t.edit-post-visual-editor [data-block=\"446cb0bf52f52cb9791da9b0f4320f16\"] .block-editor-block-list__layout {\n\t\t\tjustify-content: center;\n\t\t}\n\n\t\t\t<\/style>\n<\/div>\n\n\n\n\n\n<div id=\"block_a2528b300cfc322e141f6999172cf9ad\" class=\"content-wrapper-block has-background-color has-charcoal-background-color style-angled bg-width-full \">\n\t<div class=\"container-fluid\">\n\t\t<div class=\"row justify-content-center\">\n\t\t\t<div class=\"col-lg-12\">\n\t\t\t\t\t\t\t\t\t<div class=\"row row-content justify-content-center\">\n\t\t\t\t\t\t\n\n\n\n\n<style type=\"text\/css\">\n\t.edit-post-visual-editor [data-block=\"4c45ade50bfdd8b5dc183da218f1f0df\"] {\n\t\twidth: calc((10 \/ 12) * 100%)!important;\n\t\tmin-width: calc((10 \/ 12) * 100%)!important;\n\t}\n<\/style>\n\n<div id=\"block_4c45ade50bfdd8b5dc183da218f1f0df\" class=\"col-lg-10 custom-column-block\">\n\t<div class=\"custom-column-wrapper  \">\n\t\t\n\n<h2 class=\"wp-block-heading is-style-underlined-with-icon has-white-color has-text-color has-link-color wp-elements-29b09a2a816435f96a3b878503c3d586\" id=\"Clinics\">CL\u00cdNICAS DE ELIMINACI\u00d3N DE ANTECEDENTES PENALES Y SESIONES INFORMATIVAS<\/h2>\n\n\n\t<\/div>\n<\/div>\n\n\n\n\n\n<style type=\"text\/css\">\n\t.edit-post-visual-editor [data-block=\"78e8ef9c85af8db18217506b537ed913\"] {\n\t\twidth: calc((10 \/ 12) * 100%)!important;\n\t\tmin-width: calc((10 \/ 12) * 100%)!important;\n\t}\n<\/style>\n\n<div id=\"block_78e8ef9c85af8db18217506b537ed913\" class=\"col-lg-10 custom-column-block\">\n\t<div class=\"custom-column-wrapper  has-background-color has-white-background-color\">\n\t\t\n\n<p>\u00bfEst\u00e1s interesado en obtener m\u00e1s informaci\u00f3n sobre la cancelaci\u00f3n de antecedentes penales o de tr\u00e1fico, o quieres que te ayudemos a eliminar de tus antecedentes los cargos que cumplan los requisitos?  <strong>Visita nuestras Sesiones informativas y Cl\u00ednicas de eliminaci\u00f3n de antecedentes penales:<\/strong><\/p>\n\n\n\n<p><\/p>\n\n\n\n<ul class=\"wp-block-list\">\n<li><strong>Abril:<\/strong>\n<ul class=\"wp-block-list\">\n<li><a href=\"http:\/\/bit.ly\/ExpungementClinicCville\">Cl\u00ednica de eliminaci\u00f3n de antecedentes penales Charlottesville\/Albemarle (22 de abril)<\/a><\/li>\n<\/ul>\n<\/li>\n<\/ul>\n\n\n\t<\/div>\n<\/div>\n\n\t\t\t\t\t<\/div>\n\t\t\t\t\t\t\t\n\t\t\t<\/div>\n\t\t<\/div>\n\t<\/div>\n\n\t<style type=\"text\/css\">\n\t\t.edit-post-visual-editor [data-block=\"a2528b300cfc322e141f6999172cf9ad\"] .block-editor-block-list__layout {\n\t\t\tjustify-content: center;\n\t\t}\n\n\t\t\t<\/style>\n<\/div>\n","protected":false},"excerpt":{"rendered":"","protected":false},"author":4,"featured_media":0,"parent":10481,"menu_order":0,"comment_status":"closed","ping_status":"closed","template":"","meta":{"footnotes":""},"lajc-tax-roles":[],"lajc-tax-issues":[82],"lajc-tax-locations":[],"class_list":["post-10487","page","type-page","status-publish","hentry","lajc-tax-issues-criminal-legal-system-es"],"acf":[],"yoast_head":"<!-- This site is optimized with the Yoast SEO plugin v27.5 - https:\/\/yoast.com\/product\/yoast-seo-wordpress\/ -->\n<title>Cancelaci\u00f3n de antecedentes penales - Legal Aid Justice Center<\/title>\n<meta name=\"description\" content=\"Trabajamos para aliviar la carga de los virginianos con antecedentes penales luchando por la ampliaci\u00f3n de las leyes de cancelaci\u00f3n y sellado de antecedentes y proporcionando a las personas asistencia jur\u00eddica para sellar sus antecedentes.\" \/>\n<meta name=\"robots\" content=\"index, follow, max-snippet:-1, max-image-preview:large, max-video-preview:-1\" \/>\n<link rel=\"canonical\" href=\"https:\/\/www.justice4all.org\/es\/que-hacemos\/sistema-juridico-penal\/cancelacion-de-antecedentes-penales\/\" \/>\n<meta property=\"og:locale\" content=\"es_ES\" \/>\n<meta property=\"og:type\" content=\"article\" \/>\n<meta property=\"og:title\" content=\"Cancelaci\u00f3n de antecedentes penales - Legal Aid Justice Center\" \/>\n<meta property=\"og:description\" content=\"Trabajamos para aliviar la carga de los virginianos con antecedentes penales luchando por la ampliaci\u00f3n de las leyes de cancelaci\u00f3n y sellado de antecedentes y proporcionando a las personas asistencia jur\u00eddica para sellar sus antecedentes.\" \/>\n<meta property=\"og:url\" content=\"https:\/\/www.justice4all.org\/es\/que-hacemos\/sistema-juridico-penal\/cancelacion-de-antecedentes-penales\/\" \/>\n<meta property=\"og:site_name\" content=\"Legal Aid Justice Center\" \/>\n<meta property=\"article:modified_time\" content=\"2025-07-11T12:47:29+00:00\" \/>\n<meta name=\"twitter:card\" content=\"summary_large_image\" \/>\n<meta name=\"twitter:label1\" content=\"Tiempo de lectura\" \/>\n\t<meta name=\"twitter:data1\" content=\"6 minuto\" \/>\n<script type=\"application\/ld+json\" class=\"yoast-schema-graph\">{\"@context\":\"https:\\\/\\\/schema.org\",\"@graph\":[{\"@type\":\"WebPage\",\"@id\":\"https:\\\/\\\/www.justice4all.org\\\/es\\\/que-hacemos\\\/sistema-juridico-penal\\\/cancelacion-de-antecedentes-penales\\\/\",\"url\":\"https:\\\/\\\/www.justice4all.org\\\/es\\\/que-hacemos\\\/sistema-juridico-penal\\\/cancelacion-de-antecedentes-penales\\\/\",\"name\":\"Cancelaci\u00f3n de antecedentes penales - Legal Aid Justice Center\",\"isPartOf\":{\"@id\":\"https:\\\/\\\/www.justice4all.org\\\/es\\\/#website\"},\"datePublished\":\"2023-06-02T04:33:09+00:00\",\"dateModified\":\"2025-07-11T12:47:29+00:00\",\"description\":\"Trabajamos para aliviar la carga de los virginianos con antecedentes penales luchando por la ampliaci\u00f3n de las leyes de cancelaci\u00f3n y sellado de antecedentes y proporcionando a las personas asistencia jur\u00eddica para sellar sus antecedentes.\",\"breadcrumb\":{\"@id\":\"https:\\\/\\\/www.justice4all.org\\\/es\\\/que-hacemos\\\/sistema-juridico-penal\\\/cancelacion-de-antecedentes-penales\\\/#breadcrumb\"},\"inLanguage\":\"es\",\"potentialAction\":[{\"@type\":\"ReadAction\",\"target\":[\"https:\\\/\\\/www.justice4all.org\\\/es\\\/que-hacemos\\\/sistema-juridico-penal\\\/cancelacion-de-antecedentes-penales\\\/\"]}]},{\"@type\":\"BreadcrumbList\",\"@id\":\"https:\\\/\\\/www.justice4all.org\\\/es\\\/que-hacemos\\\/sistema-juridico-penal\\\/cancelacion-de-antecedentes-penales\\\/#breadcrumb\",\"itemListElement\":[{\"@type\":\"ListItem\",\"position\":1,\"name\":\"Home\",\"item\":\"https:\\\/\\\/www.justice4all.org\\\/es\\\/\"},{\"@type\":\"ListItem\",\"position\":2,\"name\":\"Qu\u00e9 hacemos\",\"item\":\"https:\\\/\\\/www.justice4all.org\\\/es\\\/que-hacemos\\\/\"},{\"@type\":\"ListItem\",\"position\":3,\"name\":\"Sistema jur\u00eddico penal\",\"item\":\"https:\\\/\\\/www.justice4all.org\\\/es\\\/que-hacemos\\\/sistema-juridico-penal\\\/\"},{\"@type\":\"ListItem\",\"position\":4,\"name\":\"Cancelaci\u00f3n de antecedentes penales\"}]},{\"@type\":\"WebSite\",\"@id\":\"https:\\\/\\\/www.justice4all.org\\\/es\\\/#website\",\"url\":\"https:\\\/\\\/www.justice4all.org\\\/es\\\/\",\"name\":\"Legal Aid Justice Center\",\"description\":\"\",\"potentialAction\":[{\"@type\":\"SearchAction\",\"target\":{\"@type\":\"EntryPoint\",\"urlTemplate\":\"https:\\\/\\\/www.justice4all.org\\\/es\\\/?s={search_term_string}\"},\"query-input\":{\"@type\":\"PropertyValueSpecification\",\"valueRequired\":true,\"valueName\":\"search_term_string\"}}],\"inLanguage\":\"es\"}]}<\/script>\n<!-- \/ Yoast SEO plugin. -->","yoast_head_json":{"title":"Cancelaci\u00f3n de antecedentes penales - Legal Aid Justice Center","description":"Trabajamos para aliviar la carga de los virginianos con antecedentes penales luchando por la ampliaci\u00f3n de las leyes de cancelaci\u00f3n y sellado de antecedentes y proporcionando a las personas asistencia jur\u00eddica para sellar sus antecedentes.","robots":{"index":"index","follow":"follow","max-snippet":"max-snippet:-1","max-image-preview":"max-image-preview:large","max-video-preview":"max-video-preview:-1"},"canonical":"https:\/\/www.justice4all.org\/es\/que-hacemos\/sistema-juridico-penal\/cancelacion-de-antecedentes-penales\/","og_locale":"es_ES","og_type":"article","og_title":"Cancelaci\u00f3n de antecedentes penales - Legal Aid Justice Center","og_description":"Trabajamos para aliviar la carga de los virginianos con antecedentes penales luchando por la ampliaci\u00f3n de las leyes de cancelaci\u00f3n y sellado de antecedentes y proporcionando a las personas asistencia jur\u00eddica para sellar sus antecedentes.","og_url":"https:\/\/www.justice4all.org\/es\/que-hacemos\/sistema-juridico-penal\/cancelacion-de-antecedentes-penales\/","og_site_name":"Legal Aid Justice Center","article_modified_time":"2025-07-11T12:47:29+00:00","twitter_card":"summary_large_image","twitter_misc":{"Tiempo de lectura":"6 minuto"},"schema":{"@context":"https:\/\/schema.org","@graph":[{"@type":"WebPage","@id":"https:\/\/www.justice4all.org\/es\/que-hacemos\/sistema-juridico-penal\/cancelacion-de-antecedentes-penales\/","url":"https:\/\/www.justice4all.org\/es\/que-hacemos\/sistema-juridico-penal\/cancelacion-de-antecedentes-penales\/","name":"Cancelaci\u00f3n de antecedentes penales - Legal Aid Justice Center","isPartOf":{"@id":"https:\/\/www.justice4all.org\/es\/#website"},"datePublished":"2023-06-02T04:33:09+00:00","dateModified":"2025-07-11T12:47:29+00:00","description":"Trabajamos para aliviar la carga de los virginianos con antecedentes penales luchando por la ampliaci\u00f3n de las leyes de cancelaci\u00f3n y sellado de antecedentes y proporcionando a las personas asistencia jur\u00eddica para sellar sus antecedentes.","breadcrumb":{"@id":"https:\/\/www.justice4all.org\/es\/que-hacemos\/sistema-juridico-penal\/cancelacion-de-antecedentes-penales\/#breadcrumb"},"inLanguage":"es","potentialAction":[{"@type":"ReadAction","target":["https:\/\/www.justice4all.org\/es\/que-hacemos\/sistema-juridico-penal\/cancelacion-de-antecedentes-penales\/"]}]},{"@type":"BreadcrumbList","@id":"https:\/\/www.justice4all.org\/es\/que-hacemos\/sistema-juridico-penal\/cancelacion-de-antecedentes-penales\/#breadcrumb","itemListElement":[{"@type":"ListItem","position":1,"name":"Home","item":"https:\/\/www.justice4all.org\/es\/"},{"@type":"ListItem","position":2,"name":"Qu\u00e9 hacemos","item":"https:\/\/www.justice4all.org\/es\/que-hacemos\/"},{"@type":"ListItem","position":3,"name":"Sistema jur\u00eddico penal","item":"https:\/\/www.justice4all.org\/es\/que-hacemos\/sistema-juridico-penal\/"},{"@type":"ListItem","position":4,"name":"Cancelaci\u00f3n de antecedentes penales"}]},{"@type":"WebSite","@id":"https:\/\/www.justice4all.org\/es\/#website","url":"https:\/\/www.justice4all.org\/es\/","name":"Legal Aid Justice Center","description":"","potentialAction":[{"@type":"SearchAction","target":{"@type":"EntryPoint","urlTemplate":"https:\/\/www.justice4all.org\/es\/?s={search_term_string}"},"query-input":{"@type":"PropertyValueSpecification","valueRequired":true,"valueName":"search_term_string"}}],"inLanguage":"es"}]}},"_links":{"self":[{"href":"https:\/\/www.justice4all.org\/es\/wp-json\/wp\/v2\/pages\/10487","targetHints":{"allow":["GET"]}}],"collection":[{"href":"https:\/\/www.justice4all.org\/es\/wp-json\/wp\/v2\/pages"}],"about":[{"href":"https:\/\/www.justice4all.org\/es\/wp-json\/wp\/v2\/types\/page"}],"author":[{"embeddable":true,"href":"https:\/\/www.justice4all.org\/es\/wp-json\/wp\/v2\/users\/4"}],"replies":[{"embeddable":true,"href":"https:\/\/www.justice4all.org\/es\/wp-json\/wp\/v2\/comments?post=10487"}],"version-history":[{"count":0,"href":"https:\/\/www.justice4all.org\/es\/wp-json\/wp\/v2\/pages\/10487\/revisions"}],"up":[{"embeddable":true,"href":"https:\/\/www.justice4all.org\/es\/wp-json\/wp\/v2\/pages\/10481"}],"wp:attachment":[{"href":"https:\/\/www.justice4all.org\/es\/wp-json\/wp\/v2\/media?parent=10487"}],"wp:term":[{"taxonomy":"lajc-tax-roles","embeddable":true,"href":"https:\/\/www.justice4all.org\/es\/wp-json\/wp\/v2\/lajc-tax-roles?post=10487"},{"taxonomy":"lajc-tax-issues","embeddable":true,"href":"https:\/\/www.justice4all.org\/es\/wp-json\/wp\/v2\/lajc-tax-issues?post=10487"},{"taxonomy":"lajc-tax-locations","embeddable":true,"href":"https:\/\/www.justice4all.org\/es\/wp-json\/wp\/v2\/lajc-tax-locations?post=10487"}],"curies":[{"name":"wp","href":"https:\/\/api.w.org\/{rel}","templated":true}]}}