{"id":10481,"date":"2023-04-04T20:51:36","date_gmt":"2023-04-04T20:51:36","guid":{"rendered":"https:\/\/lajc2023stg.wpengine.com\/que-hacemos\/sistema-juridico-penal\/"},"modified":"2026-02-05T03:01:58","modified_gmt":"2026-02-05T03:01:58","slug":"sistema-juridico-penal","status":"publish","type":"page","link":"https:\/\/www.justice4all.org\/es\/que-hacemos\/sistema-juridico-penal\/","title":{"rendered":"Sistema jur\u00eddico penal"},"content":{"rendered":"<div class=\"lajc-m-content\"\/>\n\n\n\n\n\n\n<div id=\"block_df0e59e920d5115fb2fe791ad9bdd754\" class=\"hero-block\">\n  <div class=\"layout-large has-bg-image\" role=\"img\" style=\"background-image: url(https:\/\/www.justice4all.org\/wp-content\/uploads\/2023\/05\/img_2951-1-scaled.jpg);\" title=\"img_2951 (1)\">\n          <div class=\"container-fluid\">\n        <div class=\"row justify-content-center\">\n          <div class=\"col-lg-10\">\n            <h1 class=\"has-white-color\">Sistema jur\u00eddico penal  <\/h1>\n\n                          <h4 class=\"has-white-color\">Defendemos los derechos de las personas afectadas por el sistema jur\u00eddico penal frente a los perjuicios de la actuaci\u00f3n policial, el encarcelamiento y los tribunales.<\/h4>\n            \n                      <\/div>\n        <\/div>\n      <\/div>\n      <\/div>\n<\/div>\n\n\n  <style type=\"text\/css\">\n    #block_e0a0a94285defc475242c650f72cdb4c {\n                        margin-top: calc(0 * 16px);\n                                      \n          }\n\n    @media screen and (min-width: 768px) and (max-width: 991px) {\n      #block_e0a0a94285defc475242c650f72cdb4c {\n                              margin-top: calc(0 * 12px);  \n                                                  \n              }\n    }\n\n    @media screen and (min-width: 480px) and (max-width: 767px) {\n      #block_e0a0a94285defc475242c650f72cdb4c {\n                              margin-top: calc(0 * 8px);  \n                                                  \n              }\n    }\n\n    @media screen and (max-width: 479px) {\n      #block_e0a0a94285defc475242c650f72cdb4c {\n                              margin-top: calc(0 * 4px);  \n                                                  \n              }\n    }\n\n  <\/style>\n\n\n<div id=\"block_e0a0a94285defc475242c650f72cdb4c\" class=\"content-wrapper-block  style-normal bg-width-full \">\n\t<div class=\"container-fluid\">\n\t\t<div class=\"row justify-content-center\">\n\t\t\t<div class=\"col-lg-11\">\n\t\t\t\t\t\t\t\t\t<div class=\"row row-content justify-content-start\">\n\t\t\t\t\t\t\n\n\n\n\n<style type=\"text\/css\">\n\t.edit-post-visual-editor [data-block=\"cb4994a252b135909b2115a297e04f92\"] {\n\t\twidth: calc((12 \/ 12) * 100%)!important;\n\t\tmin-width: calc((12 \/ 12) * 100%)!important;\n\t}\n<\/style>\n\n<div id=\"block_cb4994a252b135909b2115a297e04f92\" class=\"col-lg-12 custom-column-block\">\n\t<div class=\"custom-column-wrapper  \">\n\t\t\n\n\n\n\n<div id=\"block_4e7d2480cbd9dee80678d44a6aeedb87\" class=\"text-image-block\">\n  <div class=\"container-fluid\">\n    <div class=\"text-image-wrapper flex-direction-row\">\n      <div class=\"text\"><p>Nuestro equipo trabaja para poner fin a la criminalizaci\u00f3n de la pobreza en Virginia, denunciando y abordando las pol\u00edticas del sistema jur\u00eddico penal dirigidas contra las personas por motivos de pobreza y raza. Mediante una combinaci\u00f3n de organizaci\u00f3n comunitaria, defensa de pol\u00edticas locales y estatales y litigios, nuestro programa interviene en muchos puntos del sistema jur\u00eddico penal. Nuestras campa\u00f1as abarcan desde el contacto inicial con las fuerzas del orden en la comunidad, pasando por los tribunales, hasta el confinamiento de las personas en las c\u00e1rceles y prisiones de Virginia y, por \u00faltimo, su reinserci\u00f3n en la comunidad. <\/p><p><b>Luchamos para:  <\/b><\/p><ul><li>Eliminar el contacto injustificado de las fuerzas de seguridad con las personas de color de la comunidad;  <\/li><\/ul><ul><li>Garantizar que los tribunales sean justos para las personas con bajos ingresos y las personas de color;  <\/li><\/ul><ul><li>Proteger contra las duras multas y tasas impuestas por los tribunales a los pobres;  <\/li><\/ul><ul><li>Proteger a las personas vulnerables recluidas en nuestras c\u00e1rceles y prisiones.  <\/li><\/ul><ul><li>Eliminar las barreras a la vivienda, el empleo y otras fuentes de estabilidad para las personas con bajos ingresos y las personas de color que regresan a casa tras haber estado en la c\u00e1rcel o en prisi\u00f3n.&nbsp;<\/li><\/ul><\/div>\n      <div class=\"img\"><img decoding=\"async\" src=\"https:\/\/www.justice4all.org\/wp-content\/uploads\/2023\/05\/image-1-800x0-c-default.jpg\" \/><\/div>\n    <\/div>\n  <\/div>\n<\/div>\n\n\n\t<\/div>\n<\/div>\n\n\t\t\t\t\t<\/div>\n\t\t\t\t\t\t\t\n\t\t\t<\/div>\n\t\t<\/div>\n\t<\/div>\n\n\t<style type=\"text\/css\">\n\t\t.edit-post-visual-editor [data-block=\"e0a0a94285defc475242c650f72cdb4c\"] .block-editor-block-list__layout {\n\t\t\tjustify-content: start;\n\t\t}\n\n\t\t\t\t\t#block_e0a0a94285defc475242c650f72cdb4c > .container-fluid > .row > div > div > .row, #block_e0a0a94285defc475242c650f72cdb4c > .container-fluid > .row > div > .row {\n\t\t\t\t--bs-gutter-x: 80px;\n\t\t\t}\n\t\t\t<\/style>\n<\/div>\n\n\n\n\n\n<div id=\"block_d2ed9b29eaaabc56f7c8bc6ac2dc408a\" class=\"content-wrapper-block has-background-color has-charcoal-background-color style-angled bg-width-full \">\n\t<div class=\"container-fluid\">\n\t\t<div class=\"row justify-content-center\">\n\t\t\t<div class=\"col-lg-12\">\n\t\t\t\t\t\t\t\t\t<div class=\"row row-content justify-content-center\">\n\t\t\t\t\t\t\n\n\n\n\n<style type=\"text\/css\">\n\t.edit-post-visual-editor [data-block=\"cb4994a252b135909b2115a297e04f92\"] {\n\t\twidth: calc((12 \/ 12) * 100%)!important;\n\t\tmin-width: calc((12 \/ 12) * 100%)!important;\n\t}\n<\/style>\n\n<div id=\"block_cb4994a252b135909b2115a297e04f92\" class=\"col-lg-12 custom-column-block\">\n\t<div class=\"custom-column-wrapper  \">\n\t\t\n\n<h2 class=\"wp-block-heading has-text-align-center has-white-color has-text-color\">NUESTRO TRABAJO<\/h2>\n\n\n\t<\/div>\n<\/div>\n\n\n\n\n\n<style type=\"text\/css\">\n\t.edit-post-visual-editor [data-block=\"cb4994a252b135909b2115a297e04f92\"] {\n\t\twidth: calc((12 \/ 12) * 100%)!important;\n\t\tmin-width: calc((12 \/ 12) * 100%)!important;\n\t}\n<\/style>\n\n<div id=\"block_cb4994a252b135909b2115a297e04f92\" class=\"col-lg-12 custom-column-block\">\n\t<div class=\"custom-column-wrapper  \">\n\t\t\n\n\n\n\n\n<div id=\"block_fc462db937fb7e383c0c9fd4a26ee00a\" class=\"accordion-section-block\">\n  <div class=\"container-fluid\">\n              <div class=\"accordion-section-heading-wrapper has-charcoal-background-color has-background-color\">\n          <div class=\"row row-heading\">\n            <div class=\"col-sm-12\">\n              <h2>Vigilancia<\/h2>\n              <p>Construir el poder comunitario y acabar con la mala conducta policial.  <\/p>\n              <span class=\"toggler\"><\/span>\n            <\/div>\n          <\/div>\n        <\/div>\n      \n      <div class=\"accordion-section-cols-wrapper has-whisper-background-color has-background-color\">\n        <div class=\"row row-cols\">\n          \n\n\n\n\n<style type=\"text\/css\">\n\t.edit-post-visual-editor [data-block=\"cb4994a252b135909b2115a297e04f92\"] {\n\t\twidth: calc((12 \/ 12) * 100%)!important;\n\t\tmin-width: calc((12 \/ 12) * 100%)!important;\n\t}\n<\/style>\n\n<div id=\"block_cb4994a252b135909b2115a297e04f92\" class=\"col-lg-12 custom-column-block\">\n\t<div class=\"custom-column-wrapper  \">\n\t\t\n\n<p>Nuestras iniciativas de responsabilidad policial pretenden dotar a las comunidades de las herramientas necesarias para influir en la vigilancia policial de sus barrios, abordar la mala conducta de los agentes a nivel individual y sist\u00e9mico, y hacer recomendaciones presupuestarias.<\/p>\n\n\n\n<p><strong>Our Rights Matter <\/strong>fue una colaboraci\u00f3n con RISE for Youth, Peter Paul y el Legal Aid Justice Center. La misi\u00f3n del proyecto es educar, implicar y capacitar a j\u00f3venes y adultos j\u00f3venes sobre qu\u00e9 hacer cuando interact\u00faan con las fuerzas del orden.  <\/p>\n\n\n\t<\/div>\n<\/div>\n\n\n\n\n\n<style type=\"text\/css\">\n\t.edit-post-visual-editor [data-block=\"cb4994a252b135909b2115a297e04f92\"] {\n\t\twidth: calc((12 \/ 12) * 100%)!important;\n\t\tmin-width: calc((12 \/ 12) * 100%)!important;\n\t}\n<\/style>\n\n<div id=\"block_cb4994a252b135909b2115a297e04f92\" class=\"col-lg-12 custom-column-block\">\n\t<div class=\"custom-column-wrapper  \">\n\t\t\n\n<div class=\"wp-block-buttons is-content-justification-left is-layout-flex wp-container-core-buttons-is-layout-fdcfc74e wp-block-buttons-is-layout-flex\">\n<div class=\"wp-block-button is-style-primary\"><a class=\"wp-block-button__link wp-element-button\" href=\"https:\/\/www.justice4all.org\/es\/que-hacemos\/sistema-juridico-penal\/nuestros-derechos-importan\/\">M\u00e1s informaci\u00f3n sobre nuestros derechos<\/a><\/div>\n<\/div>\n\n\n\t<\/div>\n<\/div>\n\n\n\n\n\n<style type=\"text\/css\">\n\t.edit-post-visual-editor [data-block=\"cb4994a252b135909b2115a297e04f92\"] {\n\t\twidth: calc((12 \/ 12) * 100%)!important;\n\t\tmin-width: calc((12 \/ 12) * 100%)!important;\n\t}\n<\/style>\n\n<div id=\"block_cb4994a252b135909b2115a297e04f92\" class=\"col-lg-12 custom-column-block\">\n\t<div class=\"custom-column-wrapper  \">\n\t\t\n\n<p>Mediante asociaciones con grupos como la <a href=\"https:\/\/m.facebook.com\/justiceincharlottesville\/\">\n  <strong>Coalici\u00f3n Popular<\/strong>\n<\/a> y el <strong><a href=\"http:\/\/richmondvatap.org\/\">Richmond Transparency &amp; Accountability Project<\/a> (RTAP)<\/strong>, el LAJC trabaja en profunda relaci\u00f3n con las comunidades de Virginia para reforzar el poder de la comunidad sobre la polic\u00eda y acabar con la mala conducta policial.  <\/p>\n\n\n\t<\/div>\n<\/div>\n\n        <\/div>\n      <\/div>\n  <\/div>\n<\/div>\n\n\n\n\n\n\n<div id=\"block_68804b6b38893b61e320718526745d55\" class=\"accordion-section-block\">\n  <div class=\"container-fluid\">\n              <div class=\"accordion-section-heading-wrapper has-charcoal-background-color has-background-color\">\n          <div class=\"row row-heading\">\n            <div class=\"col-sm-12\">\n              <h2>Justicia preventiva<\/h2>\n              <p>Poner fin a las pr\u00e1cticas de libertad bajo fianza que perjudican a las comunidades de bajos ingresos y a las comunidades de color.<\/p>\n              <span class=\"toggler\"><\/span>\n            <\/div>\n          <\/div>\n        <\/div>\n      \n      <div class=\"accordion-section-cols-wrapper has-whisper-background-color has-background-color\">\n        <div class=\"row row-cols\">\n          \n\n\n\n\n<style type=\"text\/css\">\n\t.edit-post-visual-editor [data-block=\"cb4994a252b135909b2115a297e04f92\"] {\n\t\twidth: calc((12 \/ 12) * 100%)!important;\n\t\tmin-width: calc((12 \/ 12) * 100%)!important;\n\t}\n<\/style>\n\n<div id=\"block_cb4994a252b135909b2115a297e04f92\" class=\"col-lg-12 custom-column-block\">\n\t<div class=\"custom-column-wrapper  \">\n\t\t\n\n<p>El sistema de prisi\u00f3n preventiva de Virginia, en el que se deciden las fianzas, produce una detenci\u00f3n preventiva innecesaria plagada de disparidades raciales y econ\u00f3micas. Abogamos por una reforma integral de todo el sistema de prisi\u00f3n preventiva que garantice resultados justos para todas las personas.  <\/p>\n\n\n\n<div class=\"wp-block-buttons is-horizontal is-content-justification-left is-layout-flex wp-container-core-buttons-is-layout-7e5fce0a wp-block-buttons-is-layout-flex\">\n<div class=\"wp-block-button is-style-primary\"><a class=\"wp-block-button__link has-text-align-left wp-element-button\" href=\"https:\/\/www.justice4all.org\/es\/que-hacemos\/sistema-juridico-penal\/justicia-preventiva\/\">Leer m\u00e1s<\/a><\/div>\n<\/div>\n\n\n\t<\/div>\n<\/div>\n\n        <\/div>\n      <\/div>\n  <\/div>\n<\/div>\n\n\n\n\n\n\n<div id=\"block_07c1283fe75cc019d8ee837a6d1725e2\" class=\"accordion-section-block\">\n  <div class=\"container-fluid\">\n              <div class=\"accordion-section-heading-wrapper has-charcoal-background-color has-background-color\">\n          <div class=\"row row-heading\">\n            <div class=\"col-sm-12\">\n              <h2>Multas y tasas<\/h2>\n              <p>Acabar con las gravosas costas judiciales.<\/p>\n              <span class=\"toggler\"><\/span>\n            <\/div>\n          <\/div>\n        <\/div>\n      \n      <div class=\"accordion-section-cols-wrapper has-whisper-background-color has-background-color\">\n        <div class=\"row row-cols\">\n          \n\n\n\n\n<style type=\"text\/css\">\n\t.edit-post-visual-editor [data-block=\"cb4994a252b135909b2115a297e04f92\"] {\n\t\twidth: calc((12 \/ 12) * 100%)!important;\n\t\tmin-width: calc((12 \/ 12) * 100%)!important;\n\t}\n<\/style>\n\n<div id=\"block_cb4994a252b135909b2115a297e04f92\" class=\"col-lg-12 custom-column-block\">\n\t<div class=\"custom-column-wrapper  \">\n\t\t\n\n<p>Ayudar a los virginianos de bajos ingresos, muchos de los cuales son personas de color, atrapados por los gravosos costes judiciales de Virginia debido a su incapacidad para pagar las multas y tasas de los tribunales penales y de tr\u00e1fico.Colaboramos con los miembros de la comunidad y las partes interesadas para desmantelar las pol\u00edticas y pr\u00e1cticas judiciales depredadoras que castigan a las personas por su pobreza y causan dificultades a sus familias.  <\/p>\n\n\n\n<div class=\"wp-block-buttons is-content-justification-left is-layout-flex wp-container-core-buttons-is-layout-fdcfc74e wp-block-buttons-is-layout-flex\">\n<div class=\"wp-block-button is-style-primary\"><a class=\"wp-block-button__link wp-element-button\" href=\"https:\/\/www.justice4all.org\/es\/que-hacemos\/sistema-juridico-penal\/multas-y-tasas\/\">LEER M\u00c1S<\/a><\/div>\n<\/div>\n\n\n\t<\/div>\n<\/div>\n\n        <\/div>\n      <\/div>\n  <\/div>\n<\/div>\n\n\n\n\n\n\n<div id=\"block_28800e199a4903ee33311a1624f4a360\" class=\"accordion-section-block\">\n  <div class=\"container-fluid\">\n              <div class=\"accordion-section-heading-wrapper has-charcoal-background-color has-background-color\">\n          <div class=\"row row-heading\">\n            <div class=\"col-sm-12\">\n              <h2>Cancelaci\u00f3n de antecedentes penales  <\/h2>\n              <p>Eliminar la barrera de los antecedentes penales.<\/p>\n              <span class=\"toggler\"><\/span>\n            <\/div>\n          <\/div>\n        <\/div>\n      \n      <div class=\"accordion-section-cols-wrapper has-whisper-background-color has-background-color\">\n        <div class=\"row row-cols\">\n          \n\n\n\n\n<style type=\"text\/css\">\n\t.edit-post-visual-editor [data-block=\"cb4994a252b135909b2115a297e04f92\"] {\n\t\twidth: calc((12 \/ 12) * 100%)!important;\n\t\tmin-width: calc((12 \/ 12) * 100%)!important;\n\t}\n<\/style>\n\n<div id=\"block_cb4994a252b135909b2115a297e04f92\" class=\"col-lg-12 custom-column-block\">\n\t<div class=\"custom-column-wrapper  \">\n\t\t\n\n<p>Ayudar a los virginianos con bajos ingresos, muchos de los cuales son personas de color, a acceder a oportunidades de empleo, vivienda y educaci\u00f3n mediante la eliminaci\u00f3n de sus antecedentes penales. Aunque la ley de Virginia limita actualmente los tipos de casos que pueden ser eliminados, incluso la eliminaci\u00f3n de un caso penal desestimado de una verificaci\u00f3n de antecedentes puede ayudar a una persona a conseguir un trabajo o un apartamento que antes no estaba a su disposici\u00f3n.  <\/p>\n\n\n\n<div class=\"wp-block-buttons is-content-justification-left is-layout-flex wp-container-core-buttons-is-layout-fdcfc74e wp-block-buttons-is-layout-flex\">\n<div class=\"wp-block-button is-style-primary\"><a class=\"wp-block-button__link wp-element-button\" href=\"https:\/\/www.justice4all.org\/es\/que-hacemos\/sistema-juridico-penal\/cancelacion-de-antecedentes-penales\/\">LEER M\u00c1S<\/a><\/div>\n<\/div>\n\n\n\t<\/div>\n<\/div>\n\n        <\/div>\n      <\/div>\n  <\/div>\n<\/div>\n\n\n\n\n\n\n<div id=\"block_62ee13f4e4d9ced46c8444261ba8df4d\" class=\"accordion-section-block\">\n  <div class=\"container-fluid\">\n              <div class=\"accordion-section-heading-wrapper has-charcoal-background-color has-background-color\">\n          <div class=\"row row-heading\">\n            <div class=\"col-sm-12\">\n              <h2>Lucha contra el encarcelamiento masivo<\/h2>\n              <p>y apoyar a los afectados.  <\/p>\n              <span class=\"toggler\"><\/span>\n            <\/div>\n          <\/div>\n        <\/div>\n      \n      <div class=\"accordion-section-cols-wrapper has-whisper-background-color has-background-color\">\n        <div class=\"row row-cols\">\n          \n\n\n\n\n<style type=\"text\/css\">\n\t.edit-post-visual-editor [data-block=\"cb4994a252b135909b2115a297e04f92\"] {\n\t\twidth: calc((12 \/ 12) * 100%)!important;\n\t\tmin-width: calc((12 \/ 12) * 100%)!important;\n\t}\n<\/style>\n\n<div id=\"block_cb4994a252b135909b2115a297e04f92\" class=\"col-lg-12 custom-column-block\">\n\t<div class=\"custom-column-wrapper  \">\n\t\t\n\n<p>Luchamos contra el encarcelamiento masivo al tiempo que tratamos de proteger a los virginianos encarcelados.Seguimos aplicando un acuerdo de conciliaci\u00f3n con el Departamento Correccional de Virginia en relaci\u00f3n con la atenci\u00f3n m\u00e9dica inconstitucional en el Centro Correccional Fluvanna para Mujeres, y promoviendo reformas para reducir las abultadas poblaciones penitenciaria y carcelaria de Virginia.  <\/p>\n\n\n\t<\/div>\n<\/div>\n\n\n\n\n\n<style type=\"text\/css\">\n\t.edit-post-visual-editor [data-block=\"cb4994a252b135909b2115a297e04f92\"] {\n\t\twidth: calc((12 \/ 12) * 100%)!important;\n\t\tmin-width: calc((12 \/ 12) * 100%)!important;\n\t}\n<\/style>\n\n<div id=\"block_cb4994a252b135909b2115a297e04f92\" class=\"col-lg-12 custom-column-block\">\n\t<div class=\"custom-column-wrapper  \">\n\t\t\n\n<p><\/p>\n\n\n\n<div class=\"wp-block-buttons is-content-justification-center is-layout-flex wp-container-core-buttons-is-layout-16018d1d wp-block-buttons-is-layout-flex\">\n<div class=\"wp-block-button is-style-primary\"><a class=\"wp-block-button__link has-text-align-center wp-element-button\" href=\"https:\/\/www.justice4all.org\/es\/que-hacemos\/sistema-juridico-penal\/centro-correccional-para-mujeres-de-fluvanna\/\">m\u00e1s informaci\u00f3n sobre la demanda de fluvanna<\/a><\/div>\n<\/div>\n\n\n\n<div class=\"wp-block-buttons is-content-justification-center is-layout-flex wp-container-core-buttons-is-layout-16018d1d wp-block-buttons-is-layout-flex\">\n<div class=\"wp-block-button is-style-secondary\"><a class=\"wp-block-button__link has-text-align-center wp-element-button\" href=\"https:\/\/www.justice4all.org\/wp-content\/uploads\/2024\/06\/LAJC-Guide-to-Appeals-and-Post-Conviction-FINAL-w-resources.pdf\">Recurso: <em>Impugnar tu causa penal en Virginia<\/em><\/a><\/div>\n<\/div>\n\n\n\n<div class=\"wp-block-buttons is-content-justification-center is-layout-flex wp-container-core-buttons-is-layout-16018d1d wp-block-buttons-is-layout-flex\">\n<div class=\"wp-block-button is-style-secondary\"><a class=\"wp-block-button__link has-text-align-center wp-element-button\" href=\"https:\/\/www.justice4all.org\/wp-content\/uploads\/2024\/06\/LAJC-Pardons-and-Conditional-Release-Guide-FINAL-with-FAMM-guide.pdf\">Recurso: <em>Indultos y libertad condicional en Virginia<\/em><\/a><\/div>\n<\/div>\n\n\n\t<\/div>\n<\/div>\n\n        <\/div>\n      <\/div>\n  <\/div>\n<\/div>\n\n\t<\/div>\n<\/div>\n\n\t\t\t\t\t<\/div>\n\t\t\t\t\t\t\t\n\t\t\t<\/div>\n\t\t<\/div>\n\t<\/div>\n\n\t<style type=\"text\/css\">\n\t\t.edit-post-visual-editor [data-block=\"d2ed9b29eaaabc56f7c8bc6ac2dc408a\"] .block-editor-block-list__layout {\n\t\t\tjustify-content: center;\n\t\t}\n\n\t\t\t<\/style>\n<\/div>\n\n\n\n\n\n<div id=\"block_3cc170406405b3a81c07901a3084a76e\" class=\"content-wrapper-block  style-normal bg-width-full \">\n\t<div class=\"container-fluid\">\n\t\t<div class=\"row justify-content-center\">\n\t\t\t<div class=\"col-lg-12\">\n\t\t\t\t\t\t\t\t\t<div class=\"row row-content justify-content-center\">\n\t\t\t\t\t\t\n\n\n\n\n<style type=\"text\/css\">\n\t.edit-post-visual-editor [data-block=\"cb4994a252b135909b2115a297e04f92\"] {\n\t\twidth: calc((12 \/ 12) * 100%)!important;\n\t\tmin-width: calc((12 \/ 12) * 100%)!important;\n\t}\n<\/style>\n\n<div id=\"block_cb4994a252b135909b2115a297e04f92\" class=\"col-lg-12 custom-column-block\">\n\t<div class=\"custom-column-wrapper  \">\n\t\t\n\n<h4 class=\"wp-block-heading is-style-underlined-with-icon\">\u00bfNecesitas ayuda con un asunto del Sistema Jur\u00eddico Penal?<\/h4>\n\n\n\n<p>Visite nuestra p\u00e1gina <strong>\n  <mark style=\"background-color:rgba(0, 0, 0, 0)\" class=\"has-inline-color has-purple-color\">\n    <a href=\"http:\/\/lajc.local\/get-help\/\">AYUDA<\/a>\n  <\/mark>\n<\/strong> para saber c\u00f3mo podemos ayudarle.<\/p>\n\n\n\n<p>Explore las secciones anteriores para obtener informaci\u00f3n sobre sus derechos y otros materiales de autoayuda.<\/p>\n\n\n\n<div style=\"height:22px\" aria-hidden=\"true\" class=\"wp-block-spacer\"><\/div>\n\n\n\n<div class=\"wp-block-buttons is-content-justification-center is-layout-flex wp-container-core-buttons-is-layout-16018d1d wp-block-buttons-is-layout-flex\">\n<div class=\"wp-block-button is-style-primary\"><a class=\"wp-block-button__link wp-element-button\" href=\"https:\/\/www.justice4all.org\/es\/obtener-ayuda\/\" target=\"_blank\" rel=\"noreferrer noopener\">AYUDA<\/a><\/div>\n<\/div>\n\n\n\t<\/div>\n<\/div>\n\n\t\t\t\t\t<\/div>\n\t\t\t\t\t\t\t\n\t\t\t<\/div>\n\t\t<\/div>\n\t<\/div>\n\n\t<style type=\"text\/css\">\n\t\t.edit-post-visual-editor [data-block=\"3cc170406405b3a81c07901a3084a76e\"] .block-editor-block-list__layout {\n\t\t\tjustify-content: center;\n\t\t}\n\n\t\t\t\t\t#block_3cc170406405b3a81c07901a3084a76e > .container-fluid > .row > div > div > .row, #block_3cc170406405b3a81c07901a3084a76e > .container-fluid > .row > div > .row {\n\t\t\t\t--bs-gutter-x: 40px;\n\t\t\t}\n\t\t\t<\/style>\n<\/div>\n\n<figure class=\"wp-block-image size-full\"><img loading=\"lazy\" decoding=\"async\" width=\"2560\" height=\"1067\" src=\"https:\/\/www.justice4all.org\/wp-content\/uploads\/2023\/05\/Hero-with-nav-2-1-scaled.jpg\" alt=\"\" class=\"wp-image-9610\" srcset=\"https:\/\/www.justice4all.org\/wp-content\/uploads\/2023\/05\/Hero-with-nav-2-1-scaled.jpg 2560w, https:\/\/www.justice4all.org\/wp-content\/uploads\/2023\/05\/Hero-with-nav-2-1-300x125.jpg 300w, https:\/\/www.justice4all.org\/wp-content\/uploads\/2023\/05\/Hero-with-nav-2-1-1024x427.jpg 1024w, https:\/\/www.justice4all.org\/wp-content\/uploads\/2023\/05\/Hero-with-nav-2-1-768x320.jpg 768w, https:\/\/www.justice4all.org\/wp-content\/uploads\/2023\/05\/Hero-with-nav-2-1-1536x640.jpg 1536w, https:\/\/www.justice4all.org\/wp-content\/uploads\/2023\/05\/Hero-with-nav-2-1-2048x853.jpg 2048w\" sizes=\"auto, (max-width: 2560px) 100vw, 2560px\" \/><\/figure>\n\n\n\n  <style type=\"text\/css\">\n    #block_85f56ae99de73ee9a1d279c0ffd3853c {\n      \n                        padding-top: calc(2 * 16px);\n                                          }\n\n    @media screen and (min-width: 768px) and (max-width: 991px) {\n      #block_85f56ae99de73ee9a1d279c0ffd3853c {\n          \n                              padding-top: calc(2 * 12px);\n                                                      }\n    }\n\n    @media screen and (min-width: 480px) and (max-width: 767px) {\n      #block_85f56ae99de73ee9a1d279c0ffd3853c {\n          \n                              padding-top: calc(2 * 8px);\n                                                      }\n    }\n\n    @media screen and (max-width: 479px) {\n      #block_85f56ae99de73ee9a1d279c0ffd3853c {\n          \n                              padding-top: calc(2 * 4px);\n                                                      }\n    }\n\n  <\/style>\n\n\n<!-- check: https:\/\/timber.github.io\/docs\/guides\/acf-cookbook\/ -->\n\n<!-- dbt-acf_gutenberg_blocks\/dbt-post-list\/template.twig -->\n\n<div id=\"block_85f56ae99de73ee9a1d279c0ffd3853c\" class=\"block_85f56ae99de73ee9a1d279c0ffd3853c post_list_block  news_list_template_a\">\n\n  \n      <div class=\"container-fluid\">\n      <div class=\"underlined-title-with-icon\">\n                  <h4>Noticias relacionadas<\/h4>\n        \n                  <a class=\"view-all\" href=\"https:\/\/www.justice4all.org\/news\/?block_d184c7ee5d0a8fab2faa3b59eb657940_tax___lajc-tax-issues=criminal-legal-system&#038;block_d184c7ee5d0a8fab2faa3b59eb657940_tax___lajc-tax-locations=&#038;s=\">Ver todo<\/a>\n              <\/div>\n    <\/div>\n  \n\t    \n    \n<div class=\"list-container\">\n  <div class=\"results-area list news-list-a \" id=\"post_list_block_85f56ae99de73ee9a1d279c0ffd3853c\">\n    <div class=\"container-fluid\">\n                    \n        <div class=\"row\">\n                      <div class=\"col-md-6  item\">\n              <!-- news\/templates\/item.twig -->\n<div class=\"card\">\n  <div class=\"card-body\">\n\t\t<span class=\"news-date\">abril 30, 2026<\/span>\n\n\t\t<h2 class=\"news-title\"><a href=\"https:\/\/www.justice4all.org\/es\/que-hacemos\/juventud-familia-y-escuelas\/un-estudiante-discapacitado-de-17-anos-fue-perseguido-obligado-a-tirarse-al-suelo-inmovilizado-y-detenido-en-la-escuela-era-evitable\/\">Un estudiante discapacitado de 17 a\u00f1os fue perseguido, obligado a tirarse al suelo, inmovilizado y detenido en la escuela. Era evitable.<\/a><\/h2>\n\n\t\t\t\t\t\t\t\t\t\n\t\t<a class=\"more\" href=\"https:\/\/www.justice4all.org\/es\/que-hacemos\/juventud-familia-y-escuelas\/un-estudiante-discapacitado-de-17-anos-fue-perseguido-obligado-a-tirarse-al-suelo-inmovilizado-y-detenido-en-la-escuela-era-evitable\/\">Leer m\u00e1s<\/a>\n  <\/div>\n<\/div>\n<!-- END news\/templates\/item.twig -->            <\/div>\n                      <div class=\"col-md-6  item\">\n              <!-- news\/templates\/item.twig -->\n<div class=\"card\">\n  <div class=\"card-body\">\n\t\t<span class=\"news-date\">abril 30, 2026<\/span>\n\n\t\t<h2 class=\"news-title\"><a href=\"https:\/\/www.justice4all.org\/es\/los-inquilinos-de-virginia-no-pueden-esperar-elimina-los-retrasos-en-las-protecciones-de-los-inquilinos\/\">Los inquilinos de Virginia no pueden esperar - Elimina los retrasos en las protecciones de los inquilinos<\/a><\/h2>\n\n\t\t\t\t\t\t\t\t\t\n\t\t<a class=\"more\" href=\"https:\/\/www.justice4all.org\/es\/los-inquilinos-de-virginia-no-pueden-esperar-elimina-los-retrasos-en-las-protecciones-de-los-inquilinos\/\">Leer m\u00e1s<\/a>\n  <\/div>\n<\/div>\n<!-- END news\/templates\/item.twig -->            <\/div>\n                  <\/div>\n          <\/div>\n  <\/div>\n\n  <\/div>\n\n<\/div>\n\n<!-- dbt-acf_gutenberg_blocks\/dbt-post-list\/template.twig -->\n<p><\/p>\n","protected":false},"excerpt":{"rendered":"","protected":false},"author":4,"featured_media":0,"parent":10446,"menu_order":0,"comment_status":"closed","ping_status":"closed","template":"","meta":{"footnotes":""},"lajc-tax-roles":[],"lajc-tax-issues":[82],"lajc-tax-locations":[],"class_list":["post-10481","page","type-page","status-publish","hentry","lajc-tax-issues-criminal-legal-system-es"],"acf":[],"yoast_head":"<!-- This site is optimized with the Yoast SEO plugin v27.5 - https:\/\/yoast.com\/product\/yoast-seo-wordpress\/ -->\n<title>Sistema jur\u00eddico penal - Legal Aid Justice Center<\/title>\n<meta name=\"robots\" content=\"index, follow, max-snippet:-1, max-image-preview:large, max-video-preview:-1\" \/>\n<link rel=\"canonical\" href=\"https:\/\/www.justice4all.org\/es\/que-hacemos\/sistema-juridico-penal\/\" \/>\n<meta property=\"og:locale\" content=\"es_ES\" \/>\n<meta property=\"og:type\" content=\"article\" \/>\n<meta property=\"og:title\" content=\"Sistema jur\u00eddico penal - Legal Aid Justice Center\" \/>\n<meta property=\"og:url\" content=\"https:\/\/www.justice4all.org\/es\/que-hacemos\/sistema-juridico-penal\/\" \/>\n<meta property=\"og:site_name\" content=\"Legal Aid Justice Center\" \/>\n<meta property=\"article:modified_time\" content=\"2026-02-05T03:01:58+00:00\" \/>\n<meta property=\"og:image\" content=\"https:\/\/www.justice4all.org\/wp-content\/uploads\/2023\/05\/Hero-with-nav-2-1-scaled.jpg\" \/>\n<meta name=\"twitter:card\" content=\"summary_large_image\" \/>\n<meta name=\"twitter:label1\" content=\"Tiempo de lectura\" \/>\n\t<meta name=\"twitter:data1\" content=\"3 minuto\" \/>\n<script type=\"application\/ld+json\" class=\"yoast-schema-graph\">{\"@context\":\"https:\\\/\\\/schema.org\",\"@graph\":[{\"@type\":\"WebPage\",\"@id\":\"https:\\\/\\\/www.justice4all.org\\\/es\\\/que-hacemos\\\/sistema-juridico-penal\\\/\",\"url\":\"https:\\\/\\\/www.justice4all.org\\\/es\\\/que-hacemos\\\/sistema-juridico-penal\\\/\",\"name\":\"Sistema jur\u00eddico penal - Legal Aid Justice Center\",\"isPartOf\":{\"@id\":\"https:\\\/\\\/www.justice4all.org\\\/es\\\/#website\"},\"primaryImageOfPage\":{\"@id\":\"https:\\\/\\\/www.justice4all.org\\\/es\\\/que-hacemos\\\/sistema-juridico-penal\\\/#primaryimage\"},\"image\":{\"@id\":\"https:\\\/\\\/www.justice4all.org\\\/es\\\/que-hacemos\\\/sistema-juridico-penal\\\/#primaryimage\"},\"thumbnailUrl\":\"https:\\\/\\\/www.justice4all.org\\\/wp-content\\\/uploads\\\/2023\\\/05\\\/Hero-with-nav-2-1-scaled.jpg\",\"datePublished\":\"2023-04-04T20:51:36+00:00\",\"dateModified\":\"2026-02-05T03:01:58+00:00\",\"breadcrumb\":{\"@id\":\"https:\\\/\\\/www.justice4all.org\\\/es\\\/que-hacemos\\\/sistema-juridico-penal\\\/#breadcrumb\"},\"inLanguage\":\"es\",\"potentialAction\":[{\"@type\":\"ReadAction\",\"target\":[\"https:\\\/\\\/www.justice4all.org\\\/es\\\/que-hacemos\\\/sistema-juridico-penal\\\/\"]}]},{\"@type\":\"ImageObject\",\"inLanguage\":\"es\",\"@id\":\"https:\\\/\\\/www.justice4all.org\\\/es\\\/que-hacemos\\\/sistema-juridico-penal\\\/#primaryimage\",\"url\":\"https:\\\/\\\/www.justice4all.org\\\/wp-content\\\/uploads\\\/2023\\\/05\\\/Hero-with-nav-2-1-scaled.jpg\",\"contentUrl\":\"https:\\\/\\\/www.justice4all.org\\\/wp-content\\\/uploads\\\/2023\\\/05\\\/Hero-with-nav-2-1-scaled.jpg\"},{\"@type\":\"BreadcrumbList\",\"@id\":\"https:\\\/\\\/www.justice4all.org\\\/es\\\/que-hacemos\\\/sistema-juridico-penal\\\/#breadcrumb\",\"itemListElement\":[{\"@type\":\"ListItem\",\"position\":1,\"name\":\"Home\",\"item\":\"https:\\\/\\\/www.justice4all.org\\\/es\\\/\"},{\"@type\":\"ListItem\",\"position\":2,\"name\":\"Qu\u00e9 hacemos\",\"item\":\"https:\\\/\\\/www.justice4all.org\\\/es\\\/que-hacemos\\\/\"},{\"@type\":\"ListItem\",\"position\":3,\"name\":\"Sistema jur\u00eddico penal\"}]},{\"@type\":\"WebSite\",\"@id\":\"https:\\\/\\\/www.justice4all.org\\\/es\\\/#website\",\"url\":\"https:\\\/\\\/www.justice4all.org\\\/es\\\/\",\"name\":\"Legal Aid Justice Center\",\"description\":\"\",\"potentialAction\":[{\"@type\":\"SearchAction\",\"target\":{\"@type\":\"EntryPoint\",\"urlTemplate\":\"https:\\\/\\\/www.justice4all.org\\\/es\\\/?s={search_term_string}\"},\"query-input\":{\"@type\":\"PropertyValueSpecification\",\"valueRequired\":true,\"valueName\":\"search_term_string\"}}],\"inLanguage\":\"es\"}]}<\/script>\n<!-- \/ Yoast SEO plugin. -->","yoast_head_json":{"title":"Sistema jur\u00eddico penal - Legal Aid Justice Center","robots":{"index":"index","follow":"follow","max-snippet":"max-snippet:-1","max-image-preview":"max-image-preview:large","max-video-preview":"max-video-preview:-1"},"canonical":"https:\/\/www.justice4all.org\/es\/que-hacemos\/sistema-juridico-penal\/","og_locale":"es_ES","og_type":"article","og_title":"Sistema jur\u00eddico penal - Legal Aid Justice Center","og_url":"https:\/\/www.justice4all.org\/es\/que-hacemos\/sistema-juridico-penal\/","og_site_name":"Legal Aid Justice Center","article_modified_time":"2026-02-05T03:01:58+00:00","og_image":[{"url":"https:\/\/www.justice4all.org\/wp-content\/uploads\/2023\/05\/Hero-with-nav-2-1-scaled.jpg","type":"","width":"","height":""}],"twitter_card":"summary_large_image","twitter_misc":{"Tiempo de lectura":"3 minuto"},"schema":{"@context":"https:\/\/schema.org","@graph":[{"@type":"WebPage","@id":"https:\/\/www.justice4all.org\/es\/que-hacemos\/sistema-juridico-penal\/","url":"https:\/\/www.justice4all.org\/es\/que-hacemos\/sistema-juridico-penal\/","name":"Sistema jur\u00eddico penal - Legal Aid Justice Center","isPartOf":{"@id":"https:\/\/www.justice4all.org\/es\/#website"},"primaryImageOfPage":{"@id":"https:\/\/www.justice4all.org\/es\/que-hacemos\/sistema-juridico-penal\/#primaryimage"},"image":{"@id":"https:\/\/www.justice4all.org\/es\/que-hacemos\/sistema-juridico-penal\/#primaryimage"},"thumbnailUrl":"https:\/\/www.justice4all.org\/wp-content\/uploads\/2023\/05\/Hero-with-nav-2-1-scaled.jpg","datePublished":"2023-04-04T20:51:36+00:00","dateModified":"2026-02-05T03:01:58+00:00","breadcrumb":{"@id":"https:\/\/www.justice4all.org\/es\/que-hacemos\/sistema-juridico-penal\/#breadcrumb"},"inLanguage":"es","potentialAction":[{"@type":"ReadAction","target":["https:\/\/www.justice4all.org\/es\/que-hacemos\/sistema-juridico-penal\/"]}]},{"@type":"ImageObject","inLanguage":"es","@id":"https:\/\/www.justice4all.org\/es\/que-hacemos\/sistema-juridico-penal\/#primaryimage","url":"https:\/\/www.justice4all.org\/wp-content\/uploads\/2023\/05\/Hero-with-nav-2-1-scaled.jpg","contentUrl":"https:\/\/www.justice4all.org\/wp-content\/uploads\/2023\/05\/Hero-with-nav-2-1-scaled.jpg"},{"@type":"BreadcrumbList","@id":"https:\/\/www.justice4all.org\/es\/que-hacemos\/sistema-juridico-penal\/#breadcrumb","itemListElement":[{"@type":"ListItem","position":1,"name":"Home","item":"https:\/\/www.justice4all.org\/es\/"},{"@type":"ListItem","position":2,"name":"Qu\u00e9 hacemos","item":"https:\/\/www.justice4all.org\/es\/que-hacemos\/"},{"@type":"ListItem","position":3,"name":"Sistema jur\u00eddico penal"}]},{"@type":"WebSite","@id":"https:\/\/www.justice4all.org\/es\/#website","url":"https:\/\/www.justice4all.org\/es\/","name":"Legal Aid Justice Center","description":"","potentialAction":[{"@type":"SearchAction","target":{"@type":"EntryPoint","urlTemplate":"https:\/\/www.justice4all.org\/es\/?s={search_term_string}"},"query-input":{"@type":"PropertyValueSpecification","valueRequired":true,"valueName":"search_term_string"}}],"inLanguage":"es"}]}},"_links":{"self":[{"href":"https:\/\/www.justice4all.org\/es\/wp-json\/wp\/v2\/pages\/10481","targetHints":{"allow":["GET"]}}],"collection":[{"href":"https:\/\/www.justice4all.org\/es\/wp-json\/wp\/v2\/pages"}],"about":[{"href":"https:\/\/www.justice4all.org\/es\/wp-json\/wp\/v2\/types\/page"}],"author":[{"embeddable":true,"href":"https:\/\/www.justice4all.org\/es\/wp-json\/wp\/v2\/users\/4"}],"replies":[{"embeddable":true,"href":"https:\/\/www.justice4all.org\/es\/wp-json\/wp\/v2\/comments?post=10481"}],"version-history":[{"count":0,"href":"https:\/\/www.justice4all.org\/es\/wp-json\/wp\/v2\/pages\/10481\/revisions"}],"up":[{"embeddable":true,"href":"https:\/\/www.justice4all.org\/es\/wp-json\/wp\/v2\/pages\/10446"}],"wp:attachment":[{"href":"https:\/\/www.justice4all.org\/es\/wp-json\/wp\/v2\/media?parent=10481"}],"wp:term":[{"taxonomy":"lajc-tax-roles","embeddable":true,"href":"https:\/\/www.justice4all.org\/es\/wp-json\/wp\/v2\/lajc-tax-roles?post=10481"},{"taxonomy":"lajc-tax-issues","embeddable":true,"href":"https:\/\/www.justice4all.org\/es\/wp-json\/wp\/v2\/lajc-tax-issues?post=10481"},{"taxonomy":"lajc-tax-locations","embeddable":true,"href":"https:\/\/www.justice4all.org\/es\/wp-json\/wp\/v2\/lajc-tax-locations?post=10481"}],"curies":[{"name":"wp","href":"https:\/\/api.w.org\/{rel}","templated":true}]}}