{"id":10458,"date":"2023-04-05T03:43:35","date_gmt":"2023-04-05T03:43:35","guid":{"rendered":"https:\/\/lajc2023stg.wpengine.com\/juventud-familia-y-escuelas\/"},"modified":"2023-07-25T21:50:45","modified_gmt":"2023-07-25T21:50:45","slug":"juventud-familia-y-escuelas","status":"publish","type":"page","link":"https:\/\/www.justice4all.org\/es\/juventud-familia-y-escuelas\/","title":{"rendered":"Juventud, familia y escuelas"},"content":{"rendered":"\n\n\n\n\n\n<div id=\"block_4fd655bcf6ef93b78f772522980e4915\" class=\"hero-block\">\n  <div class=\"layout-large has-bg-image\" role=\"img\" style=\"background-image: url(https:\/\/www.justice4all.org\/wp-content\/uploads\/2023\/04\/74531615_10157746776107579_7154111786403233792_n-1-2.jpg);\" title=\"74531615_10157746776107579_7154111786403233792_n 1\">\n          <div class=\"container-fluid\">\n        <div class=\"row justify-content-center\">\n          <div class=\"col-lg-10\">\n            <h1 class=\"has-white-color\">Juventud, Familia y Escuelas<\/h1>\n\n                          <h4 class=\"has-white-color\">El Programa de Justicia Juvenil del LAJC imagina un Virginia en el que todos los j\u00f3venes tengan acceso a una educaci\u00f3n p\u00fablica de alta calidad, a ayudas comunitarias basadas en pruebas, a servicios de salud mental y a un sistema de justicia juvenil verdaderamente reparador.  <\/h4>\n            \n                      <\/div>\n        <\/div>\n      <\/div>\n      <\/div>\n<\/div>\n\n\n\n\n<div id=\"block_4524459bb13f7b902b1b929465aac4c8\" class=\"content-wrapper-block  style- bg-width- \">\n\t<div class=\"container-fluid\">\n\t\t<div class=\"row justify-content-center\">\n\t\t\t<div class=\"col-lg-12\">\n\t\t\t\t\t\t\t\t\t<div class=\"row row-content justify-content-center\">\n\t\t\t\t\t\t\n\n\n\n\n<style type=\"text\/css\">\n\t.edit-post-visual-editor [data-block=\"133d06e11981b68f50b696e2801a5a0b\"] {\n\t\twidth: calc((6 \/ 12) * 100%)!important;\n\t\tmin-width: calc((6 \/ 12) * 100%)!important;\n\t}\n<\/style>\n\n<div id=\"block_133d06e11981b68f50b696e2801a5a0b\" class=\"col-lg-6 custom-column-block\">\n\t<div class=\"custom-column-wrapper  \">\n\t\t\n\n<p>Nos asociamos con los j\u00f3venes, sus familias y sus comunidades para lograr justicia racial, justicia social y justicia econ\u00f3mica para todos los j\u00f3venes, desmantelando los sistemas que crean y perpet\u00faan la pobreza.<\/p>\n\n\n\n<p>Nuestras estrategias incluyen la representaci\u00f3n legal individual de j\u00f3venes con necesidades insatisfechas en los sistemas educativo, de acogida y de justicia juvenil, litigios de impacto, educaci\u00f3n y organizaci\u00f3n de la comunidad y defensa de pol\u00edticas a escala estatal. Promovemos pol\u00edticas p\u00fablicas y reformas del sistema que mantengan a los j\u00f3venes escolarizados, fuera del sistema de justicia juvenil y viviendo con \u00e9xito en sus comunidades.<\/p>\n\n\n\t<\/div>\n<\/div>\n\n\t\t\t\t\t<\/div>\n\t\t\t\t\t\t\t\n\t\t\t<\/div>\n\t\t<\/div>\n\t<\/div>\n\n\t<style type=\"text\/css\">\n\t\t.edit-post-visual-editor [data-block=\"4524459bb13f7b902b1b929465aac4c8\"] .block-editor-block-list__layout {\n\t\t\tjustify-content: center;\n\t\t}\n\n\t\t\t<\/style>\n<\/div>\n\n\n\n\n<div id=\"block_66279120cdec32a52a0a9eedfd80a127\" class=\"featured-links-block\">\n  <div class=\"container-fluid\">\n    <div class=\"featured-links-container\">\n      <div class=\"heading\">\n        <small>Juventud y Justicia<\/small>\n        <h2>Conozca sus derechos<\/h2>  \n      <\/div>\n      <ul class=\"links\">\n                  <li>\n            <a class=\"link\" href=\"#\">Bullying<\/a>\n          <\/li>\n                  <li>\n            <a class=\"link\" href=\"#\">School Discipline<\/a>\n          <\/li>\n                  <li>\n            <a class=\"link\" href=\"#\">School Enrollment<\/a>\n          <\/li>\n                  <li>\n            <a class=\"link\" href=\"#\">Language Access and English Language Instruction<\/a>\n          <\/li>\n                  <li>\n            <a class=\"link\" href=\"#\">Special Education Services<\/a>\n          <\/li>\n              <\/ul>  \n    <\/div>\n  <\/div>\n<\/div>\n\n\n\n\n<div id=\"block_0fadee2122476e640a702517e784e0f2\" class=\"accordion-section-block\">\n  <div class=\"container-fluid\">\n      \n      <div class=\"accordion-section-cols-wrapper has-whisper-background-color has-background-color\">\n        <div class=\"row row-cols\">\n          \n\n\n\n\n<style type=\"text\/css\">\n\t.edit-post-visual-editor [data-block=\"4314259f6164016463f4dc908bd6699f\"] {\n\t\twidth: calc((6 \/ 12) * 100%)!important;\n\t\tmin-width: calc((6 \/ 12) * 100%)!important;\n\t}\n<\/style>\n\n<div id=\"block_4314259f6164016463f4dc908bd6699f\" class=\"col-lg-6 custom-column-block\">\n\t<div class=\"custom-column-wrapper  \">\n\t\t\n\n<h3 class=\"wp-block-heading has-text-align-left\">Ayudarte  <br\/>Ayude a su hijo<\/h3>\n\n\n\n<p>Ayud\u00e1ndole a ayudar a su hijo es nuestra gu\u00eda completa para padres y tutores en la navegaci\u00f3n por las necesidades educativas. Aqu\u00ed encontrar\u00e1 informaci\u00f3n sobre c\u00f3mo prepararse para las reuniones de educaci\u00f3n especial, c\u00f3mo solicitar que su hijo reciba servicios, c\u00f3mo defender a su hijo en las audiencias de disciplina escolar, c\u00f3mo resolver disputas con la escuela y mucho m\u00e1s.<\/p>\n\n\n\n<ul class=\"wp-block-list\">\n<li>Ayudarle a ayudar a su hijo: Un enfoque educativo<\/li>\n\n\n\n<li>Ayud\u00e1ndole a Ayudar a su Hijo: Un Enfoque en Educaci\u00f3n<\/li>\n<\/ul>\n\n\n\t<\/div>\n<\/div>\n\n\n\n\n\n<style type=\"text\/css\">\n\t.edit-post-visual-editor [data-block=\"4314259f6164016463f4dc908bd6699f\"] {\n\t\twidth: calc((6 \/ 12) * 100%)!important;\n\t\tmin-width: calc((6 \/ 12) * 100%)!important;\n\t}\n<\/style>\n\n<div id=\"block_4314259f6164016463f4dc908bd6699f\" class=\"col-lg-6 custom-column-block\">\n\t<div class=\"custom-column-wrapper  \">\n\t\t\n\n<h3 class=\"wp-block-heading\">Obtenga ayuda con  <br\/>resoluci\u00f3n de litigios<\/h3>\n\n\n\n<p>Muchos padres no saben qu\u00e9 hacer si no est\u00e1n de acuerdo con el equipo del IEP (Programa Educativo Individualizado) de su hijo sobre los servicios, las adaptaciones o la colocaci\u00f3n. Los recursos que figuran a continuaci\u00f3n se centran en las opciones de que disponen los padres en Virginia para resolver estas disputas:<\/p>\n\n\n\n<ul class=\"wp-block-list\">\n<li>Departamento de Educaci\u00f3n de Virginia: Resoluci\u00f3n de litigios<\/li>\n\n\n\n<li>V\u00eddeo sobre resoluci\u00f3n de litigios de The disAbility Law Center of Virginia<\/li>\n\n\n\n<li>El Centro de Informaci\u00f3n y Recursos para Padres disputa el centro de informaci\u00f3n<\/li>\n<\/ul>\n\n\n\t<\/div>\n<\/div>\n\n        <\/div>\n      <\/div>\n  <\/div>\n<\/div>\n\n\n\n\n<div id=\"block_9e6e0cd3bc9db7221e28db3301426390\" class=\"accordion-section-block\">\n  <div class=\"container-fluid\">\n              <div class=\"accordion-section-heading-wrapper has-charcoal-background-color has-background-color\">\n          <div class=\"row row-heading\">\n            <div class=\"col-sm-12\">\n              <h2>Educaci\u00f3n especial<\/h2>\n              <p>Todos los ni\u00f1os tienen derecho a una educaci\u00f3n p\u00fablica gratuita y adecuada.<\/p>\n              <span class=\"toggler\"><\/span>\n            <\/div>\n          <\/div>\n        <\/div>\n      \n      <div class=\"accordion-section-cols-wrapper has-whisper-background-color has-background-color\">\n        <div class=\"row row-cols\">\n          \n\n\n\n\n<style type=\"text\/css\">\n\t.edit-post-visual-editor [data-block=\"4314259f6164016463f4dc908bd6699f\"] {\n\t\twidth: calc((6 \/ 12) * 100%)!important;\n\t\tmin-width: calc((6 \/ 12) * 100%)!important;\n\t}\n<\/style>\n\n<div id=\"block_4314259f6164016463f4dc908bd6699f\" class=\"col-lg-6 custom-column-block\">\n\t<div class=\"custom-column-wrapper  \">\n\t\t\n\n<h4 class=\"wp-block-heading\">Trabajamos con las familias para garantizar que todos los ni\u00f1os reciban los servicios y adaptaciones que necesitan en la escuela.<\/h4>\n\n\n\n<p>Tambi\u00e9n pretendemos poner fin a las pol\u00edticas y pr\u00e1cticas que perpet\u00faan las desigualdades raciales sist\u00e9micas en el sistema de educaci\u00f3n especial de Virginia.<\/p>\n\n\n\n<p class=\"has-medium-font-size\"><strong>\u00bfPreguntas sobre la educaci\u00f3n especial durante la pandemia de COVID-19?<\/strong><\/p>\n\n\n\n<p>Visite nuestra <a href=\"#\">p\u00e1gina de Educaci\u00f3n Especial y Covid<\/a>.<\/p>\n\n\n\n<p class=\"has-medium-font-size\"><strong>\u00bfSu hijo tiene problemas de aprendizaje en la escuela?<\/strong><\/p>\n\n\n\n<p>Quiz\u00e1 podamos ayudarle. Si necesita ayuda con un asunto de educaci\u00f3n especial, llame a la oficina m\u00e1s cercana para que le asesoren. El LAJC proporciona asistencia jur\u00eddica civil gratuita a las personas que re\u00fanen los requisitos de ingresos en nuestras \u00e1reas de servicio.<\/p>\n\n\n\t<\/div>\n<\/div>\n\n\n\n\n\n<style type=\"text\/css\">\n\t.edit-post-visual-editor [data-block=\"4314259f6164016463f4dc908bd6699f\"] {\n\t\twidth: calc((6 \/ 12) * 100%)!important;\n\t\tmin-width: calc((6 \/ 12) * 100%)!important;\n\t}\n<\/style>\n\n<div id=\"block_4314259f6164016463f4dc908bd6699f\" class=\"col-lg-6 custom-column-block\">\n\t<div class=\"custom-column-wrapper  \">\n\t\t\n\n<h4 class=\"wp-block-heading\">Proyecto Pro Bono de Educaci\u00f3n Especial<\/h4>\n\n\n\n<p>Con el fin de ampliar nuestra capacidad para proporcionar asistencia jur\u00eddica individual a las familias con ingresos elegibles en asuntos de educaci\u00f3n especial, LAJC opera un proyecto pro bono de educaci\u00f3n especial. Formamos y nos asociamos con abogados locales para proporcionar representaci\u00f3n legal en las siguientes \u00e1reas de educaci\u00f3n especial:<\/p>\n\n\n\n<ul class=\"wp-block-list\">\n<li>Elegibilidad\/B\u00fasqueda de ni\u00f1os<\/li>\n\n\n\n<li>Reuniones del Programa de Educaci\u00f3n Individualizada (PEI)<\/li>\n\n\n\n<li>Evaluaciones educativas independientes (EEI)<\/li>\n\n\n\n<li>Reclamaciones estatales en materia de educaci\u00f3n especial<\/li>\n\n\n\n<li>Mediaci\u00f3n<\/li>\n\n\n\n<li>Audiencias con las debidas garant\u00edas procesales<\/li>\n<\/ul>\n\n\n\n<p class=\"has-small-font-size\"><strong>Si usted es un cliente potencial que necesita asesoramiento sobre educaci\u00f3n especial o representaci\u00f3n legal, p\u00f3ngase en contacto con nuestra oficina de Richmond o Charlottesville (la m\u00e1s cercana a usted).<\/strong><\/p>\n\n\n\t<\/div>\n<\/div>\n\n        <\/div>\n      <\/div>\n  <\/div>\n<\/div>\n\n\n\n\n<div id=\"block_213ef53bf0b44b8e2ab29c479c4aed82\" class=\"accordion-section-block\">\n  <div class=\"container-fluid\">\n              <div class=\"accordion-section-heading-wrapper has-charcoal-background-color has-background-color\">\n          <div class=\"row row-heading\">\n            <div class=\"col-sm-12\">\n              <h2>Vigilancia escolar<\/h2>\n              <p>La vigilancia escolar criminaliza innecesariamente a los j\u00f3venes y perjudica desproporcionadamente a los estudiantes negros.  <\/p>\n              <span class=\"toggler\"><\/span>\n            <\/div>\n          <\/div>\n        <\/div>\n      \n      <div class=\"accordion-section-cols-wrapper has-whisper-background-color has-background-color\">\n        <div class=\"row row-cols\">\n          \n\n\n\n\n<style type=\"text\/css\">\n\t.edit-post-visual-editor [data-block=\"4314259f6164016463f4dc908bd6699f\"] {\n\t\twidth: calc((6 \/ 12) * 100%)!important;\n\t\tmin-width: calc((6 \/ 12) * 100%)!important;\n\t}\n<\/style>\n\n<div id=\"block_4314259f6164016463f4dc908bd6699f\" class=\"col-lg-6 custom-column-block\">\n\t<div class=\"custom-column-wrapper  \">\n\t\t\n\n<p>Curabitur blandit tempus ardua ridiculus sed magna. \u00a1Tu quoque, Brute, fili mi, nihil timor populi, nihil! Quam temere in vitiis, legem sancimus haerentia. Ambitioni dedisse scripsisse iudicaretur. Cum ceteris in veneratione tui montes, nascetur mus. Unam incolunt Belgae, aliam Aquitani, tertiam.<\/p>\n\n\n\t<\/div>\n<\/div>\n\n\n\n\n\n<style type=\"text\/css\">\n\t.edit-post-visual-editor [data-block=\"4314259f6164016463f4dc908bd6699f\"] {\n\t\twidth: calc((6 \/ 12) * 100%)!important;\n\t\tmin-width: calc((6 \/ 12) * 100%)!important;\n\t}\n<\/style>\n\n<div id=\"block_4314259f6164016463f4dc908bd6699f\" class=\"col-lg-6 custom-column-block\">\n\t<div class=\"custom-column-wrapper  \">\n\t\t\n\n<p>Curabitur blandit tempus ardua ridiculus sed magna. \u00a1Tu quoque, Brute, fili mi, nihil timor populi, nihil! Quam temere in vitiis, legem sancimus haerentia. Ambitioni dedisse scripsisse iudicaretur. Cum ceteris in veneratione tui montes, nascetur mus. Unam incolunt Belgae, aliam Aquitani, tertiam.<\/p>\n\n\n\t<\/div>\n<\/div>\n\n        <\/div>\n      <\/div>\n  <\/div>\n<\/div>\n\n\n  <style type=\"text\/css\">\n    #block_0c1ace4577ee5afb7424152202bd7e01 {\n      \n                        padding-top: calc(0 * 16px);\n                          padding-bottom: calc(0 * 16px);\n                                  }\n\n    @media screen and (min-width: 768px) and (max-width: 991px) {\n      #block_0c1ace4577ee5afb7424152202bd7e01 {\n          \n                              padding-top: calc(0 * 12px);\n                                padding-bottom: calc(0 * 12px);\n                                            }\n    }\n\n    @media screen and (min-width: 480px) and (max-width: 767px) {\n      #block_0c1ace4577ee5afb7424152202bd7e01 {\n          \n                              padding-top: calc(0 * 8px);\n                                padding-bottom: calc(0 * 8px);\n                                            }\n    }\n\n    @media screen and (max-width: 479px) {\n      #block_0c1ace4577ee5afb7424152202bd7e01 {\n          \n                              padding-top: calc(0 * 4px);\n                                padding-bottom: calc(0 * 4px);\n                                            }\n    }\n\n  <\/style>\n\n<div id=\"block_0c1ace4577ee5afb7424152202bd7e01\" class=\"text-image-cta-block layout-square-gradient\">\n   <div class=\"container-fluid\">\n          <div class=\"text-image-cta-wrapper\">\n        <div class=\"img-container\">\n          <img decoding=\"async\" src=\"https:\/\/www.justice4all.org\/wp-content\/uploads\/2023\/04\/Untitled-design-2-1-800x0-c-default.jpg\" alt=\"Untitled-design-2 1\" \/>\n        <\/div>\n        <div class=\"cta-container\">\n                      <h2 class=\"has-white-color\">Financiar nuestras escuelas<\/h2>\n            \n            \n                    <p class=\"has-white-color\">La campa\u00f1a \u00abFinanciemos nuestras escuelas\u00bb es una coalici\u00f3n de grupos de defensa, padres, profesores y estudiantes. Imaginamos un Virginia en el que todos los estudiantes tengan la oportunidad de recibir una educaci\u00f3n p\u00fablica de alta calidad. Exigimos que la Commonwealth d\u00e9 prioridad a las necesidades de los estudiantes y financie \u00edntegramente nuestras escuelas K-12. Legal Aid Justice Center es miembro fundador y codirector de la coalici\u00f3n.<\/p>\n            \n                      <a class=\"has-white-color more\" href=\"#\">Learn more at FundOurSchoolsVA.org<\/a>\n                  <\/div>\n      <\/div>\n      \n  <\/div>\n<\/div>\n\n\n\n<div id=\"block_6712ce31bf3987a9e29d26cc152913df\" class=\"anchored-sections-block\">\n  <div class=\"container-fluid\">\n    <div class=\"anchored-sections-container\">\n      <div class=\"row justify-content-center\">\n        <div class=\"col-lg-11\">\n          <div class=\"row\">\n            <div class=\"col-lg-4\">\n                              <div>\n                  <a class=\"anchor-title\" href=\"#vigilancia-escolar\">Vigilancia escolar<\/a>\n                <\/div>\n                              <div>\n                  <a class=\"anchor-title\" href=\"#recursos\">Recursos<\/a>\n                <\/div>\n                          <\/div>\n            <div class=\"col-lg-8\">\n                              <h4 id=\"vigilancia-escolar\">Vigilancia escolar<\/h4>\n                <div class=\"section-content\"><div class=\"section-content\">\n<p>En Virginia y en todo el pa\u00eds, la vigilancia escolar criminaliza innecesariamente a los j\u00f3venes y perjudica desproporcionadamente a los estudiantes negros. Existe una correlaci\u00f3n positiva entre el uso de agentes de recursos escolares (SRO) y el abandono escolar, incluidas la suspensi\u00f3n, la expulsi\u00f3n, la remisi\u00f3n a las fuerzas del orden y la detenci\u00f3n. Mientras tanto, no existe ninguna investigaci\u00f3n o prueba aceptada de que los SRO aumenten la seguridad escolar, y muchos estudiantes, en particular los estudiantes de color, comparten que la presencia de los SRO les hace sentirse menos seguros en la escuela.<\/p>\n<p>Debemos ampliar nuestra comprensi\u00f3n de la seguridad escolar y empezar a imaginar escuelas comunitarias vibrantes que sean acogedoras, seguras y saludables para todos los alumnos y educadores. Una lista cada vez mayor de comunidades de Virginia y del pa\u00eds est\u00e1n entablando un di\u00e1logo sobre el papel de la polic\u00eda en las escuelas. Esta p\u00e1gina ofrece recursos para examinar la vigilancia escolar e iniciar conversaciones significativas en las comunidades locales. Para obtener m\u00e1s informaci\u00f3n sobre la desinversi\u00f3n en las fuerzas del orden y la inversi\u00f3n en ayudas a los estudiantes basadas en pruebas, incluidos orientadores, enfermeros, trabajadores sociales y profesionales de apoyo, visite nuestra campa\u00f1a Fund Our Schools.<\/p>\n<\/div>\n<\/div>\n                              <h4 id=\"recursos\">Recursos<\/h4>\n                <div class=\"section-content\"><p>En Virginia y en todo el pa\u00eds, la vigilancia escolar criminaliza innecesariamente a los j\u00f3venes y perjudica desproporcionadamente a los estudiantes negros. Existe una correlaci\u00f3n positiva entre el uso de agentes de recursos escolares (SRO) y el abandono escolar, incluidas la suspensi\u00f3n, la expulsi\u00f3n, la remisi\u00f3n a las fuerzas del orden y la detenci\u00f3n. Mientras tanto, no existe ninguna investigaci\u00f3n o prueba aceptada de que los SRO aumenten la seguridad escolar, y muchos estudiantes, en particular los estudiantes de color, comparten que la presencia de los SRO les hace sentirse menos seguros en la escuela.<\/p>\n<p>Debemos ampliar nuestra comprensi\u00f3n de la seguridad escolar y empezar a imaginar escuelas comunitarias vibrantes que sean acogedoras, seguras y saludables para todos los alumnos y educadores. Una lista cada vez mayor de comunidades de Virginia y del pa\u00eds est\u00e1n entablando un di\u00e1logo sobre el papel de la polic\u00eda en las escuelas. Esta p\u00e1gina ofrece recursos para examinar la vigilancia escolar e iniciar conversaciones significativas en las comunidades locales. Para obtener m\u00e1s informaci\u00f3n sobre la desinversi\u00f3n en las fuerzas del orden y la inversi\u00f3n en ayudas a los estudiantes basadas en pruebas, incluidos orientadores, enfermeros, trabajadores sociales y profesionales de apoyo, visite nuestra campa\u00f1a Fund Our Schools.<\/p>\n<\/div>\n                          <\/div>\n          <\/div>\n        <\/div>\n      <\/div>\n    <\/div>\n  <\/div>\n<\/div>\n\n\n\n\n<!-- check: https:\/\/timber.github.io\/docs\/guides\/acf-cookbook\/ -->\n\n<!-- dbt-acf_gutenberg_blocks\/dbt-post-list\/template.twig -->\n\n<div id=\"block_1ad7435eaebe1612b66a1c299bf6f7ef\" class=\"block_1ad7435eaebe1612b66a1c299bf6f7ef post_list_block  news_list_template_a\">\n\n  \n      <div class=\"container-fluid\">\n      <div class=\"underlined-title-with-icon\">\n                  <h4>Noticias relacionadas<\/h4>\n        \n                  <a class=\"view-all\" href=\"#\">Ver todo<\/a>\n              <\/div>\n    <\/div>\n  \n\t    \n    \n<div class=\"list-container\">\n  <div class=\"results-area list news-list-a \" id=\"post_list_block_1ad7435eaebe1612b66a1c299bf6f7ef\">\n    <div class=\"container-fluid\">\n                    \n        <div class=\"row\">\n                      <div class=\"col-md-6  item\">\n              <!-- news\/templates\/item.twig -->\n<div class=\"card\">\n  <div class=\"card-body\">\n\t\t<span class=\"news-date\">abril 29, 2026<\/span>\n\n\t\t<h2 class=\"news-title\"><a href=\"https:\/\/www.justice4all.org\/es\/hola-mundo\/\">\u00a1Hola, mundo!<\/a><\/h2>\n\n\t\t\t\t\t\t\t\t\t<p class=\"news-preview\">\n\t\t\t\t\tBienvenido a WordPress. Este es tu primer puesto. Ed\u00edtalo o b\u00f3rralo, y luego empieza a escribir.\n\t\t\t\t<\/p>\n\t\t\t\t\t\t\t\n\t\t<a class=\"more\" href=\"https:\/\/www.justice4all.org\/es\/hola-mundo\/\">Leer m\u00e1s<\/a>\n  <\/div>\n<\/div>\n<!-- END news\/templates\/item.twig -->            <\/div>\n                      <div class=\"col-md-6  item\">\n              <!-- news\/templates\/item.twig -->\n<div class=\"card\">\n  <div class=\"card-body\">\n\t\t<span class=\"news-date\">abril 29, 2026<\/span>\n\n\t\t<h2 class=\"news-title\"><a href=\"https:\/\/www.justice4all.org\/es\/presentado-escrito-previo-al-juicio-en-un-caso-de-desacato-en-fluvanna\/\">Presentado escrito previo al juicio en un caso de desacato en Fluvanna<\/a><\/h2>\n\n\t\t\t\t\t\t\t\t\t<p class=\"news-preview\">\n\t\t\t\t\tHoy, el Centro de Justicia de Asistencia Jur\u00eddica y sus socios pro bono, WileyRein LLP, Kelly &amp; Crandall y Consumer Litigation Associates presentan un escrito previo al juicio en apoyo de su Moci\u00f3n para Mostrar Causas por las que los Demandados no deben ser declarados en rebeld\u00eda por su continuo incumplimiento de proporcionar atenci\u00f3n m\u00e9dica [&hellip;]\n\t\t\t\t<\/p>\n\t\t\t\t\t\t\t\n\t\t<a class=\"more\" href=\"https:\/\/www.justice4all.org\/es\/presentado-escrito-previo-al-juicio-en-un-caso-de-desacato-en-fluvanna\/\">Leer m\u00e1s<\/a>\n  <\/div>\n<\/div>\n<!-- END news\/templates\/item.twig -->            <\/div>\n                  <\/div>\n          <\/div>\n  <\/div>\n\n  <\/div>\n\n<\/div>\n\n<!-- dbt-acf_gutenberg_blocks\/dbt-post-list\/template.twig -->","protected":false},"excerpt":{"rendered":"","protected":false},"author":4,"featured_media":0,"parent":0,"menu_order":0,"comment_status":"closed","ping_status":"closed","template":"","meta":{"footnotes":""},"lajc-tax-roles":[],"lajc-tax-issues":[83],"lajc-tax-locations":[],"class_list":["post-10458","page","type-page","status-publish","hentry","lajc-tax-issues-youth-family-schools-es"],"acf":[],"yoast_head":"<!-- This site is optimized with the Yoast SEO plugin v27.5 - https:\/\/yoast.com\/product\/yoast-seo-wordpress\/ -->\n<title>Juventud, familia y escuelas - Legal Aid Justice Center<\/title>\n<meta name=\"robots\" content=\"index, follow, max-snippet:-1, max-image-preview:large, max-video-preview:-1\" \/>\n<link rel=\"canonical\" href=\"https:\/\/www.justice4all.org\/es\/juventud-familia-y-escuelas\/\" \/>\n<meta property=\"og:locale\" content=\"es_ES\" \/>\n<meta property=\"og:type\" content=\"article\" \/>\n<meta property=\"og:title\" content=\"Juventud, familia y escuelas - Legal Aid Justice Center\" \/>\n<meta property=\"og:url\" content=\"https:\/\/www.justice4all.org\/es\/juventud-familia-y-escuelas\/\" \/>\n<meta property=\"og:site_name\" content=\"Legal Aid Justice Center\" \/>\n<meta property=\"article:modified_time\" content=\"2023-07-25T21:50:45+00:00\" \/>\n<meta name=\"twitter:card\" content=\"summary_large_image\" \/>\n<meta name=\"twitter:label1\" content=\"Tiempo de lectura\" \/>\n\t<meta name=\"twitter:data1\" content=\"3 minuto\" \/>\n<script type=\"application\/ld+json\" class=\"yoast-schema-graph\">{\"@context\":\"https:\\\/\\\/schema.org\",\"@graph\":[{\"@type\":\"WebPage\",\"@id\":\"https:\\\/\\\/www.justice4all.org\\\/es\\\/juventud-familia-y-escuelas\\\/\",\"url\":\"https:\\\/\\\/www.justice4all.org\\\/es\\\/juventud-familia-y-escuelas\\\/\",\"name\":\"Juventud, familia y escuelas - Legal Aid Justice Center\",\"isPartOf\":{\"@id\":\"https:\\\/\\\/www.justice4all.org\\\/es\\\/#website\"},\"datePublished\":\"2023-04-05T03:43:35+00:00\",\"dateModified\":\"2023-07-25T21:50:45+00:00\",\"breadcrumb\":{\"@id\":\"https:\\\/\\\/www.justice4all.org\\\/es\\\/juventud-familia-y-escuelas\\\/#breadcrumb\"},\"inLanguage\":\"es\",\"potentialAction\":[{\"@type\":\"ReadAction\",\"target\":[\"https:\\\/\\\/www.justice4all.org\\\/es\\\/juventud-familia-y-escuelas\\\/\"]}]},{\"@type\":\"BreadcrumbList\",\"@id\":\"https:\\\/\\\/www.justice4all.org\\\/es\\\/juventud-familia-y-escuelas\\\/#breadcrumb\",\"itemListElement\":[{\"@type\":\"ListItem\",\"position\":1,\"name\":\"Home\",\"item\":\"https:\\\/\\\/www.justice4all.org\\\/es\\\/\"},{\"@type\":\"ListItem\",\"position\":2,\"name\":\"Juventud, familia y escuelas\"}]},{\"@type\":\"WebSite\",\"@id\":\"https:\\\/\\\/www.justice4all.org\\\/es\\\/#website\",\"url\":\"https:\\\/\\\/www.justice4all.org\\\/es\\\/\",\"name\":\"Legal Aid Justice Center\",\"description\":\"\",\"potentialAction\":[{\"@type\":\"SearchAction\",\"target\":{\"@type\":\"EntryPoint\",\"urlTemplate\":\"https:\\\/\\\/www.justice4all.org\\\/es\\\/?s={search_term_string}\"},\"query-input\":{\"@type\":\"PropertyValueSpecification\",\"valueRequired\":true,\"valueName\":\"search_term_string\"}}],\"inLanguage\":\"es\"}]}<\/script>\n<!-- \/ Yoast SEO plugin. -->","yoast_head_json":{"title":"Juventud, familia y escuelas - Legal Aid Justice Center","robots":{"index":"index","follow":"follow","max-snippet":"max-snippet:-1","max-image-preview":"max-image-preview:large","max-video-preview":"max-video-preview:-1"},"canonical":"https:\/\/www.justice4all.org\/es\/juventud-familia-y-escuelas\/","og_locale":"es_ES","og_type":"article","og_title":"Juventud, familia y escuelas - Legal Aid Justice Center","og_url":"https:\/\/www.justice4all.org\/es\/juventud-familia-y-escuelas\/","og_site_name":"Legal Aid Justice Center","article_modified_time":"2023-07-25T21:50:45+00:00","twitter_card":"summary_large_image","twitter_misc":{"Tiempo de lectura":"3 minuto"},"schema":{"@context":"https:\/\/schema.org","@graph":[{"@type":"WebPage","@id":"https:\/\/www.justice4all.org\/es\/juventud-familia-y-escuelas\/","url":"https:\/\/www.justice4all.org\/es\/juventud-familia-y-escuelas\/","name":"Juventud, familia y escuelas - Legal Aid Justice Center","isPartOf":{"@id":"https:\/\/www.justice4all.org\/es\/#website"},"datePublished":"2023-04-05T03:43:35+00:00","dateModified":"2023-07-25T21:50:45+00:00","breadcrumb":{"@id":"https:\/\/www.justice4all.org\/es\/juventud-familia-y-escuelas\/#breadcrumb"},"inLanguage":"es","potentialAction":[{"@type":"ReadAction","target":["https:\/\/www.justice4all.org\/es\/juventud-familia-y-escuelas\/"]}]},{"@type":"BreadcrumbList","@id":"https:\/\/www.justice4all.org\/es\/juventud-familia-y-escuelas\/#breadcrumb","itemListElement":[{"@type":"ListItem","position":1,"name":"Home","item":"https:\/\/www.justice4all.org\/es\/"},{"@type":"ListItem","position":2,"name":"Juventud, familia y escuelas"}]},{"@type":"WebSite","@id":"https:\/\/www.justice4all.org\/es\/#website","url":"https:\/\/www.justice4all.org\/es\/","name":"Legal Aid Justice Center","description":"","potentialAction":[{"@type":"SearchAction","target":{"@type":"EntryPoint","urlTemplate":"https:\/\/www.justice4all.org\/es\/?s={search_term_string}"},"query-input":{"@type":"PropertyValueSpecification","valueRequired":true,"valueName":"search_term_string"}}],"inLanguage":"es"}]}},"_links":{"self":[{"href":"https:\/\/www.justice4all.org\/es\/wp-json\/wp\/v2\/pages\/10458","targetHints":{"allow":["GET"]}}],"collection":[{"href":"https:\/\/www.justice4all.org\/es\/wp-json\/wp\/v2\/pages"}],"about":[{"href":"https:\/\/www.justice4all.org\/es\/wp-json\/wp\/v2\/types\/page"}],"author":[{"embeddable":true,"href":"https:\/\/www.justice4all.org\/es\/wp-json\/wp\/v2\/users\/4"}],"replies":[{"embeddable":true,"href":"https:\/\/www.justice4all.org\/es\/wp-json\/wp\/v2\/comments?post=10458"}],"version-history":[{"count":0,"href":"https:\/\/www.justice4all.org\/es\/wp-json\/wp\/v2\/pages\/10458\/revisions"}],"wp:attachment":[{"href":"https:\/\/www.justice4all.org\/es\/wp-json\/wp\/v2\/media?parent=10458"}],"wp:term":[{"taxonomy":"lajc-tax-roles","embeddable":true,"href":"https:\/\/www.justice4all.org\/es\/wp-json\/wp\/v2\/lajc-tax-roles?post=10458"},{"taxonomy":"lajc-tax-issues","embeddable":true,"href":"https:\/\/www.justice4all.org\/es\/wp-json\/wp\/v2\/lajc-tax-issues?post=10458"},{"taxonomy":"lajc-tax-locations","embeddable":true,"href":"https:\/\/www.justice4all.org\/es\/wp-json\/wp\/v2\/lajc-tax-locations?post=10458"}],"curies":[{"name":"wp","href":"https:\/\/api.w.org\/{rel}","templated":true}]}}