{"id":10445,"date":"2023-05-11T15:43:09","date_gmt":"2023-05-11T15:43:09","guid":{"rendered":"https:\/\/lajc2023stg.wpengine.com\/mision-y-vision\/"},"modified":"2026-08-13T11:19:40","modified_gmt":"2026-08-13T11:19:40","slug":"mision-y-vision","status":"publish","type":"page","link":"https:\/\/www.justice4all.org\/es\/mision-y-vision\/","title":{"rendered":"Misi\u00f3n y visi\u00f3n"},"content":{"rendered":"\n\n\n\n\n\n<div id=\"block_0b00a5ec3c529f7dfa6a567326f994af\" class=\"hero-block\">\n  <div class=\"layout-large has-bg-image\" role=\"img\" style=\"background-image: url(https:\/\/www.justice4all.org\/wp-content\/uploads\/2023\/05\/9ef8e236-3bf2-422e-927a-b15cb4090a22-scaled.jpeg);\" title=\"9ef8e236-3bf2-422e-927a-b15cb4090a22\">\n          <div class=\"container-fluid\">\n        <div class=\"row justify-content-center\">\n          <div class=\"col-lg-10\">\n            <h1 class=\"has-white-color\">SOBRE LAJC<\/h1>\n\n                          <h4 class=\"has-white-color\">El Legal Aid Justice Center colabora con las comunidades y sus usuarios para luchar por la justicia racial, social y econ\u00f3mica, desmantelando los sistemas que generan y perpet\u00faan la pobreza.<\/h4>\n            \n                      <\/div>\n        <\/div>\n      <\/div>\n      <\/div>\n<\/div>\n<div style=\"height:30px\" aria-hidden=\"true\" class=\"wp-block-spacer\"><\/div>\n\n\n\n  <style type=\"text\/css\">\n    #block_d02ee5dc3551dbe29d72bf3e9b319580 {\n                        margin-top: calc(0 * 16px);\n                                      \n          }\n\n    @media screen and (min-width: 768px) and (max-width: 991px) {\n      #block_d02ee5dc3551dbe29d72bf3e9b319580 {\n                              margin-top: calc(0 * 12px);  \n                                                  \n              }\n    }\n\n    @media screen and (min-width: 480px) and (max-width: 767px) {\n      #block_d02ee5dc3551dbe29d72bf3e9b319580 {\n                              margin-top: calc(0 * 8px);  \n                                                  \n              }\n    }\n\n    @media screen and (max-width: 479px) {\n      #block_d02ee5dc3551dbe29d72bf3e9b319580 {\n                              margin-top: calc(0 * 4px);  \n                                                  \n              }\n    }\n\n  <\/style>\n\n\n<div id=\"block_d02ee5dc3551dbe29d72bf3e9b319580\" class=\"content-wrapper-block  style-normal bg-width-full \">\n\t<div class=\"container-fluid\">\n\t\t<div class=\"row justify-content-center\">\n\t\t\t<div class=\"col-lg-12\">\n\t\t\t\t\t\t\t\t\t<div class=\"row row-content justify-content-center\">\n\t\t\t\t\t\t\n\n\n\n\n<style type=\"text\/css\">\n\t.edit-post-visual-editor [data-block=\"34fd0737d61f8044db0b848260dee1fd\"] {\n\t\twidth: calc((8 \/ 12) * 100%)!important;\n\t\tmin-width: calc((8 \/ 12) * 100%)!important;\n\t}\n<\/style>\n\n<div id=\"block_34fd0737d61f8044db0b848260dee1fd\" class=\"col-lg-8 custom-column-block\">\n\t<div class=\"custom-column-wrapper  \">\n\t\t\n\t<\/div>\n<\/div>\n\n\n\n\n\n<style type=\"text\/css\">\n\t.edit-post-visual-editor [data-block=\"34fd0737d61f8044db0b848260dee1fd\"] {\n\t\twidth: calc((8 \/ 12) * 100%)!important;\n\t\tmin-width: calc((8 \/ 12) * 100%)!important;\n\t}\n<\/style>\n\n<div id=\"block_34fd0737d61f8044db0b848260dee1fd\" class=\"col-lg-8 custom-column-block\">\n\t<div class=\"custom-column-wrapper  \">\n\t\t\n\n<ul class=\"wp-block-list\">\n<li class=\"has-medium-font-size\">Creemos que los problemas jur\u00eddicos individuales de nuestros clientes est\u00e1n vinculados a sistemas de injusticia y opresi\u00f3n.<br\/><\/li>\n\n\n\n<li class=\"has-medium-font-size\">Creemos que las estrategias jur\u00eddicas y organizativas pueden desmantelar los sistemas sociales, raciales y econ\u00f3micos que mantienen a las personas en la pobreza.<br\/><\/li>\n\n\n\n<li class=\"has-medium-font-size\">Creemos que la pobreza es una cuesti\u00f3n de justicia racial.<br\/><\/li>\n\n\n\n<li class=\"has-medium-font-size\">Creemos que la creaci\u00f3n de un cambio sostenible a largo plazo en las comunidades que sufren la pobreza es la base de nuestra defensa.<br\/><\/li>\n\n\n\n<li class=\"has-medium-font-size\">Creemos que la representaci\u00f3n directa forma parte de nuestra estrategia para luchar contra los sistemas de injusticia y opresi\u00f3n.<br\/><\/li>\n\n\n\n<li class=\"has-medium-font-size\">Creemos que considerar los casos individuales como parte de sistemas sociales y pol\u00edticos m\u00e1s amplios nos permite establecer nuestras prioridades y distribuir nuestros recursos para lograr el mayor impacto positivo.<br\/><\/li>\n\n\n\n<li class=\"has-medium-font-size\">Nos comprometemos a garantizar que tanto nosotros como las organizaciones con las que trabajamos funcionamos de forma acorde con los valores y objetivos de equidad y justicia racial que apoyamos. Esto incluye asegurarse de que la igualdad racial se refleja en la contrataci\u00f3n, la cultura organizativa, las comunicaciones y las asociaciones comunitarias, especialmente con las comunidades de color con bajos ingresos.   <\/li>\n<\/ul>\n\n\n\t<\/div>\n<\/div>\n\n\t\t\t\t\t<\/div>\n\t\t\t\t\t\t\t\n\t\t\t<\/div>\n\t\t<\/div>\n\t<\/div>\n\n\t<style type=\"text\/css\">\n\t\t.edit-post-visual-editor [data-block=\"d02ee5dc3551dbe29d72bf3e9b319580\"] .block-editor-block-list__layout {\n\t\t\tjustify-content: center;\n\t\t}\n\n\t\t\t<\/style>\n<\/div>\n\n<hr class=\"wp-block-separator has-text-color has-green-color has-alpha-channel-opacity has-green-background-color has-background is-style-gradient-secondary\"\/>\n\n\n\n\n\n<div id=\"block_66fcd39f8ceee6fe2f138ddcb9a1c0cb\" class=\"content-wrapper-block  style-normal bg-width-full \">\n\t<div class=\"container-fluid\">\n\t\t<div class=\"row justify-content-center\">\n\t\t\t<div class=\"col-lg-12\">\n\t\t\t\t\t\t\t\t\t<div class=\"row row-content justify-content-center\">\n\t\t\t\t\t\t\n\n\n\n\n<style type=\"text\/css\">\n\t.edit-post-visual-editor [data-block=\"7ece6d0ad6aa0ca83f5a6d7407034bc2\"] {\n\t\twidth: calc((12 \/ 12) * 100%)!important;\n\t\tmin-width: calc((12 \/ 12) * 100%)!important;\n\t}\n<\/style>\n\n<div id=\"block_7ece6d0ad6aa0ca83f5a6d7407034bc2\" class=\"col-lg-12 custom-column-block\">\n\t<div class=\"custom-column-wrapper  \">\n\t\t\n\n<h2 class=\"wp-block-heading is-style-underlined-with-icon\">PLAN ESTRAT\u00c9GICO DE LAJC 2026-2029<\/h2>\n\n\n<div class=\"wp-block-image\">\n<figure class=\"aligncenter size-full is-resized\"><a href=\"https:\/\/www.justice4all.org\/es\/mision-y-vision\/plan-estrategico-2026\/\"><img loading=\"lazy\" decoding=\"async\" width=\"612\" height=\"792\" src=\"https:\/\/www.justice4all.org\/wp-content\/uploads\/2026\/08\/2026-strategic-plan_updated.jpg\" alt=\"\" class=\"wp-image-21259\" style=\"aspect-ratio:0.7727310061601643;width:646px;height:auto\" srcset=\"https:\/\/www.justice4all.org\/wp-content\/uploads\/2026\/08\/2026-strategic-plan_updated.jpg 612w, https:\/\/www.justice4all.org\/wp-content\/uploads\/2026\/08\/2026-strategic-plan_updated-232x300.jpg 232w\" sizes=\"auto, (max-width: 612px) 100vw, 612px\" \/><\/a><\/figure>\n<\/div>\n\n\t<\/div>\n<\/div>\n\n\n\n\n\n<style type=\"text\/css\">\n\t.edit-post-visual-editor [data-block=\"7ece6d0ad6aa0ca83f5a6d7407034bc2\"] {\n\t\twidth: calc((12 \/ 12) * 100%)!important;\n\t\tmin-width: calc((12 \/ 12) * 100%)!important;\n\t}\n<\/style>\n\n<div id=\"block_7ece6d0ad6aa0ca83f5a6d7407034bc2\" class=\"col-lg-12 custom-column-block\">\n\t<div class=\"custom-column-wrapper  \">\n\t\t\n\n<div class=\"wp-block-buttons is-layout-flex wp-block-buttons-is-layout-flex\">\n<div class=\"wp-block-button has-custom-width wp-block-button__width-100 is-style-primary\"><a class=\"wp-block-button__link has-medium-font-size has-custom-font-size wp-element-button\" href=\"https:\/\/www.justice4all.org\/es\/mision-y-vision\/plan-estrategico-2026\/\">Lee aqu\u00ed nuestro plan estrat\u00e9gico completo para 2026-2029, \u00abRooted and Ready\u00bb<\/a><\/div>\n<\/div>\n\n\n\t<\/div>\n<\/div>\n\n\n\n\n\n<style type=\"text\/css\">\n\t.edit-post-visual-editor [data-block=\"86f1a5d4b75ce59b6e83bf07ad8baa70\"] {\n\t\twidth: calc((6 \/ 12) * 100%)!important;\n\t\tmin-width: calc((6 \/ 12) * 100%)!important;\n\t}\n<\/style>\n\n<div id=\"block_86f1a5d4b75ce59b6e83bf07ad8baa70\" class=\"col-lg-6 custom-column-block\">\n\t<div class=\"custom-column-wrapper  \">\n\t\t\n\n<div class=\"wp-block-buttons is-layout-flex wp-block-buttons-is-layout-flex\">\n<div class=\"wp-block-button is-style-primary\"><a class=\"wp-block-button__link has-white-color has-text-color wp-element-button\" href=\"https:\/\/www.justice4all.org\/es\/mision-y-vision\/plan-estrategico-2022-2026\/\" target=\"_blank\" rel=\"noreferrer noopener\">LEE AQU\u00cd nuestro anterior PLAN ESTRAT\u00c9GICO DE LAJC 2022-2026<\/a><\/div>\n<\/div>\n\n\n\t<\/div>\n<\/div>\n\n\n\n\n\n<style type=\"text\/css\">\n\t.edit-post-visual-editor [data-block=\"86f1a5d4b75ce59b6e83bf07ad8baa70\"] {\n\t\twidth: calc((6 \/ 12) * 100%)!important;\n\t\tmin-width: calc((6 \/ 12) * 100%)!important;\n\t}\n<\/style>\n\n<div id=\"block_86f1a5d4b75ce59b6e83bf07ad8baa70\" class=\"col-lg-6 custom-column-block\">\n\t<div class=\"custom-column-wrapper  \">\n\t\t\n\n<div class=\"wp-block-buttons is-layout-flex wp-block-buttons-is-layout-flex\">\n<div class=\"wp-block-button is-style-secondary\"><a class=\"wp-block-button__link has-white-color has-text-color wp-element-button\" href=\"https:\/\/www.justice4all.org\/wp-content\/uploads\/2023\/05\/2020-2025-LAJC-Strategic-Plan-FOR-WEB.pdf\" target=\"_blank\" rel=\"noreferrer noopener\">Lee aqu\u00ed nuestro Plan Estrat\u00e9gico (2019-2022)<\/a><\/div>\n<\/div>\n\n\n\t<\/div>\n<\/div>\n\n\t\t\t\t\t<\/div>\n\t\t\t\t\t\t\t\n\t\t\t<\/div>\n\t\t<\/div>\n\t<\/div>\n\n\t<style type=\"text\/css\">\n\t\t.edit-post-visual-editor [data-block=\"66fcd39f8ceee6fe2f138ddcb9a1c0cb\"] .block-editor-block-list__layout {\n\t\t\tjustify-content: center;\n\t\t}\n\n\t\t\t<\/style>\n<\/div>\n\n<p class=\"wp-block-paragraph\"><\/p>\n","protected":false},"excerpt":{"rendered":"","protected":false},"author":4,"featured_media":0,"parent":0,"menu_order":0,"comment_status":"closed","ping_status":"closed","template":"","meta":{"footnotes":""},"lajc-tax-roles":[],"lajc-tax-issues":[],"lajc-tax-locations":[],"class_list":["post-10445","page","type-page","status-publish","hentry"],"acf":[],"yoast_head":"<!-- This site is optimized with the Yoast SEO plugin v28.3 - https:\/\/yoast.com\/product\/yoast-seo-wordpress\/ -->\n<title>Misi\u00f3n y visi\u00f3n - Legal Aid Justice Center<\/title>\n<meta name=\"robots\" content=\"index, follow, max-snippet:-1, max-image-preview:large, max-video-preview:-1\" \/>\n<link rel=\"canonical\" href=\"https:\/\/www.justice4all.org\/es\/mision-y-vision\/\" \/>\n<meta property=\"og:locale\" content=\"es_ES\" \/>\n<meta property=\"og:type\" content=\"article\" \/>\n<meta property=\"og:title\" content=\"Misi\u00f3n y visi\u00f3n - Legal Aid Justice Center\" \/>\n<meta property=\"og:url\" content=\"https:\/\/www.justice4all.org\/es\/mision-y-vision\/\" \/>\n<meta property=\"og:site_name\" content=\"Legal Aid Justice Center\" \/>\n<meta property=\"article:modified_time\" content=\"2026-08-13T11:19:40+00:00\" \/>\n<meta property=\"og:image\" content=\"https:\/\/www.justice4all.org\/wp-content\/uploads\/2026\/08\/2026-strategic-plan_updated.jpg\" \/>\n\t<meta property=\"og:image:width\" content=\"612\" \/>\n\t<meta property=\"og:image:height\" content=\"792\" \/>\n\t<meta property=\"og:image:type\" content=\"image\/jpeg\" \/>\n<meta name=\"twitter:card\" content=\"summary_large_image\" \/>\n<meta name=\"twitter:label1\" content=\"Tiempo de lectura\" \/>\n\t<meta name=\"twitter:data1\" content=\"1 minuto\" \/>\n<script type=\"application\/ld+json\" class=\"yoast-schema-graph\">{\"@context\":\"https:\\\/\\\/schema.org\",\"@graph\":[{\"@type\":\"WebPage\",\"@id\":\"https:\\\/\\\/www.justice4all.org\\\/es\\\/mision-y-vision\\\/\",\"url\":\"https:\\\/\\\/www.justice4all.org\\\/es\\\/mision-y-vision\\\/\",\"name\":\"Misi\u00f3n y visi\u00f3n - Legal Aid Justice Center\",\"isPartOf\":{\"@id\":\"https:\\\/\\\/www.justice4all.org\\\/es\\\/#website\"},\"primaryImageOfPage\":{\"@id\":\"https:\\\/\\\/www.justice4all.org\\\/es\\\/mision-y-vision\\\/#primaryimage\"},\"image\":{\"@id\":\"https:\\\/\\\/www.justice4all.org\\\/es\\\/mision-y-vision\\\/#primaryimage\"},\"thumbnailUrl\":\"https:\\\/\\\/www.justice4all.org\\\/wp-content\\\/uploads\\\/2026\\\/08\\\/2026-strategic-plan_updated.jpg\",\"datePublished\":\"2023-05-11T15:43:09+00:00\",\"dateModified\":\"2026-08-13T11:19:40+00:00\",\"breadcrumb\":{\"@id\":\"https:\\\/\\\/www.justice4all.org\\\/es\\\/mision-y-vision\\\/#breadcrumb\"},\"inLanguage\":\"es\",\"potentialAction\":[{\"@type\":\"ReadAction\",\"target\":[\"https:\\\/\\\/www.justice4all.org\\\/es\\\/mision-y-vision\\\/\"]}]},{\"@type\":\"ImageObject\",\"inLanguage\":\"es\",\"@id\":\"https:\\\/\\\/www.justice4all.org\\\/es\\\/mision-y-vision\\\/#primaryimage\",\"url\":\"https:\\\/\\\/www.justice4all.org\\\/wp-content\\\/uploads\\\/2026\\\/08\\\/2026-strategic-plan_updated.jpg\",\"contentUrl\":\"https:\\\/\\\/www.justice4all.org\\\/wp-content\\\/uploads\\\/2026\\\/08\\\/2026-strategic-plan_updated.jpg\"},{\"@type\":\"BreadcrumbList\",\"@id\":\"https:\\\/\\\/www.justice4all.org\\\/es\\\/mision-y-vision\\\/#breadcrumb\",\"itemListElement\":[{\"@type\":\"ListItem\",\"position\":1,\"name\":\"Home\",\"item\":\"https:\\\/\\\/www.justice4all.org\\\/es\\\/\"},{\"@type\":\"ListItem\",\"position\":2,\"name\":\"Misi\u00f3n y visi\u00f3n\"}]},{\"@type\":\"WebSite\",\"@id\":\"https:\\\/\\\/www.justice4all.org\\\/es\\\/#website\",\"url\":\"https:\\\/\\\/www.justice4all.org\\\/es\\\/\",\"name\":\"Legal Aid Justice Center\",\"description\":\"\",\"potentialAction\":[{\"@type\":\"SearchAction\",\"target\":{\"@type\":\"EntryPoint\",\"urlTemplate\":\"https:\\\/\\\/www.justice4all.org\\\/es\\\/?s={search_term_string}\"},\"query-input\":{\"@type\":\"PropertyValueSpecification\",\"valueRequired\":true,\"valueName\":\"search_term_string\"}}],\"inLanguage\":\"es\"}]}<\/script>\n<!-- \/ Yoast SEO plugin. -->","yoast_head_json":{"title":"Misi\u00f3n y visi\u00f3n - Legal Aid Justice Center","robots":{"index":"index","follow":"follow","max-snippet":"max-snippet:-1","max-image-preview":"max-image-preview:large","max-video-preview":"max-video-preview:-1"},"canonical":"https:\/\/www.justice4all.org\/es\/mision-y-vision\/","og_locale":"es_ES","og_type":"article","og_title":"Misi\u00f3n y visi\u00f3n - Legal Aid Justice Center","og_url":"https:\/\/www.justice4all.org\/es\/mision-y-vision\/","og_site_name":"Legal Aid Justice Center","article_modified_time":"2026-08-13T11:19:40+00:00","og_image":[{"width":612,"height":792,"url":"https:\/\/www.justice4all.org\/wp-content\/uploads\/2026\/08\/2026-strategic-plan_updated.jpg","type":"image\/jpeg"}],"twitter_card":"summary_large_image","twitter_misc":{"Tiempo de lectura":"1 minuto"},"schema":{"@context":"https:\/\/schema.org","@graph":[{"@type":"WebPage","@id":"https:\/\/www.justice4all.org\/es\/mision-y-vision\/","url":"https:\/\/www.justice4all.org\/es\/mision-y-vision\/","name":"Misi\u00f3n y visi\u00f3n - Legal Aid Justice Center","isPartOf":{"@id":"https:\/\/www.justice4all.org\/es\/#website"},"primaryImageOfPage":{"@id":"https:\/\/www.justice4all.org\/es\/mision-y-vision\/#primaryimage"},"image":{"@id":"https:\/\/www.justice4all.org\/es\/mision-y-vision\/#primaryimage"},"thumbnailUrl":"https:\/\/www.justice4all.org\/wp-content\/uploads\/2026\/08\/2026-strategic-plan_updated.jpg","datePublished":"2023-05-11T15:43:09+00:00","dateModified":"2026-08-13T11:19:40+00:00","breadcrumb":{"@id":"https:\/\/www.justice4all.org\/es\/mision-y-vision\/#breadcrumb"},"inLanguage":"es","potentialAction":[{"@type":"ReadAction","target":["https:\/\/www.justice4all.org\/es\/mision-y-vision\/"]}]},{"@type":"ImageObject","inLanguage":"es","@id":"https:\/\/www.justice4all.org\/es\/mision-y-vision\/#primaryimage","url":"https:\/\/www.justice4all.org\/wp-content\/uploads\/2026\/08\/2026-strategic-plan_updated.jpg","contentUrl":"https:\/\/www.justice4all.org\/wp-content\/uploads\/2026\/08\/2026-strategic-plan_updated.jpg"},{"@type":"BreadcrumbList","@id":"https:\/\/www.justice4all.org\/es\/mision-y-vision\/#breadcrumb","itemListElement":[{"@type":"ListItem","position":1,"name":"Home","item":"https:\/\/www.justice4all.org\/es\/"},{"@type":"ListItem","position":2,"name":"Misi\u00f3n y visi\u00f3n"}]},{"@type":"WebSite","@id":"https:\/\/www.justice4all.org\/es\/#website","url":"https:\/\/www.justice4all.org\/es\/","name":"Legal Aid Justice Center","description":"","potentialAction":[{"@type":"SearchAction","target":{"@type":"EntryPoint","urlTemplate":"https:\/\/www.justice4all.org\/es\/?s={search_term_string}"},"query-input":{"@type":"PropertyValueSpecification","valueRequired":true,"valueName":"search_term_string"}}],"inLanguage":"es"}]}},"_links":{"self":[{"href":"https:\/\/www.justice4all.org\/es\/wp-json\/wp\/v2\/pages\/10445","targetHints":{"allow":["GET"]}}],"collection":[{"href":"https:\/\/www.justice4all.org\/es\/wp-json\/wp\/v2\/pages"}],"about":[{"href":"https:\/\/www.justice4all.org\/es\/wp-json\/wp\/v2\/types\/page"}],"author":[{"embeddable":true,"href":"https:\/\/www.justice4all.org\/es\/wp-json\/wp\/v2\/users\/4"}],"replies":[{"embeddable":true,"href":"https:\/\/www.justice4all.org\/es\/wp-json\/wp\/v2\/comments?post=10445"}],"version-history":[{"count":9,"href":"https:\/\/www.justice4all.org\/es\/wp-json\/wp\/v2\/pages\/10445\/revisions"}],"predecessor-version":[{"id":21285,"href":"https:\/\/www.justice4all.org\/es\/wp-json\/wp\/v2\/pages\/10445\/revisions\/21285"}],"wp:attachment":[{"href":"https:\/\/www.justice4all.org\/es\/wp-json\/wp\/v2\/media?parent=10445"}],"wp:term":[{"taxonomy":"lajc-tax-roles","embeddable":true,"href":"https:\/\/www.justice4all.org\/es\/wp-json\/wp\/v2\/lajc-tax-roles?post=10445"},{"taxonomy":"lajc-tax-issues","embeddable":true,"href":"https:\/\/www.justice4all.org\/es\/wp-json\/wp\/v2\/lajc-tax-issues?post=10445"},{"taxonomy":"lajc-tax-locations","embeddable":true,"href":"https:\/\/www.justice4all.org\/es\/wp-json\/wp\/v2\/lajc-tax-locations?post=10445"}],"curies":[{"name":"wp","href":"https:\/\/api.w.org\/{rel}","templated":true}]}}