{"id":13353,"date":"2021-03-18T14:05:06","date_gmt":"2021-03-18T14:05:06","guid":{"rendered":"https:\/\/www.justice4all.org\/staff\/junio-yang\/"},"modified":"2023-07-27T05:50:16","modified_gmt":"2023-07-27T05:50:16","slug":"junio-yang","status":"publish","type":"lajc_profiles","link":"https:\/\/www.justice4all.org\/es\/staff\/junio-yang\/","title":{"rendered":"Junio Yang"},"content":{"rendered":"<p>June Yang se incorpor\u00f3 al Legal Aid Justice Center (LAJC) en febrero de 2021. Como Directora de Desarrollo de Fundaciones y Filantrop\u00eda Institucional, aporta m\u00e1s de una d\u00e9cada de experiencia en la concesi\u00f3n de subvenciones y el desarrollo de recursos sin \u00e1nimo de lucro en una amplia gama de sectores y entornos, m\u00e1s recientemente en Washington, D.C. Antes de trabajar en el LAJC, June dirigi\u00f3 la estrategia de recaudaci\u00f3n de fondos como Directora de Desarrollo del Festival de Cine Medioambiental de la capital del pa\u00eds y dirigi\u00f3 la estrategia de subvenciones como Responsable de Subvenciones de Public Justice, una organizaci\u00f3n nacional de defensa legal. Tambi\u00e9n trabaja como revisora voluntaria de subvenciones para la Comisi\u00f3n de Artes y Humanidades de DC y como miembro del Comit\u00e9 Asesor del Fondo Arts Forward, que apoya a las organizaciones art\u00edsticas y culturales de la regi\u00f3n de DC en sus cambios esenciales para responder a las repercusiones actuales de COVID-19 y al movimiento nacional por la justicia y la equidad raciales.<\/p>\n<p>Adem\u00e1s de trabajar en desarrollo, June ense\u00f1a danza fitness y escribe ficci\u00f3n y periodismo freelance. Ha recibido el Gran Premio Nelson Algren de narrativa breve. June es licenciada en Semi\u00f3tica por la Universidad de Brown y posee un m\u00e1ster en Escritura Creativa por la Universidad de Houston.<\/p>\n<p>&nbsp;<\/p>\n","protected":false},"excerpt":{"rendered":"<p>June Yang se incorpor\u00f3 al Legal Aid Justice Center (LAJC) en febrero de 2021. Como Directora de Desarrollo de Fundaciones y Filantrop\u00eda Institucional, aporta m\u00e1s de una d\u00e9cada de experiencia en la concesi\u00f3n de subvenciones y el desarrollo de recursos sin \u00e1nimo de lucro en una amplia gama de sectores y entornos, m\u00e1s recientemente en [&hellip;]<\/p>\n","protected":false},"author":14,"featured_media":14692,"template":"","format":"standard","meta":{"footnotes":""},"lajc-tax-roles":[115],"lajc-tax-issues":[],"lajc-tax-locations":[92],"lajc-tax-profile-type":[],"class_list":["post-13353","lajc_profiles","type-lajc_profiles","status-publish","format-standard","has-post-thumbnail","hentry","lajc-tax-roles-desarrollo","lajc-tax-locations-charlottesville-es"],"acf":[],"yoast_head":"<!-- This site is optimized with the Yoast SEO plugin v27.5 - https:\/\/yoast.com\/product\/yoast-seo-wordpress\/ -->\n<title>Junio Yang - Legal Aid Justice Center<\/title>\n<meta name=\"robots\" content=\"index, follow, max-snippet:-1, max-image-preview:large, max-video-preview:-1\" \/>\n<link rel=\"canonical\" href=\"https:\/\/www.justice4all.org\/es\/staff\/junio-yang\/\" \/>\n<meta property=\"og:locale\" content=\"es_ES\" \/>\n<meta property=\"og:type\" content=\"article\" \/>\n<meta property=\"og:title\" content=\"Junio Yang - Legal Aid Justice Center\" \/>\n<meta property=\"og:description\" content=\"June Yang se incorpor\u00f3 al Legal Aid Justice Center (LAJC) en febrero de 2021. Como Directora de Desarrollo de Fundaciones y Filantrop\u00eda Institucional, aporta m\u00e1s de una d\u00e9cada de experiencia en la concesi\u00f3n de subvenciones y el desarrollo de recursos sin \u00e1nimo de lucro en una amplia gama de sectores y entornos, m\u00e1s recientemente en [&hellip;]\" \/>\n<meta property=\"og:url\" content=\"https:\/\/www.justice4all.org\/es\/staff\/junio-yang\/\" \/>\n<meta property=\"og:site_name\" content=\"Legal Aid Justice Center\" \/>\n<meta property=\"article:modified_time\" content=\"2023-07-27T05:50:16+00:00\" \/>\n<meta property=\"og:image\" content=\"https:\/\/www.justice4all.org\/wp-content\/uploads\/2021\/03\/LAJC-June-Yang.jpg\" \/>\n\t<meta property=\"og:image:width\" content=\"850\" \/>\n\t<meta property=\"og:image:height\" content=\"1259\" \/>\n\t<meta property=\"og:image:type\" content=\"image\/jpeg\" \/>\n<meta name=\"twitter:card\" content=\"summary_large_image\" \/>\n<script type=\"application\/ld+json\" class=\"yoast-schema-graph\">{\"@context\":\"https:\\\/\\\/schema.org\",\"@graph\":[{\"@type\":\"WebPage\",\"@id\":\"https:\\\/\\\/www.justice4all.org\\\/es\\\/staff\\\/junio-yang\\\/\",\"url\":\"https:\\\/\\\/www.justice4all.org\\\/es\\\/staff\\\/junio-yang\\\/\",\"name\":\"Junio Yang - Legal Aid Justice Center\",\"isPartOf\":{\"@id\":\"https:\\\/\\\/www.justice4all.org\\\/es\\\/#website\"},\"primaryImageOfPage\":{\"@id\":\"https:\\\/\\\/www.justice4all.org\\\/es\\\/staff\\\/junio-yang\\\/#primaryimage\"},\"image\":{\"@id\":\"https:\\\/\\\/www.justice4all.org\\\/es\\\/staff\\\/junio-yang\\\/#primaryimage\"},\"thumbnailUrl\":\"https:\\\/\\\/www.justice4all.org\\\/wp-content\\\/uploads\\\/2021\\\/03\\\/LAJC-June-Yang.jpg\",\"datePublished\":\"2021-03-18T14:05:06+00:00\",\"dateModified\":\"2023-07-27T05:50:16+00:00\",\"breadcrumb\":{\"@id\":\"https:\\\/\\\/www.justice4all.org\\\/es\\\/staff\\\/junio-yang\\\/#breadcrumb\"},\"inLanguage\":\"es\",\"potentialAction\":[{\"@type\":\"ReadAction\",\"target\":[\"https:\\\/\\\/www.justice4all.org\\\/es\\\/staff\\\/junio-yang\\\/\"]}]},{\"@type\":\"ImageObject\",\"inLanguage\":\"es\",\"@id\":\"https:\\\/\\\/www.justice4all.org\\\/es\\\/staff\\\/junio-yang\\\/#primaryimage\",\"url\":\"https:\\\/\\\/www.justice4all.org\\\/wp-content\\\/uploads\\\/2021\\\/03\\\/LAJC-June-Yang.jpg\",\"contentUrl\":\"https:\\\/\\\/www.justice4all.org\\\/wp-content\\\/uploads\\\/2021\\\/03\\\/LAJC-June-Yang.jpg\",\"width\":850,\"height\":1259},{\"@type\":\"BreadcrumbList\",\"@id\":\"https:\\\/\\\/www.justice4all.org\\\/es\\\/staff\\\/junio-yang\\\/#breadcrumb\",\"itemListElement\":[{\"@type\":\"ListItem\",\"position\":1,\"name\":\"Home\",\"item\":\"https:\\\/\\\/www.justice4all.org\\\/es\\\/\"},{\"@type\":\"ListItem\",\"position\":2,\"name\":\"Junio Yang\"}]},{\"@type\":\"WebSite\",\"@id\":\"https:\\\/\\\/www.justice4all.org\\\/es\\\/#website\",\"url\":\"https:\\\/\\\/www.justice4all.org\\\/es\\\/\",\"name\":\"Legal Aid Justice Center\",\"description\":\"\",\"potentialAction\":[{\"@type\":\"SearchAction\",\"target\":{\"@type\":\"EntryPoint\",\"urlTemplate\":\"https:\\\/\\\/www.justice4all.org\\\/es\\\/?s={search_term_string}\"},\"query-input\":{\"@type\":\"PropertyValueSpecification\",\"valueRequired\":true,\"valueName\":\"search_term_string\"}}],\"inLanguage\":\"es\"}]}<\/script>\n<!-- \/ Yoast SEO plugin. -->","yoast_head_json":{"title":"Junio Yang - Legal Aid Justice Center","robots":{"index":"index","follow":"follow","max-snippet":"max-snippet:-1","max-image-preview":"max-image-preview:large","max-video-preview":"max-video-preview:-1"},"canonical":"https:\/\/www.justice4all.org\/es\/staff\/junio-yang\/","og_locale":"es_ES","og_type":"article","og_title":"Junio Yang - Legal Aid Justice Center","og_description":"June Yang se incorpor\u00f3 al Legal Aid Justice Center (LAJC) en febrero de 2021. Como Directora de Desarrollo de Fundaciones y Filantrop\u00eda Institucional, aporta m\u00e1s de una d\u00e9cada de experiencia en la concesi\u00f3n de subvenciones y el desarrollo de recursos sin \u00e1nimo de lucro en una amplia gama de sectores y entornos, m\u00e1s recientemente en [&hellip;]","og_url":"https:\/\/www.justice4all.org\/es\/staff\/junio-yang\/","og_site_name":"Legal Aid Justice Center","article_modified_time":"2023-07-27T05:50:16+00:00","og_image":[{"width":850,"height":1259,"url":"https:\/\/www.justice4all.org\/wp-content\/uploads\/2021\/03\/LAJC-June-Yang.jpg","type":"image\/jpeg"}],"twitter_card":"summary_large_image","schema":{"@context":"https:\/\/schema.org","@graph":[{"@type":"WebPage","@id":"https:\/\/www.justice4all.org\/es\/staff\/junio-yang\/","url":"https:\/\/www.justice4all.org\/es\/staff\/junio-yang\/","name":"Junio Yang - Legal Aid Justice Center","isPartOf":{"@id":"https:\/\/www.justice4all.org\/es\/#website"},"primaryImageOfPage":{"@id":"https:\/\/www.justice4all.org\/es\/staff\/junio-yang\/#primaryimage"},"image":{"@id":"https:\/\/www.justice4all.org\/es\/staff\/junio-yang\/#primaryimage"},"thumbnailUrl":"https:\/\/www.justice4all.org\/wp-content\/uploads\/2021\/03\/LAJC-June-Yang.jpg","datePublished":"2021-03-18T14:05:06+00:00","dateModified":"2023-07-27T05:50:16+00:00","breadcrumb":{"@id":"https:\/\/www.justice4all.org\/es\/staff\/junio-yang\/#breadcrumb"},"inLanguage":"es","potentialAction":[{"@type":"ReadAction","target":["https:\/\/www.justice4all.org\/es\/staff\/junio-yang\/"]}]},{"@type":"ImageObject","inLanguage":"es","@id":"https:\/\/www.justice4all.org\/es\/staff\/junio-yang\/#primaryimage","url":"https:\/\/www.justice4all.org\/wp-content\/uploads\/2021\/03\/LAJC-June-Yang.jpg","contentUrl":"https:\/\/www.justice4all.org\/wp-content\/uploads\/2021\/03\/LAJC-June-Yang.jpg","width":850,"height":1259},{"@type":"BreadcrumbList","@id":"https:\/\/www.justice4all.org\/es\/staff\/junio-yang\/#breadcrumb","itemListElement":[{"@type":"ListItem","position":1,"name":"Home","item":"https:\/\/www.justice4all.org\/es\/"},{"@type":"ListItem","position":2,"name":"Junio Yang"}]},{"@type":"WebSite","@id":"https:\/\/www.justice4all.org\/es\/#website","url":"https:\/\/www.justice4all.org\/es\/","name":"Legal Aid Justice Center","description":"","potentialAction":[{"@type":"SearchAction","target":{"@type":"EntryPoint","urlTemplate":"https:\/\/www.justice4all.org\/es\/?s={search_term_string}"},"query-input":{"@type":"PropertyValueSpecification","valueRequired":true,"valueName":"search_term_string"}}],"inLanguage":"es"}]}},"_links":{"self":[{"href":"https:\/\/www.justice4all.org\/es\/wp-json\/wp\/v2\/lajc_profiles\/13353","targetHints":{"allow":["GET"]}}],"collection":[{"href":"https:\/\/www.justice4all.org\/es\/wp-json\/wp\/v2\/lajc_profiles"}],"about":[{"href":"https:\/\/www.justice4all.org\/es\/wp-json\/wp\/v2\/types\/lajc_profiles"}],"author":[{"embeddable":true,"href":"https:\/\/www.justice4all.org\/es\/wp-json\/wp\/v2\/users\/14"}],"version-history":[{"count":0,"href":"https:\/\/www.justice4all.org\/es\/wp-json\/wp\/v2\/lajc_profiles\/13353\/revisions"}],"wp:featuredmedia":[{"embeddable":true,"href":"https:\/\/www.justice4all.org\/es\/wp-json\/wp\/v2\/media\/14692"}],"wp:attachment":[{"href":"https:\/\/www.justice4all.org\/es\/wp-json\/wp\/v2\/media?parent=13353"}],"wp:term":[{"taxonomy":"lajc-tax-roles","embeddable":true,"href":"https:\/\/www.justice4all.org\/es\/wp-json\/wp\/v2\/lajc-tax-roles?post=13353"},{"taxonomy":"lajc-tax-issues","embeddable":true,"href":"https:\/\/www.justice4all.org\/es\/wp-json\/wp\/v2\/lajc-tax-issues?post=13353"},{"taxonomy":"lajc-tax-locations","embeddable":true,"href":"https:\/\/www.justice4all.org\/es\/wp-json\/wp\/v2\/lajc-tax-locations?post=13353"},{"taxonomy":"lajc-tax-profile-type","embeddable":true,"href":"https:\/\/www.justice4all.org\/es\/wp-json\/wp\/v2\/lajc-tax-profile-type?post=13353"}],"curies":[{"name":"wp","href":"https:\/\/api.w.org\/{rel}","templated":true}]}}